{"id":8699,"date":"2019-07-03T15:27:39","date_gmt":"2019-07-03T13:27:39","guid":{"rendered":"https:\/\/p511476.webspaceconfig.de\/?page_id=8699"},"modified":"2026-04-07T09:54:31","modified_gmt":"2026-04-07T07:54:31","slug":"team","status":"publish","type":"page","link":"https:\/\/www.kunsthalle-karlsruhe.de\/en\/kunsthalle-en\/team\/","title":{"rendered":"Employees"},"content":{"rendered":"<section class=\"block block-headline block-margin-remove\" >\n    <div class=\"container-fluid\">\n        <div class=\"row center-sm\">\n                            <div class=\"col-xs-12 col-sm-8\" style=\"text-align: center\">\n                    <div class=\"box\">\n                                                    <div  class=\" h6 margin-zero-bottom font-regular color-highlight fs-md-22-32 fs-xs-18-24\" >Team &#038; Contact<\/div>                                                <h2  ><p style=\"text-align: left;\">The Employees of the Kunsthalle Karlsruhe<\/p>\n<\/h2>                    <\/div>\n                <\/div>\n                    <\/div>\n    <\/div>\n<\/section>\n\n<section class=\"block block-copy-image block-margin-remove\" >\n    <div class=\"container-fluid\">\n        <div class=\"row\">\n                            <div class=\"col-xs-12 col-sm-5 col-sm-offset-1\">\n                    <div class=\"box block-copy-image-copy\">\n                                                <div class=\"copy editor exception-align-left\"><p>Prof. Dr. Prof. Fr\u00e9d\u00e9ric Bu\u00dfmann,<br \/>\nDirector<\/p>\n                            \n\n                            <\/div>\n                    <\/div>\n                <\/div>\n\n                <div class=\"col-xs-12 col-sm-6\">\n                    <div class=\"box\">\n                        \t<div class=\"lazy-media\" id=\"media_69f3dd75a06b7\">\n\t\t<div class=\"lazy-media-wrapper\">\n\t\t\t<div class=\"lazy-media-copyright\">\n\t\t\t\t<div class=\"lazy-media-copyright-content\">\n\t\t\t\t\t\t\t\t\t\t\t<span class=\"lazy-media-copyright-content-empty\" aria-hidden=\"true\" style=\"pointer-events: none; user-select: none;\">&nbsp;<\/span>\n\t\t\t\t\t\t\t\t\t<\/div>\n\t\t\t<\/div>\n\n\t\t\t<div class=\"height-container\"  style=\"padding-bottom:78.611111111111%;\">\n\t\t\t\t<script type=\"application\/json\" class=\"lazy-media-data\">\n\t\t\t\t{\n\t\t\t\t\"sizes\" : {\"medium\":{\"file\":\"kunsthallekarlsruhe-team-frederic-bussmann-1-300x236.jpg\",\"width\":300,\"height\":236,\"mime-type\":\"image\\\/jpeg\",\"filesize\":55834},\"thumbnail\":{\"file\":\"kunsthallekarlsruhe-team-frederic-bussmann-1-150x118.jpg\",\"width\":150,\"height\":118,\"mime-type\":\"image\\\/jpeg\",\"filesize\":17405},\"original\":{\"file\":\"kunsthallekarlsruhe-team-frederic-bussmann-1.jpg\",\"width\":720,\"height\":566}},\n\t\t\t\t\"path\" : \"\/wp-content\/uploads\/2023\/08\/\",\n\t\t\t\t\"video\" : \"\",\n\t\t\t\t\"autoplay\" : \"\",\n\t\t\t\t\"youtube\" : \"\"\n\t\t\t\t}\n\t\t\t\t<\/script>\n\n\t\t\t\t<div class=\"image-wrapper\" id=\"image_69f3dd75a06b8\">\n\t\t\t\t\t<img decoding=\"async\" src=\"\" alt=\"\" title=\"Kunsthallekarlsruhe Team Frederic Bussmann\" \/>\n\t\t\t\t\t<noscript>\n\t\t\t\t\t\t<img decoding=\"async\" src=\"\/wp-content\/uploads\/2023\/08\/kunsthallekarlsruhe-team-frederic-bussmann-1.jpg\" alt=\"\" title=\"Kunsthallekarlsruhe Team Frederic Bussmann\" \/>\n\t\t\t\t\t<\/noscript>\n\n\t\t\t\t\t\t\t\t\t<\/div>\n\n\t\t\t\t\t\t\t<\/div>\n\n\t\t\t\n\t\t\t\t\t<\/div>\n\t<\/div>\n\n                    <\/div>\n                <\/div>\n                                <\/div>\n    <\/div>\n<\/section>\n\n<section class=\"block block-copy-image block-margin-remove\"  data-visible=\"false\" data-visible-from=\"2020-08-26 00:00:00\">\n    <div class=\"container-fluid\">\n        <div class=\"row\">\n                            <div class=\"col-xs-12 col-sm-5 col-sm-offset-1\">\n                    <div class=\"box block-copy-image-copy\">\n                                                <div class=\"copy editor exception-align-left\"><p>Sylvia Jung<br \/>\nManaging Director<\/p>\n                            \n\n                            <\/div>\n                    <\/div>\n                <\/div>\n\n                <div class=\"col-xs-12 col-sm-6\">\n                    <div class=\"box\">\n                        \t<div class=\"lazy-media\" id=\"media_69f3dd75a0f2e\">\n\t\t<div class=\"lazy-media-wrapper\">\n\t\t\t<div class=\"lazy-media-copyright\">\n\t\t\t\t<div class=\"lazy-media-copyright-content\">\n\t\t\t\t\t\t\t\t\t\t\t<span class=\"lazy-media-copyright-content-empty\" aria-hidden=\"true\" style=\"pointer-events: none; user-select: none;\">&nbsp;<\/span>\n\t\t\t\t\t\t\t\t\t<\/div>\n\t\t\t<\/div>\n\n\t\t\t<div class=\"height-container\"  style=\"padding-bottom:78.611111111111%;\">\n\t\t\t\t<script type=\"application\/json\" class=\"lazy-media-data\">\n\t\t\t\t{\n\t\t\t\t\"sizes\" : {\"medium\":{\"file\":\"kunsthallekarlsruhe-sylvia-jung-portraet-300x236.jpg\",\"width\":300,\"height\":236,\"mime-type\":\"image\\\/jpeg\",\"filesize\":53177},\"thumbnail\":{\"file\":\"kunsthallekarlsruhe-sylvia-jung-portraet-150x118.jpg\",\"width\":150,\"height\":118,\"mime-type\":\"image\\\/jpeg\",\"filesize\":17972},\"original\":{\"file\":\"kunsthallekarlsruhe-sylvia-jung-portraet.jpg\",\"width\":720,\"height\":566}},\n\t\t\t\t\"path\" : \"\/wp-content\/uploads\/2025\/04\/\",\n\t\t\t\t\"video\" : \"\",\n\t\t\t\t\"autoplay\" : \"\",\n\t\t\t\t\"youtube\" : \"\"\n\t\t\t\t}\n\t\t\t\t<\/script>\n\n\t\t\t\t<div class=\"image-wrapper\" id=\"image_69f3dd75a0f2f\">\n\t\t\t\t\t<img decoding=\"async\" src=\"\" alt=\"Portr&auml;t der Kaufm&auml;nnischen Gesch&auml;ftsleitung Sylvia Jung. Sie tr&auml;gt graue kurze Haare, einen Brille und l&auml;chelt in die Kamera.\" title=\"kunsthallekarlsruhe-sylvia-jung-portraet\" \/>\n\t\t\t\t\t<noscript>\n\t\t\t\t\t\t<img decoding=\"async\" src=\"\/wp-content\/uploads\/2025\/04\/kunsthallekarlsruhe-sylvia-jung-portraet.jpg\" alt=\"Portr&auml;t der Kaufm&auml;nnischen Gesch&auml;ftsleitung Sylvia Jung. Sie tr&auml;gt graue kurze Haare, einen Brille und l&auml;chelt in die Kamera.\" title=\"kunsthallekarlsruhe-sylvia-jung-portraet\" \/>\n\t\t\t\t\t<\/noscript>\n\n\t\t\t\t\t\t\t\t\t<\/div>\n\n\t\t\t\t\t\t\t<\/div>\n\n\t\t\t\n\t\t\t\t\t<\/div>\n\t<\/div>\n\n                    <\/div>\n                <\/div>\n                                <\/div>\n    <\/div>\n<\/section>\n\n<section class=\"block block-accordion\" >\n    <div class=\"container-fluid\">\n        <div class=\"row\">\n            <div class=\"col-xs-12 col-sm-10 col-sm-offset-1\">\n                <div class=\"box\">\n                    <h2  class=\"h2\" ><\/h2>\n\n                                            \n                            <div class=\"block-accordion-item\" aria-expanded=\"false\">\n                                <button class=\"reset-style block-accordion-item-head\" aria-controls=\"acc_69f3dd75a16ab\" id=\"acc_title_69f3dd75a16ac\">\n                                    <strong aria-labelledby=\"acc_title_69f3dd75a16ac\">Secretary to the board<\/strong>\n                                <\/button>\n\n                                <div class=\"block-accordion-item-content editor\" id=\"acc_69f3dd75a16ab\" role=\"region\">\n                                    <p>Patricia Leible<br \/>\nSecretary to Director<\/p>\n<p>Telephone: <a href=\"tel:+4972120119102\">+49 (0) 721 20119 102<\/a><br \/>\nFax: 0721 20119 110<br \/>\nE-Mail: <a href=\"mailto:leible@kunsthalle-karlsruhe.de\">leible@kunsthalle-karlsruhe.de<\/a><\/p>\n<p>Yasmin Karon<br \/>\nSecretary to Managing Director<\/p>\n<p>Telephone: <a href=\"tel:+4972120119103\">+49 (0) 721 20119 103<\/a><br \/>\nE-Mail: <a href=\"mailto:karon@kunsthalle-karlsruhe.de\">karon@kunsthalle-karlsruhe.de<\/a><\/p>\n                                    \n\n                                    <\/div>\n                            <\/div>\n                        \n                            <div class=\"block-accordion-item\" aria-expanded=\"false\">\n                                <button class=\"reset-style block-accordion-item-head\" aria-controls=\"acc_69f3dd75a1795\" id=\"acc_title_69f3dd75a1796\">\n                                    <strong aria-labelledby=\"acc_title_69f3dd75a1796\">Assistants of the board<\/strong>\n                                <\/button>\n\n                                <div class=\"block-accordion-item-content editor\" id=\"acc_69f3dd75a1795\" role=\"region\">\n                                    <p>Mara-Lisa Kinne<br \/>\nAssistant of the Director<\/p>\n<p>Telephone: <a href=\"tel:+4972120119113\">+49 (0) 721 20119 113<\/a><br \/>\nMail: <a href=\"mailto:kinne@kunsthalle-karlsruhe.de\">kinne@kunsthalle-karlsruhe.de<\/a><\/p>\n<p>Loretta Stritzel<br \/>\nAssistant of the Managing Director<\/p>\n<p>Telephone: <a href=\"tel:+4972120119105\">+49 (0) 721 20119 105<\/a><br \/>\nE-Mail: <a href=\"mailto:stritzel@kunsthalle-karlsruhe.de\">stritzel@kunsthalle-karlsruhe.de<\/a><\/p>\n                                    \n\n                                    <\/div>\n                            <\/div>\n                        \n                            <div class=\"block-accordion-item\" aria-expanded=\"false\">\n                                <button class=\"reset-style block-accordion-item-head\" aria-controls=\"acc_69f3dd75a18a6\" id=\"acc_title_69f3dd75a18a7\">\n                                    <strong aria-labelledby=\"acc_title_69f3dd75a18a7\">Staff unit construction project<\/strong>\n                                <\/button>\n\n                                <div class=\"block-accordion-item-content editor\" id=\"acc_69f3dd75a18a6\" role=\"region\">\n                                    <div id=\"acc_636e1fb017f3c\" class=\"block-accordion-item-content editor\" role=\"region\">\n<p>Silvia Stetter-Kalbus<br \/>construction manager<\/p>\n<p>Telephone: <a href=\"tel:+4972120119104\" data-mce-href=\"tel:+4972120119104\">+49 (0) 721 20119 104<\/a><br \/>E-Mail: <a href=\"mailto:stetter-kalbus@kunsthalle-karlsruhe.de\" data-mce-href=\"mailto:stetter-kalbus@kunsthalle-karlsruhe.de\">stetter-kalbus@kunsthalle-karlsruhe.de<\/a><\/p>\n<\/div>\n                                    \n\n                                    <\/div>\n                            <\/div>\n                        \n                            <div class=\"block-accordion-item\" aria-expanded=\"false\">\n                                <button class=\"reset-style block-accordion-item-head\" aria-controls=\"acc_69f3dd75a19fe\" id=\"acc_title_69f3dd75a19ff\">\n                                    <strong aria-labelledby=\"acc_title_69f3dd75a19ff\">Staff unit sustainability | green culture<\/strong>\n                                <\/button>\n\n                                <div class=\"block-accordion-item-content editor\" id=\"acc_69f3dd75a19fe\" role=\"region\">\n                                    <div id=\"acc_620b870333239\" class=\"block-accordion-item-content editor\" role=\"region\">\n<p>Loretta Stritzel<br \/>\nSustainability | Green Culture<\/p>\n<p>Telephone: <a href=\"tel:+4972120119105\">+49 (0) 721 20119 105<\/a><br \/>\nE-Mail: <a href=\"mailto:stritzel@kunsthalle-karlsruhe.de\">stritzel@kunsthalle-karlsruhe.de<\/a><\/p>\n<p>Christine Nitsche<br \/>\nSustainability | Green Culture<\/p>\n<p>Telephone:<a href=\"tel:+4972120119109\">+49 (0) 721 20119 109<\/a><br \/>\nE-Mail: <a href=\"mailto:nitsche@kunsthalle-karlsruhe.de\">nitsche@kunsthalle-karlsruhe.de<\/a><\/p>\n<\/div>\n                                    \n\n                                    <\/div>\n                            <\/div>\n                                                            <\/div>\n            <\/div>\n        <\/div>\n    <\/div>\n<\/section>\n\n<section class=\"block block-headline block-margin-remove\" >\n    <div class=\"container-fluid\">\n        <div class=\"row center-sm\">\n                            <div class=\"col-xs-12 col-sm-8\" style=\"text-align: left\">\n                    <div class=\"box\">\n                                                <h2  ><p>Department of Research and Collections<\/p>\n<\/h2>                    <\/div>\n                <\/div>\n                    <\/div>\n    <\/div>\n<\/section>\n\n<section class=\"block block-copy-image block-margin-remove\" >\n    <div class=\"container-fluid\">\n        <div class=\"row\">\n                                        <div class=\"col-xs-12 col-sm-6\">\n                    <div class=\"box\">\n                        \t<div class=\"lazy-media\" id=\"media_69f3dd75a2ccc\">\n\t\t<div class=\"lazy-media-wrapper\">\n\t\t\t<div class=\"lazy-media-copyright\">\n\t\t\t\t<div class=\"lazy-media-copyright-content\">\n\t\t\t\t\t\t\t\t\t\t\t<span class=\"lazy-media-copyright-content-empty\" aria-hidden=\"true\" style=\"pointer-events: none; user-select: none;\">&nbsp;<\/span>\n\t\t\t\t\t\t\t\t\t<\/div>\n\t\t\t<\/div>\n\n\t\t\t<div class=\"height-container\"  style=\"padding-bottom:78.611111111111%;\">\n\t\t\t\t<script type=\"application\/json\" class=\"lazy-media-data\">\n\t\t\t\t{\n\t\t\t\t\"sizes\" : {\"medium\":{\"file\":\"kunsthallekarlsruhe-portraet-beiersdorf-300x236.jpg\",\"width\":300,\"height\":236,\"mime-type\":\"image\\\/jpeg\",\"filesize\":72583},\"thumbnail\":{\"file\":\"kunsthallekarlsruhe-portraet-beiersdorf-150x118.jpg\",\"width\":150,\"height\":118,\"mime-type\":\"image\\\/jpeg\",\"filesize\":24506},\"original\":{\"file\":\"kunsthallekarlsruhe-portraet-beiersdorf.jpg\",\"width\":720,\"height\":566}},\n\t\t\t\t\"path\" : \"\/wp-content\/uploads\/2025\/03\/\",\n\t\t\t\t\"video\" : \"\",\n\t\t\t\t\"autoplay\" : \"\",\n\t\t\t\t\"youtube\" : \"\"\n\t\t\t\t}\n\t\t\t\t<\/script>\n\n\t\t\t\t<div class=\"image-wrapper\" id=\"image_69f3dd75a2ccd\">\n\t\t\t\t\t<img decoding=\"async\" src=\"\" alt=\"Portr&auml;t von Leonie Beiersdorf der \" title=\"kunsthallekarlsruhe-portraet-beiersdorf\" \/>\n\t\t\t\t\t<noscript>\n\t\t\t\t\t\t<img decoding=\"async\" src=\"\/wp-content\/uploads\/2025\/03\/kunsthallekarlsruhe-portraet-beiersdorf.jpg\" alt=\"Portr&auml;t von Leonie Beiersdorf der \" title=\"kunsthallekarlsruhe-portraet-beiersdorf\" \/>\n\t\t\t\t\t<\/noscript>\n\n\t\t\t\t\t\t\t\t\t<\/div>\n\n\t\t\t\t\t\t\t<\/div>\n\n\t\t\t\n\t\t\t\t\t<\/div>\n\t<\/div>\n\n                    <\/div>\n                <\/div>\n\n                <div class=\"col-xs-12 col-sm-5\">\n                    <div class=\"box block-copy-image-copy\">\n                                                <div class=\"copy editor\"><p>Dr. Leonie Beiersdorf<\/p>\n<p>Head of Department<br \/>\nCurator for Paintings and Sculptures 19th \u2013 21st century<\/p>\n<p>Telephone: <a href=\"tel:+4972120119201\">+49 (0) 721 20119 201<\/a><br \/>\nE-Mail: <a href=\"mailto:beiersdorf@kunsthalle-karlsruhe.de\">beiersdorf@kunsthalle-karlsruhe.de<\/a><\/p>\n<p>&nbsp;<\/p>\n                            \n\n                            <\/div>\n                    <\/div>\n                <\/div>\n                    <\/div>\n    <\/div>\n<\/section>\n\n<section class=\"block block-accordion\" >\n    <div class=\"container-fluid\">\n        <div class=\"row\">\n            <div class=\"col-xs-12 col-sm-10 col-sm-offset-1\">\n                <div class=\"box\">\n                    <h2  class=\"h2\" ><\/h2>\n\n                                            \n                            <div class=\"block-accordion-item\" aria-expanded=\"false\">\n                                <button class=\"reset-style block-accordion-item-head\" aria-controls=\"acc_69f3dd75a31bc\" id=\"acc_title_69f3dd75a31bd\">\n                                    <strong aria-labelledby=\"acc_title_69f3dd75a31bd\">Secretary<\/strong>\n                                <\/button>\n\n                                <div class=\"block-accordion-item-content editor\" id=\"acc_69f3dd75a31bc\" role=\"region\">\n                                    <p>Yasmin Karon<br \/>\nSecretary to Department of Research and Collections<\/p>\n<p>Telephone: <a href=\"tel:+4972120119103\">+49 (0) 721 20119 103<\/a><br \/>\nE-Mail: <a href=\"mailto:karon@kunsthalle-karlsruhe.de\">karon@kunsthalle-karlsruhe.de<\/a><\/p>\n                                    \n\n                                    <\/div>\n                            <\/div>\n                        \n                            <div class=\"block-accordion-item\" aria-expanded=\"false\">\n                                <button class=\"reset-style block-accordion-item-head\" aria-controls=\"acc_69f3dd75a326f\" id=\"acc_title_69f3dd75a3270\">\n                                    <strong aria-labelledby=\"acc_title_69f3dd75a3270\">Old Paintings<\/strong>\n                                <\/button>\n\n                                <div class=\"block-accordion-item-content editor\" id=\"acc_69f3dd75a326f\" role=\"region\">\n                                    <p>Maike Hohn<\/p>\n<p>Telephone: <a href=\"tel:+4972120119201\">+49 (0) 721 20119 200<\/a><br \/>\nE-Mail: <a href=\"mailto:hohn@kunsthalle-karlsruhe.de\">hohn@kunsthalle-karlsruhe.de<\/a><\/p>\n                                    \n\n                                    <\/div>\n                            <\/div>\n                        \n                            <div class=\"block-accordion-item\" aria-expanded=\"false\">\n                                <button class=\"reset-style block-accordion-item-head\" aria-controls=\"acc_69f3dd75a3318\" id=\"acc_title_69f3dd75a3319\">\n                                    <strong aria-labelledby=\"acc_title_69f3dd75a3319\">Curatorial Research Associate<\/strong>\n                                <\/button>\n\n                                <div class=\"block-accordion-item-content editor\" id=\"acc_69f3dd75a3318\" role=\"region\">\n                                    <p>PD Dr. Kirsten Voigt<\/p>\n<p>Telephone: <a href=\"tel:+4972120119206\">+49 (0) 721 20119 206<\/a><br \/>\nE-Mail: <a href=\"mailto:voigt@kunsthalle-karlsruhe.de\">voigt@kunsthalle-karlsruhe.de<\/a><\/p>\n                                    \n\n                                    <\/div>\n                            <\/div>\n                        \n                            <div class=\"block-accordion-item\" aria-expanded=\"false\">\n                                <button class=\"reset-style block-accordion-item-head\" aria-controls=\"acc_69f3dd75a33dd\" id=\"acc_title_69f3dd75a33de\">\n                                    <strong aria-labelledby=\"acc_title_69f3dd75a33de\">Scientific Trainees<\/strong>\n                                <\/button>\n\n                                <div class=\"block-accordion-item-content editor\" id=\"acc_69f3dd75a33dd\" role=\"region\">\n                                    <p>Inah Kim<\/p>\n<p>Telephone: \u00a0<a href=\"tel:+4972120119213\">+49 (0) <\/a><a href=\"tel:+4972120119207\">721 20119 207<\/a><br \/>\nE-Mail: <a href=\"mailto:kim@kunsthalle-karlsruhe.de\">kim@kunsthalle-karlsruhe.de<\/a><\/p>\n<p>Janina Hanisch<\/p>\n<p>Telephone: \u00a0<a href=\"tel:+4972120119213\">+49 (0) <\/a><a href=\"tel:+4972120119213\">721 20119 213<\/a><br \/>\nE-Mail: <a href=\"mailto:hanisch@kunsthalle-karlsruhe.de\">hanisch@kunsthalle-karlsruhe.de<\/a><\/p>\n                                    \n\n                                    <\/div>\n                            <\/div>\n                        \n                            <div class=\"block-accordion-item\" aria-expanded=\"false\">\n                                <button class=\"reset-style block-accordion-item-head\" aria-controls=\"acc_69f3dd75a3495\" id=\"acc_title_69f3dd75a3496\">\n                                    <strong aria-labelledby=\"acc_title_69f3dd75a3496\">Department of Prints and Drawings<\/strong>\n                                <\/button>\n\n                                <div class=\"block-accordion-item-content editor\" id=\"acc_69f3dd75a3495\" role=\"region\">\n                                    <p>Dr. Dorit Sch\u00e4fer<br \/>\nHead of Prints and Drawings<\/p>\n<p>Telephone: <a href=\"tel:+4972120119210\">+49 (0) 721 20119 210<\/a><br \/>\nE-Mail: <a href=\"mailto:schaefer@kunsthalle-karlsruhe.de\">schaefer@kunsthalle-karlsruhe.de<\/a><\/p>\n<p>Dr. Judith Rauser<br \/>\nCurator<\/p>\n<p>Telephone : <a href=\"tel:+4972120119211\">+49 (0) 721 20119 211<\/a><br \/>\nE-Mail : <a href=\"mailto:rauser@kunsthalle-karlsruhe.de\">rauser@kunsthalle-karlsruhe.de<\/a><\/p>\n                                    \n\n                                    <\/div>\n                            <\/div>\n                        \n                            <div class=\"block-accordion-item\" aria-expanded=\"false\">\n                                <button class=\"reset-style block-accordion-item-head\" aria-controls=\"acc_69f3dd75a352f\" id=\"acc_title_69f3dd75a3530\">\n                                    <strong aria-labelledby=\"acc_title_69f3dd75a3530\">Provenance Research<\/strong>\n                                <\/button>\n\n                                <div class=\"block-accordion-item-content editor\" id=\"acc_69f3dd75a352f\" role=\"region\">\n                                    <p>Dr. Tanja Baensch<\/p>\n<p>Telephone: <a href=\"tel:+4972120119202\">+49 (0) 721 20119 202<\/a><br \/>\nE-Mail: <a href=\"mailto:%20baensch@kunsthalle-karlsruhe.de\">baensch@kunsthalle-karlsruhe.de<\/a><\/p>\n                                    \n\n                                    <\/div>\n                            <\/div>\n                        \n                            <div class=\"block-accordion-item\" aria-expanded=\"false\">\n                                <button class=\"reset-style block-accordion-item-head\" aria-controls=\"acc_69f3dd75a35c6\" id=\"acc_title_69f3dd75a35c7\">\n                                    <strong aria-labelledby=\"acc_title_69f3dd75a35c7\">Registrar<\/strong>\n                                <\/button>\n\n                                <div class=\"block-accordion-item-content editor\" id=\"acc_69f3dd75a35c6\" role=\"region\">\n                                    <p>Rieke Friese<\/p>\n<p>Telephone: <a href=\"tel:+4972120119203\">+49 (0) 721 20119 203<\/a><br \/>\nE-Mail: <a href=\"mailto:friese@kunsthalle-karlsruhe.de\">friese@kunsthalle-karlsruhe.de<\/a><\/p>\n                                    \n\n                                    <\/div>\n                            <\/div>\n                        \n                            <div class=\"block-accordion-item\" aria-expanded=\"false\">\n                                <button class=\"reset-style block-accordion-item-head\" aria-controls=\"acc_69f3dd75a36b2\" id=\"acc_title_69f3dd75a36b3\">\n                                    <strong aria-labelledby=\"acc_title_69f3dd75a36b3\">Education Department<\/strong>\n                                <\/button>\n\n                                <div class=\"block-accordion-item-content editor\" id=\"acc_69f3dd75a36b2\" role=\"region\">\n                                    <p>Dr. Tamara Engert<br \/>\nHead of Department<\/p>\n<p>Telephone: <a href=\"tel:+4972120119220\">+49 (0) 721 20119 220<\/a><br \/>\nE-Mail: <a href=\"mailto:engert@kunsthalle-karlsruhe.de\">engert@kunsthalle-karlsruhe.de<\/a><\/p>\n<p>Isabel Dotzauer<\/p>\n<p>Telephone: <a href=\"tel:+4972120119222\">+49 (0) 721 20119 221<\/a><br \/>\nE-Mail: <a href=\"mailto:dotzauer@kunsthalle-karlsruhe.de\">dotzauer@kunsthalle-karlsruhe.de<\/a><\/p>\n<p>Judith Lindner<br \/>\nAssistance<\/p>\n<p>Telephone: <a href=\"tel:+4972120119450\">+49 (0) 721 20119 450<\/a><br \/>\nMail: <a href=\"mailto:lindner@kunsthalle-karlsruhe.de\">lindner@kunsthalle-karlsruhe.de<\/a><\/p>\n<p>Sara Feilen<br \/>\nScientific Trainee<\/p>\n<p>Telephon: <a href=\"tel:+4972120119223\">+49 (0) 721 20119 223<\/a><br \/>\nMail: <a href=\"mailto:feilen@kunsthalle-karlsruhe.de\">feilen@kunsthalle-karlsruhe.de<\/a><\/p>\n                                    \n\n                                    <\/div>\n                            <\/div>\n                        \n                            <div class=\"block-accordion-item\" aria-expanded=\"false\">\n                                <button class=\"reset-style block-accordion-item-head\" aria-controls=\"acc_69f3dd75a37cf\" id=\"acc_title_69f3dd75a37d0\">\n                                    <strong aria-labelledby=\"acc_title_69f3dd75a37d0\">Art Library<\/strong>\n                                <\/button>\n\n                                <div class=\"block-accordion-item-content editor\" id=\"acc_69f3dd75a37cf\" role=\"region\">\n                                    <p>Cordula Treimer<br \/>\nHead of Department<\/p>\n<p>Te\u00adle\u00adphone: <a href=\"tel:+4972120119240\">+49 (0) 721 20119 240<\/a><br \/>\nE-Mail: <a href=\"mailto:treimer@kunsthalle-karlsruhe.de\">treimer@kunsthalle-karlsruhe.de<\/a><\/p>\n<p>Erica Foden-Lenahan<\/p>\n<p>Telephone: <a href=\"tel:+4972120119243\">+49 (0) 721 20119 243<\/a><br \/>\nE-Mail: <a href=\"mailto:foden-lenahan@kunsthalle-karlsruhe.de\">foden-lenahan@kunsthalle-karlsruhe.de<\/a><\/p>\n                                    \n\n                                    <\/div>\n                            <\/div>\n                        \n                            <div class=\"block-accordion-item\" aria-expanded=\"false\">\n                                <button class=\"reset-style block-accordion-item-head\" aria-controls=\"acc_69f3dd75a38f1\" id=\"acc_title_69f3dd75a38f2\">\n                                    <strong aria-labelledby=\"acc_title_69f3dd75a38f2\">Conservation and Restoration<\/strong>\n                                <\/button>\n\n                                <div class=\"block-accordion-item-content editor\" id=\"acc_69f3dd75a38f1\" role=\"region\">\n                                    <p>Nele Bordt<br \/>\nHead of Department<\/p>\n<p>Telephone: <a href=\"tel:+4972120119230\">+49 (0) 721 20119 230<\/a><br \/>\nE-Mail: <a href=\"mailto:bordt@kunsthalle-karlsruhe.de\">bordt@kunsthalle-karlsruhe.de<\/a><\/p>\n<p>Anna-Maria Virgin<\/p>\n<p>Telephone: <a href=\"tel:+4972120119233\">+49 (0) 721 20119 233<\/a><br \/>\nE-Mail: <a href=\"mailto:virgin@kunsthalle-karlsruhe.de\">virgin@kunsthalle-karlsruhe.de<\/a><\/p>\n<p>Karin Achenbach-Stolz<\/p>\n<p>Telephone: <a href=\"tel:+4972120119231\">+49 (0) 721 20119 231<\/a><br \/>\nE-Mail:<a href=\"mailto:achenbach@kunsthalle-karlsruhe.de\"> achenbach@kunsthalle-karlsruhe.de<\/a><\/p>\n<p>Kristina Liedtke<br \/>\nPaper Conservation<\/p>\n<p>Telephone: <a href=\"tel:+4972120119232\">+49 (0) 721 20119 232<\/a><br \/>\nE-Mail: <a href=\"mailto:liedtke@kunsthalle-karlsruhe.de\">liedtke@kunsthalle-karlsruhe.de<\/a><\/p>\n<p>Theresa L\u00f6w<br \/>\nPaper Conservation<\/p>\n<p>Telephone: <a href=\"tel:+4972120119236\">+49 (0) 721 20119 236<\/a><br \/>\nE-Mail: <a href=\"mailto:loew@kunsthalle-karlsruhe.de\">loew@kunsthalle-karlsruhe.de<\/a><\/p>\n<p>Martina Andrejevi\u0107 Nikoli\u0107<br \/>\nWissenschaftliche Volont\u00e4rin<\/p>\n<p>Telephone: <a href=\"tel:+4972120119234\">+49 (0) 721 20119 234<\/a><br \/>\nE-Mail: <a href=\"mailto:andrejevicnikolic@kunsthalle-karlsruhe.de\">andrejevicnikolic@kunsthalle-karlsruhe.de<\/a><\/p>\n<p>&nbsp;<\/p>\n                                    \n\n                                    <\/div>\n                            <\/div>\n                                                            <\/div>\n            <\/div>\n        <\/div>\n    <\/div>\n<\/section>\n\n<section class=\"block block-headline block-margin-remove\" >\n    <div class=\"container-fluid\">\n        <div class=\"row center-sm\">\n                            <div class=\"col-xs-12 col-sm-8\" style=\"text-align: left\">\n                    <div class=\"box\">\n                                                <h2  ><p>Communication Department<\/p>\n<\/h2>                    <\/div>\n                <\/div>\n                    <\/div>\n    <\/div>\n<\/section>\n\n<section class=\"block block-copy-image block-margin-remove\"  data-visible=\"false\" data-visible-from=\"2020-08-26 00:00:00\">\n    <div class=\"container-fluid\">\n        <div class=\"row\">\n                            <div class=\"col-xs-12 col-sm-5 col-sm-offset-1\">\n                    <div class=\"box block-copy-image-copy\">\n                                                <div class=\"copy editor exception-align-left\"><p>Julia Ditsch<\/p>\n<p>Head of Department<br \/>\nPress Officer<\/p>\n<p>Telephone: <a href=\"tel:+4972120119300\">+49 (0) 721 20119 300<\/a><br \/>\nE-Mail: <a href=\"mailto:ditsch@kunsthalle-karlsruhe.de\">ditsch@kunsthalle-karlsruhe.de<\/a><\/p>\n                            \n\n                            <\/div>\n                    <\/div>\n                <\/div>\n\n                <div class=\"col-xs-12 col-sm-6\">\n                    <div class=\"box\">\n                        \t<div class=\"lazy-media\" id=\"media_69f3dd75a48ca\">\n\t\t<div class=\"lazy-media-wrapper\">\n\t\t\t<div class=\"lazy-media-copyright\">\n\t\t\t\t<div class=\"lazy-media-copyright-content\">\n\t\t\t\t\t\t\t\t\t\t\t<span class=\"lazy-media-copyright-content-empty\" aria-hidden=\"true\" style=\"pointer-events: none; user-select: none;\">&nbsp;<\/span>\n\t\t\t\t\t\t\t\t\t<\/div>\n\t\t\t<\/div>\n\n\t\t\t<div class=\"height-container\"  style=\"padding-bottom:78.611111111111%;\">\n\t\t\t\t<script type=\"application\/json\" class=\"lazy-media-data\">\n\t\t\t\t{\n\t\t\t\t\"sizes\" : {\"medium\":{\"file\":\"kunsthallekarlsruhe-portraet-ditsch-300x236.jpg\",\"width\":300,\"height\":236,\"mime-type\":\"image\\\/jpeg\",\"filesize\":100641},\"thumbnail\":{\"file\":\"kunsthallekarlsruhe-portraet-ditsch-150x118.jpg\",\"width\":150,\"height\":118,\"mime-type\":\"image\\\/jpeg\",\"filesize\":31811},\"original\":{\"file\":\"kunsthallekarlsruhe-portraet-ditsch.jpg\",\"width\":720,\"height\":566}},\n\t\t\t\t\"path\" : \"\/wp-content\/uploads\/2024\/11\/\",\n\t\t\t\t\"video\" : \"\",\n\t\t\t\t\"autoplay\" : \"\",\n\t\t\t\t\"youtube\" : \"\"\n\t\t\t\t}\n\t\t\t\t<\/script>\n\n\t\t\t\t<div class=\"image-wrapper\" id=\"image_69f3dd75a48cb\">\n\t\t\t\t\t<img decoding=\"async\" src=\"\" alt=\"Zu sehen ust\" title=\"kunsthallekarlsruhe-portr&auml;t-ditsch\" \/>\n\t\t\t\t\t<noscript>\n\t\t\t\t\t\t<img decoding=\"async\" src=\"\/wp-content\/uploads\/2024\/11\/kunsthallekarlsruhe-portraet-ditsch.jpg\" alt=\"Zu sehen ust\" title=\"kunsthallekarlsruhe-portr&auml;t-ditsch\" \/>\n\t\t\t\t\t<\/noscript>\n\n\t\t\t\t\t\t\t\t\t<\/div>\n\n\t\t\t\t\t\t\t<\/div>\n\n\t\t\t\n\t\t\t\t\t<\/div>\n\t<\/div>\n\n                    <\/div>\n                <\/div>\n                                <\/div>\n    <\/div>\n<\/section>\n\n<section class=\"block block-accordion\" >\n    <div class=\"container-fluid\">\n        <div class=\"row\">\n            <div class=\"col-xs-12 col-sm-10 col-sm-offset-1\">\n                <div class=\"box\">\n                    <h2  class=\"h2\" ><\/h2>\n\n                                            \n                            <div class=\"block-accordion-item\" aria-expanded=\"false\">\n                                <button class=\"reset-style block-accordion-item-head\" aria-controls=\"acc_69f3dd75a4eb4\" id=\"acc_title_69f3dd75a4eb5\">\n                                    <strong aria-labelledby=\"acc_title_69f3dd75a4eb5\">Interim communication<\/strong>\n                                <\/button>\n\n                                <div class=\"block-accordion-item-content editor\" id=\"acc_69f3dd75a4eb4\" role=\"region\">\n                                    <p>Dr. Cathrin Pischon<\/p>\n<p>Telephone: <a href=\"tel:+4972120119313\">+49 (0) 721 20119 313<\/a><br \/>\nE-Mail: <a href=\"mailto:pischon@kunsthalle-karlsruhe.de\">pischon@kunsthalle-karlsruhe.de<\/a><\/p>\n                                    \n\n                                    <\/div>\n                            <\/div>\n                        \n                            <div class=\"block-accordion-item\" aria-expanded=\"false\">\n                                <button class=\"reset-style block-accordion-item-head\" aria-controls=\"acc_69f3dd75a4fb1\" id=\"acc_title_69f3dd75a4fb2\">\n                                    <strong aria-labelledby=\"acc_title_69f3dd75a4fb2\">Digital Management<\/strong>\n                                <\/button>\n\n                                <div class=\"block-accordion-item-content editor\" id=\"acc_69f3dd75a4fb1\" role=\"region\">\n                                    <p>Tabea Schwarze<\/p>\n<p>Telephone: <a href=\"tel:+4972120119311\">+49 (0) 721 20119 311<\/a><br \/>\nE-Mail: <a href=\"mailto:schwarze@kunsthalle-karlsruhe.de\">schwarze@kunsthalle-karlsruhe.de<\/a><\/p>\n                                    \n\n                                    <\/div>\n                            <\/div>\n                        \n                            <div class=\"block-accordion-item\" aria-expanded=\"false\">\n                                <button class=\"reset-style block-accordion-item-head\" aria-controls=\"acc_69f3dd75a5098\" id=\"acc_title_69f3dd75a5099\">\n                                    <strong aria-labelledby=\"acc_title_69f3dd75a5099\">Social Media Management and Content Creation<\/strong>\n                                <\/button>\n\n                                <div class=\"block-accordion-item-content editor\" id=\"acc_69f3dd75a5098\" role=\"region\">\n                                    <p>Lara Di Carlo<\/p>\n<p>Telephone: <a href=\"tel:+4972120119310\">+49 (0) 721 20119 310<\/a><br \/>\nE-Mail: <a href=\"mailto:dicarlo@kunsthalle-karlsruhe.de\">dicarlo@kunsthalle-karlsruhe.de<\/a><\/p>\n                                    \n\n                                    <\/div>\n                            <\/div>\n                        \n                            <div class=\"block-accordion-item\" aria-expanded=\"false\">\n                                <button class=\"reset-style block-accordion-item-head\" aria-controls=\"acc_69f3dd75a5194\" id=\"acc_title_69f3dd75a5195\">\n                                    <strong aria-labelledby=\"acc_title_69f3dd75a5195\">Marketing<\/strong>\n                                <\/button>\n\n                                <div class=\"block-accordion-item-content editor\" id=\"acc_69f3dd75a5194\" role=\"region\">\n                                    <p>Rebecca Stocker<br \/>\nHead of Department<\/p>\n<p>Telephone: <a href=\"tel:+4972120119301\">+49 (0) 721 20119 301<\/a><br \/>\nE-Mail: <a href=\"mailto:stocker@kunsthalle-karlsruhe.de\">stocker@kunsthalle-karlsruhe.de<\/a><\/p>\n<p>Anja Beeretz<\/p>\n<p>Telephone: <a href=\"tel:+4972120119304\">+49 (0) 721 20119 304<\/a><br \/>\nE-Mail: <a href=\"mailto:beeretz@kunsthalle-karlsruhe.de\">beeretz@kunsthalle-karlsruhe.de<\/a><\/p>\n<p>Karin Merkel<\/p>\n<p>Telephone: <a href=\"tel:+4972120119302\">+49 (0) 721 20119 302<\/a><br \/>\nE-Mail: <a href=\"mailto:merkel@kunsthalle-karlsruhe.de\">merkel@kunsthalle-karlsruhe.de<\/a><\/p>\n                                    \n\n                                    <\/div>\n                            <\/div>\n                        \n                            <div class=\"block-accordion-item\" aria-expanded=\"false\">\n                                <button class=\"reset-style block-accordion-item-head\" aria-controls=\"acc_69f3dd75a5245\" id=\"acc_title_69f3dd75a5246\">\n                                    <strong aria-labelledby=\"acc_title_69f3dd75a5246\">Scientific Trainee<\/strong>\n                                <\/button>\n\n                                <div class=\"block-accordion-item-content editor\" id=\"acc_69f3dd75a5245\" role=\"region\">\n                                    <p>Leonie Stieber<\/p>\n<p>Telephone: <a href=\"tel:+4972120119204\">+49 (0) 721 20119 204<\/a><br \/>\nE-Mail: <a href=\"mailto:stieber@kunsthalle-karlsruhe.de\">stieber@kunsthalle-karlsruhe.de<\/a><\/p>\n                                    \n\n                                    <\/div>\n                            <\/div>\n                        \n                            <div class=\"block-accordion-item\" aria-expanded=\"false\">\n                                <button class=\"reset-style block-accordion-item-head\" aria-controls=\"acc_69f3dd75a5333\" id=\"acc_title_69f3dd75a5334\">\n                                    <strong aria-labelledby=\"acc_title_69f3dd75a5334\">Visitor Services and Event Management<\/strong>\n                                <\/button>\n\n                                <div class=\"block-accordion-item-content editor\" id=\"acc_69f3dd75a5333\" role=\"region\">\n                                    <p>Annika Knapp<br \/>\nHead of Department<\/p>\n<p>Telephone:\u00a0<a href=\"tel:+4972120119320\">+49 (0) 721 20119 320<\/a><br \/>\nE-Mail: <a href=\"mailto:knapp@kunsthalle-karlsruhe.de\">knapp@kunsthalle-karlsruhe.de<\/a><\/p>\n<p>Celine Thomar<br \/>\nEvent Management<\/p>\n<p>Telephone: <a href=\"tel:+15202417509\">+49 (0) 152 024 175 09<\/a><br \/>\nE-Mail: <a href=\"mailto:thomar@kunsthalle-karlsruhe.de\">thomar@kunsthalle-karlsruhe.de<\/a><\/p>\n<p>Katja Plankenhorn<br \/>\nVisitor Services<\/p>\n<p>Telephone: <a href=\"tel:+4972120119322\">+49 (0) 721 20119 322<\/a><br \/>\nE-Mail: <a href=\"mailto:plankenhorn@kunsthalle-karlsruhe.de\">plankenhorn@kunsthalle-karlsruhe.de<\/a><\/p>\n                                    \n\n                                    <\/div>\n                            <\/div>\n                        \n                            <div class=\"block-accordion-item\" aria-expanded=\"false\">\n                                <button class=\"reset-style block-accordion-item-head\" aria-controls=\"acc_69f3dd75a53ea\" id=\"acc_title_69f3dd75a53eb\">\n                                    <strong aria-labelledby=\"acc_title_69f3dd75a53eb\">Photography Studio<\/strong>\n                                <\/button>\n\n                                <div class=\"block-accordion-item-content editor\" id=\"acc_69f3dd75a53ea\" role=\"region\">\n                                    <p>Heike Kohler<\/p>\n<p>Telephone: <a href=\"tel:+4972120119331\">+49 (0) 721 20119 331<\/a><br \/>\nE-Mail: <a href=\"mailto:fotowerkstatt@kunsthalle-karlsruhe.de\">fotowerkstatt@kunsthalle-karlsruhe.de<\/a><\/p>\n<p>Andreas Drollinger<\/p>\n<p>Telephone: <a href=\"tel:+4972120119330\">+49 (0) 721 20119 330<\/a><br \/>\nE-Mail: <a href=\"mailto:fotowerkstatt@kunsthalle-karlsruhe.de\">fotowerkstatt@kunsthalle-karlsruhe.de<\/a><\/p>\n                                    \n\n                                    <\/div>\n                            <\/div>\n                        \n                            <div class=\"block-accordion-item\" aria-expanded=\"false\">\n                                <button class=\"reset-style block-accordion-item-head\" aria-controls=\"acc_69f3dd75a547f\" id=\"acc_title_69f3dd75a5480\">\n                                    <strong aria-labelledby=\"acc_title_69f3dd75a5480\">Graphic Design \/ Production<\/strong>\n                                <\/button>\n\n                                <div class=\"block-accordion-item-content editor\" id=\"acc_69f3dd75a547f\" role=\"region\">\n                                    <p>Ute Renner<\/p>\n<p>Telephone: <a href=\"tel:+4972120119333\">+49 (0) 721 20119 333<\/a><br \/>\nE-Mail: <a href=\"mailto:renner@kunsthalle-karlsruhe.de\">renner@kunsthalle-karlsruhe.de<\/a><\/p>\n                                    \n\n                                    <\/div>\n                            <\/div>\n                                                            <\/div>\n            <\/div>\n        <\/div>\n    <\/div>\n<\/section>\n\n<section class=\"block block-headline block-margin-remove\" >\n    <div class=\"container-fluid\">\n        <div class=\"row center-sm\">\n                            <div class=\"col-xs-12 col-sm-8\" style=\"text-align: left\">\n                    <div class=\"box\">\n                                                <h2  ><p>Administration<\/p>\n<\/h2>                    <\/div>\n                <\/div>\n                    <\/div>\n    <\/div>\n<\/section>\n\n<section class=\"block block-copy-image block-margin-remove\" >\n    <div class=\"container-fluid\">\n        <div class=\"row\">\n                                        <div class=\"col-xs-12 col-sm-6\">\n                    <div class=\"box\">\n                        \t<div class=\"lazy-media\" id=\"media_69f3dd75a617e\">\n\t\t<div class=\"lazy-media-wrapper\">\n\t\t\t<div class=\"lazy-media-copyright\">\n\t\t\t\t<div class=\"lazy-media-copyright-content\">\n\t\t\t\t\t\t\t\t\t\t\t<span class=\"lazy-media-copyright-content-empty\" aria-hidden=\"true\" style=\"pointer-events: none; user-select: none;\">&nbsp;<\/span>\n\t\t\t\t\t\t\t\t\t<\/div>\n\t\t\t<\/div>\n\n\t\t\t<div class=\"height-container\"  style=\"padding-bottom:78.611111111111%;\">\n\t\t\t\t<script type=\"application\/json\" class=\"lazy-media-data\">\n\t\t\t\t{\n\t\t\t\t\"sizes\" : {\"thumbnail\":{\"file\":\"kunsthallekarlsruhe-team-leitungzentraledienste-wessbecher-150x118.jpg\",\"width\":150,\"height\":118,\"mime-type\":\"image\\\/jpeg\"},\"medium\":{\"file\":\"kunsthallekarlsruhe-team-leitungzentraledienste-wessbecher-300x236.jpg\",\"width\":300,\"height\":236,\"mime-type\":\"image\\\/jpeg\"},\"mobile\":{\"file\":\"kunsthallekarlsruhe-team-leitungzentraledienste-wessbecher-720x566.jpg\",\"width\":720,\"height\":566,\"mime-type\":\"image\\\/jpeg\"},\"original\":{\"file\":\"kunsthallekarlsruhe-team-leitungzentraledienste-wessbecher.jpg\",\"width\":720,\"height\":566}},\n\t\t\t\t\"path\" : \"\/wp-content\/uploads\/2020\/08\/\",\n\t\t\t\t\"video\" : \"\",\n\t\t\t\t\"autoplay\" : \"\",\n\t\t\t\t\"youtube\" : \"\"\n\t\t\t\t}\n\t\t\t\t<\/script>\n\n\t\t\t\t<div class=\"image-wrapper\" id=\"image_69f3dd75a617f\">\n\t\t\t\t\t<img decoding=\"async\" src=\"\" alt=\"Portr&auml;t von Priska We&szlig;becher, der Leiterin der Abteilung Zentrale Dienste\" title=\"kunsthallekarlsruhe-team-leitungzentraledienste-wessbecher\" \/>\n\t\t\t\t\t<noscript>\n\t\t\t\t\t\t<img decoding=\"async\" src=\"\/wp-content\/uploads\/2020\/08\/kunsthallekarlsruhe-team-leitungzentraledienste-wessbecher.jpg\" alt=\"Portr&auml;t von Priska We&szlig;becher, der Leiterin der Abteilung Zentrale Dienste\" title=\"kunsthallekarlsruhe-team-leitungzentraledienste-wessbecher\" \/>\n\t\t\t\t\t<\/noscript>\n\n\t\t\t\t\t\t\t\t\t<\/div>\n\n\t\t\t\t\t\t\t<\/div>\n\n\t\t\t\n\t\t\t\t\t<\/div>\n\t<\/div>\n\n                    <\/div>\n                <\/div>\n\n                <div class=\"col-xs-12 col-sm-5\">\n                    <div class=\"box block-copy-image-copy\">\n                                                <div class=\"copy editor\"><p>Priska We\u00dfbecher<\/p>\n<p>Head of Department<\/p>\n<p>Telephone: <a href=\"tel:+4972120119400\">+49 (0) 721 20119 400<\/a><br \/>\nE-Mail: <a href=\"mailto:wessbecher@kunsthalle-karlsruhe.de\">wessbecher@kunsthalle-karlsruhe.de<\/a><\/p>\n                            \n\n                            <\/div>\n                    <\/div>\n                <\/div>\n                    <\/div>\n    <\/div>\n<\/section>\n\n<section class=\"block block-accordion\" >\n    <div class=\"container-fluid\">\n        <div class=\"row\">\n            <div class=\"col-xs-12 col-sm-10 col-sm-offset-1\">\n                <div class=\"box\">\n                    <h2  ><\/h2>\n\n                                            \n                            <div class=\"block-accordion-item\" aria-expanded=\"false\">\n                                <button class=\"reset-style block-accordion-item-head\" aria-controls=\"acc_69f3dd75a669d\" id=\"acc_title_69f3dd75a669e\">\n                                    <strong aria-labelledby=\"acc_title_69f3dd75a669e\">Administrative Department<\/strong>\n                                <\/button>\n\n                                <div class=\"block-accordion-item-content editor\" id=\"acc_69f3dd75a669d\" role=\"region\">\n                                    <p>Claudia Buselmeier<\/p>\n<p>Telephone: <a href=\"tel:+4972120119401\">+49 (0) 721 20119 401<\/a><br \/>\nE-Mail: <a class=\"mail\" title=\"E-Mail schreiben\" href=\"mailto:buselmeier@kunsthalle-karlsruhe.de\">buselmeier@kunsthalle-karlsruhe.de<\/a><\/p>\n<p>Bianca Merz<\/p>\n<p>Telephone: <a href=\"tel:+4972120119405\">+49 (0) 721 20119 405<\/a><br \/>\nE-Mail: <a class=\"mail\" title=\"E-Mail schreiben\" href=\"mailto:merz@kunsthalle-karlsruhe.de\">merz@kunsthalle-karlsruhe.de<\/a><\/p>\n<p>Rahel Rothen<\/p>\n<p>Telephone: <a href=\"tel:+4972120119402\">+49 (0) 721 20119 402<\/a><br \/>\nE-Mail: <a class=\"mail\" title=\"E-Mail schreiben\" href=\"mailto:rothen@kunsthalle-karlsruhe.de\">rothen@kunsthalle-karlsruhe.de<\/a><\/p>\n<p>Sabine St\u00e4hle<\/p>\n<p>Telephone: <a href=\"tel:+4972120119408\">+49 (0) 721 20119 408<\/a><br \/>\nE-Mail: <a href=\"mailto:staehle@kunsthalle-karlsruhe.de\">staehle@kunsthalle-karlsruhe.de<\/a><\/p>\n<p>Andrea Pfeifer<\/p>\n<p>Telephone: <a href=\"tel:+4972120119406\">+49 (0) 721 20119 406<\/a><br \/>\nE-Mail: <a href=\"mailto:pfeifer@kunsthalle-karlsruhe.de\">pfeifer@kunsthalle-karlsruhe.de\u00a0<\/a><\/p>\n<p>Olga Ladner<\/p>\n<p>Telefon: <a href=\"tel:+4972120119404\">+49 (0) 721 20119 404<\/a><br \/>\nE-Mail: <a href=\"mailto:ladner@kunsthalle-karlsruhe.de\">ladner@kunsthalle-karlsruhe.de\u00a0<\/a><\/p>\n                                    \n\n                                    <\/div>\n                            <\/div>\n                        \n                            <div class=\"block-accordion-item\" aria-expanded=\"false\">\n                                <button class=\"reset-style block-accordion-item-head\" aria-controls=\"acc_69f3dd75a675d\" id=\"acc_title_69f3dd75a675e\">\n                                    <strong aria-labelledby=\"acc_title_69f3dd75a675e\">IT organization<\/strong>\n                                <\/button>\n\n                                <div class=\"block-accordion-item-content editor\" id=\"acc_69f3dd75a675d\" role=\"region\">\n                                    <p>Katharina Schemel<\/p>\n<p>Telephone: <a href=\"tel:+4972120119407\">+49 (0) 721 20119 407<\/a><br \/>\nE-Mail: <a href=\"mailto:schemel@kunsthalle-karlsruhe.de\">schemel@kunsthalle-karlsruhe.de<\/a><\/p>\n                                    \n\n                                    <\/div>\n                            <\/div>\n                        \n                            <div class=\"block-accordion-item\" aria-expanded=\"false\">\n                                <button class=\"reset-style block-accordion-item-head\" aria-controls=\"acc_69f3dd75a6816\" id=\"acc_title_69f3dd75a6817\">\n                                    <strong aria-labelledby=\"acc_title_69f3dd75a6817\">Catalogue orders and Shop<\/strong>\n                                <\/button>\n\n                                <div class=\"block-accordion-item-content editor\" id=\"acc_69f3dd75a6816\" role=\"region\">\n                                    <p>Monika Frey<\/p>\n<p>Telephone: <a href=\"tel:+4972120119403\">+49 (0) 721 20119 403<\/a><br \/>\nE-Mail: <a href=\"mailto:frey@kunsthalle-karlsruhe.de\">frey@kunsthalle-karlsruhe.de<\/a><\/p>\n                                    \n\n                                    <\/div>\n                            <\/div>\n                        \n                            <div class=\"block-accordion-item\" aria-expanded=\"false\">\n                                <button class=\"reset-style block-accordion-item-head\" aria-controls=\"acc_69f3dd75a68ea\" id=\"acc_title_69f3dd75a68eb\">\n                                    <strong aria-labelledby=\"acc_title_69f3dd75a68eb\">Building Services<\/strong>\n                                <\/button>\n\n                                <div class=\"block-accordion-item-content editor\" id=\"acc_69f3dd75a68ea\" role=\"region\">\n                                    <p>Jens Ungelenk<br \/>\nHead of Department<\/p>\n<p>Telephone: <a href=\"tel:+4972120119410\">+49 (0) 721 20119 410<\/a><br \/>\nE-Mail: <a href=\"mailto:ungelenk@kunsthalle-karlsruhe.de\">ungelenk@kunsthalle-karlsruhe.de<\/a><\/p>\n<p>Holger Schucker<br \/>\nDeputy Head<\/p>\n<p>Telephone: <a href=\"tel:+4972120119411\">+49 (0) 721 20119 411<\/a><br \/>\nE-Mail: <a href=\"mailto:schucker@kunsthalle-karlsruhe.de\">schucker@kunsthalle-karlsruhe.de<\/a><\/p>\n<p>Sascha T\u00f6ller<br \/>\nSystem and network administrator<\/p>\n<p>Telephone: <a href=\"tel:+4972120119415\">+49 (0) 721 20119 415<\/a><br \/>\nE-Mail: <a href=\"mailto:toeller@kunsthalle-karlsruhe.de\">toeller@kunsthalle-karlsruhe.de<\/a><\/p>\n                                    \n\n                                    <\/div>\n                            <\/div>\n                        \n                            <div class=\"block-accordion-item\" aria-expanded=\"false\">\n                                <button class=\"reset-style block-accordion-item-head\" aria-controls=\"acc_69f3dd75a69a1\" id=\"acc_title_69f3dd75a69a2\">\n                                    <strong aria-labelledby=\"acc_title_69f3dd75a69a2\">Museum Security<\/strong>\n                                <\/button>\n\n                                <div class=\"block-accordion-item-content editor\" id=\"acc_69f3dd75a69a1\" role=\"region\">\n                                    <p>Philipp Schmidt<br \/>\nHead of Museum Security<\/p>\n<p>Telephone: <a href=\"tel:+4972120119420\">+49 (0) 721 20119 420<\/a><br \/>\nE-Mail: <a href=\"mailto:schmidt@kunsthalle-karlsruhe.de\">schmidt@kunsthalle-karlsruhe.de\u00a0<\/a><\/p>\n<p>Benjamin Hampe<br \/>\nInterim Manager Security<\/p>\n<p>Telephone: <a href=\"tel:+4972120119423\">+49 (0) 721 20119 423<\/a><br \/>\nE-Mail: <a href=\"mailto:hampe@kunsthalle-karlsruhe.de\">hampe@kunsthalle-karlsruhe.de\u00a0<\/a><\/p>\n                                    \n\n                                    <\/div>\n                            <\/div>\n                                                            <\/div>\n            <\/div>\n        <\/div>\n    <\/div>\n<\/section>","protected":false},"excerpt":{"rendered":"<p>Contact the employees of the Kunsthalle Karlsruhe.<\/p>\n","protected":false},"author":7,"featured_media":73992,"parent":5466,"menu_order":0,"comment_status":"closed","ping_status":"closed","template":"","meta":{"_acf_changed":false,"_seopress_robots_primary_cat":"","_seopress_titles_title":"","_seopress_titles_desc":"","_seopress_robots_index":"","footnotes":""},"class_list":["post-8699","page","type-page","status-publish","has-post-thumbnail","hentry"],"acf":[],"_links":{"self":[{"href":"https:\/\/www.kunsthalle-karlsruhe.de\/en\/wp-json\/wp\/v2\/pages\/8699","targetHints":{"allow":["GET"]}}],"collection":[{"href":"https:\/\/www.kunsthalle-karlsruhe.de\/en\/wp-json\/wp\/v2\/pages"}],"about":[{"href":"https:\/\/www.kunsthalle-karlsruhe.de\/en\/wp-json\/wp\/v2\/types\/page"}],"author":[{"embeddable":true,"href":"https:\/\/www.kunsthalle-karlsruhe.de\/en\/wp-json\/wp\/v2\/users\/7"}],"replies":[{"embeddable":true,"href":"https:\/\/www.kunsthalle-karlsruhe.de\/en\/wp-json\/wp\/v2\/comments?post=8699"}],"version-history":[{"count":13,"href":"https:\/\/www.kunsthalle-karlsruhe.de\/en\/wp-json\/wp\/v2\/pages\/8699\/revisions"}],"predecessor-version":[{"id":90451,"href":"https:\/\/www.kunsthalle-karlsruhe.de\/en\/wp-json\/wp\/v2\/pages\/8699\/revisions\/90451"}],"up":[{"embeddable":true,"href":"https:\/\/www.kunsthalle-karlsruhe.de\/en\/wp-json\/wp\/v2\/pages\/5466"}],"wp:featuredmedia":[{"embeddable":true,"href":"https:\/\/www.kunsthalle-karlsruhe.de\/en\/wp-json\/wp\/v2\/media\/73992"}],"wp:attachment":[{"href":"https:\/\/www.kunsthalle-karlsruhe.de\/en\/wp-json\/wp\/v2\/media?parent=8699"}],"curies":[{"name":"wp","href":"https:\/\/api.w.org\/{rel}","templated":true}]}}