{"id":57450,"date":"2023-04-28T17:43:14","date_gmt":"2023-04-28T15:43:14","guid":{"rendered":"https:\/\/www.kunsthalle-karlsruhe.de\/?post_type=touren&#038;p=57450"},"modified":"2025-02-19T16:18:09","modified_gmt":"2025-02-19T15:18:09","slug":"highlight-tour","status":"publish","type":"touren","link":"https:\/\/www.kunsthalle-karlsruhe.de\/en\/touren\/highlight-tour\/","title":{"rendered":"Highlight Tour"},"content":{"rendered":"\n<section class=\"block block-header block-header-simple\"  >\n    <div class=\"block-header-simple-title\">\n        <div class=\"block-header-simple-title-content\">\n            <div class=\"container-fluid\">\n                <div class=\"row\">\n                    <div class=\"col-xs col-md-12\">\n                        <div class=\"box\">\n                            <h1  ><\/h1>                        <\/div>\n                    <\/div>\n                <\/div>\n            <\/div>\n        <\/div>\n\n            <\/div>\n    \n\t<div class=\"lazy-media background\" id=\"media_69f53bdb1a968\">\n\t\t\n        <script type=\"application\/json\" class=\"lazy-media-data\">\n        {\n        \"sizes\" : {\"thumbnail\":{\"file\":\"kunsthallekarlsruhe-sanierung-300x188-1-150x94.png\",\"width\":150,\"height\":94,\"mime-type\":\"image\\\/png\",\"filesize\":32906},\"original\":{\"file\":\"kunsthallekarlsruhe-sanierung-300x188-1.png\",\"width\":300,\"height\":188}},\n        \"path\" : \"\/wp-content\/uploads\/2023\/04\/\",\n        \"autoplay\" : \"\",\n\t\t\"focus\" : null,\n        \"caption\" : false        }\n        <\/script>\n\n\t\t<div title=\"kunsthallekarlsruhe-sanierung-300&amp;#215;188\" class=\"image-wrapper\" id=\"image_69f53bdb1a969\">\n\t\t\t<div class=\"image\"><\/div>\n\t\t\t\t\t<\/div>\n\n\t\t<noscript>\n\t\t\t<img decoding=\"async\" src=\"\/wp-content\/uploads\/2023\/04\/kunsthallekarlsruhe-sanierung-300x188-1.png\" alt=\"\" title=\"kunsthallekarlsruhe-sanierung-300&amp;#215;188\" \/>\n\t\t<\/noscript>\n    <\/div>\n\n<\/section>\n\n\n<section class=\"block block-copy\" style=\"text-align: left\" >\n    <div class=\"container-fluid\">\n        <div class=\"row\">\n                        <div class=\"col-xs-12 col-sm-8 col-sm-offset-2\">\n                <div class=\"box\">\n                    <div class=\"copy editor\"><p>At invitation of the ZKM, highlights of the collection from the Staatliche Kunsthalle Karlsruhe are on display in a new location. Around 600 works of art. More than 600 years of art history from the late Middle Ages to the present. Prints, sculptures, paintings. All this awaits you in the exhibition, which extends over two atriums. From this immense treasure, we have selected a few highlights for you. Allow yourself to be irritated: On this chronological journey through history, you can expect to find the occasional insert from different periods in time. We invite you to discover masterpieces from the fields of printmaking and sculpture alongside familiar and rarely shown paintings. Our collection has gained further additions. Two cabinets provide insights into significant new collection highlights in the area of painting from the 16th and 17th centuries and from the early days of photography. In a first room, immerse yourself in the atmosphere of the Kunsthalle finally take the opportunity to change your perspective, provided by the new presentation. Enjoy your journey based on selected highlights!<\/p>\n                        \n\n                        <\/div>\n                <\/div>\n            <\/div>\n        <\/div>\n    <\/div>\n<\/section>\n\n\n\n<section class=\"block block-sticky-button noprint\" id=\"stickIt\">\n    <div class=\"container-fluid\">\n        <div class=\"row center-xs\">\n            <div class=\"col-xs-12\">\n                <div class=\"box\">\n                    <a href=\"https:\/\/www.kunsthalle-karlsruhe.de\/en\/kunstwerk\/diptych-mary-and-the-christ-child-and-the-man-of-sorrows\/?tour=57450\" class=\"button button-highlight\">\n                        Start tour                        <span class=\"block-sticky-button__buttonIcon mixin-motion-link\" data-src=\"\/assets\/icons\/pfeil_scroll.json\" data-hover-out=\"1\"><\/span>\n                    <\/a>\n                <\/div>\n            <\/div>\n        <\/div>\n    <\/div>\n<\/section>\n\n<script>\n    var observer = new IntersectionObserver(onIntersection, {\n        root: null,\n        threshold: .5\n    })\n\n    function onIntersection(entries, opts) {\n        entries.forEach(entry =>\n            entry.target.classList.toggle('block-sticky-button--in-viewport', entry.isIntersecting)\n        )\n    }\n    observer.observe(document.querySelector('.block-sticky-button'))\n<\/script>\n\n  <div class=\"block-tour-stations-list \">\n        <div class=\"container-fluid\">\n      <h2  ><\/h2>\n      <ul class=\"stations-wrapper\">\n                  <li class=\"station\">\n                        <a href=\"https:\/\/www.kunsthalle-karlsruhe.de\/kunstwerke\/B\u00f6hmischer-Meister\/Diptychon-Maria-mit-dem-Kind-und-Christus-als-Schmerzensmann\/5604D61F489AF99144B722A461FC0219\/?tour=50128\" class=\"station-link\">\n              <div class=\"station-image-wrapper\">\n                                  <img loading=\"lazy\" decoding=\"async\" width=\"300\" height=\"203\" src=\"https:\/\/www.kunsthalle-karlsruhe.de\/wp-content\/uploads\/2023\/01\/kunsthallekarlsruhe-bohemianmaster-diptych-300x203.jpg\" class=\"attachment-medium size-medium\" alt=\"Folding altar by a Bohemian master. Left panel: The infant Jesus touches the cheek of his mother, who is wearing a veil and a crown. Right side: The suffering, naked Christ has closed his eyes and shows his wounds.\" srcset=\"https:\/\/www.kunsthalle-karlsruhe.de\/wp-content\/uploads\/2023\/01\/kunsthallekarlsruhe-bohemianmaster-diptych-300x203.jpg 300w, https:\/\/www.kunsthalle-karlsruhe.de\/wp-content\/uploads\/2023\/01\/kunsthallekarlsruhe-bohemianmaster-diptych-1024x693.jpg 1024w, https:\/\/www.kunsthalle-karlsruhe.de\/wp-content\/uploads\/2023\/01\/kunsthallekarlsruhe-bohemianmaster-diptych-150x102.jpg 150w, https:\/\/www.kunsthalle-karlsruhe.de\/wp-content\/uploads\/2023\/01\/kunsthallekarlsruhe-bohemianmaster-diptych-768x520.jpg 768w, https:\/\/www.kunsthalle-karlsruhe.de\/wp-content\/uploads\/2023\/01\/kunsthallekarlsruhe-bohemianmaster-diptych-720x487.jpg 720w, https:\/\/www.kunsthalle-karlsruhe.de\/wp-content\/uploads\/2023\/01\/kunsthallekarlsruhe-bohemianmaster-diptych-1280x867.jpg 1280w, https:\/\/www.kunsthalle-karlsruhe.de\/wp-content\/uploads\/2023\/01\/kunsthallekarlsruhe-bohemianmaster-diptych-1920x1300.jpg 1920w, https:\/\/www.kunsthalle-karlsruhe.de\/wp-content\/uploads\/2023\/01\/kunsthallekarlsruhe-bohemianmaster-diptych-1536x1040.jpg 1536w, https:\/\/www.kunsthalle-karlsruhe.de\/wp-content\/uploads\/2023\/01\/kunsthallekarlsruhe-bohemianmaster-diptych-2048x1386.jpg 2048w\" sizes=\"auto, (max-width: 300px) 100vw, 300px\" \/>                              <\/div>\n              <div class=\"station-title-wrapper\">\n                <span class=\"station-title__count\">1\/21<\/span>\n                <span class=\"station-title\">Portable devotions<\/span>\n              <\/div>\n            <\/a>\n          <\/li>\n                  <li class=\"station\">\n                        <a href=\"https:\/\/www.kunsthalle-karlsruhe.de\/kunstwerke\/Hans-Baldung\/Markgraf-Christoph-I-von-Baden-mit-seiner-Familie-in-Anbetung-vor-der-Heiligen-Anna-Selbdritt\/8FA49A454410097861468FA976D1C237\/?tour=50128\" class=\"station-link\">\n              <div class=\"station-image-wrapper\">\n                                  <img loading=\"lazy\" decoding=\"async\" width=\"300\" height=\"290\" src=\"https:\/\/www.kunsthalle-karlsruhe.de\/wp-content\/uploads\/2022\/10\/kunsthallekarlsruhe-baldung-markgrafentafel-maennerdetail-300x290.jpg\" class=\"attachment-medium size-medium wpsmartcrop-image wpsmartcrop-image\" alt=\"Detail der Markgrafentafel von Hans Baldung. Dem Rang nach gestaffelt knien Markgraf Christoph der Erste von Baden und seine zehn S\u00f6hne im Gebet.\" srcset=\"https:\/\/www.kunsthalle-karlsruhe.de\/wp-content\/uploads\/2022\/10\/kunsthallekarlsruhe-baldung-markgrafentafel-maennerdetail-300x290.jpg 300w, https:\/\/www.kunsthalle-karlsruhe.de\/wp-content\/uploads\/2022\/10\/kunsthallekarlsruhe-baldung-markgrafentafel-maennerdetail-1024x991.jpg 1024w, https:\/\/www.kunsthalle-karlsruhe.de\/wp-content\/uploads\/2022\/10\/kunsthallekarlsruhe-baldung-markgrafentafel-maennerdetail-150x145.jpg 150w, https:\/\/www.kunsthalle-karlsruhe.de\/wp-content\/uploads\/2022\/10\/kunsthallekarlsruhe-baldung-markgrafentafel-maennerdetail-768x743.jpg 768w, https:\/\/www.kunsthalle-karlsruhe.de\/wp-content\/uploads\/2022\/10\/kunsthallekarlsruhe-baldung-markgrafentafel-maennerdetail-720x697.jpg 720w, https:\/\/www.kunsthalle-karlsruhe.de\/wp-content\/uploads\/2022\/10\/kunsthallekarlsruhe-baldung-markgrafentafel-maennerdetail-1280x1239.jpg 1280w, https:\/\/www.kunsthalle-karlsruhe.de\/wp-content\/uploads\/2022\/10\/kunsthallekarlsruhe-baldung-markgrafentafel-maennerdetail-1536x1486.jpg 1536w, https:\/\/www.kunsthalle-karlsruhe.de\/wp-content\/uploads\/2022\/10\/kunsthallekarlsruhe-baldung-markgrafentafel-maennerdetail.jpg 1920w\" sizes=\"auto, (max-width: 300px) 100vw, 300px\" data-smartcrop-focus=\"[81,29]\" \/>                              <\/div>\n              <div class=\"station-title-wrapper\">\n                <span class=\"station-title__count\">2\/21<\/span>\n                <span class=\"station-title\">A wish captured in a picture<\/span>\n              <\/div>\n            <\/a>\n          <\/li>\n                  <li class=\"station\">\n                        <a href=\"https:\/\/www.kunsthalle-karlsruhe.de\/kunstwerke\/Albrecht-D\u00fcrer\/Christus-als-Schmerzensmann\/4CF6CD9D45DD6B1AC91CECAE9EC57F44\/?tour=50128\" class=\"station-link\">\n              <div class=\"station-image-wrapper\">\n                                  <img loading=\"lazy\" decoding=\"async\" width=\"300\" height=\"131\" src=\"https:\/\/www.kunsthalle-karlsruhe.de\/wp-content\/uploads\/2022\/10\/kunsthallekarlsruhe-duerer-schmerzensmann-gesichtdetail-300x131.jpg\" class=\"attachment-medium size-medium\" alt=\"Albrecht D\u00fcrers Schmerzensmann. Detail: Christus mit Dornenkrone st\u00fctzt seinen Kopf leidend auf die Hand.\" srcset=\"https:\/\/www.kunsthalle-karlsruhe.de\/wp-content\/uploads\/2022\/10\/kunsthallekarlsruhe-duerer-schmerzensmann-gesichtdetail-300x131.jpg 300w, https:\/\/www.kunsthalle-karlsruhe.de\/wp-content\/uploads\/2022\/10\/kunsthallekarlsruhe-duerer-schmerzensmann-gesichtdetail-1024x447.jpg 1024w, https:\/\/www.kunsthalle-karlsruhe.de\/wp-content\/uploads\/2022\/10\/kunsthallekarlsruhe-duerer-schmerzensmann-gesichtdetail-150x66.jpg 150w, https:\/\/www.kunsthalle-karlsruhe.de\/wp-content\/uploads\/2022\/10\/kunsthallekarlsruhe-duerer-schmerzensmann-gesichtdetail-768x336.jpg 768w, https:\/\/www.kunsthalle-karlsruhe.de\/wp-content\/uploads\/2022\/10\/kunsthallekarlsruhe-duerer-schmerzensmann-gesichtdetail-720x315.jpg 720w, https:\/\/www.kunsthalle-karlsruhe.de\/wp-content\/uploads\/2022\/10\/kunsthallekarlsruhe-duerer-schmerzensmann-gesichtdetail-1280x559.jpg 1280w, https:\/\/www.kunsthalle-karlsruhe.de\/wp-content\/uploads\/2022\/10\/kunsthallekarlsruhe-duerer-schmerzensmann-gesichtdetail-1536x671.jpg 1536w, https:\/\/www.kunsthalle-karlsruhe.de\/wp-content\/uploads\/2022\/10\/kunsthallekarlsruhe-duerer-schmerzensmann-gesichtdetail.jpg 1920w\" sizes=\"auto, (max-width: 300px) 100vw, 300px\" \/>                              <\/div>\n              <div class=\"station-title-wrapper\">\n                <span class=\"station-title__count\">3\/21<\/span>\n                <span class=\"station-title\">Mature early work<\/span>\n              <\/div>\n            <\/a>\n          <\/li>\n                  <li class=\"station\">\n                        <a href=\"https:\/\/www.kunsthalle-karlsruhe.de\/kunstwerke\/Lucas-Cranach-der-\u00c4ltere\/Maria-mit-dem-Kinde\/2E35A5034F83F1FF528CD08C70536B00\/?tour=50128\" class=\"station-link\">\n              <div class=\"station-image-wrapper\">\n                                  <img loading=\"lazy\" decoding=\"async\" width=\"300\" height=\"170\" src=\"https:\/\/www.kunsthalle-karlsruhe.de\/wp-content\/uploads\/2022\/10\/kunsthallekarlsruhe-cranach-mariamitkind-gesichterdetail-300x170.jpg\" class=\"attachment-medium size-medium\" alt=\"Detail aus Lucas Cranachs Gem\u00e4lde: Maria mit Kind vor Berglandschaft mit Gew\u00e4sser, Burgen und Stadt.\" srcset=\"https:\/\/www.kunsthalle-karlsruhe.de\/wp-content\/uploads\/2022\/10\/kunsthallekarlsruhe-cranach-mariamitkind-gesichterdetail-300x170.jpg 300w, https:\/\/www.kunsthalle-karlsruhe.de\/wp-content\/uploads\/2022\/10\/kunsthallekarlsruhe-cranach-mariamitkind-gesichterdetail-1024x580.jpg 1024w, https:\/\/www.kunsthalle-karlsruhe.de\/wp-content\/uploads\/2022\/10\/kunsthallekarlsruhe-cranach-mariamitkind-gesichterdetail-150x85.jpg 150w, https:\/\/www.kunsthalle-karlsruhe.de\/wp-content\/uploads\/2022\/10\/kunsthallekarlsruhe-cranach-mariamitkind-gesichterdetail-768x435.jpg 768w, https:\/\/www.kunsthalle-karlsruhe.de\/wp-content\/uploads\/2022\/10\/kunsthallekarlsruhe-cranach-mariamitkind-gesichterdetail-720x408.jpg 720w, https:\/\/www.kunsthalle-karlsruhe.de\/wp-content\/uploads\/2022\/10\/kunsthallekarlsruhe-cranach-mariamitkind-gesichterdetail-1280x725.jpg 1280w, https:\/\/www.kunsthalle-karlsruhe.de\/wp-content\/uploads\/2022\/10\/kunsthallekarlsruhe-cranach-mariamitkind-gesichterdetail-1536x870.jpg 1536w, https:\/\/www.kunsthalle-karlsruhe.de\/wp-content\/uploads\/2022\/10\/kunsthallekarlsruhe-cranach-mariamitkind-gesichterdetail.jpg 1920w\" sizes=\"auto, (max-width: 300px) 100vw, 300px\" \/>                              <\/div>\n              <div class=\"station-title-wrapper\">\n                <span class=\"station-title__count\">4\/21<\/span>\n                <span class=\"station-title\">Small treasures<\/span>\n              <\/div>\n            <\/a>\n          <\/li>\n                  <li class=\"station\">\n                        <a href=\"https:\/\/www.kunsthalle-karlsruhe.de\/kunstwerke\/Jan-van-Hemessen\/Lockere-Gesellschaft\/F89E75D645149E3B2802E7B7FE79755C\/?tour=50128\" class=\"station-link\">\n              <div class=\"station-image-wrapper\">\n                                  <img loading=\"lazy\" decoding=\"async\" width=\"300\" height=\"223\" src=\"https:\/\/www.kunsthalle-karlsruhe.de\/wp-content\/uploads\/2023\/01\/kunsthallekarlsruhe-jan-van-hemessen-lockere-gesellschaft-152.medium-300x223.jpg\" class=\"attachment-medium size-medium\" alt=\"The picture by the Baroque artist Jan van Hemessen shows a group in a brothel. In the foreground are several people.\" srcset=\"https:\/\/www.kunsthalle-karlsruhe.de\/wp-content\/uploads\/2023\/01\/kunsthallekarlsruhe-jan-van-hemessen-lockere-gesellschaft-152.medium-300x223.jpg 300w, https:\/\/www.kunsthalle-karlsruhe.de\/wp-content\/uploads\/2023\/01\/kunsthallekarlsruhe-jan-van-hemessen-lockere-gesellschaft-152.medium-1024x761.jpg 1024w, https:\/\/www.kunsthalle-karlsruhe.de\/wp-content\/uploads\/2023\/01\/kunsthallekarlsruhe-jan-van-hemessen-lockere-gesellschaft-152.medium-150x111.jpg 150w, https:\/\/www.kunsthalle-karlsruhe.de\/wp-content\/uploads\/2023\/01\/kunsthallekarlsruhe-jan-van-hemessen-lockere-gesellschaft-152.medium-768x570.jpg 768w, https:\/\/www.kunsthalle-karlsruhe.de\/wp-content\/uploads\/2023\/01\/kunsthallekarlsruhe-jan-van-hemessen-lockere-gesellschaft-152.medium-720x535.jpg 720w, https:\/\/www.kunsthalle-karlsruhe.de\/wp-content\/uploads\/2023\/01\/kunsthallekarlsruhe-jan-van-hemessen-lockere-gesellschaft-152.medium-1280x951.jpg 1280w, https:\/\/www.kunsthalle-karlsruhe.de\/wp-content\/uploads\/2023\/01\/kunsthallekarlsruhe-jan-van-hemessen-lockere-gesellschaft-152.medium-1920x1426.jpg 1920w, https:\/\/www.kunsthalle-karlsruhe.de\/wp-content\/uploads\/2023\/01\/kunsthallekarlsruhe-jan-van-hemessen-lockere-gesellschaft-152.medium-1536x1141.jpg 1536w, https:\/\/www.kunsthalle-karlsruhe.de\/wp-content\/uploads\/2023\/01\/kunsthallekarlsruhe-jan-van-hemessen-lockere-gesellschaft-152.medium-2048x1521.jpg 2048w\" sizes=\"auto, (max-width: 300px) 100vw, 300px\" \/>                              <\/div>\n              <div class=\"station-title-wrapper\">\n                <span class=\"station-title__count\">5\/21<\/span>\n                <span class=\"station-title\">A picture like a raised forefinger<\/span>\n              <\/div>\n            <\/a>\n          <\/li>\n                  <li class=\"station\">\n                        <a href=\"https:\/\/www.kunsthalle-karlsruhe.de\/kunstwerke\/Jacob-Jordaens\/Moses-schl\u00e4gt-Wasser-aus-dem-Felsen\/60A3FF0741FC6B93869F828C4ACF70BA\/?tour=50128\" class=\"station-link\">\n              <div class=\"station-image-wrapper\">\n                                  <img loading=\"lazy\" decoding=\"async\" width=\"271\" height=\"300\" src=\"https:\/\/www.kunsthalle-karlsruhe.de\/wp-content\/uploads\/2023\/02\/kunsthallekarlsruhe-joardeans-moses-271x300.jpg\" class=\"attachment-medium size-medium\" alt=\"Jacob Jordaen&#039;s painting Moses Strikes Water from the Rock, showing Moses leading a group of people\" srcset=\"https:\/\/www.kunsthalle-karlsruhe.de\/wp-content\/uploads\/2023\/02\/kunsthallekarlsruhe-joardeans-moses-271x300.jpg 271w, https:\/\/www.kunsthalle-karlsruhe.de\/wp-content\/uploads\/2023\/02\/kunsthallekarlsruhe-joardeans-moses-924x1024.jpg 924w, https:\/\/www.kunsthalle-karlsruhe.de\/wp-content\/uploads\/2023\/02\/kunsthallekarlsruhe-joardeans-moses-135x150.jpg 135w, https:\/\/www.kunsthalle-karlsruhe.de\/wp-content\/uploads\/2023\/02\/kunsthallekarlsruhe-joardeans-moses-768x851.jpg 768w, https:\/\/www.kunsthalle-karlsruhe.de\/wp-content\/uploads\/2023\/02\/kunsthallekarlsruhe-joardeans-moses-650x720.jpg 650w, https:\/\/www.kunsthalle-karlsruhe.de\/wp-content\/uploads\/2023\/02\/kunsthallekarlsruhe-joardeans-moses-1155x1280.jpg 1155w, https:\/\/www.kunsthalle-karlsruhe.de\/wp-content\/uploads\/2023\/02\/kunsthallekarlsruhe-joardeans-moses-1733x1920.jpg 1733w, https:\/\/www.kunsthalle-karlsruhe.de\/wp-content\/uploads\/2023\/02\/kunsthallekarlsruhe-joardeans-moses-1386x1536.jpg 1386w, https:\/\/www.kunsthalle-karlsruhe.de\/wp-content\/uploads\/2023\/02\/kunsthallekarlsruhe-joardeans-moses.jpg 1815w\" sizes=\"auto, (max-width: 271px) 100vw, 271px\" \/>                              <\/div>\n              <div class=\"station-title-wrapper\">\n                <span class=\"station-title__count\">6\/21<\/span>\n                <span class=\"station-title\">A grand scale accompanied by grand feelings<\/span>\n              <\/div>\n            <\/a>\n          <\/li>\n                  <li class=\"station\">\n                        <a href=\"https:\/\/www.kunsthalle-karlsruhe.de\/kunstwerke\/Peter-Paul-Rubens\/Bildnis-der-Veronica-Spinola-Serra\/54FA302B49605863CF2EBA97AAA2383A\/?tour=50128\" class=\"station-link\">\n              <div class=\"station-image-wrapper\">\n                                  <img loading=\"lazy\" decoding=\"async\" width=\"188\" height=\"300\" src=\"https:\/\/www.kunsthalle-karlsruhe.de\/wp-content\/uploads\/2023\/02\/kunsthallekarlsruhe-rubens-marchesa-188x300.jpg\" class=\"attachment-medium size-medium\" alt=\"Peter Paul Rubens painting of Veronica Spinola Serra in an imposing black robe with a parrot seated on the back of a chair.\" srcset=\"https:\/\/www.kunsthalle-karlsruhe.de\/wp-content\/uploads\/2023\/02\/kunsthallekarlsruhe-rubens-marchesa-188x300.jpg 188w, https:\/\/www.kunsthalle-karlsruhe.de\/wp-content\/uploads\/2023\/02\/kunsthallekarlsruhe-rubens-marchesa-643x1024.jpg 643w, https:\/\/www.kunsthalle-karlsruhe.de\/wp-content\/uploads\/2023\/02\/kunsthallekarlsruhe-rubens-marchesa-94x150.jpg 94w, https:\/\/www.kunsthalle-karlsruhe.de\/wp-content\/uploads\/2023\/02\/kunsthallekarlsruhe-rubens-marchesa-768x1224.jpg 768w, https:\/\/www.kunsthalle-karlsruhe.de\/wp-content\/uploads\/2023\/02\/kunsthallekarlsruhe-rubens-marchesa-452x720.jpg 452w, https:\/\/www.kunsthalle-karlsruhe.de\/wp-content\/uploads\/2023\/02\/kunsthallekarlsruhe-rubens-marchesa-803x1280.jpg 803w, https:\/\/www.kunsthalle-karlsruhe.de\/wp-content\/uploads\/2023\/02\/kunsthallekarlsruhe-rubens-marchesa-1205x1920.jpg 1205w, https:\/\/www.kunsthalle-karlsruhe.de\/wp-content\/uploads\/2023\/02\/kunsthallekarlsruhe-rubens-marchesa-964x1536.jpg 964w, https:\/\/www.kunsthalle-karlsruhe.de\/wp-content\/uploads\/2023\/02\/kunsthallekarlsruhe-rubens-marchesa-1286x2048.jpg 1286w, https:\/\/www.kunsthalle-karlsruhe.de\/wp-content\/uploads\/2023\/02\/kunsthallekarlsruhe-rubens-marchesa-scaled.jpg 1607w\" sizes=\"auto, (max-width: 188px) 100vw, 188px\" \/>                              <\/div>\n              <div class=\"station-title-wrapper\">\n                <span class=\"station-title__count\">7\/21<\/span>\n                <span class=\"station-title\">Posing with a parrot<\/span>\n              <\/div>\n            <\/a>\n          <\/li>\n                  <li class=\"station\">\n                        <a href=\"https:\/\/www.kunsthalle-karlsruhe.de\/kunstwerke\/Jean-Sim\u00e9on-Chardin\/Stillleben-mit-Zinnkrug-und-Pfirsichen\/F3C91D584C35B2EC10A931BDA2BF4912\/?tour=50128\" class=\"station-link\">\n              <div class=\"station-image-wrapper\">\n                                  <img loading=\"lazy\" decoding=\"async\" width=\"247\" height=\"300\" src=\"https:\/\/www.kunsthalle-karlsruhe.de\/wp-content\/uploads\/2023\/01\/kunsthallekarlsruhe-jean-simeon-chardin-stillleben-mit-zinnkrug-und-pfirsichen-496.medium-247x300.jpg\" class=\"attachment-medium size-medium\" alt=\"Das Gem\u00e4lde des K\u00fcnstlers Jean Simone Chardin zeigt einen Krug mit Pfirsichen. Der Hintergrund ist braun.\" srcset=\"https:\/\/www.kunsthalle-karlsruhe.de\/wp-content\/uploads\/2023\/01\/kunsthallekarlsruhe-jean-simeon-chardin-stillleben-mit-zinnkrug-und-pfirsichen-496.medium-247x300.jpg 247w, https:\/\/www.kunsthalle-karlsruhe.de\/wp-content\/uploads\/2023\/01\/kunsthallekarlsruhe-jean-simeon-chardin-stillleben-mit-zinnkrug-und-pfirsichen-496.medium-844x1024.jpg 844w, https:\/\/www.kunsthalle-karlsruhe.de\/wp-content\/uploads\/2023\/01\/kunsthallekarlsruhe-jean-simeon-chardin-stillleben-mit-zinnkrug-und-pfirsichen-496.medium-124x150.jpg 124w, https:\/\/www.kunsthalle-karlsruhe.de\/wp-content\/uploads\/2023\/01\/kunsthallekarlsruhe-jean-simeon-chardin-stillleben-mit-zinnkrug-und-pfirsichen-496.medium-768x932.jpg 768w, https:\/\/www.kunsthalle-karlsruhe.de\/wp-content\/uploads\/2023\/01\/kunsthallekarlsruhe-jean-simeon-chardin-stillleben-mit-zinnkrug-und-pfirsichen-496.medium-593x720.jpg 593w, https:\/\/www.kunsthalle-karlsruhe.de\/wp-content\/uploads\/2023\/01\/kunsthallekarlsruhe-jean-simeon-chardin-stillleben-mit-zinnkrug-und-pfirsichen-496.medium-1054x1280.jpg 1054w, https:\/\/www.kunsthalle-karlsruhe.de\/wp-content\/uploads\/2023\/01\/kunsthallekarlsruhe-jean-simeon-chardin-stillleben-mit-zinnkrug-und-pfirsichen-496.medium-1582x1920.jpg 1582w, https:\/\/www.kunsthalle-karlsruhe.de\/wp-content\/uploads\/2023\/01\/kunsthallekarlsruhe-jean-simeon-chardin-stillleben-mit-zinnkrug-und-pfirsichen-496.medium-1265x1536.jpg 1265w, https:\/\/www.kunsthalle-karlsruhe.de\/wp-content\/uploads\/2023\/01\/kunsthallekarlsruhe-jean-simeon-chardin-stillleben-mit-zinnkrug-und-pfirsichen-496.medium-1687x2048.jpg 1687w\" sizes=\"auto, (max-width: 247px) 100vw, 247px\" \/>                              <\/div>\n              <div class=\"station-title-wrapper\">\n                <span class=\"station-title__count\">8\/21<\/span>\n                <span class=\"station-title\">Magic of reality<\/span>\n              <\/div>\n            <\/a>\n          <\/li>\n                  <li class=\"station\">\n                        <a href=\"https:\/\/www.kunsthalle-karlsruhe.de\/en\/touren\/highlight-tour\/?tour=50128\" class=\"station-link\">\n              <div class=\"station-image-wrapper\">\n                                  <img loading=\"lazy\" decoding=\"async\" width=\"300\" height=\"230\" src=\"https:\/\/www.kunsthalle-karlsruhe.de\/wp-content\/uploads\/2022\/12\/kunsthallekarlsruhe-rembrandt-selbstbildnis-detail-300x230.jpg\" class=\"attachment-medium size-medium wpsmartcrop-image wpsmartcrop-image\" alt=\"Ausschnitt aus Rembrandts Selbstbildnis: Auf das Gesicht mit leicht gerunzelter Stirn trifft von links helles Licht.\" srcset=\"https:\/\/www.kunsthalle-karlsruhe.de\/wp-content\/uploads\/2022\/12\/kunsthallekarlsruhe-rembrandt-selbstbildnis-detail-300x230.jpg 300w, https:\/\/www.kunsthalle-karlsruhe.de\/wp-content\/uploads\/2022\/12\/kunsthallekarlsruhe-rembrandt-selbstbildnis-detail-1024x786.jpg 1024w, https:\/\/www.kunsthalle-karlsruhe.de\/wp-content\/uploads\/2022\/12\/kunsthallekarlsruhe-rembrandt-selbstbildnis-detail-150x115.jpg 150w, https:\/\/www.kunsthalle-karlsruhe.de\/wp-content\/uploads\/2022\/12\/kunsthallekarlsruhe-rembrandt-selbstbildnis-detail-768x590.jpg 768w, https:\/\/www.kunsthalle-karlsruhe.de\/wp-content\/uploads\/2022\/12\/kunsthallekarlsruhe-rembrandt-selbstbildnis-detail-720x553.jpg 720w, https:\/\/www.kunsthalle-karlsruhe.de\/wp-content\/uploads\/2022\/12\/kunsthallekarlsruhe-rembrandt-selbstbildnis-detail-1280x983.jpg 1280w, https:\/\/www.kunsthalle-karlsruhe.de\/wp-content\/uploads\/2022\/12\/kunsthallekarlsruhe-rembrandt-selbstbildnis-detail-1536x1179.jpg 1536w, https:\/\/www.kunsthalle-karlsruhe.de\/wp-content\/uploads\/2022\/12\/kunsthallekarlsruhe-rembrandt-selbstbildnis-detail.jpg 1920w\" sizes=\"auto, (max-width: 300px) 100vw, 300px\" data-smartcrop-focus=\"[50,43]\" \/>                              <\/div>\n              <div class=\"station-title-wrapper\">\n                <span class=\"station-title__count\">9\/21<\/span>\n                <span class=\"station-title\">Master of self-contemplation<\/span>\n              <\/div>\n            <\/a>\n          <\/li>\n                  <li class=\"station\">\n                        <a href=\"https:\/\/www.kunsthalle-karlsruhe.de\/kunstwerke\/Jean-Etienne-Liotard\/Prinzessin-Karoline-Luise-von-Hessen-Darmstadt\/EBEF438C4E4DE71AEC920DA896FEBA2B\/?tour=50128\" class=\"station-link\">\n              <div class=\"station-image-wrapper\">\n                                  <img loading=\"lazy\" decoding=\"async\" width=\"232\" height=\"300\" src=\"https:\/\/www.kunsthalle-karlsruhe.de\/wp-content\/uploads\/2023\/01\/kunsthallekarlsruhe-liotard-princesskarolineluise-scaled-e1681833360470-232x300.jpg\" class=\"attachment-medium size-medium wpsmartcrop-image wpsmartcrop-image\" alt=\"Das Gem\u00e4lde des Barock-Malers Jean Liotard zeigt eine junge Frau in einem wei\u00dfen Barock Kleid. Sie sitzt vor einer Staffelei und beginnt auf die noch leere Leinwand zu malen.\" srcset=\"https:\/\/www.kunsthalle-karlsruhe.de\/wp-content\/uploads\/2023\/01\/kunsthallekarlsruhe-liotard-princesskarolineluise-scaled-e1681833360470-232x300.jpg 232w, https:\/\/www.kunsthalle-karlsruhe.de\/wp-content\/uploads\/2023\/01\/kunsthallekarlsruhe-liotard-princesskarolineluise-scaled-e1681833360470-792x1024.jpg 792w, https:\/\/www.kunsthalle-karlsruhe.de\/wp-content\/uploads\/2023\/01\/kunsthallekarlsruhe-liotard-princesskarolineluise-scaled-e1681833360470-116x150.jpg 116w, https:\/\/www.kunsthalle-karlsruhe.de\/wp-content\/uploads\/2023\/01\/kunsthallekarlsruhe-liotard-princesskarolineluise-scaled-e1681833360470-768x993.jpg 768w, https:\/\/www.kunsthalle-karlsruhe.de\/wp-content\/uploads\/2023\/01\/kunsthallekarlsruhe-liotard-princesskarolineluise-scaled-e1681833360470-557x720.jpg 557w, https:\/\/www.kunsthalle-karlsruhe.de\/wp-content\/uploads\/2023\/01\/kunsthallekarlsruhe-liotard-princesskarolineluise-scaled-e1681833360470-990x1280.jpg 990w, https:\/\/www.kunsthalle-karlsruhe.de\/wp-content\/uploads\/2023\/01\/kunsthallekarlsruhe-liotard-princesskarolineluise-scaled-e1681833360470-1485x1920.jpg 1485w, https:\/\/www.kunsthalle-karlsruhe.de\/wp-content\/uploads\/2023\/01\/kunsthallekarlsruhe-liotard-princesskarolineluise-scaled-e1681833360470-1188x1536.jpg 1188w, https:\/\/www.kunsthalle-karlsruhe.de\/wp-content\/uploads\/2023\/01\/kunsthallekarlsruhe-liotard-princesskarolineluise-scaled-e1681833360470-1584x2048.jpg 1584w, https:\/\/www.kunsthalle-karlsruhe.de\/wp-content\/uploads\/2023\/01\/kunsthallekarlsruhe-liotard-princesskarolineluise-scaled-e1681833360470.jpg 1920w\" sizes=\"auto, (max-width: 232px) 100vw, 232px\" data-smartcrop-focus=\"[47,40]\" \/>                              <\/div>\n              <div class=\"station-title-wrapper\">\n                <span class=\"station-title__count\">10\/21<\/span>\n                <span class=\"station-title\">Collecting and painting<\/span>\n              <\/div>\n            <\/a>\n          <\/li>\n                  <li class=\"station\">\n                        <a href=\"https:\/\/www.kunsthalle-karlsruhe.de\/kunstwerke\/Caspar-David-Friedrich\/Felsenriff-am-Meeresstrand\/0C3519DA4BC388DB571C6A8C3849C9B6\/?tour=50128\" class=\"station-link\">\n              <div class=\"station-image-wrapper\">\n                                  <img loading=\"lazy\" decoding=\"async\" width=\"300\" height=\"213\" src=\"https:\/\/www.kunsthalle-karlsruhe.de\/wp-content\/uploads\/2023\/01\/kunsthallekarlsruhe-caspar-david-friedrich-felsenriff-am-meeresstrand-2261-300x213.jpg\" class=\"attachment-medium size-medium\" alt=\"Das Gem\u00e4lde des Romantik-K\u00fcnstlers Caspar David Friedrichs zeigt eine Felsenlandschaft in der D\u00e4mmerung. In der Malerei \u00fcberwiegen die Farben lila.\" srcset=\"https:\/\/www.kunsthalle-karlsruhe.de\/wp-content\/uploads\/2023\/01\/kunsthallekarlsruhe-caspar-david-friedrich-felsenriff-am-meeresstrand-2261-300x213.jpg 300w, https:\/\/www.kunsthalle-karlsruhe.de\/wp-content\/uploads\/2023\/01\/kunsthallekarlsruhe-caspar-david-friedrich-felsenriff-am-meeresstrand-2261-150x107.jpg 150w, https:\/\/www.kunsthalle-karlsruhe.de\/wp-content\/uploads\/2023\/01\/kunsthallekarlsruhe-caspar-david-friedrich-felsenriff-am-meeresstrand-2261-768x546.jpg 768w, https:\/\/www.kunsthalle-karlsruhe.de\/wp-content\/uploads\/2023\/01\/kunsthallekarlsruhe-caspar-david-friedrich-felsenriff-am-meeresstrand-2261-720x512.jpg 720w, https:\/\/www.kunsthalle-karlsruhe.de\/wp-content\/uploads\/2023\/01\/kunsthallekarlsruhe-caspar-david-friedrich-felsenriff-am-meeresstrand-2261.jpg 1000w\" sizes=\"auto, (max-width: 300px) 100vw, 300px\" \/>                              <\/div>\n              <div class=\"station-title-wrapper\">\n                <span class=\"station-title__count\">11\/21<\/span>\n                <span class=\"station-title\">Not a mirror image of nature<\/span>\n              <\/div>\n            <\/a>\n          <\/li>\n                  <li class=\"station\">\n                        <a href=\"https:\/\/www.kunsthalle-karlsruhe.de\/kunstwerke\/Paul-C\u00e9zanne\/Blick-auf-das-Meer-bei-L'Estaque\/662299E04C2A03FEAC450DB1CD0D0BD1\/?tour=50128\" class=\"station-link\">\n              <div class=\"station-image-wrapper\">\n                                  <img loading=\"lazy\" decoding=\"async\" width=\"243\" height=\"300\" src=\"https:\/\/www.kunsthalle-karlsruhe.de\/wp-content\/uploads\/2023\/01\/kunsthallekarlsruhe-paul-cezanne-blick-auf-das-meer-bei-lestaque-2450-243x300.jpg\" class=\"attachment-medium size-medium\" alt=\"Das Gem\u00e4lde des Impressionismus-K\u00fcnstlers Paul Cezanne zeigt eine Landschaft mit B\u00e4umen. Im Hintergrund erkennt man H\u00e4user.\" srcset=\"https:\/\/www.kunsthalle-karlsruhe.de\/wp-content\/uploads\/2023\/01\/kunsthallekarlsruhe-paul-cezanne-blick-auf-das-meer-bei-lestaque-2450-243x300.jpg 243w, https:\/\/www.kunsthalle-karlsruhe.de\/wp-content\/uploads\/2023\/01\/kunsthallekarlsruhe-paul-cezanne-blick-auf-das-meer-bei-lestaque-2450-121x150.jpg 121w, https:\/\/www.kunsthalle-karlsruhe.de\/wp-content\/uploads\/2023\/01\/kunsthallekarlsruhe-paul-cezanne-blick-auf-das-meer-bei-lestaque-2450-768x949.jpg 768w, https:\/\/www.kunsthalle-karlsruhe.de\/wp-content\/uploads\/2023\/01\/kunsthallekarlsruhe-paul-cezanne-blick-auf-das-meer-bei-lestaque-2450-582x720.jpg 582w, https:\/\/www.kunsthalle-karlsruhe.de\/wp-content\/uploads\/2023\/01\/kunsthallekarlsruhe-paul-cezanne-blick-auf-das-meer-bei-lestaque-2450.jpg 809w\" sizes=\"auto, (max-width: 243px) 100vw, 243px\" \/>                              <\/div>\n              <div class=\"station-title-wrapper\">\n                <span class=\"station-title__count\">12\/21<\/span>\n                <span class=\"station-title\">Painting what is there to stay<\/span>\n              <\/div>\n            <\/a>\n          <\/li>\n                  <li class=\"station\">\n                        <a href=\"https:\/\/www.kunsthalle-karlsruhe.de\/kunstwerke\/Auguste-Rodin\/Das-Haupt-Johannes'-des-T\u00e4ufers\/579B1A674C6D98EF9EDB7BADE8CF212F\/?tour=50128\" class=\"station-link\">\n              <div class=\"station-image-wrapper\">\n                                  <img loading=\"lazy\" decoding=\"async\" width=\"225\" height=\"300\" src=\"https:\/\/www.kunsthalle-karlsruhe.de\/wp-content\/uploads\/2023\/02\/kunsthallekarlsruhe-rodin-theheadofjohnthebaptist-scaled-225x300.jpg\" class=\"attachment-medium size-medium wpsmartcrop-image\" alt=\"Die Skulptur des Bildhauers Auguste Rodin zeigt den Kopf eines Mannes. Das Kunstwerk ist aus brauen Ton modelliert.\" srcset=\"https:\/\/www.kunsthalle-karlsruhe.de\/wp-content\/uploads\/2023\/02\/kunsthallekarlsruhe-rodin-theheadofjohnthebaptist-scaled-225x300.jpg 225w, https:\/\/www.kunsthalle-karlsruhe.de\/wp-content\/uploads\/2023\/02\/kunsthallekarlsruhe-rodin-theheadofjohnthebaptist-scaled-768x1023.jpg 768w, https:\/\/www.kunsthalle-karlsruhe.de\/wp-content\/uploads\/2023\/02\/kunsthallekarlsruhe-rodin-theheadofjohnthebaptist-scaled-113x150.jpg 113w, https:\/\/www.kunsthalle-karlsruhe.de\/wp-content\/uploads\/2023\/02\/kunsthallekarlsruhe-rodin-theheadofjohnthebaptist-scaled-540x720.jpg 540w, https:\/\/www.kunsthalle-karlsruhe.de\/wp-content\/uploads\/2023\/02\/kunsthallekarlsruhe-rodin-theheadofjohnthebaptist-scaled-961x1280.jpg 961w, https:\/\/www.kunsthalle-karlsruhe.de\/wp-content\/uploads\/2023\/02\/kunsthallekarlsruhe-rodin-theheadofjohnthebaptist-scaled-1441x1920.jpg 1441w, https:\/\/www.kunsthalle-karlsruhe.de\/wp-content\/uploads\/2023\/02\/kunsthallekarlsruhe-rodin-theheadofjohnthebaptist-scaled-1153x1536.jpg 1153w, https:\/\/www.kunsthalle-karlsruhe.de\/wp-content\/uploads\/2023\/02\/kunsthallekarlsruhe-rodin-theheadofjohnthebaptist-scaled-1537x2048.jpg 1537w, https:\/\/www.kunsthalle-karlsruhe.de\/wp-content\/uploads\/2023\/02\/kunsthallekarlsruhe-rodin-theheadofjohnthebaptist-scaled.jpg 1921w\" sizes=\"auto, (max-width: 225px) 100vw, 225px\" data-smartcrop-focus=\"[50,45]\" \/>                              <\/div>\n              <div class=\"station-title-wrapper\">\n                <span class=\"station-title__count\">13\/21<\/span>\n                <span class=\"station-title\">Three-dimensional sketch<\/span>\n              <\/div>\n            <\/a>\n          <\/li>\n                  <li class=\"station\">\n                        <a href=\"https:\/\/www.kunsthalle-karlsruhe.de\/kunstwerke\/Robert-Delaunay\/Der-Eiffel-Turm\/368C36DB48FAC5A29447A883E00FA597\/?tour=50128\" class=\"station-link\">\n              <div class=\"station-image-wrapper\">\n                                  <img loading=\"lazy\" decoding=\"async\" width=\"300\" height=\"169\" src=\"https:\/\/www.kunsthalle-karlsruhe.de\/wp-content\/uploads\/2022\/12\/kunsthallekarlsruhe-delaunay-eiffelturm-spitzedetail-300x169.jpg\" class=\"attachment-medium size-medium\" alt=\"Ausschnitt aus Robert Delaunays Gem\u00e4lde Der Eiffelturm. Der Turm ragt in die Wolken. Die Turmspitze fehlt.\" srcset=\"https:\/\/www.kunsthalle-karlsruhe.de\/wp-content\/uploads\/2022\/12\/kunsthallekarlsruhe-delaunay-eiffelturm-spitzedetail-300x169.jpg 300w, https:\/\/www.kunsthalle-karlsruhe.de\/wp-content\/uploads\/2022\/12\/kunsthallekarlsruhe-delaunay-eiffelturm-spitzedetail-1024x577.jpg 1024w, https:\/\/www.kunsthalle-karlsruhe.de\/wp-content\/uploads\/2022\/12\/kunsthallekarlsruhe-delaunay-eiffelturm-spitzedetail-150x84.jpg 150w, https:\/\/www.kunsthalle-karlsruhe.de\/wp-content\/uploads\/2022\/12\/kunsthallekarlsruhe-delaunay-eiffelturm-spitzedetail-768x432.jpg 768w, https:\/\/www.kunsthalle-karlsruhe.de\/wp-content\/uploads\/2022\/12\/kunsthallekarlsruhe-delaunay-eiffelturm-spitzedetail-720x405.jpg 720w, https:\/\/www.kunsthalle-karlsruhe.de\/wp-content\/uploads\/2022\/12\/kunsthallekarlsruhe-delaunay-eiffelturm-spitzedetail-1280x721.jpg 1280w, https:\/\/www.kunsthalle-karlsruhe.de\/wp-content\/uploads\/2022\/12\/kunsthallekarlsruhe-delaunay-eiffelturm-spitzedetail-1536x865.jpg 1536w, https:\/\/www.kunsthalle-karlsruhe.de\/wp-content\/uploads\/2022\/12\/kunsthallekarlsruhe-delaunay-eiffelturm-spitzedetail.jpg 1920w\" sizes=\"auto, (max-width: 300px) 100vw, 300px\" \/>                              <\/div>\n              <div class=\"station-title-wrapper\">\n                <span class=\"station-title__count\">14\/21<\/span>\n                <span class=\"station-title\">Over the clouds of Paris<\/span>\n              <\/div>\n            <\/a>\n          <\/li>\n                  <li class=\"station\">\n                        <a href=\"https:\/\/www.kunsthalle-karlsruhe.de\/kunstwerke\/Camille-Pissarro\/Blick-auf-die-Grosse-Br\u00fccke-zu-Rouen-bei-Regenstimmung\/8F81E0C1497EE8F69F83898D8C72C126\/?tour=50128\" class=\"station-link\">\n              <div class=\"station-image-wrapper\">\n                                  <img loading=\"lazy\" decoding=\"async\" width=\"300\" height=\"235\" src=\"https:\/\/www.kunsthalle-karlsruhe.de\/wp-content\/uploads\/2023\/02\/kunsthallekarlsruhe-pissarro-rouen-e1681833421499-300x235.jpg\" class=\"attachment-medium size-medium\" alt=\"Das Kunstwerk des Impressionismus-K\u00fcnstlers Camille Pissaros zeigt eine Stadt an einem Fluss. \u00dcber den Fluss gehen mehrere Br\u00fccken auf denen viel los ist.\" srcset=\"https:\/\/www.kunsthalle-karlsruhe.de\/wp-content\/uploads\/2023\/02\/kunsthallekarlsruhe-pissarro-rouen-e1681833421499-300x235.jpg 300w, https:\/\/www.kunsthalle-karlsruhe.de\/wp-content\/uploads\/2023\/02\/kunsthallekarlsruhe-pissarro-rouen-e1681833421499-1024x801.jpg 1024w, https:\/\/www.kunsthalle-karlsruhe.de\/wp-content\/uploads\/2023\/02\/kunsthallekarlsruhe-pissarro-rouen-e1681833421499-150x117.jpg 150w, https:\/\/www.kunsthalle-karlsruhe.de\/wp-content\/uploads\/2023\/02\/kunsthallekarlsruhe-pissarro-rouen-e1681833421499-768x601.jpg 768w, https:\/\/www.kunsthalle-karlsruhe.de\/wp-content\/uploads\/2023\/02\/kunsthallekarlsruhe-pissarro-rouen-e1681833421499-720x563.jpg 720w, https:\/\/www.kunsthalle-karlsruhe.de\/wp-content\/uploads\/2023\/02\/kunsthallekarlsruhe-pissarro-rouen-e1681833421499-1280x1001.jpg 1280w, https:\/\/www.kunsthalle-karlsruhe.de\/wp-content\/uploads\/2023\/02\/kunsthallekarlsruhe-pissarro-rouen-e1681833421499-1920x1502.jpg 1920w, https:\/\/www.kunsthalle-karlsruhe.de\/wp-content\/uploads\/2023\/02\/kunsthallekarlsruhe-pissarro-rouen-e1681833421499-1536x1202.jpg 1536w, https:\/\/www.kunsthalle-karlsruhe.de\/wp-content\/uploads\/2023\/02\/kunsthallekarlsruhe-pissarro-rouen-e1681833421499-2048x1602.jpg 2048w\" sizes=\"auto, (max-width: 300px) 100vw, 300px\" \/>                              <\/div>\n              <div class=\"station-title-wrapper\">\n                <span class=\"station-title__count\">15\/21<\/span>\n                <span class=\"station-title\">Dynamic, Dynamic, Dynamic<\/span>\n              <\/div>\n            <\/a>\n          <\/li>\n                  <li class=\"station\">\n                        <a href=\"https:\/\/www.kunsthalle-karlsruhe.de\/kunstwerke\/Max-Beckmann\/Der-Abtransport-der-Sphinxe\/6455B8614BB411926A2838A32060C28F\/?tour=50128\" class=\"station-link\">\n              <div class=\"station-image-wrapper\">\n                                  <img loading=\"lazy\" decoding=\"async\" width=\"300\" height=\"278\" src=\"https:\/\/www.kunsthalle-karlsruhe.de\/wp-content\/uploads\/2023\/01\/kunsthallekarlsruhe-max-beckmann-der-abtransport-der-sphinxe-2606-300x278.jpg\" class=\"attachment-medium size-medium wpsmartcrop-image\" alt=\"Das Kunstwerk des Expressionismus-K\u00fcnstlers Max Beckmann zeigt eine abstrakte Darstellung von Sphinxen die abtransportiert werden. Daf\u00fcr wurden die drei Sphinxen auf Wagen verladen.\" srcset=\"https:\/\/www.kunsthalle-karlsruhe.de\/wp-content\/uploads\/2023\/01\/kunsthallekarlsruhe-max-beckmann-der-abtransport-der-sphinxe-2606-300x278.jpg 300w, https:\/\/www.kunsthalle-karlsruhe.de\/wp-content\/uploads\/2023\/01\/kunsthallekarlsruhe-max-beckmann-der-abtransport-der-sphinxe-2606-150x139.jpg 150w, https:\/\/www.kunsthalle-karlsruhe.de\/wp-content\/uploads\/2023\/01\/kunsthallekarlsruhe-max-beckmann-der-abtransport-der-sphinxe-2606-768x713.jpg 768w, https:\/\/www.kunsthalle-karlsruhe.de\/wp-content\/uploads\/2023\/01\/kunsthallekarlsruhe-max-beckmann-der-abtransport-der-sphinxe-2606-720x668.jpg 720w, https:\/\/www.kunsthalle-karlsruhe.de\/wp-content\/uploads\/2023\/01\/kunsthallekarlsruhe-max-beckmann-der-abtransport-der-sphinxe-2606.jpg 1000w\" sizes=\"auto, (max-width: 300px) 100vw, 300px\" data-smartcrop-focus=\"[51,45]\" \/>                              <\/div>\n              <div class=\"station-title-wrapper\">\n                <span class=\"station-title__count\">16\/21<\/span>\n                <span class=\"station-title\">The Secret of the Sphinxes<\/span>\n              <\/div>\n            <\/a>\n          <\/li>\n                  <li class=\"station\">\n                        <a href=\"https:\/\/www.kunsthalle-karlsruhe.de\/kunstwerke\/Otto-Dix\/Die-Sieben-Tods\u00fcnden\/D0FCCBD54EB40BBD335A67A2C0BC9BA8\/?tour=50128\" class=\"station-link\">\n              <div class=\"station-image-wrapper\">\n                                  <img loading=\"lazy\" decoding=\"async\" width=\"300\" height=\"233\" src=\"https:\/\/www.kunsthalle-karlsruhe.de\/wp-content\/uploads\/2022\/12\/kunsthallekarlsruhe-dix-todsuenden-personifikationendetail-300x233.jpg\" class=\"attachment-medium size-medium wpsmartcrop-image wpsmartcrop-image\" alt=\"Ausschnitt aus Otto Dix\u2018 Gem\u00e4lde Sieben Tods\u00fcnden. Verschiedene furchteinfl\u00f6\u00dfende Gestalten vor Wand und tosendem Meer.\" srcset=\"https:\/\/www.kunsthalle-karlsruhe.de\/wp-content\/uploads\/2022\/12\/kunsthallekarlsruhe-dix-todsuenden-personifikationendetail-300x233.jpg 300w, https:\/\/www.kunsthalle-karlsruhe.de\/wp-content\/uploads\/2022\/12\/kunsthallekarlsruhe-dix-todsuenden-personifikationendetail-1024x795.jpg 1024w, https:\/\/www.kunsthalle-karlsruhe.de\/wp-content\/uploads\/2022\/12\/kunsthallekarlsruhe-dix-todsuenden-personifikationendetail-150x116.jpg 150w, https:\/\/www.kunsthalle-karlsruhe.de\/wp-content\/uploads\/2022\/12\/kunsthallekarlsruhe-dix-todsuenden-personifikationendetail-768x596.jpg 768w, https:\/\/www.kunsthalle-karlsruhe.de\/wp-content\/uploads\/2022\/12\/kunsthallekarlsruhe-dix-todsuenden-personifikationendetail-720x559.jpg 720w, https:\/\/www.kunsthalle-karlsruhe.de\/wp-content\/uploads\/2022\/12\/kunsthallekarlsruhe-dix-todsuenden-personifikationendetail-1280x993.jpg 1280w, https:\/\/www.kunsthalle-karlsruhe.de\/wp-content\/uploads\/2022\/12\/kunsthallekarlsruhe-dix-todsuenden-personifikationendetail-1536x1192.jpg 1536w, https:\/\/www.kunsthalle-karlsruhe.de\/wp-content\/uploads\/2022\/12\/kunsthallekarlsruhe-dix-todsuenden-personifikationendetail.jpg 1920w\" sizes=\"auto, (max-width: 300px) 100vw, 300px\" data-smartcrop-focus=\"[50,75]\" \/>                              <\/div>\n              <div class=\"station-title-wrapper\">\n                <span class=\"station-title__count\">17\/21<\/span>\n                <span class=\"station-title\">Disaster is approaching!<\/span>\n              <\/div>\n            <\/a>\n          <\/li>\n                  <li class=\"station\">\n                        <a href=\"https:\/\/www.kunsthalle-karlsruhe.de\/kunstwerke\/Ren\u00e9-Magritte\/Le-Go?-t-de-L'invisible\/C774C820BF684CE7BF09B61EAC212283\/?tour=50128\" class=\"station-link\">\n              <div class=\"station-image-wrapper\">\n                                  <img loading=\"lazy\" decoding=\"async\" width=\"300\" height=\"223\" src=\"https:\/\/www.kunsthalle-karlsruhe.de\/wp-content\/uploads\/2023\/01\/kunsthallekarlsruhe-magritte-legoutdelinvisible-scaled-300x223.jpg\" class=\"attachment-medium size-medium wpsmartcrop-image\" alt=\"Wei\u00dfe Formen mit gezackten Kanten und Loch in der Mitte in surrealer Landschaft mit schwarzen Wolken.\" srcset=\"https:\/\/www.kunsthalle-karlsruhe.de\/wp-content\/uploads\/2023\/01\/kunsthallekarlsruhe-magritte-legoutdelinvisible-scaled-300x223.jpg 300w, https:\/\/www.kunsthalle-karlsruhe.de\/wp-content\/uploads\/2023\/01\/kunsthallekarlsruhe-magritte-legoutdelinvisible-scaled-1024x760.jpg 1024w, https:\/\/www.kunsthalle-karlsruhe.de\/wp-content\/uploads\/2023\/01\/kunsthallekarlsruhe-magritte-legoutdelinvisible-scaled-150x111.jpg 150w, https:\/\/www.kunsthalle-karlsruhe.de\/wp-content\/uploads\/2023\/01\/kunsthallekarlsruhe-magritte-legoutdelinvisible-scaled-768x570.jpg 768w, https:\/\/www.kunsthalle-karlsruhe.de\/wp-content\/uploads\/2023\/01\/kunsthallekarlsruhe-magritte-legoutdelinvisible-scaled-720x535.jpg 720w, https:\/\/www.kunsthalle-karlsruhe.de\/wp-content\/uploads\/2023\/01\/kunsthallekarlsruhe-magritte-legoutdelinvisible-scaled-1280x951.jpg 1280w, https:\/\/www.kunsthalle-karlsruhe.de\/wp-content\/uploads\/2023\/01\/kunsthallekarlsruhe-magritte-legoutdelinvisible-scaled-1920x1426.jpg 1920w, https:\/\/www.kunsthalle-karlsruhe.de\/wp-content\/uploads\/2023\/01\/kunsthallekarlsruhe-magritte-legoutdelinvisible-scaled-1536x1141.jpg 1536w, https:\/\/www.kunsthalle-karlsruhe.de\/wp-content\/uploads\/2023\/01\/kunsthallekarlsruhe-magritte-legoutdelinvisible-scaled-2048x1521.jpg 2048w\" sizes=\"auto, (max-width: 300px) 100vw, 300px\" data-smartcrop-focus=\"[50,43]\" \/>                              <\/div>\n              <div class=\"station-title-wrapper\">\n                <span class=\"station-title__count\">18\/21<\/span>\n                <span class=\"station-title\">The taste of the invisible?<\/span>\n              <\/div>\n            <\/a>\n          <\/li>\n                  <li class=\"station\">\n                        <a href=\"https:\/\/www.kunsthalle-karlsruhe.de\/kunstwerke\/Max-Ernst\/Europa-nach-dem-Regen-I\/CC26727040B68A537D91709DFB37B2A0\/?tour=50128\" class=\"station-link\">\n              <div class=\"station-image-wrapper\">\n                                  <img loading=\"lazy\" decoding=\"async\" width=\"300\" height=\"218\" src=\"https:\/\/www.kunsthalle-karlsruhe.de\/wp-content\/uploads\/2023\/01\/kunsthallekarlsruhe-ernst-europeaftertherain-300x218.jpg\" class=\"attachment-medium size-medium\" alt=\"The painting by the Expressionist artist Max Ernst shows a painted landscape in the form of a map. Shown here is the European continent.\" srcset=\"https:\/\/www.kunsthalle-karlsruhe.de\/wp-content\/uploads\/2023\/01\/kunsthallekarlsruhe-ernst-europeaftertherain-300x218.jpg 300w, https:\/\/www.kunsthalle-karlsruhe.de\/wp-content\/uploads\/2023\/01\/kunsthallekarlsruhe-ernst-europeaftertherain-1024x743.jpg 1024w, https:\/\/www.kunsthalle-karlsruhe.de\/wp-content\/uploads\/2023\/01\/kunsthallekarlsruhe-ernst-europeaftertherain-150x109.jpg 150w, https:\/\/www.kunsthalle-karlsruhe.de\/wp-content\/uploads\/2023\/01\/kunsthallekarlsruhe-ernst-europeaftertherain-768x558.jpg 768w, https:\/\/www.kunsthalle-karlsruhe.de\/wp-content\/uploads\/2023\/01\/kunsthallekarlsruhe-ernst-europeaftertherain-720x523.jpg 720w, https:\/\/www.kunsthalle-karlsruhe.de\/wp-content\/uploads\/2023\/01\/kunsthallekarlsruhe-ernst-europeaftertherain-1280x929.jpg 1280w, https:\/\/www.kunsthalle-karlsruhe.de\/wp-content\/uploads\/2023\/01\/kunsthallekarlsruhe-ernst-europeaftertherain-1920x1394.jpg 1920w, https:\/\/www.kunsthalle-karlsruhe.de\/wp-content\/uploads\/2023\/01\/kunsthallekarlsruhe-ernst-europeaftertherain-1536x1115.jpg 1536w, https:\/\/www.kunsthalle-karlsruhe.de\/wp-content\/uploads\/2023\/01\/kunsthallekarlsruhe-ernst-europeaftertherain-2048x1487.jpg 2048w\" sizes=\"auto, (max-width: 300px) 100vw, 300px\" \/>                              <\/div>\n              <div class=\"station-title-wrapper\">\n                <span class=\"station-title__count\">19\/21<\/span>\n                <span class=\"station-title\">Another world<\/span>\n              <\/div>\n            <\/a>\n          <\/li>\n                  <li class=\"station\">\n                        <a href=\"https:\/\/www.kunsthalle-karlsruhe.de\/kunstwerke\/Gerhard-Richter\/Stadtbild-F\/716219EC4A245EE3A462B188C6A3560B\/?tour=50128\" class=\"station-link\">\n              <div class=\"station-image-wrapper\">\n                                  <img loading=\"lazy\" decoding=\"async\" width=\"300\" height=\"240\" src=\"https:\/\/www.kunsthalle-karlsruhe.de\/wp-content\/uploads\/2023\/02\/kunsthallekarlsruhe-richter-cityscapef-300x240.jpg\" class=\"attachment-medium size-medium\" alt=\"Das Kunstwerk des zeitgen\u00f6ssischen K\u00fcnstlers Gerhard Richter zeigt die abstrakte Darstellung eine Stadt aus der Vogelperspektive. Das Bild ist in den Farben schwarz und wei\u00df gemalt.\" srcset=\"https:\/\/www.kunsthalle-karlsruhe.de\/wp-content\/uploads\/2023\/02\/kunsthallekarlsruhe-richter-cityscapef-300x240.jpg 300w, https:\/\/www.kunsthalle-karlsruhe.de\/wp-content\/uploads\/2023\/02\/kunsthallekarlsruhe-richter-cityscapef-1024x819.jpg 1024w, https:\/\/www.kunsthalle-karlsruhe.de\/wp-content\/uploads\/2023\/02\/kunsthallekarlsruhe-richter-cityscapef-150x120.jpg 150w, https:\/\/www.kunsthalle-karlsruhe.de\/wp-content\/uploads\/2023\/02\/kunsthallekarlsruhe-richter-cityscapef-768x614.jpg 768w, https:\/\/www.kunsthalle-karlsruhe.de\/wp-content\/uploads\/2023\/02\/kunsthallekarlsruhe-richter-cityscapef-720x576.jpg 720w, https:\/\/www.kunsthalle-karlsruhe.de\/wp-content\/uploads\/2023\/02\/kunsthallekarlsruhe-richter-cityscapef-1280x1023.jpg 1280w, https:\/\/www.kunsthalle-karlsruhe.de\/wp-content\/uploads\/2023\/02\/kunsthallekarlsruhe-richter-cityscapef-1920x1535.jpg 1920w, https:\/\/www.kunsthalle-karlsruhe.de\/wp-content\/uploads\/2023\/02\/kunsthallekarlsruhe-richter-cityscapef-1536x1228.jpg 1536w, https:\/\/www.kunsthalle-karlsruhe.de\/wp-content\/uploads\/2023\/02\/kunsthallekarlsruhe-richter-cityscapef-2048x1638.jpg 2048w\" sizes=\"auto, (max-width: 300px) 100vw, 300px\" \/>                              <\/div>\n              <div class=\"station-title-wrapper\">\n                <span class=\"station-title__count\">20\/21<\/span>\n                <span class=\"station-title\">In the grey zone<\/span>\n              <\/div>\n            <\/a>\n          <\/li>\n                  <li class=\"station\">\n                        <a href=\"https:\/\/www.kunsthalle-karlsruhe.de\/kunstwerke\/Wassily-Kandinsky\/Improvisation\/DA9E7B4549A91BF2C2488BB8E4D24A71\/?tour=50128\" class=\"station-link\">\n              <div class=\"station-image-wrapper\">\n                                  <img loading=\"lazy\" decoding=\"async\" width=\"300\" height=\"254\" src=\"https:\/\/www.kunsthalle-karlsruhe.de\/wp-content\/uploads\/2022\/12\/kunsthallekarlsruhe-kandinsky-improvisation13-300x254.jpg\" class=\"attachment-medium size-medium\" alt=\"Ausschnitt aus Wassily Kandinskys Gem\u00e4lde Improvisation 13, abstrahiertes springendes Pferd mit Reiter.\" srcset=\"https:\/\/www.kunsthalle-karlsruhe.de\/wp-content\/uploads\/2022\/12\/kunsthallekarlsruhe-kandinsky-improvisation13-300x254.jpg 300w, https:\/\/www.kunsthalle-karlsruhe.de\/wp-content\/uploads\/2022\/12\/kunsthallekarlsruhe-kandinsky-improvisation13-1024x866.jpg 1024w, https:\/\/www.kunsthalle-karlsruhe.de\/wp-content\/uploads\/2022\/12\/kunsthallekarlsruhe-kandinsky-improvisation13-150x127.jpg 150w, https:\/\/www.kunsthalle-karlsruhe.de\/wp-content\/uploads\/2022\/12\/kunsthallekarlsruhe-kandinsky-improvisation13-768x650.jpg 768w, https:\/\/www.kunsthalle-karlsruhe.de\/wp-content\/uploads\/2022\/12\/kunsthallekarlsruhe-kandinsky-improvisation13-720x609.jpg 720w, https:\/\/www.kunsthalle-karlsruhe.de\/wp-content\/uploads\/2022\/12\/kunsthallekarlsruhe-kandinsky-improvisation13-1280x1083.jpg 1280w, https:\/\/www.kunsthalle-karlsruhe.de\/wp-content\/uploads\/2022\/12\/kunsthallekarlsruhe-kandinsky-improvisation13.jpg 1500w\" sizes=\"auto, (max-width: 300px) 100vw, 300px\" \/>                              <\/div>\n              <div class=\"station-title-wrapper\">\n                <span class=\"station-title__count\">21\/21<\/span>\n                <span class=\"station-title\">In the realm of colours<\/span>\n              <\/div>\n            <\/a>\n          <\/li>\n              <\/ul>\n    <\/div>\n  <\/div>\n","protected":false},"excerpt":{"rendered":"","protected":false},"featured_media":55830,"menu_order":0,"template":"","tour_tags":[],"class_list":["post-57450","touren","type-touren","status-publish","has-post-thumbnail","hentry"],"acf":[],"_links":{"self":[{"href":"https:\/\/www.kunsthalle-karlsruhe.de\/en\/wp-json\/wp\/v2\/touren\/57450","targetHints":{"allow":["GET"]}}],"collection":[{"href":"https:\/\/www.kunsthalle-karlsruhe.de\/en\/wp-json\/wp\/v2\/touren"}],"about":[{"href":"https:\/\/www.kunsthalle-karlsruhe.de\/en\/wp-json\/wp\/v2\/types\/touren"}],"version-history":[{"count":3,"href":"https:\/\/www.kunsthalle-karlsruhe.de\/en\/wp-json\/wp\/v2\/touren\/57450\/revisions"}],"predecessor-version":[{"id":77670,"href":"https:\/\/www.kunsthalle-karlsruhe.de\/en\/wp-json\/wp\/v2\/touren\/57450\/revisions\/77670"}],"wp:featuredmedia":[{"embeddable":true,"href":"https:\/\/www.kunsthalle-karlsruhe.de\/en\/wp-json\/wp\/v2\/media\/55830"}],"wp:attachment":[{"href":"https:\/\/www.kunsthalle-karlsruhe.de\/en\/wp-json\/wp\/v2\/media?parent=57450"}],"wp:term":[{"taxonomy":"tour_tags","embeddable":true,"href":"https:\/\/www.kunsthalle-karlsruhe.de\/en\/wp-json\/wp\/v2\/tour_tags?post=57450"}],"curies":[{"name":"wp","href":"https:\/\/api.w.org\/{rel}","templated":true}]}}