{"id":5387,"date":"2019-05-29T21:20:50","date_gmt":"2019-05-29T19:20:50","guid":{"rendered":"https:\/\/p511476.webspaceconfig.de\/?post_type=exhibition&#038;p=5387"},"modified":"2019-06-18T18:38:53","modified_gmt":"2019-06-18T16:38:53","slug":"la-serviette-de-cezanne","status":"publish","type":"exhibition","link":"https:\/\/www.kunsthalle-karlsruhe.de\/fr\/exposition\/la-serviette-de-cezanne\/","title":{"rendered":"La serviette de C\u00e9zanne"},"content":{"rendered":"<section class=\"block block-header-exhibition\" itemscope itemtype=\"http:\/\/schema.org\/Event\">\n    <div class=\"block-header-exhibition-wrapper\">\n        <div class=\"block-header-exhibition-wrapper-title\">\n            <div class=\"block-header-exhibition-wrapper-title-content\">\n                <div class=\"container-fluid\">\n                    <div class=\"row\">\n                        <div class=\"col-xs-12 col-sm-3\">\n                            <div class=\"box lighter\">\n                                <div class=\"block-header-exhibition-date-border\"><\/div>\n                                <p><span class='exhibition-date'>28. Oct 2017<\/span> \u2013<br\/><span class='exhibition-date'>11. Feb 2018<\/span><\/p>\n                            <\/div>\n                        <\/div>\n\n                        <div class=\"col-xs-12 col-sm-9\">\n                            <div class=\"box\">\n                                <div class=\"h5\">Exposition<\/div>\n                                <h1   itemprop=\"name\">La serviette de C\u00e9zanne<\/h1>                                <p><p>Decouvrir l&#8217;artiste a la Junge Kunsthalle<\/p><br \/>\n<\/p>\n                            <\/div>\n                        <\/div>\n                    <\/div>\n                <\/div>\n            <\/div>\n        <\/div>\n\n        <style type=\"text\/css\">#image_69f16f53348fa {\n        -webkit-filter: brightness(50%);\n        filter:url(\"data:image\/svg+xml;utf8,<svg xmlns='http:\/\/www.w3.org\/2000\/svg' ><filter id='bright50'><feComponentTransfer><feFuncR type='linear' slope='0.5'\/><feFuncG type='linear' slope='0.5' \/><feFuncB type='linear' slope='0.5' \/><\/feComponentTransfer><\/filter><\/svg>#bright50\");\n        filter:brightness(50%); }\n        <\/style>\n\t<div class=\"lazy-media background\" id=\"media_69f16f53348f9\">\n\t\t\t\t\t<div class=\"lazy-media-copyright\">\n\t\t\t\t<div class=\"lazy-media-copyright-content\">\n\t\t\t\t\t\u00a9 Privatsammlung\t\t\t\t<\/div>\n\t\t\t<\/div>\n\t\t\n        <script type=\"application\/json\" class=\"lazy-media-data\">\n        {\n        \"sizes\" : {\"thumbnail\":{\"file\":\"kunsthallekarlsruhe-ausstellungen-archiv-cezanne-handtuch-header-neu-150x84.jpg\",\"width\":150,\"height\":84,\"mime-type\":\"image\\\/jpeg\"},\"medium\":{\"file\":\"kunsthallekarlsruhe-ausstellungen-archiv-cezanne-handtuch-header-neu-300x169.jpg\",\"width\":300,\"height\":169,\"mime-type\":\"image\\\/jpeg\"},\"medium_large\":{\"file\":\"kunsthallekarlsruhe-ausstellungen-archiv-cezanne-handtuch-header-neu-768x432.jpg\",\"width\":768,\"height\":432,\"mime-type\":\"image\\\/jpeg\"},\"large\":{\"file\":\"kunsthallekarlsruhe-ausstellungen-archiv-cezanne-handtuch-header-neu-1024x576.jpg\",\"width\":1024,\"height\":576,\"mime-type\":\"image\\\/jpeg\"},\"mobile\":{\"file\":\"kunsthallekarlsruhe-ausstellungen-archiv-cezanne-handtuch-header-neu-720x405.jpg\",\"width\":720,\"height\":405,\"mime-type\":\"image\\\/jpeg\"},\"hd\":{\"file\":\"kunsthallekarlsruhe-ausstellungen-archiv-cezanne-handtuch-header-neu-1280x720.jpg\",\"width\":1280,\"height\":720,\"mime-type\":\"image\\\/jpeg\"},\"full\":{\"file\":\"kunsthallekarlsruhe-ausstellungen-archiv-cezanne-handtuch-header-neu-1920x1080.jpg\",\"width\":1920,\"height\":1080,\"mime-type\":\"image\\\/jpeg\"},\"original\":{\"file\":\"kunsthallekarlsruhe-ausstellungen-archiv-cezanne-handtuch-header-neu.jpg\",\"width\":1920,\"height\":1080}},\n        \"path\" : \"\/wp-content\/uploads\/2019\/06\/\",\n        \"autoplay\" : \"\",\n\t\t\"focus\" : null,\n        \"caption\" : false        }\n        <\/script>\n\n\t\t<div title=\"Paul C&eacute;zanne: Toilettentisch (Detail), um 1900\" class=\"image-wrapper\" id=\"image_69f16f53348fa\">\n\t\t\t<div class=\"image\"><\/div>\n\t\t\t\t\t<\/div>\n\n\t\t<noscript>\n\t\t\t<img decoding=\"async\" src=\"\/wp-content\/uploads\/2019\/06\/kunsthallekarlsruhe-ausstellungen-archiv-cezanne-handtuch-header-neu.jpg\" alt=\"Ein Gem&auml;lde C&eacute;zannes auf dem ein Handtuchhalter und ein wei&szlig;es Handtuch zu sehen ist.\" title=\"Paul C&eacute;zanne: Toilettentisch (Detail), um 1900\" \/>\n\t\t<\/noscript>\n    <\/div>\n\n    <\/div>\n\n    \n\n            <section class=\"block block-calendar block-calendar-category-list\" style=\"display: none;\" id=\"exhibition-calendar\">\n            <div class=\"container-fluid\">\n                <div class=\"row\">\n                    <div class=\"col-xs-12 col-sm-10 col-sm-offset-1\">\n                        \n                    <\/div>\n                <\/div>\n            <\/div>\n        <\/section>\n    <\/section>\n\n<section class=\"block block-headline block-margin-remove\" >\n    <div class=\"container-fluid\">\n        <div class=\"row center-sm\">\n                            <div class=\"col-xs-12 col-sm-8\" style=\"text-align: left\">\n                    <div class=\"box\">\n                                                    <div  class=\" h6 margin-zero-bottom font-regular color-highlight fs-md-22-32 fs-xs-18-24\" >R\u00e9sum\u00e9<\/div>                                                <h2  ><p>La serviette de C\u00e9zanne \u2014 Ce titre est tout un programme !<\/p>\n<\/h2>                    <\/div>\n                <\/div>\n                    <\/div>\n    <\/div>\n<\/section>\n\n\n<section class=\"block block-copy block-margin-remove\" style=\"text-align: left\" >\n    <div class=\"container-fluid\">\n        <div class=\"row\">\n                        <div class=\"col-xs-12 col-sm-8 col-sm-offset-2\">\n                <div class=\"box\">\n                    <div class=\"copy editor\"><p>En partant d\u2019une aquarelle figurant une serviette accroch\u00e9e \u00e0 un meuble de toilette, l\u2019exposition parall\u00e8le pr\u00e9sent\u00e9e \u00e0 la Junge Kunsthalle propose aux jeunes visiteurs de d\u00e9couvrir les diff\u00e9rents niveaux qui existent dans les \u0153uvres de l\u2019artiste.<\/p>\n                        \n\n                        <\/div>\n                <\/div>\n            <\/div>\n        <\/div>\n    <\/div>\n<\/section>\n\n<section class=\"block block-copy-floating-text block-margin-remove\" >\n    <div class=\"container-fluid\">\n                <div class=\"row\">\n            <div class=\"col-xs-12 col-sm-10 left\">\n                <div class=\"box\">\n                    <div class=\"copy\">\n                        <div class=\"floating-element col-sm-5\">\n                            <div class=\"floating-element-content\">\n                                <div class=\"floating-element-content-wrapper\">\n                                    \t<div class=\"lazy-media\" id=\"media_69f16f53363fb\">\n\t\t<div class=\"lazy-media-wrapper\">\n\t\t\t<div class=\"lazy-media-copyright\">\n\t\t\t\t<div class=\"lazy-media-copyright-content\">\n\t\t\t\t\t\t\t\t\t\t\t<span class=\"lazy-media-copyright-content-empty\" aria-hidden=\"true\" style=\"pointer-events: none; user-select: none;\">&nbsp;<\/span>\n\t\t\t\t\t\t\t\t\t<\/div>\n\t\t\t<\/div>\n\n\t\t\t<div class=\"height-container\"  style=\"padding-bottom:84.2%;\">\n\t\t\t\t<script type=\"application\/json\" class=\"lazy-media-data\">\n\t\t\t\t{\n\t\t\t\t\"sizes\" : {\"thumbnail\":{\"file\":\"kunsthallekarlsruhe-ausstellungen-archiv-handtuch-sainte-victoire-150x126.jpg\",\"width\":150,\"height\":126,\"mime-type\":\"image\\\/jpeg\"},\"medium\":{\"file\":\"kunsthallekarlsruhe-ausstellungen-archiv-handtuch-sainte-victoire-300x253.jpg\",\"width\":300,\"height\":253,\"mime-type\":\"image\\\/jpeg\"},\"medium_large\":{\"file\":\"kunsthallekarlsruhe-ausstellungen-archiv-handtuch-sainte-victoire-768x647.jpg\",\"width\":768,\"height\":647,\"mime-type\":\"image\\\/jpeg\"},\"large\":{\"file\":\"kunsthallekarlsruhe-ausstellungen-archiv-handtuch-sainte-victoire-1024x862.jpg\",\"width\":1024,\"height\":862,\"mime-type\":\"image\\\/jpeg\"},\"mobile\":{\"file\":\"kunsthallekarlsruhe-ausstellungen-archiv-handtuch-sainte-victoire-720x606.jpg\",\"width\":720,\"height\":606,\"mime-type\":\"image\\\/jpeg\"},\"hd\":{\"file\":\"kunsthallekarlsruhe-ausstellungen-archiv-handtuch-sainte-victoire-1280x1078.jpg\",\"width\":1280,\"height\":1078,\"mime-type\":\"image\\\/jpeg\"},\"full\":{\"file\":\"kunsthallekarlsruhe-ausstellungen-archiv-handtuch-sainte-victoire-1920x1617.jpg\",\"width\":1920,\"height\":1617,\"mime-type\":\"image\\\/jpeg\"},\"original\":{\"file\":\"kunsthallekarlsruhe-ausstellungen-archiv-handtuch-sainte-victoire.jpg\",\"width\":2000,\"height\":1684}},\n\t\t\t\t\"path\" : \"\/wp-content\/uploads\/2019\/05\/\",\n\t\t\t\t\"video\" : \"\",\n\t\t\t\t\"autoplay\" : \"\",\n\t\t\t\t\"youtube\" : \"\"\n\t\t\t\t}\n\t\t\t\t<\/script>\n\n\t\t\t\t<div class=\"image-wrapper\" id=\"image_69f16f53363fc\">\n\t\t\t\t\t<img decoding=\"async\" src=\"\" alt=\"C&eacute;zannes Gem&auml;lde &quot;Montagne Sainte-Victoire&quot;: Im Vordergrund sieht man eine Landschaft und im Hintergrund einen Berg. Die Farbgebung ist blau und beige.\" title=\"Paul C&eacute;zanne: Montagne Sainte-Victoire, 1890&ndash;1895 &copy; Scottish National Gallery Edinburgh\" \/>\n\t\t\t\t\t<noscript>\n\t\t\t\t\t\t<img decoding=\"async\" src=\"\/wp-content\/uploads\/2019\/05\/kunsthallekarlsruhe-ausstellungen-archiv-handtuch-sainte-victoire.jpg\" alt=\"C&eacute;zannes Gem&auml;lde &quot;Montagne Sainte-Victoire&quot;: Im Vordergrund sieht man eine Landschaft und im Hintergrund einen Berg. Die Farbgebung ist blau und beige.\" title=\"Paul C&eacute;zanne: Montagne Sainte-Victoire, 1890&ndash;1895 &copy; Scottish National Gallery Edinburgh\" \/>\n\t\t\t\t\t<\/noscript>\n\n\t\t\t\t\t\t\t\t\t<\/div>\n\n\t\t\t\t\t\t\t<\/div>\n\n\t\t\t\n\t\t\t\t\t<\/div>\n\t<\/div>\n\n                                    <a href=\"https:\/\/www.kunsthalle-karlsruhe.de\/gallery\/?view=WzUzMjdd\" class=\"mixin-motion-link\" data-src=\"\/blocks\/block-copy-floating-image\/assets\/lupe_neg.json\" data-hover-out=\"1\"><\/a>\n                                <\/div>\n                                <h6 class=\"text-align-left\">Paul C\u00e9zanne: Montagne Sainte-Victoire, 1885\/1900\u20131902 \u00a9 Scottish National Gallery Edinburgh<\/h6>\n                            <\/div>\n                        <\/div>\n\n                        <div class=\"floating-copy editor col-sm-offset-2\">\n                            <p>Sur un tableau, par exemple, ce qui semble de prime abord \u00eatre une veste accroch\u00e9e au dossier d\u2019une chaise se r\u00e9v\u00e8le \u00eatre une montagne quand on y regarde de plus pr\u00e8s : les plis du tissu imitent cr\u00eates et vall\u00e9es, tandis que la veste dans son ensemble s\u2019affirme progressivement comme un massif se dressant vers le ciel. D\u2019o\u00f9 la question : s\u2019agit-il l\u00e0 d\u2019une nature morte ou d\u2019un paysage?<\/p>\n                            \n\n                            <\/div>\n                    <\/div>\n                <\/div>\n            <\/div>\n        <\/div>\n    <\/div>\n<\/section>\n\n<div class=\"block-read-more\">\n    <div class=\"block-read-more-button plus\">\n        <div class=\"block-read-more-button-icon\">\n            <svg xmlns=\"http:\/\/www.w3.org\/2000\/svg\" width=\"14\" height=\"15\" viewBox=\"0 0 14 15\">\n                <path class=\"block-read-more-button-icon-svg-plus\" fill=\"#000\" fill-rule=\"evenodd\" d=\"M5.432 8.961H0v-3.08h5.432V.421h3.136v5.46H14v3.08H8.568v5.46H5.432z\"\/>\n\t\t\t\t<path class=\"block-read-more-button-icon-svg-minus\" fill=\"#FFF\" fill-rule=\"evenodd\" d=\"M0 .253h14V3.39H0z\"\/>\n            <\/svg>\n        <\/div>\n\t\t<div class=\"block-read-more-buttons\">\n\t\t    <h6 class=\"block-read-more-button-copy\">Plus d\u2019infos <\/h6>\n\t\t\t<h6 class=\"block-read-less-button-copy\">Moins d\u2019infos <\/h6>\n\t\t<\/div>\n\t<\/div>\n\n    <div class=\"block-read-more-content\">\n\n\n\n<section class=\"block block-copy block-margin-remove\" style=\"text-align: left\" >\n    <div class=\"container-fluid\">\n        <div class=\"row\">\n                        <div class=\"col-xs-12 col-sm-8 col-sm-offset-2\">\n                <div class=\"box\">\n                    <div class=\"copy editor\"><p>Des exp\u00e9riences ludiques permettent de d\u00e9couvrir cette particularit\u00e9 dans l\u2019\u0153uvre de C\u00e9zanne, ainsi que diverses fac\u00e9ties de l\u2019artiste. \u00c0 l\u2019aide de jeux interactifs et de dispositifs permettant de modifier la perspective, les jeunes visiteurs comprennent par eux-m\u00eames comment C\u00e9zanne s\u2019y prenait pour m\u00e9tamorphoser les sujets qu\u2019il traitait. Dans les ateliers du premier \u00e9tage, ils ont de plus la possibilit\u00e9 de dessiner, peindre et faire des aquarelles en s\u2019inspirant d\u2019\u0153uvres de l\u2019artiste.<\/p>\n<p>L\u2019exposition de la Junge Kunsthalle se compl\u00e8te par des clich\u00e9s du photographe n\u00e9erlandais Elmer de Haas qui mettent en \u00e9vidence l\u2019ambigu\u00eft\u00e9 des \u0153uvres de C\u00e9zanne. La pr\u00e9sentation des perspectives choisies par chacun des deux artistes \u00e9tablit ainsi un dialogue fructueux qui r\u00e9unit le peintre et le photographe en d\u00e9pit des si\u00e8cles qui les s\u00e9parent.<\/p>\n                        \n\n                        <\/div>\n                <\/div>\n            <\/div>\n        <\/div>\n    <\/div>\n<\/section>\n\n\n        <div class=\"block-read-more-button\">\n            <div class=\"block-read-more-button-icon minus\">\n                <svg xmlns=\"http:\/\/www.w3.org\/2000\/svg\" width=\"14\" height=\"4\" viewBox=\"0 0 14 4\">\n                    <path fill=\"#FFF\" fill-rule=\"evenodd\" d=\"M0 .253h14V3.39H0z\"\/>\n                <\/svg>\n            <\/div>\n        <\/div>\n    <\/div>\n<\/div>","protected":false},"excerpt":{"rendered":"<p>La serviette de C\u00e9zanne \u2014 Ce titre est tout un programme !<\/p>\n","protected":false},"featured_media":5326,"menu_order":0,"template":"","class_list":["post-5387","exhibition","type-exhibition","status-publish","has-post-thumbnail","hentry"],"acf":[],"_links":{"self":[{"href":"https:\/\/www.kunsthalle-karlsruhe.de\/fr\/wp-json\/wp\/v2\/exhibition\/5387","targetHints":{"allow":["GET"]}}],"collection":[{"href":"https:\/\/www.kunsthalle-karlsruhe.de\/fr\/wp-json\/wp\/v2\/exhibition"}],"about":[{"href":"https:\/\/www.kunsthalle-karlsruhe.de\/fr\/wp-json\/wp\/v2\/types\/exhibition"}],"version-history":[{"count":0,"href":"https:\/\/www.kunsthalle-karlsruhe.de\/fr\/wp-json\/wp\/v2\/exhibition\/5387\/revisions"}],"wp:featuredmedia":[{"embeddable":true,"href":"https:\/\/www.kunsthalle-karlsruhe.de\/fr\/wp-json\/wp\/v2\/media\/5326"}],"wp:attachment":[{"href":"https:\/\/www.kunsthalle-karlsruhe.de\/fr\/wp-json\/wp\/v2\/media?parent=5387"}],"curies":[{"name":"wp","href":"https:\/\/api.w.org\/{rel}","templated":true}]}}