{"id":90085,"date":"2025-12-17T13:40:38","date_gmt":"2025-12-17T12:40:38","guid":{"rendered":"https:\/\/www.kunsthalle-karlsruhe.de\/ausstellung\/nanne-meyer\/"},"modified":"2026-04-14T10:35:00","modified_gmt":"2026-04-14T08:35:00","slug":"nanne-meyer","status":"publish","type":"exhibition","link":"https:\/\/www.kunsthalle-karlsruhe.de\/fr\/exposition\/nanne-meyer\/","title":{"rendered":"Nanne Meyer. D\u00e9rive cibl\u00e9e"},"content":{"rendered":"<section class=\"block block-header-exhibition\" itemscope itemtype=\"http:\/\/schema.org\/Event\">\n    <div class=\"block-header-exhibition-wrapper\">\n        <div class=\"block-header-exhibition-wrapper-title\">\n            <div class=\"block-header-exhibition-wrapper-title-content\">\n                <div class=\"container-fluid\">\n                    <div class=\"row\">\n                        <div class=\"col-xs-12 col-sm-3\">\n                            <div class=\"box lighter\">\n                                <div class=\"block-header-exhibition-date-border\"><\/div>\n                                <p><span class='exhibition-date'>23. May 2026<\/span> \u2013<br\/><span class='exhibition-date'>16. Aug 2026<\/span><\/p>\n                            <\/div>\n                        <\/div>\n\n                        <div class=\"col-xs-12 col-sm-9\">\n                            <div class=\"box\">\n                                <div class=\"h5\">Exposition temporaire | Orangerie<\/div>\n                                <h1  class=\"h1\"  itemprop=\"name\">Nanne Meyer<\/h1>                                <p><p>D\u00e9rive cibl\u00e9e<\/p><br \/>\n<\/p>\n                            <\/div>\n                        <\/div>\n                    <\/div>\n                <\/div>\n            <\/div>\n        <\/div>\n\n        <style type=\"text\/css\">#image_69f32108d8ee8 {\n        -webkit-filter: brightness(65%);\n        filter:url(\"data:image\/svg+xml;utf8,<svg xmlns='http:\/\/www.w3.org\/2000\/svg' ><filter id='bright65'><feComponentTransfer><feFuncR type='linear' slope='0.65'\/><feFuncG type='linear' slope='0.65' \/><feFuncB type='linear' slope='0.65' \/><\/feComponentTransfer><\/filter><\/svg>#bright65\");\n        filter:brightness(65%); }\n        <\/style>\n\t<div class=\"lazy-media background lazy-crop\" id=\"media_69f32108d8ee1\">\n\t\t\t\t\t<div class=\"lazy-media-copyright\">\n\t\t\t\t<div class=\"lazy-media-copyright-content\">\n\t\t\t\t\t\u00a9 Nanne Meyer, VG Bild-Kunst, Bonn 2026\t\t\t\t<\/div>\n\t\t\t<\/div>\n\t\t\n        <script type=\"application\/json\" class=\"lazy-media-data\">\n        {\n        \"sizes\" : {\"medium\":{\"file\":\"Nanne-Meyer-Nebensonnen-2024-\\u00a9-Nanne-Meyer-e1765975919329-300x233.jpg\",\"width\":300,\"height\":233,\"mime-type\":\"image\\\/jpeg\",\"filesize\":64860},\"large\":{\"file\":\"Nanne-Meyer-Nebensonnen-2024-\\u00a9-Nanne-Meyer-e1765975919329-1024x795.jpg\",\"width\":1024,\"height\":795,\"mime-type\":\"image\\\/jpeg\",\"filesize\":588865},\"thumbnail\":{\"file\":\"Nanne-Meyer-Nebensonnen-2024-\\u00a9-Nanne-Meyer-e1765975919329-150x117.jpg\",\"width\":150,\"height\":117,\"mime-type\":\"image\\\/jpeg\",\"filesize\":20745},\"medium_large\":{\"file\":\"Nanne-Meyer-Nebensonnen-2024-\\u00a9-Nanne-Meyer-e1765975919329-768x597.jpg\",\"width\":768,\"height\":597,\"mime-type\":\"image\\\/jpeg\",\"filesize\":354353},\"1536x1536\":{\"file\":\"Nanne-Meyer-Nebensonnen-2024-\\u00a9-Nanne-Meyer-e1765975919329-1536x1193.jpg\",\"width\":1536,\"height\":1193,\"mime-type\":\"image\\\/jpeg\",\"filesize\":1161316},\"original\":{\"file\":\"Nanne-Meyer-Nebensonnen-2024-\\u00a9-Nanne-Meyer-e1765975919329.jpg\",\"width\":1648,\"height\":1280}},\n        \"path\" : \"\/wp-content\/uploads\/2025\/12\/\",\n        \"autoplay\" : \"\",\n\t\t\"focus\" : {\"top\":\"56.04\",\"left\":\"40.48\"},\n        \"caption\" : false        }\n        <\/script>\n\n\t\t<div title=\"Nanne Meyer, Nebensonnen, 2024 &copy; Nanne Meyer\" class=\"image-wrapper\" id=\"image_69f32108d8ee8\">\n\t\t\t<div class=\"image\"><\/div>\n\t\t\t\t\t<\/div>\n\n\t\t<noscript>\n\t\t\t<img decoding=\"async\" src=\"\/wp-content\/uploads\/2025\/12\/Nanne-Meyer-Nebensonnen-2024-\u00a9-Nanne-Meyer-e1765975919329.jpg\" alt=\"Zeichnung von mehreren gro&szlig;en orangenen Kreisen auf blauem Hintergrund, abstrakte Darstellung von Nebensonnen.\" title=\"Nanne Meyer, Nebensonnen, 2024 &copy; Nanne Meyer\" \/>\n\t\t<\/noscript>\n    <\/div>\n\n    <\/div>\n\n            <div class=\"container-fluid web-view\">\n            <div class=\"row border-bottom-thin \">\n                <div class=\"col-xs-12 col-md-10 col-md-offset-1 col-lg-10 col-lg-offset-1\">\n                    <div class=\"row center-xs\">\n                        <div class=\"col-xs-12\">\n                            <div class=\"box block-header-exhibition-additional\">\n                                <div>\n                                    <span class=\"dropdown-toggler dropdown-toggler-smallfont\">\n                                        <span class=\"mixin-motion-link\" data-src=\"\/assets\/icons\/uhr.json\" data-hover-out=\"1\">\n                                                                                            <span class=\"openinghours\" data-post-id=\"90085\" data-start=\"20260523\" data-end=\"20260816\" data-bind=\"text: site.OpeningHours.text\"><\/span>\n                                                                                    <\/span>\n                                        <span class=\"mixin-motion-link openinghours_loading\" data-src=\"\/assets\/icons\/uhr.json\" style=\"display:none;\">\n                                            <span>\n                                                <img decoding=\"async\" src=\"\/wp-content\/themes\/kunsthalle-karlsruhe\/assets\/loading.svg\" style=\"max-width:165px;\">\n                                            <\/span>\n                                        <\/span>\n                                        <div class=\"dropdown-group dropdown-dark dropdown-switcher\">\n                                            <div class=\"dropdown-menu\" style=\"width: 350px; margin-left: 50px;\">\n                                                <div>\n                                                    <p id=\"openingDayHours\"><\/p>\n                                                    <hr class=\"margin-sixth-bottom margin-sixth-top\" \/>\n                                                    <p class=\"margin-zero-bottom text-align-center\">\n                                                        <a href=\"https:\/\/www.kunsthalle-karlsruhe.de\/besuch\/\" class=\"button button-invert\">Organisez votre visite<\/a>\n                                                    <\/p>\n                                                <\/div>\n                                            <\/div>\n                                        <\/div>\n                                    <\/span>\n                                <\/div>\n                                                                                                    <div>\n                                        <a itemprop=\"location\" itemscope itemtype=\"http:\/\/schema.org\/Place\" href=\"#Anfahrt\">\n                                            <div class=\"mixin-motion-link\" data-src=\"\/assets\/icons\/pin.json\" data-hover-out=\"1\">\n                                                <span itemprop=\"name\">L&#039;Orangerie<\/span>\n                                            <\/div>\n\n                                            <div style=\"display: none;\" itemprop=\"address\" itemscope itemtype=\"http:\/\/schema.org\/PostalAddress\">\n                                                <span itemprop=\"streetAddress\"><\/span><br>\n                                                <span itemprop=\"addressLocality\"><\/span>,\n                                                <span itemprop=\"postalCode\"><\/span>\n                                            <\/div>\n                                        <\/a>\n                                    <\/div>\n                                                                                            <\/div>\n                        <\/div>\n                    <\/div>\n                <\/div>\n            <\/div>\n        <\/div>\n\n\n        \n        <section class=\"block-accordion exhibition-service mobile-view\">\n            <div class=\"block-accordion-item text-align-center\" aria-expanded=\"false\">\n                <button class=\"reset-style block-accordion-item-head\" aria-controls=\"acc_69f32108d9583\" id=\"acc_title_69f32108d9584\">\n                    <strong class=\"text-align-center\" aria-labelledby=\"acc_title_69f32108d9584\">Des informations de service<\/strong>\n                <\/button>\n\n                <div class=\"block-accordion-item-content background-dark\" id=\"acc_69f32108d9583\" role=\"region\">\n                    <div class=\"container-fluid\">\n                        <div class=\"row center-xs\">\n                            <div class=\"col-xs-12 margin-quarter-top\">\n                                <span class=\"mixin-motion-link\" data-src=\"\/assets\/icons\/uhr.json\" data-hover-out=\"1\">\n                                                                            <span class=\"openinghours\" data-post-id=\"90085\" data-start=\"20260523\" data-end=\"20260816\" data-bind=\"text: site.OpeningHours.text\"><\/span>\n                                                                    <\/span>\n                                <span class=\"mixin-motion-link openinghours_loading\" data-src=\"\/assets\/icons\/uhr.json\" style=\"display:none;\">\n                                    <span>\n                                        <img decoding=\"async\" src=\"\/wp-content\/themes\/kunsthalle-karlsruhe\/assets\/loading.svg\" style=\"max-width:165px;\">\n                                    <\/span>\n                                <\/span>\n                            <\/div>\n                        <\/div>\n                        <div class=\"row center-xs\">\n                            <div class=\"col-xs-12\">\n                                <p>Le b\u00e2timent principal de la Kunsthalle Karlsruhe est ferm\u00e9 pour les prochaines ann\u00e9es en raison de travaux de r\u00e9novation.<br \/>\r\n<br \/>\r\nPendant ce temps, des expositions ont lieu au ZKM | Centre d\u2019art et de m\u00e9dias, \u00e0 l\u2019Orangerie et \u00e0 la Junge Kunsthalle.<\/p>\n                            <\/div>\n                        <\/div>\n                        \n                                                    <div class=\"row center-xs\">\n                                <div class=\"col-xs-12 margin-quarter-top\">\n                                    <div class=\"mixin-motion-link\" data-src=\"\/assets\/icons\/pin.json\" data-hover-out=\"1\"><\/div>\n                                <\/div>\n                                <div class=\"col-xs-12\">\n                                    <span itemprop=\"name\">L&#039;Orangerie<\/span>\n                                <\/div>\n                            <\/div>\n                        \n                        \n                        <hr>\n\n                        <div class=\"row center-xs\">\n                            <div class=\"col-xs-12\">\n                                <a href=\"https:\/\/www.kunsthalle-karlsruhe.de\/besuch\/\" class=\"button margin-quarter-top button-invert\">Organisez votre visite<\/a>\n                            <\/div>\n                        <\/div>\n                    <\/div>\n                <\/div>\n            <\/div>\n        <\/section>\n    \n\n            <section class=\"block block-calendar block-calendar-category-list\" style=\"display: none;\" id=\"exhibition-calendar\">\n            <div class=\"container-fluid\">\n                <div class=\"row\">\n                    <div class=\"col-xs-12 col-sm-10 col-sm-offset-1\">\n                        \n                    <\/div>\n                <\/div>\n            <\/div>\n        <\/section>\n    <\/section>\n\n<section class=\"block block-headline\" >\n    <div class=\"container-fluid\">\n        <div class=\"row center-sm\">\n                            <div class=\"col-xs-12 col-sm-8\" style=\"text-align: center\">\n                    <div class=\"box\">\n                                                    <h2  class=\"h6 h6 margin-zero-bottom font-regular color-highlight fs-md-22-32 fs-xs-18-24\" >Kurz zusammengefasst<\/h2>                                                <div  class=\"h2\" ><p style=\"text-align: center;\">L\u2019exposition met en lumi\u00e8re le travail dessin\u00e9 riche et vari\u00e9 de l\u2019artiste Nanne Meyer (*1953), n\u00e9e \u00e0 Hambourg et aujourd\u2019hui install\u00e9e \u00e0 Berlin.<\/p>\n<\/div>                    <\/div>\n                <\/div>\n                    <\/div>\n    <\/div>\n<\/section>\n\n\n<section class=\"block block-copy\" style=\"text-align: left\" >\n    <div class=\"container-fluid\">\n        <div class=\"row\">\n                        <div class=\"col-xs-12 col-sm-8 col-sm-offset-2\">\n                <div class=\"box\">\n                    <div class=\"copy editor\"><p>Sous le titre po\u00e9tique <em>D\u00e9rive cibl\u00e9e<\/em>, ses dessins ouvrent, dans le cadre historique de l\u2019Orangerie de Karlsruhe, de nouvelles perspectives pour regarder, se perdre et se retrouver autrement. Plus de 300 pi\u00e8ces y sont pr\u00e9sent\u00e9es, parmi lesquelles de nombreuses s\u00e9ries ainsi que plusieurs dessins r\u00e9alis\u00e9s sp\u00e9cialement pour Karlsruhe.<\/p>\n<p>Depuis plus de quarante ans, Meyer se consacre exclusivement au dessin. \u00c0 l\u2019aide de mat\u00e9riaux trouv\u00e9s et de techniques vari\u00e9es, elle explore la perception et la r\u00e9flexion, entre exp\u00e9rience v\u00e9cue et imagination. Ses oeuvres interrogent des questions essentielles : notre existence, l\u2019apparition et la disparition, ainsi que notre place dans un univers apparemment sans limites. Inspir\u00e9es par le lieu m\u00eame de l\u2019exposition, plusieurs cr\u00e9ations r\u00e9centes abordent le th\u00e8me de l\u2019orange : \u00e0 la fois fruit, symbole culturel et image \u00e9clatante.<\/p>\n                        \n\n                        <\/div>\n                <\/div>\n            <\/div>\n        <\/div>\n    <\/div>\n<\/section>\n\n\n\n    <section class=\"block block-calendar block-calendar-category-list\"  id='Programme d\u2019accompagnement' data-anchor='Programme d\u2019accompagnement'>\n        <div class=\"container-fluid\">\n            <div class=\"row\">\n                <div class=\"col-xs-12 col-sm-10 col-sm-offset-1\">\n                    \n                <\/div>\n            <\/div>\n        <\/div>\n    <\/section>\n\n\n\n\n<div class=\"block-teaser-home small\" >\n    <div class=\"block-teaser-home-wrapper text-align-center\">\n\n                    <a href=\"https:\/\/www.kunsthalle-karlsruhe.de\/fr\/visite\/\" target=\"_blank\" >\n            \n            \t<div class=\"lazy-media\" id=\"media_69f32108dcae4\">\n\t\t<div class=\"lazy-media-wrapper\">\n\t\t\t<div class=\"lazy-media-copyright\">\n\t\t\t\t<div class=\"lazy-media-copyright-content\">\n\t\t\t\t\t\t\t\t\t\t\tFoto: Bruno Kelzer | kelzer.de\t\t\t\t\t\t\t\t\t<\/div>\n\t\t\t<\/div>\n\n\t\t\t<div class=\"height-container\"  style=\"padding-bottom:71.875%;\">\n\t\t\t\t<script type=\"application\/json\" class=\"lazy-media-data\">\n\t\t\t\t{\n\t\t\t\t\"sizes\" : {\"thumbnail\":{\"file\":\"kunsthallekarlsruhe-dreiortederkunst-orangerie-ii-1-150x108.jpg\",\"width\":150,\"height\":108,\"mime-type\":\"image\\\/jpeg\"},\"medium\":{\"file\":\"kunsthallekarlsruhe-dreiortederkunst-orangerie-ii-1-300x216.jpg\",\"width\":300,\"height\":216,\"mime-type\":\"image\\\/jpeg\"},\"medium_large\":{\"file\":\"kunsthallekarlsruhe-dreiortederkunst-orangerie-ii-1-768x552.jpg\",\"width\":768,\"height\":552,\"mime-type\":\"image\\\/jpeg\"},\"large\":{\"file\":\"kunsthallekarlsruhe-dreiortederkunst-orangerie-ii-1-1024x736.jpg\",\"width\":1024,\"height\":736,\"mime-type\":\"image\\\/jpeg\"},\"mobile\":{\"file\":\"kunsthallekarlsruhe-dreiortederkunst-orangerie-ii-1-720x518.jpg\",\"width\":720,\"height\":518,\"mime-type\":\"image\\\/jpeg\"},\"hd\":{\"file\":\"kunsthallekarlsruhe-dreiortederkunst-orangerie-ii-1-1280x920.jpg\",\"width\":1280,\"height\":920,\"mime-type\":\"image\\\/jpeg\"},\"full\":{\"file\":\"kunsthallekarlsruhe-dreiortederkunst-orangerie-ii-1-1920x1380.jpg\",\"width\":1920,\"height\":1380,\"mime-type\":\"image\\\/jpeg\"},\"original\":{\"file\":\"kunsthallekarlsruhe-dreiortederkunst-orangerie-ii-1.jpg\",\"width\":1920,\"height\":1380}},\n\t\t\t\t\"path\" : \"\/wp-content\/uploads\/2019\/07\/\",\n\t\t\t\t\"video\" : \"\",\n\t\t\t\t\"autoplay\" : \"\",\n\t\t\t\t\"youtube\" : \"\"\n\t\t\t\t}\n\t\t\t\t<\/script>\n\n\t\t\t\t<div class=\"image-wrapper\" id=\"image_69f32108dcae5\">\n\t\t\t\t\t<img decoding=\"async\" src=\"\" alt=\"Foto der von Heinrich H&uuml;bsch erbauten Orangerie mit der Kuppel. Es handelt sich um eine Drohnenaufnahme.\" title=\"Die Orangerie der Kunsthalle\" \/>\n\t\t\t\t\t<noscript>\n\t\t\t\t\t\t<img decoding=\"async\" src=\"\/wp-content\/uploads\/2019\/07\/kunsthallekarlsruhe-dreiortederkunst-orangerie-ii-1.jpg\" alt=\"Foto der von Heinrich H&uuml;bsch erbauten Orangerie mit der Kuppel. Es handelt sich um eine Drohnenaufnahme.\" title=\"Die Orangerie der Kunsthalle\" \/>\n\t\t\t\t\t<\/noscript>\n\n\t\t\t\t\t\t\t\t\t<\/div>\n\n\t\t\t\t\t\t\t<\/div>\n\n\t\t\t\n\t\t\t\t\t<\/div>\n\t<\/div>\n\n\n                            <h2  class=\"h3 margin-sixteenth-top\" >Lieu d&#8217;exposition<\/h2>                                        <h5 class=\"fs-xs-18-24 fs-md-22-32 editor\"><p>L&#8217;exposition est visible dans l&#8217;Orangerie de la Kunsthalle.<\/p>\n<\/h5>\n                                        <span class=\"button standard\" aria-hidden=\"true\">Plus d&#8217;informations<\/span>\n            \n                        <\/a>\n            <\/div>\n<\/div>\n\n<section class=\"block block-buttons noprint\" >\n    <div class=\"container-fluid\">\n                    <div class=\"row center-xs\">\n                <div class=\"col-xs-12 col-sm-10\">\n                    <div class=\"box\">\n                        <h2  class=\"h3\" >Que souhaitez-vous faire ensuite?<\/h2>                    <\/div>\n                <\/div>\n            <\/div>\n                <div class=\"row center-xs\">\n            <div class=\"col-xs-12\">\n                <div class=\"box\">\n                                <div>\n                <a href=\"https:\/\/www.kunsthalle-karlsruhe.de\/fr\/visite\/\" title=\"Planifiez votre visite\" class=\"button standard   \" target=\"_self\" >\n                                        <span>Planifiez votre visite<\/span>\n                <\/a>\n                <\/div>\n                <div>\n                <a href=\"https:\/\/www.kunsthalle-karlsruhe.de\/fr\/sammlung\/\" title=\"D\u00e9couvrez l'art en ligne!\" class=\"button standard   \" target=\"_self\" >\n                                        <span>D\u00e9couvrez l&#8217;art en ligne!<\/span>\n                <\/a>\n                <\/div>\n                <div>\n                <a href=\"https:\/\/www.kunsthalle-karlsruhe.de\/fr\/exposition\/\" title=\"Expositions actuelles\" class=\"button standard   \" target=\"_self\" >\n                                        <span>Expositions actuelles<\/span>\n                <\/a>\n                <\/div>\n    \n\n                    <\/div>\n            <\/div>\n                    <\/div>\n    <\/div>\n<\/section>\n\n","protected":false},"excerpt":{"rendered":"<p>In der Karlsruher Orangerie zeigt Nanne Meyer aktuelle Zeichnungen zur Wahrnehmung, Imagination und dem Motiv der Orange.<\/p>\n","protected":false},"featured_media":87833,"menu_order":0,"template":"","class_list":["post-90085","exhibition","type-exhibition","status-publish","has-post-thumbnail","hentry"],"acf":[],"_links":{"self":[{"href":"https:\/\/www.kunsthalle-karlsruhe.de\/fr\/wp-json\/wp\/v2\/exhibition\/90085","targetHints":{"allow":["GET"]}}],"collection":[{"href":"https:\/\/www.kunsthalle-karlsruhe.de\/fr\/wp-json\/wp\/v2\/exhibition"}],"about":[{"href":"https:\/\/www.kunsthalle-karlsruhe.de\/fr\/wp-json\/wp\/v2\/types\/exhibition"}],"version-history":[{"count":5,"href":"https:\/\/www.kunsthalle-karlsruhe.de\/fr\/wp-json\/wp\/v2\/exhibition\/90085\/revisions"}],"predecessor-version":[{"id":90715,"href":"https:\/\/www.kunsthalle-karlsruhe.de\/fr\/wp-json\/wp\/v2\/exhibition\/90085\/revisions\/90715"}],"wp:featuredmedia":[{"embeddable":true,"href":"https:\/\/www.kunsthalle-karlsruhe.de\/fr\/wp-json\/wp\/v2\/media\/87833"}],"wp:attachment":[{"href":"https:\/\/www.kunsthalle-karlsruhe.de\/fr\/wp-json\/wp\/v2\/media?parent=90085"}],"curies":[{"name":"wp","href":"https:\/\/api.w.org\/{rel}","templated":true}]}}