{"id":90139,"date":"2024-12-27T14:07:26","date_gmt":"2024-12-27T13:07:26","guid":{"rendered":"https:\/\/www.kunsthalle-karlsruhe.de\/angebot\/ein-museum-viele-sprachen\/"},"modified":"2026-03-31T08:12:57","modified_gmt":"2026-03-31T06:12:57","slug":"ein-museum-viele-sprachen","status":"publish","type":"offer","link":"https:\/\/www.kunsthalle-karlsruhe.de\/fr\/angebot\/ein-museum-viele-sprachen\/","title":{"rendered":"Un mus\u00e9e, plusieurs langues"},"content":{"rendered":"\n<section class=\"block block-header block-header-simple\"  >\n    <div class=\"block-header-simple-title\">\n        <div class=\"block-header-simple-title-content\">\n            <div class=\"container-fluid\">\n                <div class=\"row\">\n                    <div class=\"col-xs col-md-12\">\n                        <div class=\"box\">\n                            <h1  class=\"h1\" >Un mus\u00e9e, plusieurs langues<\/h1>                        <\/div>\n                    <\/div>\n                <\/div>\n            <\/div>\n        <\/div>\n\n            <\/div>\n    \n\t<div class=\"lazy-media background\" id=\"media_69f56ecf67afa\">\n\t\t\n        <script type=\"application\/json\" class=\"lazy-media-data\">\n        {\n        \"sizes\" : {\"medium\":{\"file\":\"2024_02_Besucher_Ausstellung_67-300x200.jpg\",\"width\":300,\"height\":200,\"mime-type\":\"image\\\/jpeg\",\"filesize\":69645},\"large\":{\"file\":\"2024_02_Besucher_Ausstellung_67-1024x683.jpg\",\"width\":1024,\"height\":683,\"mime-type\":\"image\\\/jpeg\",\"filesize\":475801},\"thumbnail\":{\"file\":\"2024_02_Besucher_Ausstellung_67-150x100.jpg\",\"width\":150,\"height\":100,\"mime-type\":\"image\\\/jpeg\",\"filesize\":29252},\"medium_large\":{\"file\":\"2024_02_Besucher_Ausstellung_67-768x512.jpg\",\"width\":768,\"height\":512,\"mime-type\":\"image\\\/jpeg\",\"filesize\":301070},\"mobile\":{\"file\":\"2024_02_Besucher_Ausstellung_67-720x480.jpg\",\"width\":720,\"height\":480,\"mime-type\":\"image\\\/jpeg\",\"filesize\":263617},\"original\":{\"file\":\"2024_02_Besucher_Ausstellung_67.jpg\",\"width\":1080,\"height\":720}},\n        \"path\" : \"\/wp-content\/uploads\/2024\/12\/\",\n        \"autoplay\" : \"\",\n\t\t\"focus\" : null,\n        \"caption\" : false        }\n        <\/script>\n\n\t\t<div title=\"Kunsthalle Karlsruhe Besucher*innen in der Sammlungspr&auml;sentation im ZKM\" class=\"image-wrapper\" id=\"image_69f56ecf67afb\">\n\t\t\t<div class=\"image\"><\/div>\n\t\t\t\t\t<\/div>\n\n\t\t<noscript>\n\t\t\t<img decoding=\"async\" src=\"\/wp-content\/uploads\/2024\/12\/2024_02_Besucher_Ausstellung_67.jpg\" alt=\"Besucherinnen und Besucher in der Ausstellung der Kunsthalle im ZKM\" title=\"Kunsthalle Karlsruhe Besucher*innen in der Sammlungspr&auml;sentation im ZKM\" \/>\n\t\t<\/noscript>\n    <\/div>\n\n<\/section>\n\n<section class=\"block block-headline\" >\n    <div class=\"container-fluid\">\n        <div class=\"row center-sm\">\n                            <div class=\"col-xs-12 col-sm-8\" style=\"text-align: left\">\n                    <div class=\"box\">\n                                                <h2  class=\"h2\" ><p>Visites en fran\u00e7ais, espagnol et turc.<\/p>\n<\/h2>                    <\/div>\n                <\/div>\n                    <\/div>\n    <\/div>\n<\/section>\n\n\n<section class=\"block block-copy\" style=\"text-align: left\" >\n    <div class=\"container-fluid\">\n        <div class=\"row\">\n                        <div class=\"col-xs-12 col-sm-8 col-sm-offset-2\">\n                <div class=\"box\">\n                    <div class=\"copy editor\"><p data-start=\"400\" data-end=\"666\">Que ce soit en turc, en espagnol ou en fran\u00e7ais, pour les locuteurs natifs ou les passionn\u00e9s de langues : les points forts de la collection ou certaines \u0153uvres en d\u00e9tail peuvent \u00eatre d\u00e9couverts lors de cette visite guid\u00e9e dans diff\u00e9rentes langues.<\/p>\n<p data-start=\"668\" data-end=\"819\" data-is-last-node=\"\" data-is-only-node=\"\"><strong>O\u00f9 :<\/strong> Pr\u00e9sentation de la collection <a href=\"https:\/\/www.kunsthalle-karlsruhe.de\/ausstellung\/kunsthallekarlsruheatzkm\/\"><em data-start=\"703\" data-end=\"753\">See You. Rencontres avec la Kunsthalle Karlsruhe<\/em><\/a> au ZKM ou <em data-start=\"764\" data-end=\"788\">Orangerie<\/em><br data-start=\"788\" data-end=\"791\" \/><strong>Participation :<\/strong> 4 \u20ac + entr\u00e9e<\/p>\n                        \n\n                        <\/div>\n                <\/div>\n            <\/div>\n        <\/div>\n    <\/div>\n<\/section>\n\n\n\n    <section class=\"block block-calendar block-calendar-category-list\" >\n        <div class=\"container-fluid\">\n            <div class=\"row\">\n                <div class=\"col-xs-12 col-sm-10 col-sm-offset-1\">\n                    \n                <\/div>\n            <\/div>\n        <\/div>\n    <\/section>\n\n","protected":false},"excerpt":{"rendered":"<p>Visites de la pr\u00e9sentation de la collection de la Kunsthalle au ZKM ou Orangerie en turc, fran\u00e7ais et espagnol.<\/p>\n","protected":false},"featured_media":76698,"menu_order":0,"template":"","event-category":[2166],"event-tag":[],"class_list":["post-90139","offer","type-offer","status-publish","has-post-thumbnail","hentry","event-category-un-musee-plusieurs-langues"],"acf":[],"_links":{"self":[{"href":"https:\/\/www.kunsthalle-karlsruhe.de\/fr\/wp-json\/wp\/v2\/offer\/90139","targetHints":{"allow":["GET"]}}],"collection":[{"href":"https:\/\/www.kunsthalle-karlsruhe.de\/fr\/wp-json\/wp\/v2\/offer"}],"about":[{"href":"https:\/\/www.kunsthalle-karlsruhe.de\/fr\/wp-json\/wp\/v2\/types\/offer"}],"version-history":[{"count":8,"href":"https:\/\/www.kunsthalle-karlsruhe.de\/fr\/wp-json\/wp\/v2\/offer\/90139\/revisions"}],"predecessor-version":[{"id":90419,"href":"https:\/\/www.kunsthalle-karlsruhe.de\/fr\/wp-json\/wp\/v2\/offer\/90139\/revisions\/90419"}],"wp:featuredmedia":[{"embeddable":true,"href":"https:\/\/www.kunsthalle-karlsruhe.de\/fr\/wp-json\/wp\/v2\/media\/76698"}],"wp:attachment":[{"href":"https:\/\/www.kunsthalle-karlsruhe.de\/fr\/wp-json\/wp\/v2\/media?parent=90139"}],"wp:term":[{"taxonomy":"event-category","embeddable":true,"href":"https:\/\/www.kunsthalle-karlsruhe.de\/fr\/wp-json\/wp\/v2\/event-category?post=90139"},{"taxonomy":"event-tag","embeddable":true,"href":"https:\/\/www.kunsthalle-karlsruhe.de\/fr\/wp-json\/wp\/v2\/event-tag?post=90139"}],"curies":[{"name":"wp","href":"https:\/\/api.w.org\/{rel}","templated":true}]}}