{"id":16667,"date":"2019-11-27T17:06:02","date_gmt":"2019-11-27T16:06:02","guid":{"rendered":"https:\/\/www.kunsthalle-karlsruhe.de\/?page_id=16667"},"modified":"2020-01-02T17:54:46","modified_gmt":"2020-01-02T16:54:46","slug":"baldung-in-a-nutshell-baldung-et-duerer","status":"publish","type":"page","link":"https:\/\/www.kunsthalle-karlsruhe.de\/fr\/baldung-in-a-nutshell\/baldung-in-a-nutshell-baldung-et-duerer\/","title":{"rendered":"Baldung in a nutshell : Baldung et D\u00fcrer"},"content":{"rendered":"\n<section class=\"block block-header block-header-simple\"  >\n    <div class=\"block-header-simple-title\">\n        <div class=\"block-header-simple-title-content\">\n            <div class=\"container-fluid\">\n                <div class=\"row\">\n                    <div class=\"col-xs col-md-12\">\n                        <div class=\"box\">\n                            <h1  >Baldung et D\u00fcrer<\/h1>                        <\/div>\n                    <\/div>\n                <\/div>\n            <\/div>\n        <\/div>\n\n            <\/div>\n    \n\t<div class=\"lazy-media background lazy-crop\" id=\"media_69f11f029a0ab\">\n\t\t\t\t\t<div class=\"lazy-media-copyright\">\n\t\t\t\t<div class=\"lazy-media-copyright-content\">\n\t\t\t\t\tGem\u00e4ldegalerie der Akademie der Bildenden K\u00fcnste, Vienne \r\n\u00a9 Eva Schober, doi.org\/10.21937\/85DC-JN30\t\t\t\t<\/div>\n\t\t\t<\/div>\n\t\t\n        <script type=\"application\/json\" class=\"lazy-media-data\">\n        {\n        \"sizes\" : {\"thumbnail\":{\"file\":\"kunsthallekarlsruhe-nutshell-locke-150x96.jpg\",\"width\":150,\"height\":96,\"mime-type\":\"image\\\/jpeg\"},\"medium\":{\"file\":\"kunsthallekarlsruhe-nutshell-locke-300x193.jpg\",\"width\":300,\"height\":193,\"mime-type\":\"image\\\/jpeg\"},\"medium_large\":{\"file\":\"kunsthallekarlsruhe-nutshell-locke-768x493.jpg\",\"width\":768,\"height\":493,\"mime-type\":\"image\\\/jpeg\"},\"large\":{\"file\":\"kunsthallekarlsruhe-nutshell-locke-1024x657.jpg\",\"width\":1024,\"height\":657,\"mime-type\":\"image\\\/jpeg\"},\"mobile\":{\"file\":\"kunsthallekarlsruhe-nutshell-locke-720x462.jpg\",\"width\":720,\"height\":462,\"mime-type\":\"image\\\/jpeg\"},\"hd\":{\"file\":\"kunsthallekarlsruhe-nutshell-locke-1280x821.jpg\",\"width\":1280,\"height\":821,\"mime-type\":\"image\\\/jpeg\"},\"full\":{\"file\":\"kunsthallekarlsruhe-nutshell-locke-1920x1232.jpg\",\"width\":1920,\"height\":1232,\"mime-type\":\"image\\\/jpeg\"},\"original\":{\"file\":\"kunsthallekarlsruhe-nutshell-locke.jpg\",\"width\":1920,\"height\":1232}},\n        \"path\" : \"\/wp-content\/uploads\/2019\/09\/\",\n        \"autoplay\" : \"\",\n\t\t\"focus\" : {\"left\":\"50\",\"top\":\"50\"},\n        \"caption\" : false        }\n        <\/script>\n\n\t\t<div title=\"M&egrave;che de cheveux d&amp;#8217;Albrecht D&uuml;rer, 1559&ndash;1871\" class=\"image-wrapper\" id=\"image_69f11f029a0ac\">\n\t\t\t<div class=\"image\"><\/div>\n\t\t\t\t\t<\/div>\n\n\t\t<noscript>\n\t\t\t<img decoding=\"async\" src=\"\/wp-content\/uploads\/2019\/09\/kunsthallekarlsruhe-nutshell-locke.jpg\" alt=\"Image de la m&egrave;che de cheveux de D&uuml;rer, 1559&ndash;1871\" title=\"M&egrave;che de cheveux d&amp;#8217;Albrecht D&uuml;rer, 1559&ndash;1871\" \/>\n\t\t<\/noscript>\n    <\/div>\n\n<\/section>\n\n<section class=\"block block-headline block-margin-remove\" >\n    <div class=\"container-fluid\">\n        <div class=\"row center-sm\">\n                            <div class=\"col-xs-12 col-sm-8\" style=\"text-align: center\">\n                    <div class=\"box\">\n                                                    <div  class=\" h6 margin-zero-bottom font-regular color-highlight fs-md-22-32 fs-xs-18-24\" >Cheveux l\u00e9gu\u00e9s<\/div>                                                <h2  ><p>Une m\u00e8che de cheveux blonds attribu\u00e9e \u00e0 Albrecht D\u00fcrer compte parmi les pi\u00e8ces les plus bizarres de l\u2019exposition.<\/p>\n<\/h2>                    <\/div>\n                <\/div>\n                    <\/div>\n    <\/div>\n<\/section>\n\n\n<section class=\"block block-copy block-margin-remove\" style=\"text-align: left\" >\n    <div class=\"container-fluid\">\n        <div class=\"row\">\n                        <div class=\"col-xs-12 col-sm-8 col-sm-offset-2\">\n                <div class=\"box\">\n                    <div class=\"copy editor\"><p>Faisant partie du patrimoine que Baldung laissa \u00e0 sa mort, cette m\u00e8che de cheveux est consid\u00e9r\u00e9e comme le \u00ab testament artistique \u00bb de D\u00fcrer \u00e0 son ancien \u00e9l\u00e8ve.<\/p>\n                        \n\n                        <\/div>\n                <\/div>\n            <\/div>\n        <\/div>\n    <\/div>\n<\/section>\n\n<section class=\"block block-copy-floating-text block-margin-remove\" >\n    <div class=\"container-fluid\">\n                <div class=\"row\">\n            <div class=\"col-xs-12 col-sm-10 left\">\n                <div class=\"box\">\n                    <div class=\"copy\">\n                        <div class=\"floating-element col-sm-5\">\n                            <div class=\"floating-element-content\">\n                                <div class=\"floating-element-content-wrapper\">\n                                    \t<div class=\"lazy-media\" id=\"media_69f11f029c0ea\">\n\t\t<div class=\"lazy-media-wrapper\">\n\t\t\t<div class=\"lazy-media-copyright\">\n\t\t\t\t<div class=\"lazy-media-copyright-content\">\n\t\t\t\t\t\t\t\t\t\t\tGem\u00e4ldegalerie der Akademie der Bildenden K\u00fcnste, Vienne \r\n\u00a9 Eva Schober, doi.org\/10.21937\/85DC-JN30\t\t\t\t\t\t\t\t\t<\/div>\n\t\t\t<\/div>\n\n\t\t\t<div class=\"height-container\"  style=\"padding-bottom:152.24014336918%;\">\n\t\t\t\t<script type=\"application\/json\" class=\"lazy-media-data\">\n\t\t\t\t{\n\t\t\t\t\"sizes\" : {\"thumbnail\":{\"file\":\"kunsthallekarlsruhe-nutshell-locke-frei1-99x150.jpg\",\"width\":99,\"height\":150,\"mime-type\":\"image\\\/jpeg\"},\"medium\":{\"file\":\"kunsthallekarlsruhe-nutshell-locke-frei1-197x300.jpg\",\"width\":197,\"height\":300,\"mime-type\":\"image\\\/jpeg\"},\"medium_large\":{\"file\":\"kunsthallekarlsruhe-nutshell-locke-frei1-768x1169.jpg\",\"width\":768,\"height\":1169,\"mime-type\":\"image\\\/jpeg\"},\"large\":{\"file\":\"kunsthallekarlsruhe-nutshell-locke-frei1-673x1024.jpg\",\"width\":673,\"height\":1024,\"mime-type\":\"image\\\/jpeg\"},\"mobile\":{\"file\":\"kunsthallekarlsruhe-nutshell-locke-frei1-473x720.jpg\",\"width\":473,\"height\":720,\"mime-type\":\"image\\\/jpeg\"},\"hd\":{\"file\":\"kunsthallekarlsruhe-nutshell-locke-frei1-841x1280.jpg\",\"width\":841,\"height\":1280,\"mime-type\":\"image\\\/jpeg\"},\"original\":{\"file\":\"kunsthallekarlsruhe-nutshell-locke-frei1.jpg\",\"width\":1116,\"height\":1699}},\n\t\t\t\t\"path\" : \"\/wp-content\/uploads\/2019\/11\/\",\n\t\t\t\t\"video\" : \"\",\n\t\t\t\t\"autoplay\" : \"\",\n\t\t\t\t\"youtube\" : \"\"\n\t\t\t\t}\n\t\t\t\t<\/script>\n\n\t\t\t\t<div class=\"image-wrapper\" id=\"image_69f11f029c0eb\">\n\t\t\t\t\t<img decoding=\"async\" src=\"\" alt=\"Image de la m&egrave;che de cheveux de D&uuml;rer, 1559&ndash;1871\" title=\"M&egrave;che de cheveux d&amp;#8217;Albrecht D&uuml;rer, 1559&ndash;1871\" \/>\n\t\t\t\t\t<noscript>\n\t\t\t\t\t\t<img decoding=\"async\" src=\"\/wp-content\/uploads\/2019\/11\/kunsthallekarlsruhe-nutshell-locke-frei1.jpg\" alt=\"Image de la m&egrave;che de cheveux de D&uuml;rer, 1559&ndash;1871\" title=\"M&egrave;che de cheveux d&amp;#8217;Albrecht D&uuml;rer, 1559&ndash;1871\" \/>\n\t\t\t\t\t<\/noscript>\n\n\t\t\t\t\t\t\t\t\t<\/div>\n\n\t\t\t\t\t\t\t<\/div>\n\n\t\t\t\n\t\t\t\t\t<\/div>\n\t<\/div>\n\n                                    <a href=\"https:\/\/www.kunsthalle-karlsruhe.de\/gallery\/?view=WzE1MTI4XQ%3D%3D\" class=\"mixin-motion-link\" data-src=\"\/blocks\/block-copy-floating-image\/assets\/lupe_neg.json\" data-hover-out=\"1\"><\/a>\n                                <\/div>\n                                <h6 class=\"text-align-left\"><\/h6>\n                            <\/div>\n                        <\/div>\n\n                        <div class=\"floating-copy editor col-sm-offset-2\">\n                            <p>Il \u00e9tait jadis commun de conserver des m\u00e8ches de cheveux et d\u2019en donner \u00e0 des proches en signe d\u2019affection. On sait que Baldung et D\u00fcrer \u00e9taient li\u00e9s d\u2019amiti\u00e9 et qu\u2019ils rest\u00e8rent en contact durant de longues ann\u00e9es : Baldung, en effet, re\u00e7ut une formation dans l\u2019atelier de D\u00fcrer \u00e0 Nuremberg de 1503 \u00e0 1508 et le ma\u00eetre mentionne encore son \u00e9l\u00e8ve, qu\u2019il appelle \u00ab Gr\u00fcnhans \u00bb, dans le journal qu\u2019il tint durant un voyage aux Pays-Bas en 1521, c\u2019est-\u00e0-dire une douzaine d\u2019ann\u00e9es plus tard.<\/p>\n<p>Le terme gr\u00fcn \u00e9tant \u00e9quivalent \u00e0 grien, l\u2019appellation Gr\u00fcnhans pourrait \u00eatre \u00e0 l\u2019origine du surnom \u00ab Grien \u00bb adopt\u00e9 par Baldung.<\/p>\n                            \n\n                            <\/div>\n                    <\/div>\n                <\/div>\n            <\/div>\n        <\/div>\n    <\/div>\n<\/section>\n\n<section class=\"block block-copy-floating-text\" >\n    <div class=\"container-fluid\">\n                <div class=\"row\">\n            <div class=\"col-xs-12 col-sm-10 col-sm-offset-2 right\">\n                <div class=\"box\">\n                    <div class=\"copy\">\n                        <div class=\"floating-element col-sm-5\">\n                            <div class=\"floating-element-content\">\n                                <div class=\"floating-element-content-wrapper\">\n                                    \t<div class=\"lazy-media\" id=\"media_69f11f029cc74\">\n\t\t<div class=\"lazy-media-wrapper\">\n\t\t\t<div class=\"lazy-media-copyright\">\n\t\t\t\t<div class=\"lazy-media-copyright-content\">\n\t\t\t\t\t\t\t\t\t\t\tGem\u00e4ldegalerie der Akademie der Bildenden K\u00fcnste, Vienne \r\n\u00a9 Eva Schober, doi.org\/10.21937\/85DC-JN30\t\t\t\t\t\t\t\t\t<\/div>\n\t\t\t<\/div>\n\n\t\t\t<div class=\"height-container\"  style=\"padding-bottom:155.9375%;\">\n\t\t\t\t<script type=\"application\/json\" class=\"lazy-media-data\">\n\t\t\t\t{\n\t\t\t\t\"sizes\" : {\"thumbnail\":{\"file\":\"kunsthallekarlsruhe-nutshell-brief-96x150.jpg\",\"width\":96,\"height\":150,\"mime-type\":\"image\\\/jpeg\"},\"medium\":{\"file\":\"kunsthallekarlsruhe-nutshell-brief-192x300.jpg\",\"width\":192,\"height\":300,\"mime-type\":\"image\\\/jpeg\"},\"medium_large\":{\"file\":\"kunsthallekarlsruhe-nutshell-brief-768x1198.jpg\",\"width\":768,\"height\":1198,\"mime-type\":\"image\\\/jpeg\"},\"large\":{\"file\":\"kunsthallekarlsruhe-nutshell-brief-657x1024.jpg\",\"width\":657,\"height\":1024,\"mime-type\":\"image\\\/jpeg\"},\"mobile\":{\"file\":\"kunsthallekarlsruhe-nutshell-brief-462x720.jpg\",\"width\":462,\"height\":720,\"mime-type\":\"image\\\/jpeg\"},\"hd\":{\"file\":\"kunsthallekarlsruhe-nutshell-brief-821x1280.jpg\",\"width\":821,\"height\":1280,\"mime-type\":\"image\\\/jpeg\"},\"full\":{\"file\":\"kunsthallekarlsruhe-nutshell-brief-1231x1920.jpg\",\"width\":1231,\"height\":1920,\"mime-type\":\"image\\\/jpeg\"},\"original\":{\"file\":\"kunsthallekarlsruhe-nutshell-brief.jpg\",\"width\":1920,\"height\":2994}},\n\t\t\t\t\"path\" : \"\/wp-content\/uploads\/2019\/11\/\",\n\t\t\t\t\"video\" : \"\",\n\t\t\t\t\"autoplay\" : \"\",\n\t\t\t\t\"youtube\" : \"\"\n\t\t\t\t}\n\t\t\t\t<\/script>\n\n\t\t\t\t<div class=\"image-wrapper\" id=\"image_69f11f029cc75\">\n\t\t\t\t\t<img decoding=\"async\" src=\"\" alt=\"Image du Document d&eacute;crivant la provenance de la m&egrave;che de cheveux de D&uuml;rer, 1559&ndash;1871\" title=\"Document d&eacute;crivant la provenance de la m&egrave;che de cheveux de D&uuml;rer, 1559&ndash;1871\" \/>\n\t\t\t\t\t<noscript>\n\t\t\t\t\t\t<img decoding=\"async\" src=\"\/wp-content\/uploads\/2019\/11\/kunsthallekarlsruhe-nutshell-brief.jpg\" alt=\"Image du Document d&eacute;crivant la provenance de la m&egrave;che de cheveux de D&uuml;rer, 1559&ndash;1871\" title=\"Document d&eacute;crivant la provenance de la m&egrave;che de cheveux de D&uuml;rer, 1559&ndash;1871\" \/>\n\t\t\t\t\t<\/noscript>\n\n\t\t\t\t\t\t\t\t\t<\/div>\n\n\t\t\t\t\t\t\t<\/div>\n\n\t\t\t\n\t\t\t\t\t<\/div>\n\t<\/div>\n\n                                    <a href=\"https:\/\/www.kunsthalle-karlsruhe.de\/gallery\/?view=WzE1MjQwXQ%3D%3D\" class=\"mixin-motion-link\" data-src=\"\/blocks\/block-copy-floating-image\/assets\/lupe_neg.json\" data-hover-out=\"1\"><\/a>\n                                <\/div>\n                                <h6 class=\"text-align-left\"><\/h6>\n                            <\/div>\n                        <\/div>\n\n                        <div class=\"floating-copy editor \">\n                            <p>On suppose que la m\u00e8che de cheveux fut pr\u00e9lev\u00e9e sur D\u00fcrer \u00e0 sa mort en 1528 et envoy\u00e9e \u00e0 son ancien \u00e9l\u00e8ve, mais on ignore si cela fut fait \u00e0 la demande expresse de l\u2019artiste ou sur l\u2019initiative de parents ou de peintres de son atelier.<\/p>\n<p>Une lettre conserv\u00e9e depuis plusieurs si\u00e8cles mentionne les diff\u00e9rents propri\u00e9taires de la m\u00e8che de cheveux et permet ainsi d\u2019en retracer la provenance. Albrecht D\u00fcrer et Hans Baldung sont indiqu\u00e9s tout en haut de cette liste.<\/p>\n                            \n\n                            <\/div>\n                    <\/div>\n                <\/div>\n            <\/div>\n        <\/div>\n    <\/div>\n<\/section>\n\n\n<section class=\"block block-copy block-margin-remove\" style=\"text-align: left\" >\n    <div class=\"container-fluid\">\n        <div class=\"row\">\n                            <div class=\"col-xs-12 col-sm-8 col-sm-offset-2\">\n                    <div class=\"box\">\n                        <h2  >Amiti\u00e9 virile ou faux amis ? <\/h2>                    <\/div>\n                <\/div>\n                        <div class=\"col-xs-12 col-sm-8 col-sm-offset-2\">\n                <div class=\"box\">\n                    <div class=\"copy editor\"><p>Bien qu\u2019ayant \u00e9t\u00e9 c\u00e9l\u00e8bre de son vivant, Hans Baldung est entre-temps quelque peu tomb\u00e9 dans l\u2019oubli, tandis qu\u2019Albrecht D\u00fcrer, lui aussi c\u00e9l\u00e8bre au XVIe si\u00e8cle, n\u2019a jamais cess\u00e9 d\u2019\u00eatre consid\u00e9r\u00e9 comme l\u2019un des plus grands artistes allemands de la Renaissance.<\/p>\n<p>Ils ont tous deux fr\u00e9quemment trait\u00e9 le m\u00eame sujet, l\u2019\u00e9l\u00e8ve s\u2019inspirant alors de son ma\u00eetre, tout en affirmant sa personnalit\u00e9 et son propre style. Et si la m\u00e8che de cheveux peut certes \u00eatre consid\u00e9r\u00e9e comme un signe de l\u2019amiti\u00e9 entre les deux hommes, elle ne saurait signifier qu\u2019ils n\u2019\u00e9taient pas en concurrence l\u2019un avec l\u2019autre.<\/p>\n                        \n\n                        <\/div>\n                <\/div>\n            <\/div>\n        <\/div>\n    <\/div>\n<\/section>\n\n<section class=\"block block-copy-image block-margin-remove\" >\n    <div class=\"container-fluid\">\n        <div class=\"row\">\n                            <div class=\"col-xs-12 col-sm-5 col-sm-offset-1\">\n                    <div class=\"box block-copy-image-copy\">\n                                                <div class=\"copy editor exception-align-left\"><p>Il est par exemple \u00e9vident que D\u00fcrer ma\u00eetrisait la gravure sur cuivre bien mieux que Baldung.<\/p>\n                            \n\n                            <\/div>\n                    <\/div>\n                <\/div>\n\n                <div class=\"col-xs-12 col-sm-6\">\n                    <div class=\"box\">\n                        \t<div class=\"lazy-media\" id=\"media_69f11f029d8be\">\n\t\t<div class=\"lazy-media-wrapper\">\n\t\t\t<div class=\"lazy-media-copyright\">\n\t\t\t\t<div class=\"lazy-media-copyright-content\">\n\t\t\t\t\t\t\t\t\t\t\t<span class=\"lazy-media-copyright-content-empty\" aria-hidden=\"true\" style=\"pointer-events: none; user-select: none;\">&nbsp;<\/span>\n\t\t\t\t\t\t\t\t\t<\/div>\n\t\t\t<\/div>\n\n\t\t\t<div class=\"height-container\"  style=\"padding-bottom:138.75%;\">\n\t\t\t\t<script type=\"application\/json\" class=\"lazy-media-data\">\n\t\t\t\t{\n\t\t\t\t\"sizes\" : {\"thumbnail\":{\"file\":\"kunsthalle-karlsruhe-nutshell-duerer-hieronymus-108x150.jpg\",\"width\":108,\"height\":150,\"mime-type\":\"image\\\/jpeg\"},\"medium\":{\"file\":\"kunsthalle-karlsruhe-nutshell-duerer-hieronymus-216x300.jpg\",\"width\":216,\"height\":300,\"mime-type\":\"image\\\/jpeg\"},\"medium_large\":{\"file\":\"kunsthalle-karlsruhe-nutshell-duerer-hieronymus-768x1066.jpg\",\"width\":768,\"height\":1066,\"mime-type\":\"image\\\/jpeg\"},\"large\":{\"file\":\"kunsthalle-karlsruhe-nutshell-duerer-hieronymus-738x1024.jpg\",\"width\":738,\"height\":1024,\"mime-type\":\"image\\\/jpeg\"},\"mobile\":{\"file\":\"kunsthalle-karlsruhe-nutshell-duerer-hieronymus-519x720.jpg\",\"width\":519,\"height\":720,\"mime-type\":\"image\\\/jpeg\"},\"hd\":{\"file\":\"kunsthalle-karlsruhe-nutshell-duerer-hieronymus-923x1280.jpg\",\"width\":923,\"height\":1280,\"mime-type\":\"image\\\/jpeg\"},\"full\":{\"file\":\"kunsthalle-karlsruhe-nutshell-duerer-hieronymus-1384x1920.jpg\",\"width\":1384,\"height\":1920,\"mime-type\":\"image\\\/jpeg\"},\"original\":{\"file\":\"kunsthalle-karlsruhe-nutshell-duerer-hieronymus.jpg\",\"width\":1920,\"height\":2664}},\n\t\t\t\t\"path\" : \"\/wp-content\/uploads\/2019\/11\/\",\n\t\t\t\t\"video\" : \"\",\n\t\t\t\t\"autoplay\" : \"\",\n\t\t\t\t\"youtube\" : \"\"\n\t\t\t\t}\n\t\t\t\t<\/script>\n\n\t\t\t\t<div class=\"image-wrapper\" id=\"image_69f11f029d8bf\">\n\t\t\t\t\t<img decoding=\"async\" src=\"\" alt=\"Image d&#039;Albrecht D&uuml;rer : Saint J&eacute;r&ocirc;me dans le d&eacute;sert, vers 1496\" title=\"Albrecht D&uuml;rer : Saint J&eacute;r&ocirc;me dans le d&eacute;sert, vers 1496\" \/>\n\t\t\t\t\t<noscript>\n\t\t\t\t\t\t<img decoding=\"async\" src=\"\/wp-content\/uploads\/2019\/11\/kunsthalle-karlsruhe-nutshell-duerer-hieronymus.jpg\" alt=\"Image d&#039;Albrecht D&uuml;rer : Saint J&eacute;r&ocirc;me dans le d&eacute;sert, vers 1496\" title=\"Albrecht D&uuml;rer : Saint J&eacute;r&ocirc;me dans le d&eacute;sert, vers 1496\" \/>\n\t\t\t\t\t<\/noscript>\n\n\t\t\t\t\t\t\t\t\t<\/div>\n\n\t\t\t\t\t\t\t<\/div>\n\n\t\t\t\n\t\t\t\t\t<\/div>\n\t<\/div>\n\n                    <\/div>\n                <\/div>\n                                <\/div>\n    <\/div>\n<\/section>\n\n<section class=\"block block-copy-image block-margin-remove\" >\n    <div class=\"container-fluid\">\n        <div class=\"row\">\n                            <div class=\"col-xs-12 col-sm-5 col-sm-offset-1\">\n                    <div class=\"box block-copy-image-copy\">\n                                                <div class=\"copy editor exception-align-left\"><p>Avec pour cons\u00e9quence qu\u2019apr\u00e8s quelques essais peu convaincants dans ce domaine l\u2019\u00e9l\u00e8ve passa \u00e0 la gravure sur bois, technique dans laquelle il se montra particuli\u00e8rement brillant.<\/p>\n                            \n\n                            <\/div>\n                    <\/div>\n                <\/div>\n\n                <div class=\"col-xs-12 col-sm-6\">\n                    <div class=\"box\">\n                        \t<div class=\"lazy-media\" id=\"media_69f11f029e06d\">\n\t\t<div class=\"lazy-media-wrapper\">\n\t\t\t<div class=\"lazy-media-copyright\">\n\t\t\t\t<div class=\"lazy-media-copyright-content\">\n\t\t\t\t\t\t\t\t\t\t\t\u00a9 Hamburger Kunsthalle \/ bpk, photo : Christoph Irrgang\t\t\t\t\t\t\t\t\t<\/div>\n\t\t\t<\/div>\n\n\t\t\t<div class=\"height-container\"  style=\"padding-bottom:143.38541666667%;\">\n\t\t\t\t<script type=\"application\/json\" class=\"lazy-media-data\">\n\t\t\t\t{\n\t\t\t\t\"sizes\" : {\"thumbnail\":{\"file\":\"kunsthalle-karlsruhe-nutshell-baldung-hieronymus-105x150.jpg\",\"width\":105,\"height\":150,\"mime-type\":\"image\\\/jpeg\"},\"medium\":{\"file\":\"kunsthalle-karlsruhe-nutshell-baldung-hieronymus-209x300.jpg\",\"width\":209,\"height\":300,\"mime-type\":\"image\\\/jpeg\"},\"medium_large\":{\"file\":\"kunsthalle-karlsruhe-nutshell-baldung-hieronymus-768x1101.jpg\",\"width\":768,\"height\":1101,\"mime-type\":\"image\\\/jpeg\"},\"large\":{\"file\":\"kunsthalle-karlsruhe-nutshell-baldung-hieronymus-714x1024.jpg\",\"width\":714,\"height\":1024,\"mime-type\":\"image\\\/jpeg\"},\"mobile\":{\"file\":\"kunsthalle-karlsruhe-nutshell-baldung-hieronymus-502x720.jpg\",\"width\":502,\"height\":720,\"mime-type\":\"image\\\/jpeg\"},\"hd\":{\"file\":\"kunsthalle-karlsruhe-nutshell-baldung-hieronymus-893x1280.jpg\",\"width\":893,\"height\":1280,\"mime-type\":\"image\\\/jpeg\"},\"full\":{\"file\":\"kunsthalle-karlsruhe-nutshell-baldung-hieronymus-1339x1920.jpg\",\"width\":1339,\"height\":1920,\"mime-type\":\"image\\\/jpeg\"},\"original\":{\"file\":\"kunsthalle-karlsruhe-nutshell-baldung-hieronymus.jpg\",\"width\":1920,\"height\":2753}},\n\t\t\t\t\"path\" : \"\/wp-content\/uploads\/2019\/11\/\",\n\t\t\t\t\"video\" : \"\",\n\t\t\t\t\"autoplay\" : \"\",\n\t\t\t\t\"youtube\" : \"\"\n\t\t\t\t}\n\t\t\t\t<\/script>\n\n\t\t\t\t<div class=\"image-wrapper\" id=\"image_69f11f029e06e\">\n\t\t\t\t\t<img decoding=\"async\" src=\"\" alt=\"Image de Hans Baldung Grien : Saint J&eacute;r&ocirc;me p&eacute;nitent dans un ravin, vers 1511\" title=\"Hans Baldung Grien : Saint J&eacute;r&ocirc;me p&eacute;nitent dans une gorge, vers 1511\" \/>\n\t\t\t\t\t<noscript>\n\t\t\t\t\t\t<img decoding=\"async\" src=\"\/wp-content\/uploads\/2019\/11\/kunsthalle-karlsruhe-nutshell-baldung-hieronymus.jpg\" alt=\"Image de Hans Baldung Grien : Saint J&eacute;r&ocirc;me p&eacute;nitent dans un ravin, vers 1511\" title=\"Hans Baldung Grien : Saint J&eacute;r&ocirc;me p&eacute;nitent dans une gorge, vers 1511\" \/>\n\t\t\t\t\t<\/noscript>\n\n\t\t\t\t\t\t\t\t\t<\/div>\n\n\t\t\t\t\t\t\t<\/div>\n\n\t\t\t\n\t\t\t\t\t<\/div>\n\t<\/div>\n\n                    <\/div>\n                <\/div>\n                                <\/div>\n    <\/div>\n<\/section>\n\n<section class=\"block block-buttons noprint\" >\n    <div class=\"container-fluid\">\n                <div class=\"row center-xs\">\n            <div class=\"col-xs-12\">\n                <div class=\"box\">\n                    \n\n                    <\/div>\n            <\/div>\n                            <div class=\"col-xs-12\">\n                    <div class=\"box\">\n                        <div>\n                            <a href=\"#\" onclick=\"site.sharer.show(); return false;\" title=\"Seite teilen\" class=\"button standard \" target=\"_self\">Seite teilen<\/a>\n                        <\/div>\n                        <div>\n                            <a href=\"javascript: window.print();\" title=\"Seite drucken\" class=\"button standard \">Seite drucken<\/a>\n                        <\/div>\n                    <\/div>\n                <\/div>\n                    <\/div>\n    <\/div>\n<\/section>\n\n<div class=\"sharer\" id=\"sharer\" aria-hidden=\"true\" style=\"position: fixed\">\n    <div class=\"sharer--content\">\n        <a class=\"sharer-close\" href=\"#\" onclick=\"site.sharer.hide(); return false;\"><\/a>\n        <strong>Seite teilen<\/strong>\n        <table>\n            <tr>\n                <th><a href=\"#\" onclick=\"site.sharer.facebook(); return false;\">Facebook<\/a><\/th>\n                <td><a class=\"sharer--facebook\" href=\"#\" onclick=\"site.sharer.facebook(); return false;\"><\/a><\/td>\n            <\/tr>\n            <tr>\n                <th><a href=\"#\" onclick=\"site.sharer.twitter(); return false;\">X (Twitter)<\/a><\/th>\n                <td><a class=\"sharer--twitter-x\" href=\"#\" onclick=\"site.sharer.twitter(); return false;\"><\/a><\/td>\n            <\/tr>\n            <tr>\n                <th><a href=\"#\" onclick=\"site.sharer.email(); return false;\">E-Mail<\/a><\/th>\n                <td><a class=\"sharer--email\" href=\"#\" onclick=\"site.sharer.email(); return false;\"><\/a><\/td>\n            <\/tr>\n            <tr>\n                <th>\n                    <a href=\"#\" onclick=\"site.sharer.permalink(); return false;\">URL kopieren<\/a>\n                    <h6 class=\"sharer--copy--message\">Die URL wurde erfolgreich kopiert und befindet sich in der Zwischenablage<\/h6>\n                <\/th>\n                <td><a class=\"sharer--permalink\" href=\"#\" onclick=\"site.sharer.permalink(); return false;\"><\/a><\/td>\n            <\/tr>\n                    <\/table>\n    <\/div>\n<\/div>\n\n\n<section class=\"block block-related block-related-list\" >\n\t\t\t<div class=\"container-fluid\">\n\t\t\t<div class=\"row center-xs\">\n\t\t\t\t<div class=\"col-xs\">\n\t\t\t\t\t<div class=\"box\">\n\t\t\t\t\t\t\t\t\t\t\t\t\t<h3  >Autres informations sur Baldung<\/h3>\t\t\t\t\t\t\t\t\t\t\t\t<div class=\"box\">\n\t\t\t\t\t\t\t\t\t\t\t\t\t\t\t<div class=\"block-related-list-btns\">\n\t\t\t\t\t\t\t\t\t<div class=\"block-related-list-btn left\">\n\t\t\t\t\t\t\t\t\t\t<img decoding=\"async\" src=\"\/blocks\/block-media-list\/assets\/arrow-left.svg\" \/>\n\t\t\t\t\t\t\t\t\t<\/div>\n\t\t\t\t\t\t\t\t\t<div class=\"block-related-list-btn right active\">\n\t\t\t\t\t\t\t\t\t\t<img decoding=\"async\" src=\"\/blocks\/block-media-list\/assets\/arrow-right.svg\" \/>\n\t\t\t\t\t\t\t\t\t<\/div>\n\t\t\t\t\t\t\t\t<\/div>\n\t\t\t\t\t\t\t\t\t\t\t\t\t\t<div class=\"royalSlider rsMinW \">\n\t\t\t\t\t\t\t\t\t\t\t\t\t\t\t\t\t<div class=\"rsContent\">\n\t\t\t\t\t\t\t\t\t\t<div class=\"block-related-list-item\">\n\t\t\t\t\t\t\t\t\t\t\t<a href=\"https:\/\/www.kunsthalle-karlsruhe.de\/baldung-in-a-nutshell\/baldung-biografie\/\" title=\"Baldung in a nutshell: Wer und wann war Baldung? - \">\n\t\t\t\t\t\t\t\t\t\t\t\t<div class=\"box\">\n\t\t\t\t\t\t\t\t\t\t\t\t\t<div class=\"block-media-wrapper\">\n\t\t\t\t\t\t\t\t\t\t\t\t\t\t\t<div class=\"lazy-media\" id=\"media_69f11f029fc2d\">\n\t\t<div class=\"lazy-media-wrapper\">\n\t\t\t<div class=\"lazy-media-copyright\">\n\t\t\t\t<div class=\"lazy-media-copyright-content\">\n\t\t\t\t\t\t\t\t\t\t\t<span class=\"lazy-media-copyright-content-empty\" aria-hidden=\"true\" style=\"pointer-events: none; user-select: none;\">&nbsp;<\/span>\n\t\t\t\t\t\t\t\t\t<\/div>\n\t\t\t<\/div>\n\n\t\t\t<div class=\"height-container\"  style=\"padding-bottom:168.28125%;\">\n\t\t\t\t<script type=\"application\/json\" class=\"lazy-media-data\">\n\t\t\t\t{\n\t\t\t\t\"sizes\" : {\"thumbnail\":{\"file\":\"kunsthallekarlsruhe-derfallimstall-baldung-website-89x150.jpg\",\"width\":89,\"height\":150,\"mime-type\":\"image\\\/jpeg\"},\"medium\":{\"file\":\"kunsthallekarlsruhe-derfallimstall-baldung-website-178x300.jpg\",\"width\":178,\"height\":300,\"mime-type\":\"image\\\/jpeg\"},\"medium_large\":{\"file\":\"kunsthallekarlsruhe-derfallimstall-baldung-website-768x1292.jpg\",\"width\":768,\"height\":1292,\"mime-type\":\"image\\\/jpeg\"},\"large\":{\"file\":\"kunsthallekarlsruhe-derfallimstall-baldung-website-609x1024.jpg\",\"width\":609,\"height\":1024,\"mime-type\":\"image\\\/jpeg\"},\"mobile\":{\"file\":\"kunsthallekarlsruhe-derfallimstall-baldung-website-428x720.jpg\",\"width\":428,\"height\":720,\"mime-type\":\"image\\\/jpeg\"},\"hd\":{\"file\":\"kunsthallekarlsruhe-derfallimstall-baldung-website-761x1280.jpg\",\"width\":761,\"height\":1280,\"mime-type\":\"image\\\/jpeg\"},\"full\":{\"file\":\"kunsthallekarlsruhe-derfallimstall-baldung-website-1141x1920.jpg\",\"width\":1141,\"height\":1920,\"mime-type\":\"image\\\/jpeg\"},\"original\":{\"file\":\"kunsthallekarlsruhe-derfallimstall-baldung-website.jpg\",\"width\":1920,\"height\":3231}},\n\t\t\t\t\"path\" : \"\/wp-content\/uploads\/2019\/09\/\",\n\t\t\t\t\"video\" : \"\",\n\t\t\t\t\"autoplay\" : \"\",\n\t\t\t\t\"youtube\" : \"\"\n\t\t\t\t}\n\t\t\t\t<\/script>\n\n\t\t\t\t<div class=\"image-wrapper\" id=\"image_69f11f029fc2e\">\n\t\t\t\t\t<img decoding=\"async\" src=\"\" alt=\"Abbildung des Werks &quot;Der behexte Stallknecht&ldquo; des K&uuml;nstlers Hans Baldung Grien. Es zeigt einen Knecht auf dem R&uuml;cken liegend. Hinter ihm steht ein Pferd.\" title=\"Hans Baldung Grien: Der behexte Stallknecht, um 1534\" \/>\n\t\t\t\t\t<noscript>\n\t\t\t\t\t\t<img decoding=\"async\" src=\"\/wp-content\/uploads\/2019\/09\/kunsthallekarlsruhe-derfallimstall-baldung-website.jpg\" alt=\"Abbildung des Werks &quot;Der behexte Stallknecht&ldquo; des K&uuml;nstlers Hans Baldung Grien. Es zeigt einen Knecht auf dem R&uuml;cken liegend. Hinter ihm steht ein Pferd.\" title=\"Hans Baldung Grien: Der behexte Stallknecht, um 1534\" \/>\n\t\t\t\t\t<\/noscript>\n\n\t\t\t\t\t\t\t\t\t<\/div>\n\n\t\t\t\t\t\t\t<\/div>\n\n\t\t\t\n\t\t\t\t\t<\/div>\n\t<\/div>\n\n\t\t\t\t\t\t\t\t\t\t\t\t\t<\/div>\n\t\t\t\t\t\t\t\t\t\t\t\t<\/div>\n\n\t\t\t\t\t\t\t\t\t\t\t\t\t\t\t\t\t\t\t\t\t\t\t\t\t<h5 class=\"h5-large margin-sixteenth-top\">Baldung in a nutshell: Wer und wann war Baldung?<\/h5>\n\t\t\t\t\t\t\t\t\t\t\t\t\t\t\t\t\t\t\t\t\t\t\t\t\t\t\t\t\t\t\t\t\t\t\t<\/a>\n\t\t\t\t\t\t\t\t\t\t<\/div>\n\t\t\t\t\t\t\t\t\t<\/div>\n\t\t\t\t\t\t\t\t\t\t\t\t\t\t\t\t\t<div class=\"rsContent\">\n\t\t\t\t\t\t\t\t\t\t<div class=\"block-related-list-item\">\n\t\t\t\t\t\t\t\t\t\t\t<a href=\"https:\/\/www.kunsthalle-karlsruhe.de\/baldung-in-a-nutshell\/gruen\/\" title=\"Baldung in a nutshell: Gr\u00fcn - \">\n\t\t\t\t\t\t\t\t\t\t\t\t<div class=\"box\">\n\t\t\t\t\t\t\t\t\t\t\t\t\t<div class=\"block-media-wrapper\">\n\t\t\t\t\t\t\t\t\t\t\t\t\t\t\t<div class=\"lazy-media\" id=\"media_69f11f02a044a\">\n\t\t<div class=\"lazy-media-wrapper\">\n\t\t\t<div class=\"lazy-media-copyright\">\n\t\t\t\t<div class=\"lazy-media-copyright-content\">\n\t\t\t\t\t\t\t\t\t\t\tKunstmuseum Basel, Bilddaten gemeinfrei\t\t\t\t\t\t\t\t\t<\/div>\n\t\t\t<\/div>\n\n\t\t\t<div class=\"height-container\"  style=\"padding-bottom:140.88541666667%;\">\n\t\t\t\t<script type=\"application\/json\" class=\"lazy-media-data\">\n\t\t\t\t{\n\t\t\t\t\"sizes\" : {\"thumbnail\":{\"file\":\"kunsthallekarlsruhe-nutshell-gruen-selbstbildnis-106x150.jpg\",\"width\":106,\"height\":150,\"mime-type\":\"image\\\/jpeg\"},\"medium\":{\"file\":\"kunsthallekarlsruhe-nutshell-gruen-selbstbildnis-213x300.jpg\",\"width\":213,\"height\":300,\"mime-type\":\"image\\\/jpeg\"},\"medium_large\":{\"file\":\"kunsthallekarlsruhe-nutshell-gruen-selbstbildnis-768x1082.jpg\",\"width\":768,\"height\":1082,\"mime-type\":\"image\\\/jpeg\"},\"large\":{\"file\":\"kunsthallekarlsruhe-nutshell-gruen-selbstbildnis-727x1024.jpg\",\"width\":727,\"height\":1024,\"mime-type\":\"image\\\/jpeg\"},\"mobile\":{\"file\":\"kunsthallekarlsruhe-nutshell-gruen-selbstbildnis-511x720.jpg\",\"width\":511,\"height\":720,\"mime-type\":\"image\\\/jpeg\"},\"hd\":{\"file\":\"kunsthallekarlsruhe-nutshell-gruen-selbstbildnis-909x1280.jpg\",\"width\":909,\"height\":1280,\"mime-type\":\"image\\\/jpeg\"},\"full\":{\"file\":\"kunsthallekarlsruhe-nutshell-gruen-selbstbildnis-1363x1920.jpg\",\"width\":1363,\"height\":1920,\"mime-type\":\"image\\\/jpeg\"},\"original\":{\"file\":\"kunsthallekarlsruhe-nutshell-gruen-selbstbildnis.jpg\",\"width\":1920,\"height\":2705}},\n\t\t\t\t\"path\" : \"\/wp-content\/uploads\/2019\/11\/\",\n\t\t\t\t\"video\" : \"\",\n\t\t\t\t\"autoplay\" : \"\",\n\t\t\t\t\"youtube\" : \"\"\n\t\t\t\t}\n\t\t\t\t<\/script>\n\n\t\t\t\t<div class=\"image-wrapper\" id=\"image_69f11f02a044b\">\n\t\t\t\t\t<img decoding=\"async\" src=\"\" alt=\"Abbildung des Werks &quot;Jugendliches Selbstbildnis&quot; von Hans Baldung Grien, entstanden um 1502. Der K&uuml;nstler tr&auml;gt einen mit pelzigen Hut.\" title=\"Hans Baldung Grien: Jugendliches Selbstbildnis, um 1501\/02\" \/>\n\t\t\t\t\t<noscript>\n\t\t\t\t\t\t<img decoding=\"async\" src=\"\/wp-content\/uploads\/2019\/11\/kunsthallekarlsruhe-nutshell-gruen-selbstbildnis.jpg\" alt=\"Abbildung des Werks &quot;Jugendliches Selbstbildnis&quot; von Hans Baldung Grien, entstanden um 1502. Der K&uuml;nstler tr&auml;gt einen mit pelzigen Hut.\" title=\"Hans Baldung Grien: Jugendliches Selbstbildnis, um 1501\/02\" \/>\n\t\t\t\t\t<\/noscript>\n\n\t\t\t\t\t\t\t\t\t<\/div>\n\n\t\t\t\t\t\t\t<\/div>\n\n\t\t\t\n\t\t\t\t\t<\/div>\n\t<\/div>\n\n\t\t\t\t\t\t\t\t\t\t\t\t\t<\/div>\n\t\t\t\t\t\t\t\t\t\t\t\t<\/div>\n\n\t\t\t\t\t\t\t\t\t\t\t\t\t\t\t\t\t\t\t\t\t\t\t\t\t<h5 class=\"h5-large margin-sixteenth-top\">Baldung in a nutshell: Gr\u00fcn<\/h5>\n\t\t\t\t\t\t\t\t\t\t\t\t\t\t\t\t\t\t\t\t\t\t\t\t\t\t\t\t\t\t\t\t\t\t\t<\/a>\n\t\t\t\t\t\t\t\t\t\t<\/div>\n\t\t\t\t\t\t\t\t\t<\/div>\n\t\t\t\t\t\t\t\t\t\t\t\t\t\t\t\t\t<div class=\"rsContent\">\n\t\t\t\t\t\t\t\t\t\t<div class=\"block-related-list-item\">\n\t\t\t\t\t\t\t\t\t\t\t<a href=\"https:\/\/www.kunsthalle-karlsruhe.de\/baldung-in-a-nutshell\/hexen\/\" title=\"Baldung in a nutshell: Hexen - \">\n\t\t\t\t\t\t\t\t\t\t\t\t<div class=\"box\">\n\t\t\t\t\t\t\t\t\t\t\t\t\t<div class=\"block-media-wrapper\">\n\t\t\t\t\t\t\t\t\t\t\t\t\t\t\t<div class=\"lazy-media\" id=\"media_69f11f02a0c89\">\n\t\t<div class=\"lazy-media-wrapper\">\n\t\t\t<div class=\"lazy-media-copyright\">\n\t\t\t\t<div class=\"lazy-media-copyright-content\">\n\t\t\t\t\t\t\t\t\t\t\t\u00a9 St\u00e4del Museum, Foto: U. Edelmann &#8211; ARTOTHEK\t\t\t\t\t\t\t\t\t<\/div>\n\t\t\t<\/div>\n\n\t\t\t<div class=\"height-container\"  style=\"padding-bottom:56.25%;\">\n\t\t\t\t<script type=\"application\/json\" class=\"lazy-media-data\">\n\t\t\t\t{\n\t\t\t\t\"sizes\" : {\"thumbnail\":{\"file\":\"kunsthallekarlsruhe-ausstellungen-hansbaldunggrien-zweihexen-150x84.jpg\",\"width\":150,\"height\":84,\"mime-type\":\"image\\\/jpeg\"},\"medium\":{\"file\":\"kunsthallekarlsruhe-ausstellungen-hansbaldunggrien-zweihexen-300x169.jpg\",\"width\":300,\"height\":169,\"mime-type\":\"image\\\/jpeg\"},\"medium_large\":{\"file\":\"kunsthallekarlsruhe-ausstellungen-hansbaldunggrien-zweihexen-768x432.jpg\",\"width\":768,\"height\":432,\"mime-type\":\"image\\\/jpeg\"},\"large\":{\"file\":\"kunsthallekarlsruhe-ausstellungen-hansbaldunggrien-zweihexen-1024x576.jpg\",\"width\":1024,\"height\":576,\"mime-type\":\"image\\\/jpeg\"},\"mobile\":{\"file\":\"kunsthallekarlsruhe-ausstellungen-hansbaldunggrien-zweihexen-720x405.jpg\",\"width\":720,\"height\":405,\"mime-type\":\"image\\\/jpeg\"},\"hd\":{\"file\":\"kunsthallekarlsruhe-ausstellungen-hansbaldunggrien-zweihexen-1280x720.jpg\",\"width\":1280,\"height\":720,\"mime-type\":\"image\\\/jpeg\"},\"full\":{\"file\":\"kunsthallekarlsruhe-ausstellungen-hansbaldunggrien-zweihexen-1920x1080.jpg\",\"width\":1920,\"height\":1080,\"mime-type\":\"image\\\/jpeg\"},\"original\":{\"file\":\"kunsthallekarlsruhe-ausstellungen-hansbaldunggrien-zweihexen.jpg\",\"width\":1920,\"height\":1080}},\n\t\t\t\t\"path\" : \"\/wp-content\/uploads\/2019\/02\/\",\n\t\t\t\t\"video\" : \"\",\n\t\t\t\t\"autoplay\" : \"\",\n\t\t\t\t\"youtube\" : \"\"\n\t\t\t\t}\n\t\t\t\t<\/script>\n\n\t\t\t\t<div class=\"image-wrapper\" id=\"image_69f11f02a0c8a\">\n\t\t\t\t\t<img decoding=\"async\" src=\"\" alt=\"Abbildung des Werks &quot;Zwei Hexen&quot; des K&uuml;nstlers Hans Baldung Grien. Es zeigt zwei nackte Frauen vor einem orangnen Hintergrund.\" title=\"Hans Baldung Grien: Zwei Hexen, 1523 &copy; St&auml;del Museum, Foto: U. Edelmann &amp;#8211; ARTOTHEK\" \/>\n\t\t\t\t\t<noscript>\n\t\t\t\t\t\t<img decoding=\"async\" src=\"\/wp-content\/uploads\/2019\/02\/kunsthallekarlsruhe-ausstellungen-hansbaldunggrien-zweihexen.jpg\" alt=\"Abbildung des Werks &quot;Zwei Hexen&quot; des K&uuml;nstlers Hans Baldung Grien. Es zeigt zwei nackte Frauen vor einem orangnen Hintergrund.\" title=\"Hans Baldung Grien: Zwei Hexen, 1523 &copy; St&auml;del Museum, Foto: U. Edelmann &amp;#8211; ARTOTHEK\" \/>\n\t\t\t\t\t<\/noscript>\n\n\t\t\t\t\t\t\t\t\t<\/div>\n\n\t\t\t\t\t\t\t<\/div>\n\n\t\t\t\n\t\t\t\t\t<\/div>\n\t<\/div>\n\n\t\t\t\t\t\t\t\t\t\t\t\t\t<\/div>\n\t\t\t\t\t\t\t\t\t\t\t\t<\/div>\n\n\t\t\t\t\t\t\t\t\t\t\t\t\t\t\t\t\t\t\t\t\t\t\t\t\t<h5 class=\"h5-large margin-sixteenth-top\">Baldung in a nutshell: Hexen<\/h5>\n\t\t\t\t\t\t\t\t\t\t\t\t\t\t\t\t\t\t\t\t\t\t\t\t\t\t\t\t\t\t\t\t\t\t\t<\/a>\n\t\t\t\t\t\t\t\t\t\t<\/div>\n\t\t\t\t\t\t\t\t\t<\/div>\n\t\t\t\t\t\t\t\t\t\t\t\t\t\t\t\t\t<div class=\"rsContent\">\n\t\t\t\t\t\t\t\t\t\t<div class=\"block-related-list-item\">\n\t\t\t\t\t\t\t\t\t\t\t<a href=\"https:\/\/www.kunsthalle-karlsruhe.de\/baldung-in-a-nutshell\/ugly-renaissance-babies\/\" title=\"Baldung in a nutshell: Ugly Renaissance Babies - \">\n\t\t\t\t\t\t\t\t\t\t\t\t<div class=\"box\">\n\t\t\t\t\t\t\t\t\t\t\t\t\t<div class=\"block-media-wrapper\">\n\t\t\t\t\t\t\t\t\t\t\t\t\t\t\t<div class=\"lazy-media\" id=\"media_69f11f02a1438\">\n\t\t<div class=\"lazy-media-wrapper\">\n\t\t\t<div class=\"lazy-media-copyright\">\n\t\t\t\t<div class=\"lazy-media-copyright-content\">\n\t\t\t\t\t\t\t\t\t\t\t<span class=\"lazy-media-copyright-content-empty\" aria-hidden=\"true\" style=\"pointer-events: none; user-select: none;\">&nbsp;<\/span>\n\t\t\t\t\t\t\t\t\t<\/div>\n\t\t\t<\/div>\n\n\t\t\t<div class=\"height-container\"  style=\"padding-bottom:133.80208333333%;\">\n\t\t\t\t<script type=\"application\/json\" class=\"lazy-media-data\">\n\t\t\t\t{\n\t\t\t\t\"sizes\" : {\"thumbnail\":{\"file\":\"kunsthallekarlsruhe-nutshell-grumpyjesus-112x150.jpg\",\"width\":112,\"height\":150,\"mime-type\":\"image\\\/jpeg\"},\"medium\":{\"file\":\"kunsthallekarlsruhe-nutshell-grumpyjesus-224x300.jpg\",\"width\":224,\"height\":300,\"mime-type\":\"image\\\/jpeg\"},\"medium_large\":{\"file\":\"kunsthallekarlsruhe-nutshell-grumpyjesus-768x1028.jpg\",\"width\":768,\"height\":1028,\"mime-type\":\"image\\\/jpeg\"},\"large\":{\"file\":\"kunsthallekarlsruhe-nutshell-grumpyjesus-765x1024.jpg\",\"width\":765,\"height\":1024,\"mime-type\":\"image\\\/jpeg\"},\"mobile\":{\"file\":\"kunsthallekarlsruhe-nutshell-grumpyjesus-538x720.jpg\",\"width\":538,\"height\":720,\"mime-type\":\"image\\\/jpeg\"},\"hd\":{\"file\":\"kunsthallekarlsruhe-nutshell-grumpyjesus-957x1280.jpg\",\"width\":957,\"height\":1280,\"mime-type\":\"image\\\/jpeg\"},\"full\":{\"file\":\"kunsthallekarlsruhe-nutshell-grumpyjesus-1435x1920.jpg\",\"width\":1435,\"height\":1920,\"mime-type\":\"image\\\/jpeg\"},\"original\":{\"file\":\"kunsthallekarlsruhe-nutshell-grumpyjesus.jpg\",\"width\":1920,\"height\":2569}},\n\t\t\t\t\"path\" : \"\/wp-content\/uploads\/2019\/11\/\",\n\t\t\t\t\"video\" : \"\",\n\t\t\t\t\"autoplay\" : \"\",\n\t\t\t\t\"youtube\" : \"\"\n\t\t\t\t}\n\t\t\t\t<\/script>\n\n\t\t\t\t<div class=\"image-wrapper\" id=\"image_69f11f02a1439\">\n\t\t\t\t\t<img decoding=\"async\" src=\"\" alt=\"Abbildung des Werks &quot;Geburt Christi&quot; von Hans Baldung Grien aus dem Jahr 1539. Maria und ein alter b&auml;rtiger Mann schauen in ein Buch. Unter ihnen liegt das Jesuskind und wird von zwei Engeln gehalten.\" title=\"Hans Baldung Grien: Geburt Christi, 1539\" \/>\n\t\t\t\t\t<noscript>\n\t\t\t\t\t\t<img decoding=\"async\" src=\"\/wp-content\/uploads\/2019\/11\/kunsthallekarlsruhe-nutshell-grumpyjesus.jpg\" alt=\"Abbildung des Werks &quot;Geburt Christi&quot; von Hans Baldung Grien aus dem Jahr 1539. Maria und ein alter b&auml;rtiger Mann schauen in ein Buch. Unter ihnen liegt das Jesuskind und wird von zwei Engeln gehalten.\" title=\"Hans Baldung Grien: Geburt Christi, 1539\" \/>\n\t\t\t\t\t<\/noscript>\n\n\t\t\t\t\t\t\t\t\t<\/div>\n\n\t\t\t\t\t\t\t<\/div>\n\n\t\t\t\n\t\t\t\t\t<\/div>\n\t<\/div>\n\n\t\t\t\t\t\t\t\t\t\t\t\t\t<\/div>\n\t\t\t\t\t\t\t\t\t\t\t\t<\/div>\n\n\t\t\t\t\t\t\t\t\t\t\t\t\t\t\t\t\t\t\t\t\t\t\t\t\t<h5 class=\"h5-large margin-sixteenth-top\">Baldung in a nutshell: Ugly Renaissance Babies<\/h5>\n\t\t\t\t\t\t\t\t\t\t\t\t\t\t\t\t\t\t\t\t\t\t\t\t\t\t\t\t\t\t\t\t\t\t\t<\/a>\n\t\t\t\t\t\t\t\t\t\t<\/div>\n\t\t\t\t\t\t\t\t\t<\/div>\n\t\t\t\t\t\t\t\t\t\t\t\t\t\t\t<\/div>\n\t\t\t\t\t\t<\/div>\n\t\t\t\t\t<\/div>\n\t\t\t\t<\/div>\n\t\t\t<\/div>\n\t\t<\/div>\n\t<\/section>","protected":false},"excerpt":{"rendered":"","protected":false},"author":7,"featured_media":12403,"parent":16641,"menu_order":0,"comment_status":"closed","ping_status":"closed","template":"","meta":{"_acf_changed":false,"_seopress_robots_primary_cat":"","_seopress_titles_title":"","_seopress_titles_desc":"","_seopress_robots_index":"","footnotes":""},"class_list":["post-16667","page","type-page","status-publish","has-post-thumbnail","hentry"],"acf":[],"_links":{"self":[{"href":"https:\/\/www.kunsthalle-karlsruhe.de\/fr\/wp-json\/wp\/v2\/pages\/16667","targetHints":{"allow":["GET"]}}],"collection":[{"href":"https:\/\/www.kunsthalle-karlsruhe.de\/fr\/wp-json\/wp\/v2\/pages"}],"about":[{"href":"https:\/\/www.kunsthalle-karlsruhe.de\/fr\/wp-json\/wp\/v2\/types\/page"}],"author":[{"embeddable":true,"href":"https:\/\/www.kunsthalle-karlsruhe.de\/fr\/wp-json\/wp\/v2\/users\/7"}],"replies":[{"embeddable":true,"href":"https:\/\/www.kunsthalle-karlsruhe.de\/fr\/wp-json\/wp\/v2\/comments?post=16667"}],"version-history":[{"count":2,"href":"https:\/\/www.kunsthalle-karlsruhe.de\/fr\/wp-json\/wp\/v2\/pages\/16667\/revisions"}],"predecessor-version":[{"id":17390,"href":"https:\/\/www.kunsthalle-karlsruhe.de\/fr\/wp-json\/wp\/v2\/pages\/16667\/revisions\/17390"}],"up":[{"embeddable":true,"href":"https:\/\/www.kunsthalle-karlsruhe.de\/fr\/wp-json\/wp\/v2\/pages\/16641"}],"wp:featuredmedia":[{"embeddable":true,"href":"https:\/\/www.kunsthalle-karlsruhe.de\/fr\/wp-json\/wp\/v2\/media\/12403"}],"wp:attachment":[{"href":"https:\/\/www.kunsthalle-karlsruhe.de\/fr\/wp-json\/wp\/v2\/media?parent=16667"}],"curies":[{"name":"wp","href":"https:\/\/api.w.org\/{rel}","templated":true}]}}