{"id":5335,"date":"2019-02-12T16:00:02","date_gmt":"2019-02-12T15:00:02","guid":{"rendered":"https:\/\/p511476.webspaceconfig.de\/?page_id=5335"},"modified":"2026-03-17T15:00:54","modified_gmt":"2026-03-17T14:00:54","slug":"startseite","status":"publish","type":"page","link":"https:\/\/www.kunsthalle-karlsruhe.de\/fr\/","title":{"rendered":"Accueil"},"content":{"rendered":"<section class=\"block block-header-home\"  data-visible=\"false\">\n    <div class=\"block-header-home-wrapper\">\n\t\t\n\t\t<div class=\"block-header-home-item autoplay-on\">\n\t\t\t<div class=\"block-header-home-item-wrapper\">\n\t\t\t\t<style type=\"text\/css\">#image_69f55cc47178b {\n        -webkit-filter: brightness(70%);\n        filter:url(\"data:image\/svg+xml;utf8,<svg xmlns='http:\/\/www.w3.org\/2000\/svg' ><filter id='bright70'><feComponentTransfer><feFuncR type='linear' slope='0.7'\/><feFuncG type='linear' slope='0.7' \/><feFuncB type='linear' slope='0.7' \/><\/feComponentTransfer><\/filter><\/svg>#bright70\");\n        filter:brightness(70%); }\n        <\/style>\n\t\t<div class=\"lazy-media background load-immediately media-video\" id=\"media_69f55cc47178c\">\n\t\t\t\n\t\t\t<script type=\"application\/json\" class=\"lazy-media-data\">\n\t\t\t\t{\n\t\t\t\t\t\"sizes\" : {\"medium\":{\"file\":\"kunsthallekarlsruhe-filmstill-zkm-300x169.jpg\",\"width\":300,\"height\":169,\"mime-type\":\"image\\\/jpeg\",\"filesize\":43604},\"large\":{\"file\":\"kunsthallekarlsruhe-filmstill-zkm-1024x577.jpg\",\"width\":1024,\"height\":577,\"mime-type\":\"image\\\/jpeg\",\"filesize\":351593},\"thumbnail\":{\"file\":\"kunsthallekarlsruhe-filmstill-zkm-150x84.jpg\",\"width\":150,\"height\":84,\"mime-type\":\"image\\\/jpeg\",\"filesize\":12526},\"medium_large\":{\"file\":\"kunsthallekarlsruhe-filmstill-zkm-768x433.jpg\",\"width\":768,\"height\":433,\"mime-type\":\"image\\\/jpeg\",\"filesize\":222822},\"mobile\":{\"file\":\"kunsthallekarlsruhe-filmstill-zkm-720x406.jpg\",\"width\":720,\"height\":406,\"mime-type\":\"image\\\/jpeg\",\"filesize\":200601},\"hd\":{\"file\":\"kunsthallekarlsruhe-filmstill-zkm-1280x721.jpg\",\"width\":1280,\"height\":721,\"mime-type\":\"image\\\/jpeg\",\"filesize\":497054},\"1536x1536\":{\"file\":\"kunsthallekarlsruhe-filmstill-zkm-1536x865.jpg\",\"width\":1536,\"height\":865,\"mime-type\":\"image\\\/jpeg\",\"filesize\":658931},\"original\":{\"file\":\"kunsthallekarlsruhe-filmstill-zkm.jpg\",\"width\":1857,\"height\":1046}},\n\t\t\t\t\t\"path\" : \"\/wp-content\/uploads\/2024\/11\/\",\n\t\t\t\t\t\"autoplay\" : \"https:\/\/www.kunsthalle-karlsruhe.de\/wp-content\/uploads\/2024\/11\/Teaser-KunsthalleAtZKM-Startseite-1.mp4\",\n\t\t\t\t\t\"focus\" : null,\n\t\t\t\t\t\"caption\" : false\t\t\t\t}\n\n\t\t\t<\/script>\n\n\t\t\t<div title=\"kunsthallekarlsruhe-filmstill-zkm\" class=\"image-wrapper\" id=\"image_69f55cc47178b\">\n\t\t\t\t<div class=\"image\" id=\"image_69f55cc47178b\"><\/div>\n\t\t\t\t\t\t\t\t\t<div class=\"autoplay-video\"><\/div>\n\t\t\t\t\t\t\t<\/div>\n\n\t\t\t<noscript>\n\t\t\t\t<img decoding=\"async\" src=\"\/wp-content\/uploads\/2024\/11\/kunsthallekarlsruhe-filmstill-zkm.jpg\" alt=\"Die Abbildung ist ein Filmstill aus dem Trailer der Ausstellung KunsthalleKarlsruhe@ZKM. Zu sehen ist der Eingang des Hallenbaus.\" title=\"kunsthallekarlsruhe-filmstill-zkm\" \/>\n\t\t\t<\/noscript>\n\t\t<\/div>\n\n\t\t\n\t\t\t\t<div class=\"block-header-home-item-caption\">\n\t\t\t\t\t<div class=\"container-fluid\">\n\t\t\t\t\t\t<div class=\"row\">\n\t\t\t\t\t\t\t<div class=\"col-xs\"><\/div>\n\t\t\t\t\t\t<\/div>\n\t\t\t\t\t<\/div>\n\t\t\t\t<\/div>\n\t\t\t<\/div>\n\t\t<\/div>\n\n\t \t    <\/div>\n\n\t<div class=\"block-header-home-copy-container\">\n\t\t\n\t\t\t\t<div class=\"block-header-home-copy\">\n\t\t\t\t\t<div class=\"block-header-home-copy-wrapper\">\n\n\t\t\t\t\t\t<div class=\"container-fluid\">\n\t\t\t\t\t\t\t\t\t\t\t\t\t\t<a href=\"https:\/\/www.kunsthalle-karlsruhe.de\/fr\/exposition\/\" title=\"Rencontres avec la Kunsthalle Karlsruhe - Un mus\u00e9e, plusieurs lieux.\" target=\"_blank\" >\n\t\t\t\t\t\t\t\t\t\t\t\t\t\t<div class=\"row col-xs-direction-reverse col-md-direction\">\n\t\t\t\t\t\t\t\t<div class=\"col-xs-12 col-md-3\">\n\t\t\t\t\t\t\t\t\t<div class=\"box fs-md-30-36 fs-xs-18-24\">\n\t\t\t\t\t\t\t\t\t\t<div class=\"block-header-exhibition-date-border web-view\"><\/div>\n\t\t\t\t\t\t\t\t\t\t\t\t\t\t\t\t\t\t\t<\/div>\n\t\t\t\t\t\t\t\t<\/div>\n\n\t\t\t\t\t\t\t\t<div class=\"col-xs-12 col-md-9\">\n\t\t\t\t\t\t\t\t\t<div class=\"box\">\n\t\t\t\t\t\t\t\t\t\t<div class=\"h6 fs-md-22-32 fs-xs-18-24\">Rencontres avec la Kunsthalle Karlsruhe<\/div>\n\t\t\t\t\t\t\t\t\t\t<h1 class=\"font-regular fs-md-115-120 fs-xs-50-58\">Un mus\u00e9e, plusieurs lieux.<\/h1>\n\t\t\t\t\t\t\t\t\t\t<div class=\"editor fs-md-30-36 fs-xs-18-24\">\n\t\t\t\t\t\t\t\t\t\t\t<p><br data-mce-bogus=\"1\"><\/p>\n\t\t\t\t\t\t\t\t\t\t<\/div>\n\t\t\t\t\t\t\t\t\t<\/div>\n\t\t\t\t\t\t\t\t<\/div>\n\t\t\t\t\t\t\t<\/div>\n\t\t\t\t\t\t\t\t\t\t\t\t\t\t<\/a>\n\t\t\t\t\t\t\t\t\t\t\t\t\t<\/div>\n\n\t\t\t\t\t<\/div>\n\t\t\t\t<\/div>\n\t\t\t\t<\/div>\n<\/section>\n\n\n<div class=\"block-teaser-home small\" >\n    <div class=\"block-teaser-home-wrapper text-align-center\">\n\n                    <a href=\"https:\/\/www.kunsthalle-karlsruhe.de\/fr\/angebot\/ein-museum-viele-sprachen\/\" target=\"_blank\" >\n            \n            \t<div class=\"lazy-media\" id=\"media_69f55cc473046\">\n\t\t<div class=\"lazy-media-wrapper\">\n\t\t\t<div class=\"lazy-media-copyright\">\n\t\t\t\t<div class=\"lazy-media-copyright-content\">\n\t\t\t\t\t\t\t\t\t\t\t<span class=\"lazy-media-copyright-content-empty\" aria-hidden=\"true\" style=\"pointer-events: none; user-select: none;\">&nbsp;<\/span>\n\t\t\t\t\t\t\t\t\t<\/div>\n\t\t\t<\/div>\n\n\t\t\t<div class=\"height-container\"  style=\"padding-bottom:66.666666666667%;\">\n\t\t\t\t<script type=\"application\/json\" class=\"lazy-media-data\">\n\t\t\t\t{\n\t\t\t\t\"sizes\" : {\"medium\":{\"file\":\"kunsthallekarlsruhe-besucherinnen-300x200.jpg\",\"width\":300,\"height\":200,\"mime-type\":\"image\\\/jpeg\",\"filesize\":69645},\"large\":{\"file\":\"kunsthallekarlsruhe-besucherinnen-1024x683.jpg\",\"width\":1024,\"height\":683,\"mime-type\":\"image\\\/jpeg\",\"filesize\":475801},\"thumbnail\":{\"file\":\"kunsthallekarlsruhe-besucherinnen-150x100.jpg\",\"width\":150,\"height\":100,\"mime-type\":\"image\\\/jpeg\",\"filesize\":29252},\"medium_large\":{\"file\":\"kunsthallekarlsruhe-besucherinnen-768x512.jpg\",\"width\":768,\"height\":512,\"mime-type\":\"image\\\/jpeg\",\"filesize\":301070},\"mobile\":{\"file\":\"kunsthallekarlsruhe-besucherinnen-720x480.jpg\",\"width\":720,\"height\":480,\"mime-type\":\"image\\\/jpeg\",\"filesize\":263617},\"original\":{\"file\":\"kunsthallekarlsruhe-besucherinnen.jpg\",\"width\":1080,\"height\":720}},\n\t\t\t\t\"path\" : \"\/wp-content\/uploads\/2024\/05\/\",\n\t\t\t\t\"video\" : \"\",\n\t\t\t\t\"autoplay\" : \"\",\n\t\t\t\t\"youtube\" : \"\"\n\t\t\t\t}\n\t\t\t\t<\/script>\n\n\t\t\t\t<div class=\"image-wrapper\" id=\"image_69f55cc473047\">\n\t\t\t\t\t<img decoding=\"async\" src=\"\" alt=\"Besucher*innen bewegen sich vor Kunstwerken in der Ausstellung &quot;KunsthalleKarlsruhe@ZKM&quot;\" title=\"kunsthallekarlsruhe-besucherinnen\" \/>\n\t\t\t\t\t<noscript>\n\t\t\t\t\t\t<img decoding=\"async\" src=\"\/wp-content\/uploads\/2024\/05\/kunsthallekarlsruhe-besucherinnen.jpg\" alt=\"Besucher*innen bewegen sich vor Kunstwerken in der Ausstellung &quot;KunsthalleKarlsruhe@ZKM&quot;\" title=\"kunsthallekarlsruhe-besucherinnen\" \/>\n\t\t\t\t\t<\/noscript>\n\n\t\t\t\t\t\t\t\t\t<\/div>\n\n\t\t\t\t\t\t\t<\/div>\n\n\t\t\t\n\t\t\t\t\t<\/div>\n\t<\/div>\n\n\n                            <h3  class=\"h3 margin-sixteenth-top\" >Visites en fran\u00e7ais<\/h3>                                        <h5 class=\"fs-xs-18-24 fs-md-22-32 editor\"><p>D\u00e9couvrez nos \u0153uvres phares et expositions \u00e0 la Kunsthalle du ZKM et \u00e0 l\u2019Orangerie, et participez \u00e0 des visites en fran\u00e7ais.<\/p>\n<\/h5>\n                                        <span class=\"button standard\" aria-hidden=\"true\">En savoir plus<\/span>\n            \n                        <\/a>\n            <\/div>\n<\/div>\n\n\n<div class=\"block-teaser-home small\" >\n    <div class=\"block-teaser-home-wrapper text-align-center\">\n\n                    <a href=\"https:\/\/www.kunsthalle-karlsruhe.de\/fr\/digital-2\/\" target=\"_blank\" >\n            \n            \t<div class=\"lazy-media\" id=\"media_69f55cc47391d\">\n\t\t<div class=\"lazy-media-wrapper\">\n\t\t\t<div class=\"lazy-media-copyright\">\n\t\t\t\t<div class=\"lazy-media-copyright-content\">\n\t\t\t\t\t\t\t\t\t\t\t<span class=\"lazy-media-copyright-content-empty\" aria-hidden=\"true\" style=\"pointer-events: none; user-select: none;\">&nbsp;<\/span>\n\t\t\t\t\t\t\t\t\t<\/div>\n\t\t\t<\/div>\n\n\t\t\t<div class=\"height-container\"  style=\"padding-bottom:56.25%;\">\n\t\t\t\t<script type=\"application\/json\" class=\"lazy-media-data\">\n\t\t\t\t{\n\t\t\t\t\"sizes\" : {\"thumbnail\":{\"file\":\"kunsthallekarlsruhe-digital-1-150x84.jpg\",\"width\":150,\"height\":84,\"mime-type\":\"image\\\/jpeg\"},\"medium\":{\"file\":\"kunsthallekarlsruhe-digital-1-300x169.jpg\",\"width\":300,\"height\":169,\"mime-type\":\"image\\\/jpeg\"},\"medium_large\":{\"file\":\"kunsthallekarlsruhe-digital-1-768x432.jpg\",\"width\":768,\"height\":432,\"mime-type\":\"image\\\/jpeg\"},\"large\":{\"file\":\"kunsthallekarlsruhe-digital-1-1024x576.jpg\",\"width\":1024,\"height\":576,\"mime-type\":\"image\\\/jpeg\"},\"mobile\":{\"file\":\"kunsthallekarlsruhe-digital-1-720x405.jpg\",\"width\":720,\"height\":405,\"mime-type\":\"image\\\/jpeg\"},\"hd\":{\"file\":\"kunsthallekarlsruhe-digital-1-1280x720.jpg\",\"width\":1280,\"height\":720,\"mime-type\":\"image\\\/jpeg\"},\"full\":{\"file\":\"kunsthallekarlsruhe-digital-1-1920x1080.jpg\",\"width\":1920,\"height\":1080,\"mime-type\":\"image\\\/jpeg\"},\"original\":{\"file\":\"kunsthallekarlsruhe-digital-1.jpg\",\"width\":1920,\"height\":1080}},\n\t\t\t\t\"path\" : \"\/wp-content\/uploads\/2019\/06\/\",\n\t\t\t\t\"video\" : \"\",\n\t\t\t\t\"autoplay\" : \"\",\n\t\t\t\t\"youtube\" : \"\"\n\t\t\t\t}\n\t\t\t\t<\/script>\n\n\t\t\t\t<div class=\"image-wrapper\" id=\"image_69f55cc47391e\">\n\t\t\t\t\t<img decoding=\"async\" src=\"\" alt=\"Foto einer Besucherin, die mit Smartphone die Kunsthalle entdeckt\" title=\"kunsthallekarlsruhe-digital\" \/>\n\t\t\t\t\t<noscript>\n\t\t\t\t\t\t<img decoding=\"async\" src=\"\/wp-content\/uploads\/2019\/06\/kunsthallekarlsruhe-digital-1.jpg\" alt=\"Foto einer Besucherin, die mit Smartphone die Kunsthalle entdeckt\" title=\"kunsthallekarlsruhe-digital\" \/>\n\t\t\t\t\t<\/noscript>\n\n\t\t\t\t\t\t\t\t\t<\/div>\n\n\t\t\t\t\t\t\t<\/div>\n\n\t\t\t\n\t\t\t\t\t<\/div>\n\t<\/div>\n\n\n                            <h3  class=\"h3 margin-sixteenth-top\" >Kunsthalle num\u00e9rique<\/h3>                                        <h5 class=\"fs-xs-18-24 fs-md-22-32 editor\"><p>Une grande vari\u00e9t\u00e9 de propositions vous invite \u00e0 d\u00e9couvrir la Kunsthalle et sa collection en ligne et compl\u00e8te les expositions du ZKM, de la Junge Kunsthalle et de l\u2019Orangerie.<\/p>\n<\/h5>\n                                        <span class=\"button standard\" aria-hidden=\"true\">En savoir plus<\/span>\n            \n                        <\/a>\n            <\/div>\n<\/div>\n\n\n<div class=\"block-teaser-home small\" >\n    <div class=\"block-teaser-home-wrapper text-align-center\">\n\n                    <a href=\"https:\/\/www.kunsthalle-karlsruhe.de\/fr\/kunsthalle\/avenir-structurel\/\" target=\"_blank\" >\n            \n            \t<div class=\"lazy-media\" id=\"media_69f55cc4742d1\">\n\t\t<div class=\"lazy-media-wrapper\">\n\t\t\t<div class=\"lazy-media-copyright\">\n\t\t\t\t<div class=\"lazy-media-copyright-content\">\n\t\t\t\t\t\t\t\t\t\t\t<span class=\"lazy-media-copyright-content-empty\" aria-hidden=\"true\" style=\"pointer-events: none; user-select: none;\">&nbsp;<\/span>\n\t\t\t\t\t\t\t\t\t<\/div>\n\t\t\t<\/div>\n\n\t\t\t<div class=\"height-container\"  style=\"padding-bottom:58.333333333333%;\">\n\t\t\t\t<script type=\"application\/json\" class=\"lazy-media-data\">\n\t\t\t\t{\n\t\t\t\t\"sizes\" : {\"medium\":{\"file\":\"Kunsthalle-Karslruhe_Perspektive_Innenhof_Staab-Architekten-fr-300x175.jpg\",\"width\":300,\"height\":175,\"mime-type\":\"image\\\/jpeg\",\"filesize\":81019},\"large\":{\"file\":\"Kunsthalle-Karslruhe_Perspektive_Innenhof_Staab-Architekten-fr-1024x597.jpg\",\"width\":1024,\"height\":597,\"mime-type\":\"image\\\/jpeg\",\"filesize\":720491},\"thumbnail\":{\"file\":\"Kunsthalle-Karslruhe_Perspektive_Innenhof_Staab-Architekten-fr-150x88.jpg\",\"width\":150,\"height\":88,\"mime-type\":\"image\\\/jpeg\",\"filesize\":33104},\"medium_large\":{\"file\":\"Kunsthalle-Karslruhe_Perspektive_Innenhof_Staab-Architekten-fr-768x448.jpg\",\"width\":768,\"height\":448,\"mime-type\":\"image\\\/jpeg\",\"filesize\":409250},\"1536x1536\":{\"file\":\"Kunsthalle-Karslruhe_Perspektive_Innenhof_Staab-Architekten-fr-1536x896.jpg\",\"width\":1536,\"height\":896,\"mime-type\":\"image\\\/jpeg\",\"filesize\":1568251},\"original\":{\"file\":\"Kunsthalle-Karslruhe_Perspektive_Innenhof_Staab-Architekten-fr.jpg\",\"width\":1920,\"height\":1120}},\n\t\t\t\t\"path\" : \"\/wp-content\/uploads\/2025\/08\/\",\n\t\t\t\t\"video\" : \"\",\n\t\t\t\t\"autoplay\" : \"\",\n\t\t\t\t\"youtube\" : \"\"\n\t\t\t\t}\n\t\t\t\t<\/script>\n\n\t\t\t\t<div class=\"image-wrapper\" id=\"image_69f55cc4742d2\">\n\t\t\t\t\t<img decoding=\"async\" src=\"\" alt=\"Visualization of the new inner courtyard of the Staatliche Kunsthalle Karlsruhe. A bright, open space with a glass roof connects historic brick fa&ccedil;ades with modern white interior structures. People move through the foyer, sit at the caf&eacute; counter, or speak with the reception staff.\" title=\"Kunsthalle Karslruhe_Perspektive_Innenhof_Staab Architekten &amp;#8211; fr\" \/>\n\t\t\t\t\t<noscript>\n\t\t\t\t\t\t<img decoding=\"async\" src=\"\/wp-content\/uploads\/2025\/08\/Kunsthalle-Karslruhe_Perspektive_Innenhof_Staab-Architekten-fr.jpg\" alt=\"Visualization of the new inner courtyard of the Staatliche Kunsthalle Karlsruhe. A bright, open space with a glass roof connects historic brick fa&ccedil;ades with modern white interior structures. People move through the foyer, sit at the caf&eacute; counter, or speak with the reception staff.\" title=\"Kunsthalle Karslruhe_Perspektive_Innenhof_Staab Architekten &amp;#8211; fr\" \/>\n\t\t\t\t\t<\/noscript>\n\n\t\t\t\t\t\t\t\t\t<\/div>\n\n\t\t\t\t\t\t\t<\/div>\n\n\t\t\t\n\t\t\t\t\t<\/div>\n\t<\/div>\n\n\n                            <h3  class=\"h3 margin-sixteenth-top\" >L\u2019avenir de la Kunsthalle<\/h3>                                        <h5 class=\"fs-xs-18-24 fs-md-22-32 editor\"><p>Le b\u00e2timent principal de la Kunsthalle est actuellement en cours de r\u00e9novation. Vous trouverez ici les derni\u00e8res informations sur le projet ainsi que des d\u00e9tails sur l\u2019avenir de la Kunsthalle.<\/p>\n<\/h5>\n                                        <span class=\"button standard\" aria-hidden=\"true\">En savoir plus<\/span>\n            \n                        <\/a>\n            <\/div>\n<\/div>\n\n<section class=\"block block-headline block-margin-remove\" >\n    <div class=\"container-fluid\">\n        <div class=\"row center-sm\">\n                            <div class=\"col-xs-12 col-sm-12\" style=\"text-align: center\">\n                    <div class=\"box\">\n                                                    <div  class=\"h6 h6 margin-zero-bottom font-regular color-highlight fs-md-22-32 fs-xs-18-24\" >R\u00e9sum\u00e9<\/div>                                                <h2  class=\"h2\" ><p>La Kunsthalle de Karlsruhe compte parmi les principaux et les plus anciens mus\u00e9es d\u2019Allemagne.<\/p>\n<\/h2>                    <\/div>\n                <\/div>\n                    <\/div>\n    <\/div>\n<\/section>\n\n\n<section class=\"block block-collection-highlights\" >\n    <div class=\"block-collection-highlights-wrapper\">\n        <div class=\"block-collection-highlights-image\">\n            <img decoding=\"async\" src=\"https:\/\/www.kunsthalle-karlsruhe.de\/wp-content\/uploads\/2019\/03\/Sammlung-Header.jpg\" \/>\n        <\/div>\n\n        <div class=\"block-collection-highlights-wrapper-content\">\n            <div class=\"container-fluid\">\n                <div class=\"row center-xs\">\n                    <div class=\"col-xs col-sm-8 text-align-center\">\n                                                                            <h1  >Bienvenue dans la collection num\u00e9rique<\/h1>                                                            <div>\n                <a href=\"https:\/\/www.kunsthalle-karlsruhe.de\/fr\/sammlung\/\" title=\"Collection\" class=\"button   button-highlight button-invert\" target=\"_self\" >\n                                        <span>Collection<\/span>\n                <\/a>\n                <\/div>\n    \n\n                        <\/div>\n                <\/div>\n                                                                <\/div>\n        <\/div>\n    <\/div>\n<\/section>\n\n<section class=\"block block-teaser-list-with-icon\">\n        <div class=\"container-fluid\">\n        <div class=\"row center-xs\">\n            \n                <div class=\"col-xs-8 col-sm-3 block-teaser-list-with-icon-item\">\n                                            <a href=\"https:\/\/de-de.facebook.com\/KunsthalleKa\/\" title=\"Facebook\" target=\"_blank\" onclick='return linkWarning(event,this)'>\n                                                <div class=\"block-teaser-list-with-icon-item-background\">\n                            <style type=\"text\/css\">#image_69f55cc4758da {\n        -webkit-filter: brightness(65%);\n        filter:url(\"data:image\/svg+xml;utf8,<svg xmlns='http:\/\/www.w3.org\/2000\/svg' ><filter id='bright65'><feComponentTransfer><feFuncR type='linear' slope='0.65'\/><feFuncG type='linear' slope='0.65' \/><feFuncB type='linear' slope='0.65' \/><\/feComponentTransfer><\/filter><\/svg>#bright65\");\n        filter:brightness(65%); }\n        <\/style>\t<div class=\"lazy-media\" id=\"media_69f55cc4758d9\">\n\t\t<div class=\"lazy-media-wrapper\">\n\t\t\t<div class=\"lazy-media-copyright\">\n\t\t\t\t<div class=\"lazy-media-copyright-content\">\n\t\t\t\t\t\t\t\t\t\t\t<span class=\"lazy-media-copyright-content-empty\" aria-hidden=\"true\" style=\"pointer-events: none; user-select: none;\">&nbsp;<\/span>\n\t\t\t\t\t\t\t\t\t<\/div>\n\t\t\t<\/div>\n\n\t\t\t<div class=\"height-container\"  style=\"padding-bottom:69.69696969697%;\">\n\t\t\t\t<script type=\"application\/json\" class=\"lazy-media-data\">\n\t\t\t\t{\n\t\t\t\t\"sizes\" : {\"thumbnail\":{\"file\":\"kunsthallekarlsruhe-facebook-150x105.jpg\",\"width\":150,\"height\":105,\"mime-type\":\"image\\\/jpeg\"},\"medium\":{\"file\":\"kunsthallekarlsruhe-facebook-300x209.jpg\",\"width\":300,\"height\":209,\"mime-type\":\"image\\\/jpeg\"},\"medium_large\":{\"file\":\"kunsthallekarlsruhe-facebook-768x535.jpg\",\"width\":768,\"height\":535,\"mime-type\":\"image\\\/jpeg\"},\"large\":{\"file\":\"kunsthallekarlsruhe-facebook-1024x714.jpg\",\"width\":1024,\"height\":714,\"mime-type\":\"image\\\/jpeg\"},\"mobile\":{\"file\":\"kunsthallekarlsruhe-facebook-720x502.jpg\",\"width\":720,\"height\":502,\"mime-type\":\"image\\\/jpeg\"},\"hd\":{\"file\":\"kunsthallekarlsruhe-facebook-1280x892.jpg\",\"width\":1280,\"height\":892,\"mime-type\":\"image\\\/jpeg\"},\"full\":{\"file\":\"kunsthallekarlsruhe-facebook-1920x1338.jpg\",\"width\":1920,\"height\":1338,\"mime-type\":\"image\\\/jpeg\"},\"original\":{\"file\":\"kunsthallekarlsruhe-facebook.jpg\",\"width\":1980,\"height\":1380}},\n\t\t\t\t\"path\" : \"\/wp-content\/uploads\/2019\/06\/\",\n\t\t\t\t\"video\" : \"\",\n\t\t\t\t\"autoplay\" : \"\",\n\t\t\t\t\"youtube\" : \"\"\n\t\t\t\t}\n\t\t\t\t<\/script>\n\n\t\t\t\t<div class=\"image-wrapper\" id=\"image_69f55cc4758da\">\n\t\t\t\t\t<img decoding=\"async\" src=\"\" alt=\"Foto von mehreren Personen, die ein C&eacute;zanne-Gem&auml;lde an die Wand h&auml;ngen\" title=\"Einblicke in die Ausstellungsvorbereitung gibt es bei Facebook\" \/>\n\t\t\t\t\t<noscript>\n\t\t\t\t\t\t<img decoding=\"async\" src=\"\/wp-content\/uploads\/2019\/06\/kunsthallekarlsruhe-facebook.jpg\" alt=\"Foto von mehreren Personen, die ein C&eacute;zanne-Gem&auml;lde an die Wand h&auml;ngen\" title=\"Einblicke in die Ausstellungsvorbereitung gibt es bei Facebook\" \/>\n\t\t\t\t\t<\/noscript>\n\n\t\t\t\t\t\t\t\t\t<\/div>\n\n\t\t\t\t\t\t\t<\/div>\n\n\t\t\t\n\t\t\t\t\t<\/div>\n\t<\/div>\n\n                        <\/div>\n\n                        <div class=\"box\">\n                                                                                            <img decoding=\"async\" alt=\"Einblicke in die Ausstellungsvorbereitung gibt es bei Facebook\" src=\"https:\/\/www.kunsthalle-karlsruhe.de\/wp-content\/uploads\/2019\/06\/facebook-logo.svg\" \/>\n                                                        <h6 class=\"copy editor font-bold\">Facebook<\/h6>\n                        <\/div>\n                                                <\/a>\n                                    <\/div>\n            \n                <div class=\"col-xs-8 col-sm-3 block-teaser-list-with-icon-item\">\n                                            <a href=\"https:\/\/www.instagram.com\/kunsthalle_ka\/?hl=de\" title=\"Instagram\" target=\"_blank\" onclick='return linkWarning(event,this)'>\n                                                <div class=\"block-teaser-list-with-icon-item-background\">\n                            <style type=\"text\/css\">#image_69f55cc475f43 {\n        -webkit-filter: brightness(65%);\n        filter:url(\"data:image\/svg+xml;utf8,<svg xmlns='http:\/\/www.w3.org\/2000\/svg' ><filter id='bright65'><feComponentTransfer><feFuncR type='linear' slope='0.65'\/><feFuncG type='linear' slope='0.65' \/><feFuncB type='linear' slope='0.65' \/><\/feComponentTransfer><\/filter><\/svg>#bright65\");\n        filter:brightness(65%); }\n        <\/style>\t<div class=\"lazy-media\" id=\"media_69f55cc475f42\">\n\t\t<div class=\"lazy-media-wrapper\">\n\t\t\t<div class=\"lazy-media-copyright\">\n\t\t\t\t<div class=\"lazy-media-copyright-content\">\n\t\t\t\t\t\t\t\t\t\t\t<span class=\"lazy-media-copyright-content-empty\" aria-hidden=\"true\" style=\"pointer-events: none; user-select: none;\">&nbsp;<\/span>\n\t\t\t\t\t\t\t\t\t<\/div>\n\t\t\t<\/div>\n\n\t\t\t<div class=\"height-container\"  style=\"padding-bottom:71.438645980254%;\">\n\t\t\t\t<script type=\"application\/json\" class=\"lazy-media-data\">\n\t\t\t\t{\n\t\t\t\t\"sizes\" : {\"thumbnail\":{\"file\":\"kunsthallekarlsruhe-instagram-150x107.jpg\",\"width\":150,\"height\":107,\"mime-type\":\"image\\\/jpeg\"},\"medium\":{\"file\":\"kunsthallekarlsruhe-instagram-300x214.jpg\",\"width\":300,\"height\":214,\"mime-type\":\"image\\\/jpeg\"},\"medium_large\":{\"file\":\"kunsthallekarlsruhe-instagram-768x549.jpg\",\"width\":768,\"height\":549,\"mime-type\":\"image\\\/jpeg\"},\"large\":{\"file\":\"kunsthallekarlsruhe-instagram-1024x732.jpg\",\"width\":1024,\"height\":732,\"mime-type\":\"image\\\/jpeg\"},\"mobile\":{\"file\":\"kunsthallekarlsruhe-instagram-720x514.jpg\",\"width\":720,\"height\":514,\"mime-type\":\"image\\\/jpeg\"},\"hd\":{\"file\":\"kunsthallekarlsruhe-instagram-1280x914.jpg\",\"width\":1280,\"height\":914,\"mime-type\":\"image\\\/jpeg\"},\"original\":{\"file\":\"kunsthallekarlsruhe-instagram.jpg\",\"width\":1418,\"height\":1013}},\n\t\t\t\t\"path\" : \"\/wp-content\/uploads\/2019\/06\/\",\n\t\t\t\t\"video\" : \"\",\n\t\t\t\t\"autoplay\" : \"\",\n\t\t\t\t\"youtube\" : \"\"\n\t\t\t\t}\n\t\t\t\t<\/script>\n\n\t\t\t\t<div class=\"image-wrapper\" id=\"image_69f55cc475f43\">\n\t\t\t\t\t<img decoding=\"async\" src=\"\" alt=\"Foto einer Instagrammerin in den Ausstellung. Sie fotografiert mit ihrem Smartphone den Ausstellungsraum. sr&auml;umen der Kunsthalle\" title=\"Foto und &copy;: Bruno Kelzer | kelzer.de\" \/>\n\t\t\t\t\t<noscript>\n\t\t\t\t\t\t<img decoding=\"async\" src=\"\/wp-content\/uploads\/2019\/06\/kunsthallekarlsruhe-instagram.jpg\" alt=\"Foto einer Instagrammerin in den Ausstellung. Sie fotografiert mit ihrem Smartphone den Ausstellungsraum. sr&auml;umen der Kunsthalle\" title=\"Foto und &copy;: Bruno Kelzer | kelzer.de\" \/>\n\t\t\t\t\t<\/noscript>\n\n\t\t\t\t\t\t\t\t\t<\/div>\n\n\t\t\t\t\t\t\t<\/div>\n\n\t\t\t\n\t\t\t\t\t<\/div>\n\t<\/div>\n\n                        <\/div>\n\n                        <div class=\"box\">\n                                                                                            <img decoding=\"async\" alt=\"Foto und &copy;: Bruno Kelzer | kelzer.de\" src=\"https:\/\/www.kunsthalle-karlsruhe.de\/wp-content\/uploads\/2019\/06\/instagram-logo.svg\" \/>\n                                                        <h6 class=\"copy editor font-bold\">Instagram<\/h6>\n                        <\/div>\n                                                <\/a>\n                                    <\/div>\n            \n                <div class=\"col-xs-8 col-sm-3 block-teaser-list-with-icon-item\">\n                                            <a href=\"https:\/\/www.youtube.com\/user\/KunsthalleKarlsruhe\" title=\"YouTube\" target=\"_blank\" onclick='return linkWarning(event,this)'>\n                                                <div class=\"block-teaser-list-with-icon-item-background\">\n                            <style type=\"text\/css\">#image_69f55cc476488 {\n        -webkit-filter: brightness(65%);\n        filter:url(\"data:image\/svg+xml;utf8,<svg xmlns='http:\/\/www.w3.org\/2000\/svg' ><filter id='bright65'><feComponentTransfer><feFuncR type='linear' slope='0.65'\/><feFuncG type='linear' slope='0.65' \/><feFuncB type='linear' slope='0.65' \/><\/feComponentTransfer><\/filter><\/svg>#bright65\");\n        filter:brightness(65%); }\n        <\/style>\t<div class=\"lazy-media\" id=\"media_69f55cc476487\">\n\t\t<div class=\"lazy-media-wrapper\">\n\t\t\t<div class=\"lazy-media-copyright\">\n\t\t\t\t<div class=\"lazy-media-copyright-content\">\n\t\t\t\t\t\t\t\t\t\t\t<span class=\"lazy-media-copyright-content-empty\" aria-hidden=\"true\" style=\"pointer-events: none; user-select: none;\">&nbsp;<\/span>\n\t\t\t\t\t\t\t\t\t<\/div>\n\t\t\t<\/div>\n\n\t\t\t<div class=\"height-container\"  style=\"padding-bottom:69.69696969697%;\">\n\t\t\t\t<script type=\"application\/json\" class=\"lazy-media-data\">\n\t\t\t\t{\n\t\t\t\t\"sizes\" : {\"thumbnail\":{\"file\":\"kunsthallekarlsruhe-youtube-150x105.jpg\",\"width\":150,\"height\":105,\"mime-type\":\"image\\\/jpeg\"},\"medium\":{\"file\":\"kunsthallekarlsruhe-youtube-300x209.jpg\",\"width\":300,\"height\":209,\"mime-type\":\"image\\\/jpeg\"},\"medium_large\":{\"file\":\"kunsthallekarlsruhe-youtube-768x535.jpg\",\"width\":768,\"height\":535,\"mime-type\":\"image\\\/jpeg\"},\"large\":{\"file\":\"kunsthallekarlsruhe-youtube-1024x714.jpg\",\"width\":1024,\"height\":714,\"mime-type\":\"image\\\/jpeg\"},\"mobile\":{\"file\":\"kunsthallekarlsruhe-youtube-720x502.jpg\",\"width\":720,\"height\":502,\"mime-type\":\"image\\\/jpeg\"},\"hd\":{\"file\":\"kunsthallekarlsruhe-youtube-1280x892.jpg\",\"width\":1280,\"height\":892,\"mime-type\":\"image\\\/jpeg\"},\"full\":{\"file\":\"kunsthallekarlsruhe-youtube-1920x1338.jpg\",\"width\":1920,\"height\":1338,\"mime-type\":\"image\\\/jpeg\"},\"original\":{\"file\":\"kunsthallekarlsruhe-youtube.jpg\",\"width\":1980,\"height\":1380}},\n\t\t\t\t\"path\" : \"\/wp-content\/uploads\/2019\/06\/\",\n\t\t\t\t\"video\" : \"\",\n\t\t\t\t\"autoplay\" : \"\",\n\t\t\t\t\"youtube\" : \"\"\n\t\t\t\t}\n\t\t\t\t<\/script>\n\n\t\t\t\t<div class=\"image-wrapper\" id=\"image_69f55cc476488\">\n\t\t\t\t\t<img decoding=\"async\" src=\"\" alt=\"Filmstill aus einem YouTubeTrailer der Kunsthalle zur Scully-Ausstellung\" title=\"kunsthallekarlsruhe-youtube\" \/>\n\t\t\t\t\t<noscript>\n\t\t\t\t\t\t<img decoding=\"async\" src=\"\/wp-content\/uploads\/2019\/06\/kunsthallekarlsruhe-youtube.jpg\" alt=\"Filmstill aus einem YouTubeTrailer der Kunsthalle zur Scully-Ausstellung\" title=\"kunsthallekarlsruhe-youtube\" \/>\n\t\t\t\t\t<\/noscript>\n\n\t\t\t\t\t\t\t\t\t<\/div>\n\n\t\t\t\t\t\t\t<\/div>\n\n\t\t\t\n\t\t\t\t\t<\/div>\n\t<\/div>\n\n                        <\/div>\n\n                        <div class=\"box\">\n                                                                                            <img decoding=\"async\" alt=\"kunsthallekarlsruhe-youtube\" src=\"https:\/\/www.kunsthalle-karlsruhe.de\/wp-content\/uploads\/2019\/06\/youtube-logo.svg\" \/>\n                                                        <h6 class=\"copy editor font-bold\">YouTube<\/h6>\n                        <\/div>\n                                                <\/a>\n                                    <\/div>\n                    <\/div>\n    <\/div>\n<\/section>","protected":false},"excerpt":{"rendered":"<p>La Kunsthalle de Karlsruhe compte parmi les principaux et les plus anciens mus\u00e9es d\u2019Allemagne.<\/p>\n","protected":false},"author":2,"featured_media":50665,"parent":0,"menu_order":0,"comment_status":"closed","ping_status":"closed","template":"page-header-bright.php","meta":{"_acf_changed":false,"_seopress_robots_primary_cat":"","_seopress_titles_title":"","_seopress_titles_desc":"","_seopress_robots_index":"","footnotes":""},"class_list":["post-5335","page","type-page","status-publish","has-post-thumbnail","hentry"],"acf":[],"_links":{"self":[{"href":"https:\/\/www.kunsthalle-karlsruhe.de\/fr\/wp-json\/wp\/v2\/pages\/5335","targetHints":{"allow":["GET"]}}],"collection":[{"href":"https:\/\/www.kunsthalle-karlsruhe.de\/fr\/wp-json\/wp\/v2\/pages"}],"about":[{"href":"https:\/\/www.kunsthalle-karlsruhe.de\/fr\/wp-json\/wp\/v2\/types\/page"}],"author":[{"embeddable":true,"href":"https:\/\/www.kunsthalle-karlsruhe.de\/fr\/wp-json\/wp\/v2\/users\/2"}],"replies":[{"embeddable":true,"href":"https:\/\/www.kunsthalle-karlsruhe.de\/fr\/wp-json\/wp\/v2\/comments?post=5335"}],"version-history":[{"count":6,"href":"https:\/\/www.kunsthalle-karlsruhe.de\/fr\/wp-json\/wp\/v2\/pages\/5335\/revisions"}],"predecessor-version":[{"id":90143,"href":"https:\/\/www.kunsthalle-karlsruhe.de\/fr\/wp-json\/wp\/v2\/pages\/5335\/revisions\/90143"}],"wp:featuredmedia":[{"embeddable":true,"href":"https:\/\/www.kunsthalle-karlsruhe.de\/fr\/wp-json\/wp\/v2\/media\/50665"}],"wp:attachment":[{"href":"https:\/\/www.kunsthalle-karlsruhe.de\/fr\/wp-json\/wp\/v2\/media?parent=5335"}],"curies":[{"name":"wp","href":"https:\/\/api.w.org\/{rel}","templated":true}]}}