{"id":5480,"date":"2019-01-17T12:43:10","date_gmt":"2019-01-17T11:43:10","guid":{"rendered":"https:\/\/p511476.webspaceconfig.de\/?page_id=5480"},"modified":"2024-10-31T15:57:10","modified_gmt":"2024-10-31T14:57:10","slug":"newsroom","status":"publish","type":"page","link":"https:\/\/www.kunsthalle-karlsruhe.de\/fr\/newsroom\/","title":{"rendered":"Espace Presse"},"content":{"rendered":"\n<section class=\"block block-copy\" style=\"text-align: left\" >\n    <div class=\"container-fluid\">\n        <div class=\"row\">\n                            <div class=\"col-xs-12 col-sm-8 col-sm-offset-2\">\n                    <div class=\"box\">\n                        <h2  >Bienvenue !<\/h2>                    <\/div>\n                <\/div>\n                        <div class=\"col-xs-12 col-sm-8 col-sm-offset-2\">\n                <div class=\"box\">\n                    <div class=\"copy editor\"><p>L\u2019Espace presse de la Kunsthalle, constamment mis \u00e0 jour, rassemble des communiqu\u00e9s et des photos \u00e0 t\u00e9l\u00e9charger. N\u2019h\u00e9sitez pas \u00e0 nous contacter si vous avez besoin d\u2019informations compl\u00e9mentaires.<\/p>\n                        \n\n                        <\/div>\n                <\/div>\n            <\/div>\n        <\/div>\n    <\/div>\n<\/section>\n\n<section class=\"block block-accordion block-restricted-downloads\" >\n    <div class=\"container-fluid\">\n        <div class=\"row\">\n            <div class=\"col-xs-12 col-sm-10 col-sm-offset-1\">\n                <div class=\"box\">\n                    <h2  >S\u00e9lection d&#8217;images de presse<\/h2>                                                                        <div class=\"block-accordion-item\"  aria-expanded=\"false\">\n                                <button class=\"reset-style block-accordion-item-head\" aria-controls=\"acc_69f4fb3a70e15\" id=\"acc_title_69f4fb3a70e16\">\n                                                                                                                \t<div class=\"lazy-media\" id=\"media_69f4fb3a7138b\">\n\t\t<div class=\"lazy-media-wrapper\">\n\t\t\t<div class=\"lazy-media-copyright\">\n\t\t\t\t<div class=\"lazy-media-copyright-content\">\n\t\t\t\t\t\t\t\t\t\t\t<span class=\"lazy-media-copyright-content-empty\" aria-hidden=\"true\" style=\"pointer-events: none; user-select: none;\">&nbsp;<\/span>\n\t\t\t\t\t\t\t\t\t<\/div>\n\t\t\t<\/div>\n\n\t\t\t<div class=\"height-container\"  style=\"padding-bottom:100%;\">\n\t\t\t\t<script type=\"application\/json\" class=\"lazy-media-data\">\n\t\t\t\t{\n\t\t\t\t\"sizes\" : {\"thumbnail\":{\"file\":\"kunsthallekarlsruhe-newsroom-inventingnature-150x150.jpg\",\"width\":150,\"height\":150,\"mime-type\":\"image\\\/jpeg\"},\"medium\":{\"file\":\"kunsthallekarlsruhe-newsroom-inventingnature-300x300.jpg\",\"width\":300,\"height\":300,\"mime-type\":\"image\\\/jpeg\"},\"medium_large\":{\"file\":\"kunsthallekarlsruhe-newsroom-inventingnature-768x768.jpg\",\"width\":768,\"height\":768,\"mime-type\":\"image\\\/jpeg\"},\"large\":{\"file\":\"kunsthallekarlsruhe-newsroom-inventingnature-1024x1024.jpg\",\"width\":1024,\"height\":1024,\"mime-type\":\"image\\\/jpeg\"},\"mobile\":{\"file\":\"kunsthallekarlsruhe-newsroom-inventingnature-720x720.jpg\",\"width\":720,\"height\":720,\"mime-type\":\"image\\\/jpeg\"},\"hd\":{\"file\":\"kunsthallekarlsruhe-newsroom-inventingnature-1280x1280.jpg\",\"width\":1280,\"height\":1280,\"mime-type\":\"image\\\/jpeg\"},\"original\":{\"file\":\"kunsthallekarlsruhe-newsroom-inventingnature.jpg\",\"width\":1920,\"height\":1920}},\n\t\t\t\t\"path\" : \"\/wp-content\/uploads\/2020\/01\/\",\n\t\t\t\t\"video\" : \"\",\n\t\t\t\t\"autoplay\" : \"\",\n\t\t\t\t\"youtube\" : \"\"\n\t\t\t\t}\n\t\t\t\t<\/script>\n\n\t\t\t\t<div class=\"image-wrapper\" id=\"image_69f4fb3a7138c\">\n\t\t\t\t\t<img decoding=\"async\" src=\"\" alt=\"Abbildung eines Details des Werkes Kitka River von Ikka Halso\" title=\"\" \/>\n\t\t\t\t\t<noscript>\n\t\t\t\t\t\t<img decoding=\"async\" src=\"\/wp-content\/uploads\/2020\/01\/kunsthallekarlsruhe-newsroom-inventingnature.jpg\" alt=\"Abbildung eines Details des Werkes Kitka River von Ikka Halso\" title=\"\" \/>\n\t\t\t\t\t<\/noscript>\n\n\t\t\t\t\t\t\t\t\t<\/div>\n\n\t\t\t\t\t\t\t<\/div>\n\n\t\t\t\n\t\t\t\t\t<\/div>\n\t<\/div>\n\n                                                                        <strong aria-labelledby=\"acc_title_69f4fb3a70e16\">Inventing Nature<\/strong>\n                                <\/button>\n                                <div class=\"block-accordion-item-content\" id=\"acc_69f4fb3a70e15\" role=\"region\">\n                                    <div class=\"clearfix\">\n                                        <h5>Les plantes dans les beaux-arts<br \/>\n24.7. \u2013 31.10.2021<\/h5>\n\n                                                                            <\/div>\n                                    \n                                                                            <div class=\"row\">\n                                                                                                                                                                                                <div class=\"col-xs-6 col-sm-fifth\">\n                                                        <div class=\"box\">\n                                                            <figure class=\"restricted \">\n                                                                <a href=\"\/login\/\" alt=\"Download\">\n                                                                    \t<div class=\"lazy-media\" id=\"media_69f4fb3a71990\">\n\t\t<div class=\"lazy-media-wrapper\">\n\t\t\t<div class=\"lazy-media-copyright\">\n\t\t\t\t<div class=\"lazy-media-copyright-content\">\n\t\t\t\t\t\t\t\t\t\t\tIlkka Halso, Kitka River, 2004, de la s\u00e9rie: Museum of Nature \u00a9 Ilkka Halso, Courtesy: Kunststiftung DZ BANK, Frankfurt a. M.\t\t\t\t\t\t\t\t\t<\/div>\n\t\t\t<\/div>\n\n\t\t\t<div class=\"height-container\"  style=\"padding-bottom:60.835214446953%;\">\n\t\t\t\t<script type=\"application\/json\" class=\"lazy-media-data\">\n\t\t\t\t{\n\t\t\t\t\"sizes\" : {\"thumbnail\":{\"file\":\"kunsthallekarlsruhe-newsroom-halso-150x91.jpg\",\"width\":150,\"height\":91,\"mime-type\":\"image\\\/jpeg\"},\"medium\":{\"file\":\"kunsthallekarlsruhe-newsroom-halso-300x183.jpg\",\"width\":300,\"height\":183,\"mime-type\":\"image\\\/jpeg\"},\"medium_large\":{\"file\":\"kunsthallekarlsruhe-newsroom-halso-768x467.jpg\",\"width\":768,\"height\":467,\"mime-type\":\"image\\\/jpeg\"},\"large\":{\"file\":\"kunsthallekarlsruhe-newsroom-halso-1024x623.jpg\",\"width\":1024,\"height\":623,\"mime-type\":\"image\\\/jpeg\"},\"mobile\":{\"file\":\"kunsthallekarlsruhe-newsroom-halso-720x438.jpg\",\"width\":720,\"height\":438,\"mime-type\":\"image\\\/jpeg\"},\"hd\":{\"file\":\"kunsthallekarlsruhe-newsroom-halso-1280x779.jpg\",\"width\":1280,\"height\":779,\"mime-type\":\"image\\\/jpeg\"},\"original\":{\"file\":\"kunsthallekarlsruhe-newsroom-halso.jpg\",\"width\":1772,\"height\":1078}},\n\t\t\t\t\"path\" : \"\/wp-content\/uploads\/2020\/01\/\",\n\t\t\t\t\"video\" : \"\",\n\t\t\t\t\"autoplay\" : \"\",\n\t\t\t\t\"youtube\" : \"\"\n\t\t\t\t}\n\t\t\t\t<\/script>\n\n\t\t\t\t<div class=\"image-wrapper\" id=\"image_69f4fb3a71991\">\n\t\t\t\t\t<img decoding=\"async\" src=\"\" alt=\"Abbildung des Werkes Kitka River von Ikka Halso. Es zeigt ein bewaldetes Tal, das von einer riesigen Glasdachkonstruktion &uuml;berspannt wird. \" title=\"Ilkka Halso: Kitka River, 2004\" \/>\n\t\t\t\t\t<noscript>\n\t\t\t\t\t\t<img decoding=\"async\" src=\"\/wp-content\/uploads\/2020\/01\/kunsthallekarlsruhe-newsroom-halso.jpg\" alt=\"Abbildung des Werkes Kitka River von Ikka Halso. Es zeigt ein bewaldetes Tal, das von einer riesigen Glasdachkonstruktion &uuml;berspannt wird. \" title=\"Ilkka Halso: Kitka River, 2004\" \/>\n\t\t\t\t\t<\/noscript>\n\n\t\t\t\t\t\t\t\t\t<\/div>\n\n\t\t\t\t\t\t\t<\/div>\n\n\t\t\t\n\t\t\t\t\t<\/div>\n\t<\/div>\n\n\n                                                                                                                                    <\/a>\n                                                            <\/figure>\n                                                        <\/div>\n                                                    <\/div>\n                                                                                                                                                                                                                                                <div class=\"col-xs-6 col-sm-fifth\">\n                                                        <div class=\"box\">\n                                                            <figure class=\" \">\n                                                                <a href=\"https:\/\/www.kunsthalle-karlsruhe.de\/wp-content\/uploads\/2020\/01\/kunsthallekarlsruhe-newsroom-schr\u00f6dter.jpg\" download alt=\"Download\">\n                                                                    \t<div class=\"lazy-media\" id=\"media_69f4fb3a71d6a\">\n\t\t<div class=\"lazy-media-wrapper\">\n\t\t\t<div class=\"lazy-media-copyright\">\n\t\t\t\t<div class=\"lazy-media-copyright-content\">\n\t\t\t\t\t\t\t\t\t\t\tAdolf Schr\u00f6dter, Jungle br\u00e9silienne, vers 1868, Staatliche Kunsthalle Karlsruhe\t\t\t\t\t\t\t\t\t<\/div>\n\t\t\t<\/div>\n\n\t\t\t<div class=\"height-container\"  style=\"padding-bottom:121.12098427888%;\">\n\t\t\t\t<script type=\"application\/json\" class=\"lazy-media-data\">\n\t\t\t\t{\n\t\t\t\t\"sizes\" : {\"thumbnail\":{\"file\":\"kunsthallekarlsruhe-newsroom-schr\\u00f6dter-124x150.jpg\",\"width\":124,\"height\":150,\"mime-type\":\"image\\\/jpeg\"},\"medium\":{\"file\":\"kunsthallekarlsruhe-newsroom-schr\\u00f6dter-248x300.jpg\",\"width\":248,\"height\":300,\"mime-type\":\"image\\\/jpeg\"},\"medium_large\":{\"file\":\"kunsthallekarlsruhe-newsroom-schr\\u00f6dter-768x930.jpg\",\"width\":768,\"height\":930,\"mime-type\":\"image\\\/jpeg\"},\"large\":{\"file\":\"kunsthallekarlsruhe-newsroom-schr\\u00f6dter-845x1024.jpg\",\"width\":845,\"height\":1024,\"mime-type\":\"image\\\/jpeg\"},\"mobile\":{\"file\":\"kunsthallekarlsruhe-newsroom-schr\\u00f6dter-594x720.jpg\",\"width\":594,\"height\":720,\"mime-type\":\"image\\\/jpeg\"},\"hd\":{\"file\":\"kunsthallekarlsruhe-newsroom-schr\\u00f6dter-1057x1280.jpg\",\"width\":1057,\"height\":1280,\"mime-type\":\"image\\\/jpeg\"},\"original\":{\"file\":\"kunsthallekarlsruhe-newsroom-schr\\u00f6dter.jpg\",\"width\":1463,\"height\":1772}},\n\t\t\t\t\"path\" : \"\/wp-content\/uploads\/2020\/01\/\",\n\t\t\t\t\"video\" : \"\",\n\t\t\t\t\"autoplay\" : \"\",\n\t\t\t\t\"youtube\" : \"\"\n\t\t\t\t}\n\t\t\t\t<\/script>\n\n\t\t\t\t<div class=\"image-wrapper\" id=\"image_69f4fb3a71d6b\">\n\t\t\t\t\t<img decoding=\"async\" src=\"\" alt=\"Abbildung von Adolf Schr&ouml;dters Werk Brasilianischer Urwald. Es zeigt einen Wald mit vielen Schlingpflanzen.\" title=\"Adolf Schr&ouml;dter: Jungle br&eacute;silienne, vers 1868\" \/>\n\t\t\t\t\t<noscript>\n\t\t\t\t\t\t<img decoding=\"async\" src=\"\/wp-content\/uploads\/2020\/01\/kunsthallekarlsruhe-newsroom-schr\u00f6dter.jpg\" alt=\"Abbildung von Adolf Schr&ouml;dters Werk Brasilianischer Urwald. Es zeigt einen Wald mit vielen Schlingpflanzen.\" title=\"Adolf Schr&ouml;dter: Jungle br&eacute;silienne, vers 1868\" \/>\n\t\t\t\t\t<\/noscript>\n\n\t\t\t\t\t\t\t\t\t<\/div>\n\n\t\t\t\t\t\t\t<\/div>\n\n\t\t\t\n\t\t\t\t\t<\/div>\n\t<\/div>\n\n\n                                                                                                                                    <\/a>\n                                                            <\/figure>\n                                                        <\/div>\n                                                    <\/div>\n                                                                                                                                                                                                                                                <div class=\"col-xs-6 col-sm-fifth\">\n                                                        <div class=\"box\">\n                                                            <figure class=\"restricted \">\n                                                                <a href=\"\/login\/\" alt=\"Download\">\n                                                                    \t<div class=\"lazy-media\" id=\"media_69f4fb3a721f0\">\n\t\t<div class=\"lazy-media-wrapper\">\n\t\t\t<div class=\"lazy-media-copyright\">\n\t\t\t\t<div class=\"lazy-media-copyright-content\">\n\t\t\t\t\t\t\t\t\t\t\tLiliane Tomasko, Tulips, 2001 \u00a9 Liliane Tomasko\t\t\t\t\t\t\t\t\t<\/div>\n\t\t\t<\/div>\n\n\t\t\t<div class=\"height-container\"  style=\"padding-bottom:79.51467268623%;\">\n\t\t\t\t<script type=\"application\/json\" class=\"lazy-media-data\">\n\t\t\t\t{\n\t\t\t\t\"sizes\" : {\"thumbnail\":{\"file\":\"kunsthallekarlsruhe-newsroom-tomasko-1-150x119.jpg\",\"width\":150,\"height\":119,\"mime-type\":\"image\\\/jpeg\"},\"medium\":{\"file\":\"kunsthallekarlsruhe-newsroom-tomasko-1-300x239.jpg\",\"width\":300,\"height\":239,\"mime-type\":\"image\\\/jpeg\"},\"medium_large\":{\"file\":\"kunsthallekarlsruhe-newsroom-tomasko-1-768x611.jpg\",\"width\":768,\"height\":611,\"mime-type\":\"image\\\/jpeg\"},\"large\":{\"file\":\"kunsthallekarlsruhe-newsroom-tomasko-1-1024x814.jpg\",\"width\":1024,\"height\":814,\"mime-type\":\"image\\\/jpeg\"},\"mobile\":{\"file\":\"kunsthallekarlsruhe-newsroom-tomasko-1-720x573.jpg\",\"width\":720,\"height\":573,\"mime-type\":\"image\\\/jpeg\"},\"hd\":{\"file\":\"kunsthallekarlsruhe-newsroom-tomasko-1-1280x1018.jpg\",\"width\":1280,\"height\":1018,\"mime-type\":\"image\\\/jpeg\"},\"original\":{\"file\":\"kunsthallekarlsruhe-newsroom-tomasko-1.jpg\",\"width\":1772,\"height\":1409}},\n\t\t\t\t\"path\" : \"\/wp-content\/uploads\/2021\/06\/\",\n\t\t\t\t\"video\" : \"\",\n\t\t\t\t\"autoplay\" : \"\",\n\t\t\t\t\"youtube\" : \"\"\n\t\t\t\t}\n\t\t\t\t<\/script>\n\n\t\t\t\t<div class=\"image-wrapper\" id=\"image_69f4fb3a721f1\">\n\t\t\t\t\t<img decoding=\"async\" src=\"\" alt=\"Abbildung des Werks Tulips von Liliane Tomasko. Es zeigt wei&szlig;e Blumen vor einem blauen Hintergrund.\" title=\"Liliane Tomasko: Tulips, 2001\" \/>\n\t\t\t\t\t<noscript>\n\t\t\t\t\t\t<img decoding=\"async\" src=\"\/wp-content\/uploads\/2021\/06\/kunsthallekarlsruhe-newsroom-tomasko-1.jpg\" alt=\"Abbildung des Werks Tulips von Liliane Tomasko. Es zeigt wei&szlig;e Blumen vor einem blauen Hintergrund.\" title=\"Liliane Tomasko: Tulips, 2001\" \/>\n\t\t\t\t\t<\/noscript>\n\n\t\t\t\t\t\t\t\t\t<\/div>\n\n\t\t\t\t\t\t\t<\/div>\n\n\t\t\t\n\t\t\t\t\t<\/div>\n\t<\/div>\n\n\n                                                                                                                                    <\/a>\n                                                            <\/figure>\n                                                        <\/div>\n                                                    <\/div>\n                                                                                                                                                                                                                                                <div class=\"col-xs-6 col-sm-fifth\">\n                                                        <div class=\"box\">\n                                                            <figure class=\" \">\n                                                                <a href=\"https:\/\/www.kunsthalle-karlsruhe.de\/wp-content\/uploads\/2021\/06\/kunsthallekarlsruhe-newsroom-gonzalez-2.jpg\" download alt=\"Download\">\n                                                                    \t<div class=\"lazy-media\" id=\"media_69f4fb3a725c7\">\n\t\t<div class=\"lazy-media-wrapper\">\n\t\t\t<div class=\"lazy-media-copyright\">\n\t\t\t\t<div class=\"lazy-media-copyright-content\">\n\t\t\t\t\t\t\t\t\t\t\tJulio Gonz\u00e1lez, Homme cactus II, 1940, Staatliche Kunsthalle Karlsruhe\t\t\t\t\t\t\t\t\t<\/div>\n\t\t\t<\/div>\n\n\t\t\t<div class=\"height-container\"  style=\"padding-bottom:133.43373493976%;\">\n\t\t\t\t<script type=\"application\/json\" class=\"lazy-media-data\">\n\t\t\t\t{\n\t\t\t\t\"sizes\" : {\"thumbnail\":{\"file\":\"kunsthallekarlsruhe-newsroom-gonzalez-2-112x150.jpg\",\"width\":112,\"height\":150,\"mime-type\":\"image\\\/jpeg\"},\"medium\":{\"file\":\"kunsthallekarlsruhe-newsroom-gonzalez-2-225x300.jpg\",\"width\":225,\"height\":300,\"mime-type\":\"image\\\/jpeg\"},\"medium_large\":{\"file\":\"kunsthallekarlsruhe-newsroom-gonzalez-2-768x1025.jpg\",\"width\":768,\"height\":1025,\"mime-type\":\"image\\\/jpeg\"},\"large\":{\"file\":\"kunsthallekarlsruhe-newsroom-gonzalez-2-767x1024.jpg\",\"width\":767,\"height\":1024,\"mime-type\":\"image\\\/jpeg\"},\"mobile\":{\"file\":\"kunsthallekarlsruhe-newsroom-gonzalez-2-540x720.jpg\",\"width\":540,\"height\":720,\"mime-type\":\"image\\\/jpeg\"},\"hd\":{\"file\":\"kunsthallekarlsruhe-newsroom-gonzalez-2-959x1280.jpg\",\"width\":959,\"height\":1280,\"mime-type\":\"image\\\/jpeg\"},\"original\":{\"file\":\"kunsthallekarlsruhe-newsroom-gonzalez-2.jpg\",\"width\":1328,\"height\":1772}},\n\t\t\t\t\"path\" : \"\/wp-content\/uploads\/2021\/06\/\",\n\t\t\t\t\"video\" : \"\",\n\t\t\t\t\"autoplay\" : \"\",\n\t\t\t\t\"youtube\" : \"\"\n\t\t\t\t}\n\t\t\t\t<\/script>\n\n\t\t\t\t<div class=\"image-wrapper\" id=\"image_69f4fb3a725c8\">\n\t\t\t\t\t<img decoding=\"async\" src=\"\" alt=\"Abbildung des Werks Kaktusmensch II von Julio Gonz&aacute;lez. Es zeigt ein abstraktes Gebilde, das an einen Kaktus erinnert. \" title=\"Julio Gonz&aacute;lez:  Homme cactus II, 1939\/40\" \/>\n\t\t\t\t\t<noscript>\n\t\t\t\t\t\t<img decoding=\"async\" src=\"\/wp-content\/uploads\/2021\/06\/kunsthallekarlsruhe-newsroom-gonzalez-2.jpg\" alt=\"Abbildung des Werks Kaktusmensch II von Julio Gonz&aacute;lez. Es zeigt ein abstraktes Gebilde, das an einen Kaktus erinnert. \" title=\"Julio Gonz&aacute;lez:  Homme cactus II, 1939\/40\" \/>\n\t\t\t\t\t<\/noscript>\n\n\t\t\t\t\t\t\t\t\t<\/div>\n\n\t\t\t\t\t\t\t<\/div>\n\n\t\t\t\n\t\t\t\t\t<\/div>\n\t<\/div>\n\n\n                                                                                                                                    <\/a>\n                                                            <\/figure>\n                                                        <\/div>\n                                                    <\/div>\n                                                                                                                                                                                                                                                <div class=\"col-xs-6 col-sm-fifth\">\n                                                        <div class=\"box\">\n                                                            <figure class=\"restricted \">\n                                                                <a href=\"\/login\/\" alt=\"Download\">\n                                                                    \t<div class=\"lazy-media\" id=\"media_69f4fb3a729fd\">\n\t\t<div class=\"lazy-media-wrapper\">\n\t\t\t<div class=\"lazy-media-copyright\">\n\t\t\t\t<div class=\"lazy-media-copyright-content\">\n\t\t\t\t\t\t\t\t\t\t\tRobert Voit, New Trees, Industrial Drive, Flagstaff, Arizona, USA, 2006 \u00a9 VG Bild-Kunst, Bonn 2021\t\t\t\t\t\t\t\t\t<\/div>\n\t\t\t<\/div>\n\n\t\t\t<div class=\"height-container\"  style=\"padding-bottom:125.58469170801%;\">\n\t\t\t\t<script type=\"application\/json\" class=\"lazy-media-data\">\n\t\t\t\t{\n\t\t\t\t\"sizes\" : {\"thumbnail\":{\"file\":\"kunsthallekarlsruhe-newsroom-voit-119x150.jpg\",\"width\":119,\"height\":150,\"mime-type\":\"image\\\/jpeg\"},\"medium\":{\"file\":\"kunsthallekarlsruhe-newsroom-voit-239x300.jpg\",\"width\":239,\"height\":300,\"mime-type\":\"image\\\/jpeg\"},\"medium_large\":{\"file\":\"kunsthallekarlsruhe-newsroom-voit-768x964.jpg\",\"width\":768,\"height\":964,\"mime-type\":\"image\\\/jpeg\"},\"large\":{\"file\":\"kunsthallekarlsruhe-newsroom-voit-815x1024.jpg\",\"width\":815,\"height\":1024,\"mime-type\":\"image\\\/jpeg\"},\"mobile\":{\"file\":\"kunsthallekarlsruhe-newsroom-voit-573x720.jpg\",\"width\":573,\"height\":720,\"mime-type\":\"image\\\/jpeg\"},\"hd\":{\"file\":\"kunsthallekarlsruhe-newsroom-voit-1019x1280.jpg\",\"width\":1019,\"height\":1280,\"mime-type\":\"image\\\/jpeg\"},\"original\":{\"file\":\"kunsthallekarlsruhe-newsroom-voit.jpg\",\"width\":1411,\"height\":1772}},\n\t\t\t\t\"path\" : \"\/wp-content\/uploads\/2021\/07\/\",\n\t\t\t\t\"video\" : \"\",\n\t\t\t\t\"autoplay\" : \"\",\n\t\t\t\t\"youtube\" : \"\"\n\t\t\t\t}\n\t\t\t\t<\/script>\n\n\t\t\t\t<div class=\"image-wrapper\" id=\"image_69f4fb3a729fe\">\n\t\t\t\t\t<img decoding=\"async\" src=\"\" alt=\"Abbildung des Werks Industrial Drive, Flagstaff, Arizona, USA von Robert Voit. Es zeigt einen Sendemast, der aussieht wie ein gro&szlig;er Nadelbaum.\" title=\"Robert Voit: New Trees, Industrial Drive, Flagstaff, Arizona, USA, 2006\" \/>\n\t\t\t\t\t<noscript>\n\t\t\t\t\t\t<img decoding=\"async\" src=\"\/wp-content\/uploads\/2021\/07\/kunsthallekarlsruhe-newsroom-voit.jpg\" alt=\"Abbildung des Werks Industrial Drive, Flagstaff, Arizona, USA von Robert Voit. Es zeigt einen Sendemast, der aussieht wie ein gro&szlig;er Nadelbaum.\" title=\"Robert Voit: New Trees, Industrial Drive, Flagstaff, Arizona, USA, 2006\" \/>\n\t\t\t\t\t<\/noscript>\n\n\t\t\t\t\t\t\t\t\t<\/div>\n\n\t\t\t\t\t\t\t<\/div>\n\n\t\t\t\n\t\t\t\t\t<\/div>\n\t<\/div>\n\n\n                                                                                                                                    <\/a>\n                                                            <\/figure>\n                                                        <\/div>\n                                                    <\/div>\n                                                                                                                                                                                                                                                <div class=\"col-xs-6 col-sm-fifth\">\n                                                        <div class=\"box\">\n                                                            <figure class=\" \">\n                                                                <a href=\"https:\/\/www.kunsthalle-karlsruhe.de\/wp-content\/uploads\/2021\/06\/kunsthallekarlsruhe-newsroom-ruysch-2.jpg\" download alt=\"Download\">\n                                                                    \t<div class=\"lazy-media\" id=\"media_69f4fb3a72e4c\">\n\t\t<div class=\"lazy-media-wrapper\">\n\t\t\t<div class=\"lazy-media-copyright\">\n\t\t\t\t<div class=\"lazy-media-copyright-content\">\n\t\t\t\t\t\t\t\t\t\t\tRachel Ruysch, Bouquet de fleurs, 1715, Staatliche Kunsthalle Karlsruhe\t\t\t\t\t\t\t\t\t<\/div>\n\t\t\t<\/div>\n\n\t\t\t<div class=\"height-container\"  style=\"padding-bottom:118.92617449664%;\">\n\t\t\t\t<script type=\"application\/json\" class=\"lazy-media-data\">\n\t\t\t\t{\n\t\t\t\t\"sizes\" : {\"thumbnail\":{\"file\":\"kunsthallekarlsruhe-newsroom-ruysch-2-126x150.jpg\",\"width\":126,\"height\":150,\"mime-type\":\"image\\\/jpeg\"},\"medium\":{\"file\":\"kunsthallekarlsruhe-newsroom-ruysch-2-252x300.jpg\",\"width\":252,\"height\":300,\"mime-type\":\"image\\\/jpeg\"},\"medium_large\":{\"file\":\"kunsthallekarlsruhe-newsroom-ruysch-2-768x913.jpg\",\"width\":768,\"height\":913,\"mime-type\":\"image\\\/jpeg\"},\"large\":{\"file\":\"kunsthallekarlsruhe-newsroom-ruysch-2-861x1024.jpg\",\"width\":861,\"height\":1024,\"mime-type\":\"image\\\/jpeg\"},\"mobile\":{\"file\":\"kunsthallekarlsruhe-newsroom-ruysch-2-605x720.jpg\",\"width\":605,\"height\":720,\"mime-type\":\"image\\\/jpeg\"},\"hd\":{\"file\":\"kunsthallekarlsruhe-newsroom-ruysch-2-1076x1280.jpg\",\"width\":1076,\"height\":1280,\"mime-type\":\"image\\\/jpeg\"},\"original\":{\"file\":\"kunsthallekarlsruhe-newsroom-ruysch-2.jpg\",\"width\":1490,\"height\":1772}},\n\t\t\t\t\"path\" : \"\/wp-content\/uploads\/2021\/06\/\",\n\t\t\t\t\"video\" : \"\",\n\t\t\t\t\"autoplay\" : \"\",\n\t\t\t\t\"youtube\" : \"\"\n\t\t\t\t}\n\t\t\t\t<\/script>\n\n\t\t\t\t<div class=\"image-wrapper\" id=\"image_69f4fb3a72e4d\">\n\t\t\t\t\t<img decoding=\"async\" src=\"\" alt=\"Abbildung des Werks Blumenstrauss von Rachel Ruysch. Es zeigt einen &uuml;ppigen Blumenstrau&szlig;.\" title=\"Rachel Ruysch: Bouquet de fleurs, 1715\" \/>\n\t\t\t\t\t<noscript>\n\t\t\t\t\t\t<img decoding=\"async\" src=\"\/wp-content\/uploads\/2021\/06\/kunsthallekarlsruhe-newsroom-ruysch-2.jpg\" alt=\"Abbildung des Werks Blumenstrauss von Rachel Ruysch. Es zeigt einen &uuml;ppigen Blumenstrau&szlig;.\" title=\"Rachel Ruysch: Bouquet de fleurs, 1715\" \/>\n\t\t\t\t\t<\/noscript>\n\n\t\t\t\t\t\t\t\t\t<\/div>\n\n\t\t\t\t\t\t\t<\/div>\n\n\t\t\t\n\t\t\t\t\t<\/div>\n\t<\/div>\n\n\n                                                                                                                                    <\/a>\n                                                            <\/figure>\n                                                        <\/div>\n                                                    <\/div>\n                                                                                                                                                                                                                                                <div class=\"col-xs-6 col-sm-fifth\">\n                                                        <div class=\"box\">\n                                                            <figure class=\"restricted \">\n                                                                <a href=\"\/login\/\" alt=\"Download\">\n                                                                    \t<div class=\"lazy-media\" id=\"media_69f4fb3a7325c\">\n\t\t<div class=\"lazy-media-wrapper\">\n\t\t\t<div class=\"lazy-media-copyright\">\n\t\t\t\t<div class=\"lazy-media-copyright-content\">\n\t\t\t\t\t\t\t\t\t\t\tVolker Kreidler, 51\u00b024&#8217;06,5&#8243; N \/ 30\u00b003&#8217;21,9&#8243; E Prypjat, 2016 \u00a9 Volker Kreidler\t\t\t\t\t\t\t\t\t<\/div>\n\t\t\t<\/div>\n\n\t\t\t<div class=\"height-container\"  style=\"padding-bottom:76.930022573363%;\">\n\t\t\t\t<script type=\"application\/json\" class=\"lazy-media-data\">\n\t\t\t\t{\n\t\t\t\t\"sizes\" : {\"thumbnail\":{\"file\":\"kunsthallekarlsruhe-newsroom-kreidler-2-150x115.jpg\",\"width\":150,\"height\":115,\"mime-type\":\"image\\\/jpeg\"},\"medium\":{\"file\":\"kunsthallekarlsruhe-newsroom-kreidler-2-300x231.jpg\",\"width\":300,\"height\":231,\"mime-type\":\"image\\\/jpeg\"},\"medium_large\":{\"file\":\"kunsthallekarlsruhe-newsroom-kreidler-2-768x591.jpg\",\"width\":768,\"height\":591,\"mime-type\":\"image\\\/jpeg\"},\"large\":{\"file\":\"kunsthallekarlsruhe-newsroom-kreidler-2-1024x788.jpg\",\"width\":1024,\"height\":788,\"mime-type\":\"image\\\/jpeg\"},\"mobile\":{\"file\":\"kunsthallekarlsruhe-newsroom-kreidler-2-720x554.jpg\",\"width\":720,\"height\":554,\"mime-type\":\"image\\\/jpeg\"},\"hd\":{\"file\":\"kunsthallekarlsruhe-newsroom-kreidler-2-1280x985.jpg\",\"width\":1280,\"height\":985,\"mime-type\":\"image\\\/jpeg\"},\"full\":{\"file\":\"kunsthallekarlsruhe-newsroom-kreidler-2-1920x1477.jpg\",\"width\":1920,\"height\":1477,\"mime-type\":\"image\\\/jpeg\"},\"original\":{\"file\":\"kunsthallekarlsruhe-newsroom-kreidler-2.jpg\",\"width\":2215,\"height\":1704}},\n\t\t\t\t\"path\" : \"\/wp-content\/uploads\/2021\/06\/\",\n\t\t\t\t\"video\" : \"\",\n\t\t\t\t\"autoplay\" : \"\",\n\t\t\t\t\"youtube\" : \"\"\n\t\t\t\t}\n\t\t\t\t<\/script>\n\n\t\t\t\t<div class=\"image-wrapper\" id=\"image_69f4fb3a7325d\">\n\t\t\t\t\t<img decoding=\"async\" src=\"\" alt=\"Abbildung des Werks 51&deg;24&#039;06,5&quot; N \/ 30&deg;03&#039;21,9&quot; E Prypjat von Volker Kreidler. Es zeigt Wohnh&auml;user die von Kletterpflanzen bewachsen sind. \" title=\"Volker Kreidler: 51&deg;24&amp;#8217;06,5&amp;#8243; N \/ 30&deg;03&amp;#8217;21,9&amp;#8243; E, 2016\" \/>\n\t\t\t\t\t<noscript>\n\t\t\t\t\t\t<img decoding=\"async\" src=\"\/wp-content\/uploads\/2021\/06\/kunsthallekarlsruhe-newsroom-kreidler-2.jpg\" alt=\"Abbildung des Werks 51&deg;24&#039;06,5&quot; N \/ 30&deg;03&#039;21,9&quot; E Prypjat von Volker Kreidler. Es zeigt Wohnh&auml;user die von Kletterpflanzen bewachsen sind. \" title=\"Volker Kreidler: 51&deg;24&amp;#8217;06,5&amp;#8243; N \/ 30&deg;03&amp;#8217;21,9&amp;#8243; E, 2016\" \/>\n\t\t\t\t\t<\/noscript>\n\n\t\t\t\t\t\t\t\t\t<\/div>\n\n\t\t\t\t\t\t\t<\/div>\n\n\t\t\t\n\t\t\t\t\t<\/div>\n\t<\/div>\n\n\n                                                                                                                                    <\/a>\n                                                            <\/figure>\n                                                        <\/div>\n                                                    <\/div>\n                                                                                                                                    <\/div>\n                                                                    <\/div>\n                            <\/div>\n                                                    <div class=\"block-accordion-item\"  aria-expanded=\"false\">\n                                <button class=\"reset-style block-accordion-item-head\" aria-controls=\"acc_69f4fb3a73286\" id=\"acc_title_69f4fb3a73287\">\n                                                                                                                \t<div class=\"lazy-media\" id=\"media_69f4fb3a73647\">\n\t\t<div class=\"lazy-media-wrapper\">\n\t\t\t<div class=\"lazy-media-copyright\">\n\t\t\t\t<div class=\"lazy-media-copyright-content\">\n\t\t\t\t\t\t\t\t\t\t\t<span class=\"lazy-media-copyright-content-empty\" aria-hidden=\"true\" style=\"pointer-events: none; user-select: none;\">&nbsp;<\/span>\n\t\t\t\t\t\t\t\t\t<\/div>\n\t\t\t<\/div>\n\n\t\t\t<div class=\"height-container\"  style=\"padding-bottom:100%;\">\n\t\t\t\t<script type=\"application\/json\" class=\"lazy-media-data\">\n\t\t\t\t{\n\t\t\t\t\"sizes\" : {\"thumbnail\":{\"file\":\"kunsthallekarlsruhe-newsroom-boucher-1-150x150.jpg\",\"width\":150,\"height\":150,\"mime-type\":\"image\\\/jpeg\"},\"medium\":{\"file\":\"kunsthallekarlsruhe-newsroom-boucher-1-300x300.jpg\",\"width\":300,\"height\":300,\"mime-type\":\"image\\\/jpeg\"},\"medium_large\":{\"file\":\"kunsthallekarlsruhe-newsroom-boucher-1-768x768.jpg\",\"width\":768,\"height\":768,\"mime-type\":\"image\\\/jpeg\"},\"large\":{\"file\":\"kunsthallekarlsruhe-newsroom-boucher-1-1024x1024.jpg\",\"width\":1024,\"height\":1024,\"mime-type\":\"image\\\/jpeg\"},\"mobile\":{\"file\":\"kunsthallekarlsruhe-newsroom-boucher-1-720x720.jpg\",\"width\":720,\"height\":720,\"mime-type\":\"image\\\/jpeg\"},\"hd\":{\"file\":\"kunsthallekarlsruhe-newsroom-boucher-1-1280x1280.jpg\",\"width\":1280,\"height\":1280,\"mime-type\":\"image\\\/jpeg\"},\"original\":{\"file\":\"kunsthallekarlsruhe-newsroom-boucher-1.jpg\",\"width\":1920,\"height\":1920}},\n\t\t\t\t\"path\" : \"\/wp-content\/uploads\/2020\/01\/\",\n\t\t\t\t\"video\" : \"\",\n\t\t\t\t\"autoplay\" : \"\",\n\t\t\t\t\"youtube\" : \"\"\n\t\t\t\t}\n\t\t\t\t<\/script>\n\n\t\t\t\t<div class=\"image-wrapper\" id=\"image_69f4fb3a73648\">\n\t\t\t\t\t<img decoding=\"async\" src=\"\" alt=\"Detail des Gem&auml;ldes Sch&auml;fer und Sch&auml;ferin des K&uuml;nstlers Fran&ccedil;ois Boucher\" title=\"kunsthallekarlsruhe-newsroom-boucher\" \/>\n\t\t\t\t\t<noscript>\n\t\t\t\t\t\t<img decoding=\"async\" src=\"\/wp-content\/uploads\/2020\/01\/kunsthallekarlsruhe-newsroom-boucher-1.jpg\" alt=\"Detail des Gem&auml;ldes Sch&auml;fer und Sch&auml;ferin des K&uuml;nstlers Fran&ccedil;ois Boucher\" title=\"kunsthallekarlsruhe-newsroom-boucher\" \/>\n\t\t\t\t\t<\/noscript>\n\n\t\t\t\t\t\t\t\t\t<\/div>\n\n\t\t\t\t\t\t\t<\/div>\n\n\t\t\t\n\t\t\t\t\t<\/div>\n\t<\/div>\n\n                                                                        <strong aria-labelledby=\"acc_title_69f4fb3a73287\">Fran\u00e7ois Boucher<\/strong>\n                                <\/button>\n                                <div class=\"block-accordion-item-content\" id=\"acc_69f4fb3a73286\" role=\"region\">\n                                    <div class=\"clearfix\">\n                                        <h4>14.11.2020 \u2013 31.5.2021<\/h4>\n\n                                                                            <\/div>\n                                    \n                                                                            <div class=\"row\">\n                                                                                                                                                                                                <div class=\"col-xs-6 col-sm-fifth\">\n                                                        <div class=\"box\">\n                                                            <figure class=\" \">\n                                                                <a href=\"https:\/\/www.kunsthalle-karlsruhe.de\/wp-content\/uploads\/2020\/01\/kunsthallekarlsruhe-newsroom-boucher.jpg\" download alt=\"Download\">\n                                                                    \t<div class=\"lazy-media\" id=\"media_69f4fb3a73bab\">\n\t\t<div class=\"lazy-media-wrapper\">\n\t\t\t<div class=\"lazy-media-copyright\">\n\t\t\t\t<div class=\"lazy-media-copyright-content\">\n\t\t\t\t\t\t\t\t\t\t\tFran\u00e7ois Boucher: Berger et berg\u00e8re, 1760 Staatliche Kunsthalle Karlsruhe\t\t\t\t\t\t\t\t\t<\/div>\n\t\t\t<\/div>\n\n\t\t\t<div class=\"height-container\"  style=\"padding-bottom:80.58690744921%;\">\n\t\t\t\t<script type=\"application\/json\" class=\"lazy-media-data\">\n\t\t\t\t{\n\t\t\t\t\"sizes\" : {\"thumbnail\":{\"file\":\"kunsthallekarlsruhe-newsroom-boucher-150x121.jpg\",\"width\":150,\"height\":121,\"mime-type\":\"image\\\/jpeg\"},\"medium\":{\"file\":\"kunsthallekarlsruhe-newsroom-boucher-300x242.jpg\",\"width\":300,\"height\":242,\"mime-type\":\"image\\\/jpeg\"},\"medium_large\":{\"file\":\"kunsthallekarlsruhe-newsroom-boucher-768x619.jpg\",\"width\":768,\"height\":619,\"mime-type\":\"image\\\/jpeg\"},\"large\":{\"file\":\"kunsthallekarlsruhe-newsroom-boucher-1024x825.jpg\",\"width\":1024,\"height\":825,\"mime-type\":\"image\\\/jpeg\"},\"mobile\":{\"file\":\"kunsthallekarlsruhe-newsroom-boucher-720x580.jpg\",\"width\":720,\"height\":580,\"mime-type\":\"image\\\/jpeg\"},\"hd\":{\"file\":\"kunsthallekarlsruhe-newsroom-boucher-1280x1032.jpg\",\"width\":1280,\"height\":1032,\"mime-type\":\"image\\\/jpeg\"},\"original\":{\"file\":\"kunsthallekarlsruhe-newsroom-boucher.jpg\",\"width\":1772,\"height\":1428}},\n\t\t\t\t\"path\" : \"\/wp-content\/uploads\/2020\/01\/\",\n\t\t\t\t\"video\" : \"\",\n\t\t\t\t\"autoplay\" : \"\",\n\t\t\t\t\"youtube\" : \"\"\n\t\t\t\t}\n\t\t\t\t<\/script>\n\n\t\t\t\t<div class=\"image-wrapper\" id=\"image_69f4fb3a73bac\">\n\t\t\t\t\t<img decoding=\"async\" src=\"\" alt=\"Abbildung des Gem&auml;ldes Sch&auml;fer und Sch&auml;ferin des K&uuml;nstlers \" title=\"Fran&ccedil;ois Boucher: Berger et berg&egrave;re, 1760 Staatliche Kunsthalle Karlsruhe\" \/>\n\t\t\t\t\t<noscript>\n\t\t\t\t\t\t<img decoding=\"async\" src=\"\/wp-content\/uploads\/2020\/01\/kunsthallekarlsruhe-newsroom-boucher.jpg\" alt=\"Abbildung des Gem&auml;ldes Sch&auml;fer und Sch&auml;ferin des K&uuml;nstlers \" title=\"Fran&ccedil;ois Boucher: Berger et berg&egrave;re, 1760 Staatliche Kunsthalle Karlsruhe\" \/>\n\t\t\t\t\t<\/noscript>\n\n\t\t\t\t\t\t\t\t\t<\/div>\n\n\t\t\t\t\t\t\t<\/div>\n\n\t\t\t\n\t\t\t\t\t<\/div>\n\t<\/div>\n\n\n                                                                    <figcaption><\/figcaption>                                                                <\/a>\n                                                            <\/figure>\n                                                        <\/div>\n                                                    <\/div>\n                                                                                                                                                                                                                                                <div class=\"col-xs-6 col-sm-fifth\">\n                                                        <div class=\"box\">\n                                                            <figure class=\" \">\n                                                                <a href=\"https:\/\/www.kunsthalle-karlsruhe.de\/wp-content\/uploads\/2021\/02\/kunsthallekarlsruhe-ausstellungen-boucher-kind.jpg\" download alt=\"Download\">\n                                                                    \t<div class=\"lazy-media\" id=\"media_69f4fb3a74089\">\n\t\t<div class=\"lazy-media-wrapper\">\n\t\t\t<div class=\"lazy-media-copyright\">\n\t\t\t\t<div class=\"lazy-media-copyright-content\">\n\t\t\t\t\t\t\t\t\t\t\tFran\u00e7ois Boucher: Jeune femme agenouill\u00e9e tenant un enfant, avant 1750, Staatliche Kunsthalle Karlsruhe\t\t\t\t\t\t\t\t\t<\/div>\n\t\t\t<\/div>\n\n\t\t\t<div class=\"height-container\"  style=\"padding-bottom:152.75862068966%;\">\n\t\t\t\t<script type=\"application\/json\" class=\"lazy-media-data\">\n\t\t\t\t{\n\t\t\t\t\"sizes\" : {\"thumbnail\":{\"file\":\"kunsthallekarlsruhe-ausstellungen-boucher-kind-98x150.jpg\",\"width\":98,\"height\":150,\"mime-type\":\"image\\\/jpeg\"},\"medium\":{\"file\":\"kunsthallekarlsruhe-ausstellungen-boucher-kind-196x300.jpg\",\"width\":196,\"height\":300,\"mime-type\":\"image\\\/jpeg\"},\"medium_large\":{\"file\":\"kunsthallekarlsruhe-ausstellungen-boucher-kind-768x1173.jpg\",\"width\":768,\"height\":1173,\"mime-type\":\"image\\\/jpeg\"},\"large\":{\"file\":\"kunsthallekarlsruhe-ausstellungen-boucher-kind-670x1024.jpg\",\"width\":670,\"height\":1024,\"mime-type\":\"image\\\/jpeg\"},\"mobile\":{\"file\":\"kunsthallekarlsruhe-ausstellungen-boucher-kind-471x720.jpg\",\"width\":471,\"height\":720,\"mime-type\":\"image\\\/jpeg\"},\"hd\":{\"file\":\"kunsthallekarlsruhe-ausstellungen-boucher-kind-838x1280.jpg\",\"width\":838,\"height\":1280,\"mime-type\":\"image\\\/jpeg\"},\"original\":{\"file\":\"kunsthallekarlsruhe-ausstellungen-boucher-kind.jpg\",\"width\":1160,\"height\":1772}},\n\t\t\t\t\"path\" : \"\/wp-content\/uploads\/2021\/02\/\",\n\t\t\t\t\"video\" : \"\",\n\t\t\t\t\"autoplay\" : \"\",\n\t\t\t\t\"youtube\" : \"\"\n\t\t\t\t}\n\t\t\t\t<\/script>\n\n\t\t\t\t<div class=\"image-wrapper\" id=\"image_69f4fb3a7408a\">\n\t\t\t\t\t<img decoding=\"async\" src=\"\" alt=\"Fran&ccedil;ois Boucher Kniende junge Frau mit Kind, um 1750 Staatliche Kunsthalle Karlsruhe\" title=\"Fran&ccedil;ois Boucher: Jeune femme agenouill&eacute;e tenant un enfant, avant 1750, Staatliche Kunsthalle Karlsruhe\" \/>\n\t\t\t\t\t<noscript>\n\t\t\t\t\t\t<img decoding=\"async\" src=\"\/wp-content\/uploads\/2021\/02\/kunsthallekarlsruhe-ausstellungen-boucher-kind.jpg\" alt=\"Fran&ccedil;ois Boucher Kniende junge Frau mit Kind, um 1750 Staatliche Kunsthalle Karlsruhe\" title=\"Fran&ccedil;ois Boucher: Jeune femme agenouill&eacute;e tenant un enfant, avant 1750, Staatliche Kunsthalle Karlsruhe\" \/>\n\t\t\t\t\t<\/noscript>\n\n\t\t\t\t\t\t\t\t\t<\/div>\n\n\t\t\t\t\t\t\t<\/div>\n\n\t\t\t\n\t\t\t\t\t<\/div>\n\t<\/div>\n\n\n                                                                                                                                    <\/a>\n                                                            <\/figure>\n                                                        <\/div>\n                                                    <\/div>\n                                                                                                                                                                                                                                                <div class=\"col-xs-6 col-sm-fifth\">\n                                                        <div class=\"box\">\n                                                            <figure class=\" \">\n                                                                <a href=\"https:\/\/www.kunsthalle-karlsruhe.de\/wp-content\/uploads\/2021\/02\/kunsthallekarlsruhe-newsroom-boucher-frisur.jpg\" download alt=\"Download\">\n                                                                    \t<div class=\"lazy-media\" id=\"media_69f4fb3a74475\">\n\t\t<div class=\"lazy-media-wrapper\">\n\t\t\t<div class=\"lazy-media-copyright\">\n\t\t\t\t<div class=\"lazy-media-copyright-content\">\n\t\t\t\t\t\t\t\t\t\t\tFran\u00e7ois Boucher: Buste d\u2019une jeune fille en chemise, vue de dos, vers 1740 \u00a9 Collection Jean Bonna, Gen\u00e8ve. Photo : Patrick Goetelen, Gen\u00e8ve\t\t\t\t\t\t\t\t\t<\/div>\n\t\t\t<\/div>\n\n\t\t\t<div class=\"height-container\"  style=\"padding-bottom:121.95457673778%;\">\n\t\t\t\t<script type=\"application\/json\" class=\"lazy-media-data\">\n\t\t\t\t{\n\t\t\t\t\"sizes\" : {\"thumbnail\":{\"file\":\"kunsthallekarlsruhe-newsroom-boucher-frisur-123x150.jpg\",\"width\":123,\"height\":150,\"mime-type\":\"image\\\/jpeg\"},\"medium\":{\"file\":\"kunsthallekarlsruhe-newsroom-boucher-frisur-246x300.jpg\",\"width\":246,\"height\":300,\"mime-type\":\"image\\\/jpeg\"},\"medium_large\":{\"file\":\"kunsthallekarlsruhe-newsroom-boucher-frisur-768x937.jpg\",\"width\":768,\"height\":937,\"mime-type\":\"image\\\/jpeg\"},\"large\":{\"file\":\"kunsthallekarlsruhe-newsroom-boucher-frisur-840x1024.jpg\",\"width\":840,\"height\":1024,\"mime-type\":\"image\\\/jpeg\"},\"mobile\":{\"file\":\"kunsthallekarlsruhe-newsroom-boucher-frisur-590x720.jpg\",\"width\":590,\"height\":720,\"mime-type\":\"image\\\/jpeg\"},\"hd\":{\"file\":\"kunsthallekarlsruhe-newsroom-boucher-frisur-1050x1280.jpg\",\"width\":1050,\"height\":1280,\"mime-type\":\"image\\\/jpeg\"},\"original\":{\"file\":\"kunsthallekarlsruhe-newsroom-boucher-frisur.jpg\",\"width\":1453,\"height\":1772}},\n\t\t\t\t\"path\" : \"\/wp-content\/uploads\/2021\/02\/\",\n\t\t\t\t\"video\" : \"\",\n\t\t\t\t\"autoplay\" : \"\",\n\t\t\t\t\"youtube\" : \"\"\n\t\t\t\t}\n\t\t\t\t<\/script>\n\n\t\t\t\t<div class=\"image-wrapper\" id=\"image_69f4fb3a74476\">\n\t\t\t\t\t<img decoding=\"async\" src=\"\" alt=\"Abbildung von Bouchers Werk Kniende junge Frau mit Kind\" title=\"Fran&ccedil;ois Boucher: Buste d&rsquo;une jeune fille en chemise, vue de dos, vers 1740 &copy; Collection Jean Bonna, Gen&egrave;ve. Photo : Patrick Goetelen, Gen&egrave;ve\" \/>\n\t\t\t\t\t<noscript>\n\t\t\t\t\t\t<img decoding=\"async\" src=\"\/wp-content\/uploads\/2021\/02\/kunsthallekarlsruhe-newsroom-boucher-frisur.jpg\" alt=\"Abbildung von Bouchers Werk Kniende junge Frau mit Kind\" title=\"Fran&ccedil;ois Boucher: Buste d&rsquo;une jeune fille en chemise, vue de dos, vers 1740 &copy; Collection Jean Bonna, Gen&egrave;ve. Photo : Patrick Goetelen, Gen&egrave;ve\" \/>\n\t\t\t\t\t<\/noscript>\n\n\t\t\t\t\t\t\t\t\t<\/div>\n\n\t\t\t\t\t\t\t<\/div>\n\n\t\t\t\n\t\t\t\t\t<\/div>\n\t<\/div>\n\n\n                                                                                                                                    <\/a>\n                                                            <\/figure>\n                                                        <\/div>\n                                                    <\/div>\n                                                                                                                                                                                                                                                <div class=\"col-xs-6 col-sm-fifth\">\n                                                        <div class=\"box\">\n                                                            <figure class=\" \">\n                                                                <a href=\"https:\/\/www.kunsthalle-karlsruhe.de\/wp-content\/uploads\/2021\/02\/kunsthallekarlsruhe-newsroom-boucher-pompadour.jpg\" download alt=\"Download\">\n                                                                    \t<div class=\"lazy-media\" id=\"media_69f4fb3a748ac\">\n\t\t<div class=\"lazy-media-wrapper\">\n\t\t\t<div class=\"lazy-media-copyright\">\n\t\t\t\t<div class=\"lazy-media-copyright-content\">\n\t\t\t\t\t\t\t\t\t\t\tFran\u00e7ois Boucher: Madame de Pompadour, 1756, Bayerische Staatsgem\u00e4ldesammlungen, Alte Pinakothek, M\u00fcnchen | Dauerleihgabe der Sammlung HypoVereinbank, Member of UniCredit\t\t\t\t\t\t\t\t\t<\/div>\n\t\t\t<\/div>\n\n\t\t\t<div class=\"height-container\"  style=\"padding-bottom:126.03129445235%;\">\n\t\t\t\t<script type=\"application\/json\" class=\"lazy-media-data\">\n\t\t\t\t{\n\t\t\t\t\"sizes\" : {\"thumbnail\":{\"file\":\"kunsthallekarlsruhe-newsroom-boucher-pompadour-119x150.jpg\",\"width\":119,\"height\":150,\"mime-type\":\"image\\\/jpeg\"},\"medium\":{\"file\":\"kunsthallekarlsruhe-newsroom-boucher-pompadour-238x300.jpg\",\"width\":238,\"height\":300,\"mime-type\":\"image\\\/jpeg\"},\"medium_large\":{\"file\":\"kunsthallekarlsruhe-newsroom-boucher-pompadour-768x968.jpg\",\"width\":768,\"height\":968,\"mime-type\":\"image\\\/jpeg\"},\"large\":{\"file\":\"kunsthallekarlsruhe-newsroom-boucher-pompadour-812x1024.jpg\",\"width\":812,\"height\":1024,\"mime-type\":\"image\\\/jpeg\"},\"mobile\":{\"file\":\"kunsthallekarlsruhe-newsroom-boucher-pompadour-571x720.jpg\",\"width\":571,\"height\":720,\"mime-type\":\"image\\\/jpeg\"},\"hd\":{\"file\":\"kunsthallekarlsruhe-newsroom-boucher-pompadour-1016x1280.jpg\",\"width\":1016,\"height\":1280,\"mime-type\":\"image\\\/jpeg\"},\"original\":{\"file\":\"kunsthallekarlsruhe-newsroom-boucher-pompadour.jpg\",\"width\":1406,\"height\":1772}},\n\t\t\t\t\"path\" : \"\/wp-content\/uploads\/2021\/02\/\",\n\t\t\t\t\"video\" : \"\",\n\t\t\t\t\"autoplay\" : \"\",\n\t\t\t\t\"youtube\" : \"\"\n\t\t\t\t}\n\t\t\t\t<\/script>\n\n\t\t\t\t<div class=\"image-wrapper\" id=\"image_69f4fb3a748ad\">\n\t\t\t\t\t<img decoding=\"async\" src=\"\" alt=\"Abbildung von Fran&ccedil;ois Boucher, Madame de Pompadour, 1756\" title=\"Fran&ccedil;ois Boucher: Portrait de Madame de Pompadour\" \/>\n\t\t\t\t\t<noscript>\n\t\t\t\t\t\t<img decoding=\"async\" src=\"\/wp-content\/uploads\/2021\/02\/kunsthallekarlsruhe-newsroom-boucher-pompadour.jpg\" alt=\"Abbildung von Fran&ccedil;ois Boucher, Madame de Pompadour, 1756\" title=\"Fran&ccedil;ois Boucher: Portrait de Madame de Pompadour\" \/>\n\t\t\t\t\t<\/noscript>\n\n\t\t\t\t\t\t\t\t\t<\/div>\n\n\t\t\t\t\t\t\t<\/div>\n\n\t\t\t\n\t\t\t\t\t<\/div>\n\t<\/div>\n\n\n                                                                                                                                    <\/a>\n                                                            <\/figure>\n                                                        <\/div>\n                                                    <\/div>\n                                                                                                                                                                                                                                                <div class=\"col-xs-6 col-sm-fifth\">\n                                                        <div class=\"box\">\n                                                            <figure class=\" \">\n                                                                <a href=\"https:\/\/www.kunsthalle-karlsruhe.de\/wp-content\/uploads\/2021\/02\/kunsthallekarlsruhe-newsroom-boucher-modistin.jpg\" download alt=\"Download\">\n                                                                    \t<div class=\"lazy-media\" id=\"media_69f4fb3a74ca9\">\n\t\t<div class=\"lazy-media-wrapper\">\n\t\t\t<div class=\"lazy-media-copyright\">\n\t\t\t\t<div class=\"lazy-media-copyright-content\">\n\t\t\t\t\t\t\t\t\t\t\tFran\u00e7ois Boucher: La Marchande de modes (Le Matin), 1746, Nationalmuseum Stockholm (Photo: Cecilia Heisser) \t\t\t\t\t\t\t\t\t<\/div>\n\t\t\t<\/div>\n\n\t\t\t<div class=\"height-container\"  style=\"padding-bottom:119.97291807718%;\">\n\t\t\t\t<script type=\"application\/json\" class=\"lazy-media-data\">\n\t\t\t\t{\n\t\t\t\t\"sizes\" : {\"thumbnail\":{\"file\":\"kunsthallekarlsruhe-newsroom-boucher-modistin-125x150.jpg\",\"width\":125,\"height\":150,\"mime-type\":\"image\\\/jpeg\"},\"medium\":{\"file\":\"kunsthallekarlsruhe-newsroom-boucher-modistin-250x300.jpg\",\"width\":250,\"height\":300,\"mime-type\":\"image\\\/jpeg\"},\"medium_large\":{\"file\":\"kunsthallekarlsruhe-newsroom-boucher-modistin-768x921.jpg\",\"width\":768,\"height\":921,\"mime-type\":\"image\\\/jpeg\"},\"large\":{\"file\":\"kunsthallekarlsruhe-newsroom-boucher-modistin-854x1024.jpg\",\"width\":854,\"height\":1024,\"mime-type\":\"image\\\/jpeg\"},\"mobile\":{\"file\":\"kunsthallekarlsruhe-newsroom-boucher-modistin-600x720.jpg\",\"width\":600,\"height\":720,\"mime-type\":\"image\\\/jpeg\"},\"hd\":{\"file\":\"kunsthallekarlsruhe-newsroom-boucher-modistin-1067x1280.jpg\",\"width\":1067,\"height\":1280,\"mime-type\":\"image\\\/jpeg\"},\"original\":{\"file\":\"kunsthallekarlsruhe-newsroom-boucher-modistin.jpg\",\"width\":1477,\"height\":1772}},\n\t\t\t\t\"path\" : \"\/wp-content\/uploads\/2021\/02\/\",\n\t\t\t\t\"video\" : \"\",\n\t\t\t\t\"autoplay\" : \"\",\n\t\t\t\t\"youtube\" : \"\"\n\t\t\t\t}\n\t\t\t\t<\/script>\n\n\t\t\t\t<div class=\"image-wrapper\" id=\"image_69f4fb3a74caa\">\n\t\t\t\t\t<img decoding=\"async\" src=\"\" alt=\"Abbildung von Fran&ccedil;ois Bouchers Werk Die Modistin (Der Morgen)\" title=\"Fran&ccedil;ois Boucher: La Marchande de modes (Le Matin)\" \/>\n\t\t\t\t\t<noscript>\n\t\t\t\t\t\t<img decoding=\"async\" src=\"\/wp-content\/uploads\/2021\/02\/kunsthallekarlsruhe-newsroom-boucher-modistin.jpg\" alt=\"Abbildung von Fran&ccedil;ois Bouchers Werk Die Modistin (Der Morgen)\" title=\"Fran&ccedil;ois Boucher: La Marchande de modes (Le Matin)\" \/>\n\t\t\t\t\t<\/noscript>\n\n\t\t\t\t\t\t\t\t\t<\/div>\n\n\t\t\t\t\t\t\t<\/div>\n\n\t\t\t\n\t\t\t\t\t<\/div>\n\t<\/div>\n\n\n                                                                                                                                    <\/a>\n                                                            <\/figure>\n                                                        <\/div>\n                                                    <\/div>\n                                                                                                                                    <\/div>\n                                                                    <\/div>\n                            <\/div>\n                                                            <\/div>\n            <\/div>\n        <\/div>\n    <\/div>\n<\/section>\n\n\n\n\n\n\n<section class=\"block block-copy-image block-margin-remove\" >\n    <div class=\"container-fluid\">\n        <div class=\"row\">\n                            <div class=\"col-xs-12 col-sm-5 col-sm-offset-1\">\n                    <div class=\"box block-copy-image-copy\">\n                                                    <h2  >Julia Ditsch<\/h2>                                                <div class=\"copy editor exception-align-left\"><p class=\"p1\">Directrice de d\u00e9partement<br \/>\nAttach\u00e9 de presse<\/p>\n<p>T\u00e9l\u00e9phone :\u00a0<a href=\"tel:+4972120119300\">+49 (0) 721 20119 300<\/a><br \/>\nE-Mail :\u00a0<a href=\"mailto:ditsch@kunsthalle-karlsruhe.de\">ditsch@kunsthalle-karlsruhe.de<\/a><\/p>\n                            \n\n                            <\/div>\n                    <\/div>\n                <\/div>\n\n                <div class=\"col-xs-12 col-sm-6\">\n                    <div class=\"box\">\n                                            <\/div>\n                <\/div>\n                                <\/div>\n    <\/div>\n<\/section>\n\n<section class=\"block block-copy-image block-margin-remove\" >\n    <div class=\"container-fluid\">\n        <div class=\"row\">\n                            <div class=\"col-xs-12 col-sm-5 col-sm-offset-1\">\n                    <div class=\"box block-copy-image-copy\">\n                                                    <h2  >Tabea Schwarze<\/h2>                                                <div class=\"copy editor exception-align-left\"><p class=\"p1\">Digital Management<\/p>\n<p class=\"p1\">T\u00e9l\u00e9lphone : <a href=\"tel:+4972120119311\">+49 (0) 721 20119 311<\/a><br \/>\nE-Mail : <a href=\"mailto:schwarze@kunsthalle-karlsruhe.de\">schwarze@kunsthalle-karlsruhe.de<\/a><\/p>\n                            \n\n                            <\/div>\n                    <\/div>\n                <\/div>\n\n                <div class=\"col-xs-12 col-sm-6\">\n                    <div class=\"box\">\n                                            <\/div>\n                <\/div>\n                                <\/div>\n    <\/div>\n<\/section>\n\n<section class=\"block block-copy-image block-margin-remove\" >\n    <div class=\"container-fluid\">\n        <div class=\"row\">\n                            <div class=\"col-xs-12 col-sm-5 col-sm-offset-1\">\n                    <div class=\"box block-copy-image-copy\">\n                                                    <h2  >Lara Di Carlo<\/h2>                                                <div class=\"copy editor exception-align-left\"><p class=\"p1\">Social Media Management et Content Creation<\/p>\n<p>T\u00e9l\u00e9lphone : <a href=\"tel:+4972120119310\">+49 (0) 721 20119 310<\/a><br \/>\nE-Mail : <a href=\"mailto:dicarlo@kunsthalle-karlsruhe.de\">dicarlo@kunsthalle-karlsruhe.de<\/a><\/p>\n                            \n\n                            <\/div>\n                    <\/div>\n                <\/div>\n\n                <div class=\"col-xs-12 col-sm-6\">\n                    <div class=\"box\">\n                                            <\/div>\n                <\/div>\n                                <\/div>\n    <\/div>\n<\/section>\n\n<section class=\"block block-copy-image\" >\n    <div class=\"container-fluid\">\n        <div class=\"row\">\n                            <div class=\"col-xs-12 col-sm-5 col-sm-offset-1\">\n                    <div class=\"box block-copy-image-copy\">\n                                                    <h2  >N. N.<\/h2>                                                <div class=\"copy editor exception-align-left\"><p>Stagiaire scientifique<\/p>\n                            \n\n                            <\/div>\n                    <\/div>\n                <\/div>\n\n                <div class=\"col-xs-12 col-sm-6\">\n                    <div class=\"box\">\n                                            <\/div>\n                <\/div>\n                                <\/div>\n    <\/div>\n<\/section>\n\n<section class=\"block block-accordion\" >\n    <div class=\"container-fluid\">\n        <div class=\"row\">\n            <div class=\"col-xs-12 col-sm-10 col-sm-offset-1\">\n                <div class=\"box\">\n                    <h2  ><\/h2>\n\n                                            \n                            <div class=\"block-accordion-item\" aria-expanded=\"false\">\n                                <button class=\"reset-style block-accordion-item-head\" aria-controls=\"acc_69f4fb3a7713a\" id=\"acc_title_69f4fb3a7713b\">\n                                    <strong aria-labelledby=\"acc_title_69f4fb3a7713b\">Informations g\u00e9n\u00e9rales<\/strong>\n                                <\/button>\n\n                                <div class=\"block-accordion-item-content editor\" id=\"acc_69f4fb3a7713a\" role=\"region\">\n                                    <p>Notez SVP que les banni\u00e8res et les photos de presse sont prot\u00e9g\u00e9es par des droits d\u2019auteur. Vous y avez imm\u00e9diatement acc\u00e8s au terme de la proc\u00e9dure d\u2019inscription. Notez \u00e9galement que ces documents ne doivent pas \u00eatre modifi\u00e9s et ne peuvent \u00eatre utilis\u00e9s qu\u2019exclusivement en relation avec les expositions mentionn\u00e9es et en indiquant les droits d\u2019auteur. N\u2019h\u00e9sitez pas \u00e0 nous contacter si vous souhaitez prendre des photos ou tourner un film dans les salles du mus\u00e9e. Merci de votre compr\u00e9hension.<\/p>\n                                    \n\n                                    <\/div>\n                            <\/div>\n                        \n                            <div class=\"block-accordion-item\" aria-expanded=\"false\">\n                                <button class=\"reset-style block-accordion-item-head\" aria-controls=\"acc_69f4fb3a771fd\" id=\"acc_title_69f4fb3a771fe\">\n                                    <strong aria-labelledby=\"acc_title_69f4fb3a771fe\">Droits d\u2019auteur<\/strong>\n                                <\/button>\n\n                                <div class=\"block-accordion-item-content editor\" id=\"acc_69f4fb3a771fd\" role=\"region\">\n                                    <p>Les photos d\u2019\u0153uvres dont les auteurs sont morts depuis plus de soixante-dix ans sont disponibles sous licence CCO. Celles d\u2019\u0153uvres dues \u00e0 des artistes contemporains ou morts depuis moins de soixante-dix ans sont quant \u00e0 elles prot\u00e9g\u00e9es par des droits d\u2019auteur g\u00e9r\u00e9s par l\u2019institut VG Bild-Kunst, les artistes eux-m\u00eames, leurs ayants droit ou d\u2019autres organismes. La Kunsthalle n\u2019a aucune influence sur ces droits d\u2019auteur mais reste \u00e0 votre disposition pour vous aider \u00e0 trouver le propri\u00e9taire des droits. Les dossiers de presse incluent des images relatives aux expositions organis\u00e9es au mus\u00e9e et mentionnent les droits y aff\u00e9rant.<\/p>\n                                    \n\n                                    <\/div>\n                            <\/div>\n                        \n                            <div class=\"block-accordion-item\" aria-expanded=\"false\">\n                                <button class=\"reset-style block-accordion-item-head\" aria-controls=\"acc_69f4fb3a7729c\" id=\"acc_title_69f4fb3a7729d\">\n                                    <strong aria-labelledby=\"acc_title_69f4fb3a7729d\">Blogueurs et Diffuseurs Internet<\/strong>\n                                <\/button>\n\n                                <div class=\"block-accordion-item-content editor\" id=\"acc_69f4fb3a7729c\" role=\"region\">\n                                    <p>Les blogueurs et les diffuseurs Internet b\u00e9n\u00e9ficient d\u2019un acc\u00e8s gratuit au mus\u00e9e et aux documents d\u2019information apr\u00e8s avoir fait une demande par mail envoy\u00e9e \u00e0 l\u2019adresse <a href=\"digital@kunsthalle-karlsruhe.de\">digital@kunsthalle-karlsruhe.de<\/a>.<\/p>\n                                    \n\n                                    <\/div>\n                            <\/div>\n                                                            <\/div>\n            <\/div>\n        <\/div>\n    <\/div>\n<\/section>","protected":false},"excerpt":{"rendered":"<p>Dans la salle de presse de la Kunsthalle Karlsruhe, vous trouverez des informations et du mat\u00e9riel de presse.<\/p>\n","protected":false},"author":1,"featured_media":8195,"parent":0,"menu_order":0,"comment_status":"closed","ping_status":"closed","template":"page-newsroom.php","meta":{"_acf_changed":false,"_seopress_robots_primary_cat":"","_seopress_titles_title":"","_seopress_titles_desc":"","_seopress_robots_index":"","footnotes":""},"class_list":["post-5480","page","type-page","status-publish","has-post-thumbnail","hentry"],"acf":[],"_links":{"self":[{"href":"https:\/\/www.kunsthalle-karlsruhe.de\/fr\/wp-json\/wp\/v2\/pages\/5480","targetHints":{"allow":["GET"]}}],"collection":[{"href":"https:\/\/www.kunsthalle-karlsruhe.de\/fr\/wp-json\/wp\/v2\/pages"}],"about":[{"href":"https:\/\/www.kunsthalle-karlsruhe.de\/fr\/wp-json\/wp\/v2\/types\/page"}],"author":[{"embeddable":true,"href":"https:\/\/www.kunsthalle-karlsruhe.de\/fr\/wp-json\/wp\/v2\/users\/1"}],"replies":[{"embeddable":true,"href":"https:\/\/www.kunsthalle-karlsruhe.de\/fr\/wp-json\/wp\/v2\/comments?post=5480"}],"version-history":[{"count":3,"href":"https:\/\/www.kunsthalle-karlsruhe.de\/fr\/wp-json\/wp\/v2\/pages\/5480\/revisions"}],"predecessor-version":[{"id":75028,"href":"https:\/\/www.kunsthalle-karlsruhe.de\/fr\/wp-json\/wp\/v2\/pages\/5480\/revisions\/75028"}],"wp:featuredmedia":[{"embeddable":true,"href":"https:\/\/www.kunsthalle-karlsruhe.de\/fr\/wp-json\/wp\/v2\/media\/8195"}],"wp:attachment":[{"href":"https:\/\/www.kunsthalle-karlsruhe.de\/fr\/wp-json\/wp\/v2\/media?parent=5480"}],"curies":[{"name":"wp","href":"https:\/\/api.w.org\/{rel}","templated":true}]}}