{"id":73113,"date":"2024-09-12T09:01:38","date_gmt":"2024-09-12T07:01:38","guid":{"rendered":"https:\/\/www.kunsthalle-karlsruhe.de\/?page_id=73113"},"modified":"2024-09-13T17:25:35","modified_gmt":"2024-09-13T15:25:35","slug":"thoma-les-offres-numeriques","status":"publish","type":"page","link":"https:\/\/www.kunsthalle-karlsruhe.de\/fr\/thoma-les-offres-numeriques\/","title":{"rendered":"Thoma: les\u00a0offres\u00a0num\u00e9riques"},"content":{"rendered":"\n<section class=\"block block-header block-header-simple\"  >\n    <div class=\"block-header-simple-title\">\n        <div class=\"block-header-simple-title-content\">\n            <div class=\"container-fluid\">\n                <div class=\"row\">\n                    <div class=\"col-xs col-md-12\">\n                        <div class=\"box\">\n                            <h1  >Thoma: les\u00a0offres\u00a0num\u00e9riques<\/h1>                        <\/div>\n                    <\/div>\n                <\/div>\n            <\/div>\n        <\/div>\n\n            <\/div>\n    \n\t<div class=\"lazy-media background\" id=\"media_69f580e6261d5\">\n\t\t\n        <script type=\"application\/json\" class=\"lazy-media-data\">\n        {\n        \"sizes\" : {\"medium\":{\"file\":\"kunsthallekarlsruhe-thoma-selbstbildnisamortod-gesichttotenschaedeldetail-300x196.jpg\",\"width\":300,\"height\":196,\"mime-type\":\"image\\\/jpeg\",\"filesize\":91876},\"large\":{\"file\":\"kunsthallekarlsruhe-thoma-selbstbildnisamortod-gesichttotenschaedeldetail-1024x670.jpg\",\"width\":1024,\"height\":670,\"mime-type\":\"image\\\/jpeg\",\"filesize\":862345},\"thumbnail\":{\"file\":\"kunsthallekarlsruhe-thoma-selbstbildnisamortod-gesichttotenschaedeldetail-150x98.jpg\",\"width\":150,\"height\":98,\"mime-type\":\"image\\\/jpeg\",\"filesize\":36493},\"medium_large\":{\"file\":\"kunsthallekarlsruhe-thoma-selbstbildnisamortod-gesichttotenschaedeldetail-768x503.jpg\",\"width\":768,\"height\":503,\"mime-type\":\"image\\\/jpeg\",\"filesize\":481167},\"mobile\":{\"file\":\"kunsthallekarlsruhe-thoma-selbstbildnisamortod-gesichttotenschaedeldetail-720x471.jpg\",\"width\":720,\"height\":471,\"mime-type\":\"image\\\/jpeg\",\"filesize\":423188},\"hd\":{\"file\":\"kunsthallekarlsruhe-thoma-selbstbildnisamortod-gesichttotenschaedeldetail-1280x838.jpg\",\"width\":1280,\"height\":838,\"mime-type\":\"image\\\/jpeg\",\"filesize\":1345835},\"1536x1536\":{\"file\":\"kunsthallekarlsruhe-thoma-selbstbildnisamortod-gesichttotenschaedeldetail-1536x1006.jpg\",\"width\":1536,\"height\":1006,\"mime-type\":\"image\\\/jpeg\",\"filesize\":1939921},\"original\":{\"file\":\"kunsthallekarlsruhe-thoma-selbstbildnisamortod-gesichttotenschaedeldetail.jpg\",\"width\":1920,\"height\":1257}},\n        \"path\" : \"\/wp-content\/uploads\/2022\/12\/\",\n        \"autoplay\" : \"\",\n\t\t\"focus\" : null,\n        \"caption\" : false        }\n        <\/script>\n\n\t\t<div title=\"Thoma: Self Portrait with Cupid and Death\" class=\"image-wrapper\" id=\"image_69f580e6261d6\">\n\t\t\t<div class=\"image\"><\/div>\n\t\t\t\t\t<\/div>\n\n\t\t<noscript>\n\t\t\t<img decoding=\"async\" src=\"\/wp-content\/uploads\/2022\/12\/kunsthallekarlsruhe-thoma-selbstbildnisamortod-gesichttotenschaedeldetail.jpg\" alt=\"Detail from the self-portrait by Hans Thoma: Face of the artist with skull and putto.\" title=\"Thoma: Self Portrait with Cupid and Death\" \/>\n\t\t<\/noscript>\n    <\/div>\n\n<\/section>\n\n\n<div class=\"block-teaser-home small\" >\n    <div class=\"block-teaser-home-wrapper text-align-center\">\n\n                    <a href=\"https:\/\/www.kunsthalle-karlsruhe.de\/fr\/touren\/hans-thoma-artiste\/\" target=\"_blank\" >\n            \n            \t<div class=\"lazy-media\" id=\"media_69f580e627d06\">\n\t\t<div class=\"lazy-media-wrapper\">\n\t\t\t<div class=\"lazy-media-copyright\">\n\t\t\t\t<div class=\"lazy-media-copyright-content\">\n\t\t\t\t\t\t\t\t\t\t\t<span class=\"lazy-media-copyright-content-empty\" aria-hidden=\"true\" style=\"pointer-events: none; user-select: none;\">&nbsp;<\/span>\n\t\t\t\t\t\t\t\t\t<\/div>\n\t\t\t<\/div>\n\n\t\t\t<div class=\"height-container\"  style=\"padding-bottom:126.06697307945%;\">\n\t\t\t\t<script type=\"application\/json\" class=\"lazy-media-data\">\n\t\t\t\t{\n\t\t\t\t\"sizes\" : {\"medium\":{\"file\":\"kunsthallekarlsruhe-hans-thoma-la-giardiniera-238x300.jpg\",\"width\":238,\"height\":300,\"mime-type\":\"image\\\/jpeg\",\"filesize\":124360},\"large\":{\"file\":\"kunsthallekarlsruhe-hans-thoma-la-giardiniera-812x1024.jpg\",\"width\":812,\"height\":1024,\"mime-type\":\"image\\\/jpeg\",\"filesize\":1135015},\"thumbnail\":{\"file\":\"kunsthallekarlsruhe-hans-thoma-la-giardiniera-119x150.jpg\",\"width\":119,\"height\":150,\"mime-type\":\"image\\\/jpeg\",\"filesize\":42566},\"medium_large\":{\"file\":\"kunsthallekarlsruhe-hans-thoma-la-giardiniera-768x968.jpg\",\"width\":768,\"height\":968,\"mime-type\":\"image\\\/jpeg\",\"filesize\":1016426},\"mobile\":{\"file\":\"kunsthallekarlsruhe-hans-thoma-la-giardiniera-571x720.jpg\",\"width\":571,\"height\":720,\"mime-type\":\"image\\\/jpeg\",\"filesize\":593127},\"hd\":{\"file\":\"kunsthallekarlsruhe-hans-thoma-la-giardiniera-1015x1280.jpg\",\"width\":1015,\"height\":1280,\"mime-type\":\"image\\\/jpeg\",\"filesize\":1682198},\"1536x1536\":{\"file\":\"kunsthallekarlsruhe-hans-thoma-la-giardiniera-1218x1536.jpg\",\"width\":1218,\"height\":1536,\"mime-type\":\"image\\\/jpeg\",\"filesize\":2373621},\"original\":{\"file\":\"kunsthallekarlsruhe-hans-thoma-la-giardiniera.jpg\",\"width\":1523,\"height\":1920}},\n\t\t\t\t\"path\" : \"\/wp-content\/uploads\/2024\/07\/\",\n\t\t\t\t\"video\" : \"\",\n\t\t\t\t\"autoplay\" : \"\",\n\t\t\t\t\"youtube\" : \"\"\n\t\t\t\t}\n\t\t\t\t<\/script>\n\n\t\t\t\t<div class=\"image-wrapper\" id=\"image_69f580e627d07\">\n\t\t\t\t\t<img decoding=\"async\" src=\"\" alt=\"Ein Bild einer Frau mit verschr&auml;nkten Armen.\" title=\"kunsthallekarlsruhe-hans-thoma-la-giardiniera\" \/>\n\t\t\t\t\t<noscript>\n\t\t\t\t\t\t<img decoding=\"async\" src=\"\/wp-content\/uploads\/2024\/07\/kunsthallekarlsruhe-hans-thoma-la-giardiniera.jpg\" alt=\"Ein Bild einer Frau mit verschr&auml;nkten Armen.\" title=\"kunsthallekarlsruhe-hans-thoma-la-giardiniera\" \/>\n\t\t\t\t\t<\/noscript>\n\n\t\t\t\t\t\t\t\t\t<\/div>\n\n\t\t\t\t\t\t\t<\/div>\n\n\t\t\t\n\t\t\t\t\t<\/div>\n\t<\/div>\n\n\n                            <h3  class=\" margin-sixteenth-top\" >Hans Thoma, artiste<\/h3>                                        <h5 class=\"fs-xs-18-24 fs-md-22-32 editor\"><p>Dans le cadre de cette visite, vous d\u00e9couvrirez six tableaux s\u00e9lectionn\u00e9s de Hans Thoma, qui illustrent ses diff\u00e9rentes phases de cr\u00e9ation et ses priorit\u00e9s artistiques.<\/p>\n<\/h5>\n                                        <span class=\"button standard\" aria-hidden=\"true\">Mehr erfahren \u2026<\/span>\n            \n                        <\/a>\n            <\/div>\n<\/div>\n\n\n<div class=\"block-teaser-home small\" >\n    <div class=\"block-teaser-home-wrapper text-align-center\">\n\n                    <a href=\"https:\/\/www.kunsthalle-karlsruhe.de\/fr\/touren\/hans-thoma-directeur-de-musee\" target=\"_blank\" >\n            \n            \t<div class=\"lazy-media\" id=\"media_69f580e6287c4\">\n\t\t<div class=\"lazy-media-wrapper\">\n\t\t\t<div class=\"lazy-media-copyright\">\n\t\t\t\t<div class=\"lazy-media-copyright-content\">\n\t\t\t\t\t\t\t\t\t\t\t<span class=\"lazy-media-copyright-content-empty\" aria-hidden=\"true\" style=\"pointer-events: none; user-select: none;\">&nbsp;<\/span>\n\t\t\t\t\t\t\t\t\t<\/div>\n\t\t\t<\/div>\n\n\t\t\t<div class=\"height-container\"  style=\"padding-bottom:79.676258992806%;\">\n\t\t\t\t<script type=\"application\/json\" class=\"lazy-media-data\">\n\t\t\t\t{\n\t\t\t\t\"sizes\" : {\"medium\":{\"file\":\"kunsthallekarlsruhe-newsroom-wilhelm-gustav-friedrich-hasemann-schwarzwlder-spinnstube-300x239.jpg\",\"width\":300,\"height\":239,\"mime-type\":\"image\\\/jpeg\",\"filesize\":94580},\"large\":{\"file\":\"kunsthallekarlsruhe-newsroom-wilhelm-gustav-friedrich-hasemann-schwarzwlder-spinnstube-1024x816.jpg\",\"width\":1024,\"height\":816,\"mime-type\":\"image\\\/jpeg\",\"filesize\":963197},\"thumbnail\":{\"file\":\"kunsthallekarlsruhe-newsroom-wilhelm-gustav-friedrich-hasemann-schwarzwlder-spinnstube-150x120.jpg\",\"width\":150,\"height\":120,\"mime-type\":\"image\\\/jpeg\",\"filesize\":26021},\"medium_large\":{\"file\":\"kunsthallekarlsruhe-newsroom-wilhelm-gustav-friedrich-hasemann-schwarzwlder-spinnstube-768x612.jpg\",\"width\":768,\"height\":612,\"mime-type\":\"image\\\/jpeg\",\"filesize\":557110},\"mobile\":{\"file\":\"kunsthallekarlsruhe-newsroom-wilhelm-gustav-friedrich-hasemann-schwarzwlder-spinnstube-720x574.jpg\",\"width\":720,\"height\":574,\"mime-type\":\"image\\\/jpeg\",\"filesize\":491733},\"hd\":{\"file\":\"kunsthallekarlsruhe-newsroom-wilhelm-gustav-friedrich-hasemann-schwarzwlder-spinnstube-1280x1020.jpg\",\"width\":1280,\"height\":1020,\"mime-type\":\"image\\\/jpeg\",\"filesize\":1477865},\"full\":{\"file\":\"kunsthallekarlsruhe-newsroom-wilhelm-gustav-friedrich-hasemann-schwarzwlder-spinnstube-1920x1530.jpg\",\"width\":1920,\"height\":1530,\"mime-type\":\"image\\\/jpeg\",\"filesize\":3146141},\"1536x1536\":{\"file\":\"kunsthallekarlsruhe-newsroom-wilhelm-gustav-friedrich-hasemann-schwarzwlder-spinnstube-1536x1224.jpg\",\"width\":1536,\"height\":1224,\"mime-type\":\"image\\\/jpeg\",\"filesize\":2078597},\"2048x2048\":{\"file\":\"kunsthallekarlsruhe-newsroom-wilhelm-gustav-friedrich-hasemann-schwarzwlder-spinnstube-2048x1632.jpg\",\"width\":2048,\"height\":1632,\"mime-type\":\"image\\\/jpeg\",\"filesize\":3523764},\"original\":{\"file\":\"kunsthallekarlsruhe-newsroom-wilhelm-gustav-friedrich-hasemann-schwarzwlder-spinnstube.jpg\",\"width\":2224,\"height\":1772}},\n\t\t\t\t\"path\" : \"\/wp-content\/uploads\/2024\/09\/\",\n\t\t\t\t\"video\" : \"\",\n\t\t\t\t\"autoplay\" : \"\",\n\t\t\t\t\"youtube\" : \"\"\n\t\t\t\t}\n\t\t\t\t<\/script>\n\n\t\t\t\t<div class=\"image-wrapper\" id=\"image_69f580e6287c5\">\n\t\t\t\t\t<img decoding=\"async\" src=\"\" alt=\"Frauen in einer h&ouml;lzernen Schwarzwaldstube am Spinnrad.\" title=\"kunsthallekarlsruhe-newsroom-wilhelm-gustav-friedrich-hasemann-schwarzwlder-spinnstube\" \/>\n\t\t\t\t\t<noscript>\n\t\t\t\t\t\t<img decoding=\"async\" src=\"\/wp-content\/uploads\/2024\/09\/kunsthallekarlsruhe-newsroom-wilhelm-gustav-friedrich-hasemann-schwarzwlder-spinnstube.jpg\" alt=\"Frauen in einer h&ouml;lzernen Schwarzwaldstube am Spinnrad.\" title=\"kunsthallekarlsruhe-newsroom-wilhelm-gustav-friedrich-hasemann-schwarzwlder-spinnstube\" \/>\n\t\t\t\t\t<\/noscript>\n\n\t\t\t\t\t\t\t\t\t<\/div>\n\n\t\t\t\t\t\t\t<\/div>\n\n\t\t\t\n\t\t\t\t\t<\/div>\n\t<\/div>\n\n\n                            <h3  class=\" margin-sixteenth-top\" >Hans Thoma, directeur de mus\u00e9e<\/h3>                                        <h5 class=\"fs-xs-18-24 fs-md-22-32 editor\"><p>Dans le cadre de cette visite, vous d\u00e9couvrirez une s\u00e9lection de tableaux entr\u00e9s de diff\u00e9rentes mani\u00e8res dans la collection de la Kunsthalle sous la direction de Hans Thomas.<\/p>\n<\/h5>\n                                        <span class=\"button standard\" aria-hidden=\"true\">Mehr erfahren \u2026<\/span>\n            \n                        <\/a>\n            <\/div>\n<\/div>\n\n\n<div class=\"block-teaser-home small\" >\n    <div class=\"block-teaser-home-wrapper text-align-center\">\n\n                    <a href=\"https:\/\/www.kunsthalle-karlsruhe.de\/fr\/exposition\/hans-thoma\/\" target=\"_self\" >\n            \n            \t<div class=\"lazy-media\" id=\"media_69f580e6293ca\">\n\t\t<div class=\"lazy-media-wrapper\">\n\t\t\t<div class=\"lazy-media-copyright\">\n\t\t\t\t<div class=\"lazy-media-copyright-content\">\n\t\t\t\t\t\t\t\t\t\t\t<span class=\"lazy-media-copyright-content-empty\" aria-hidden=\"true\" style=\"pointer-events: none; user-select: none;\">&nbsp;<\/span>\n\t\t\t\t\t\t\t\t\t<\/div>\n\t\t\t<\/div>\n\n\t\t\t<div class=\"height-container\"  style=\"padding-bottom:66.6796875%;\">\n\t\t\t\t<script type=\"application\/json\" class=\"lazy-media-data\">\n\t\t\t\t{\n\t\t\t\t\"sizes\" : {\"medium\":{\"file\":\"kunsthallekarlsruhe-newsroom-thoma-ausstellungsansicht-300x200.jpg\",\"width\":300,\"height\":200,\"mime-type\":\"image\\\/jpeg\",\"filesize\":50824},\"large\":{\"file\":\"kunsthallekarlsruhe-newsroom-thoma-ausstellungsansicht-1024x683.jpg\",\"width\":1024,\"height\":683,\"mime-type\":\"image\\\/jpeg\",\"filesize\":445874},\"thumbnail\":{\"file\":\"kunsthallekarlsruhe-newsroom-thoma-ausstellungsansicht-150x100.jpg\",\"width\":150,\"height\":100,\"mime-type\":\"image\\\/jpeg\",\"filesize\":16600},\"medium_large\":{\"file\":\"kunsthallekarlsruhe-newsroom-thoma-ausstellungsansicht-768x512.jpg\",\"width\":768,\"height\":512,\"mime-type\":\"image\\\/jpeg\",\"filesize\":262872},\"mobile\":{\"file\":\"kunsthallekarlsruhe-newsroom-thoma-ausstellungsansicht-720x480.jpg\",\"width\":720,\"height\":480,\"mime-type\":\"image\\\/jpeg\",\"filesize\":233235},\"hd\":{\"file\":\"kunsthallekarlsruhe-newsroom-thoma-ausstellungsansicht-1280x854.jpg\",\"width\":1280,\"height\":854,\"mime-type\":\"image\\\/jpeg\",\"filesize\":668299},\"full\":{\"file\":\"kunsthallekarlsruhe-newsroom-thoma-ausstellungsansicht-1920x1280.jpg\",\"width\":1920,\"height\":1280,\"mime-type\":\"image\\\/jpeg\",\"filesize\":1362650},\"1536x1536\":{\"file\":\"kunsthallekarlsruhe-newsroom-thoma-ausstellungsansicht-1536x1024.jpg\",\"width\":1536,\"height\":1024,\"mime-type\":\"image\\\/jpeg\",\"filesize\":925827},\"2048x2048\":{\"file\":\"kunsthallekarlsruhe-newsroom-thoma-ausstellungsansicht-2048x1366.jpg\",\"width\":2048,\"height\":1366,\"mime-type\":\"image\\\/jpeg\",\"filesize\":1522740},\"original\":{\"file\":\"kunsthallekarlsruhe-newsroom-thoma-ausstellungsansicht-scaled.jpg\",\"width\":2560,\"height\":1707}},\n\t\t\t\t\"path\" : \"\/wp-content\/uploads\/2024\/09\/\",\n\t\t\t\t\"video\" : \"\",\n\t\t\t\t\"autoplay\" : \"\",\n\t\t\t\t\"youtube\" : \"\"\n\t\t\t\t}\n\t\t\t\t<\/script>\n\n\t\t\t\t<div class=\"image-wrapper\" id=\"image_69f580e6293cb\">\n\t\t\t\t\t<img decoding=\"async\" src=\"\" alt=\"Ansicht eines Ausstellungsraumes mit blauer Wandfarbe und Gem&auml;lden.\" title=\"kunsthallekarlsruhe-newsroom-thoma-ausstellungsansicht\" \/>\n\t\t\t\t\t<noscript>\n\t\t\t\t\t\t<img decoding=\"async\" src=\"\/wp-content\/uploads\/2024\/09\/kunsthallekarlsruhe-newsroom-thoma-ausstellungsansicht-scaled.jpg\" alt=\"Ansicht eines Ausstellungsraumes mit blauer Wandfarbe und Gem&auml;lden.\" title=\"kunsthallekarlsruhe-newsroom-thoma-ausstellungsansicht\" \/>\n\t\t\t\t\t<\/noscript>\n\n\t\t\t\t\t\t\t\t\t<\/div>\n\n\t\t\t\t\t\t\t<\/div>\n\n\t\t\t\n\t\t\t\t\t<\/div>\n\t<\/div>\n\n\n                            <h3  class=\" margin-sixteenth-top\" >Hans Thoma \u2013 Un peintre directeur de mus\u00e9e<\/h3>                                        <h5 class=\"fs-xs-18-24 fs-md-22-32 editor\"><p>Une petite exposition temporaire intitul\u00e9e\u00a0<em>Hans Thoma \u2013 Un peintre directeur de mus\u00e9e<\/em>\u00a0est organis\u00e9e \u00e0 l\u2019occasion du centenaire de sa mort.<\/p>\n<\/h5>\n                                        <span class=\"button standard\" aria-hidden=\"true\">Mehr erfahren \u2026<\/span>\n            \n                        <\/a>\n            <\/div>\n<\/div>","protected":false},"excerpt":{"rendered":"","protected":false},"author":7,"featured_media":69876,"parent":0,"menu_order":0,"comment_status":"closed","ping_status":"closed","template":"","meta":{"_acf_changed":false,"_seopress_robots_primary_cat":"","_seopress_titles_title":"","_seopress_titles_desc":"","_seopress_robots_index":"","footnotes":""},"class_list":["post-73113","page","type-page","status-publish","has-post-thumbnail","hentry"],"acf":[],"_links":{"self":[{"href":"https:\/\/www.kunsthalle-karlsruhe.de\/fr\/wp-json\/wp\/v2\/pages\/73113","targetHints":{"allow":["GET"]}}],"collection":[{"href":"https:\/\/www.kunsthalle-karlsruhe.de\/fr\/wp-json\/wp\/v2\/pages"}],"about":[{"href":"https:\/\/www.kunsthalle-karlsruhe.de\/fr\/wp-json\/wp\/v2\/types\/page"}],"author":[{"embeddable":true,"href":"https:\/\/www.kunsthalle-karlsruhe.de\/fr\/wp-json\/wp\/v2\/users\/7"}],"replies":[{"embeddable":true,"href":"https:\/\/www.kunsthalle-karlsruhe.de\/fr\/wp-json\/wp\/v2\/comments?post=73113"}],"version-history":[{"count":3,"href":"https:\/\/www.kunsthalle-karlsruhe.de\/fr\/wp-json\/wp\/v2\/pages\/73113\/revisions"}],"predecessor-version":[{"id":73264,"href":"https:\/\/www.kunsthalle-karlsruhe.de\/fr\/wp-json\/wp\/v2\/pages\/73113\/revisions\/73264"}],"wp:featuredmedia":[{"embeddable":true,"href":"https:\/\/www.kunsthalle-karlsruhe.de\/fr\/wp-json\/wp\/v2\/media\/69876"}],"wp:attachment":[{"href":"https:\/\/www.kunsthalle-karlsruhe.de\/fr\/wp-json\/wp\/v2\/media?parent=73113"}],"curies":[{"name":"wp","href":"https:\/\/api.w.org\/{rel}","templated":true}]}}