{"id":79748,"date":"2025-04-15T19:55:20","date_gmt":"2025-04-15T17:55:20","guid":{"rendered":"https:\/\/www.kunsthalle-karlsruhe.de\/?page_id=79748"},"modified":"2025-04-15T19:55:24","modified_gmt":"2025-04-15T17:55:24","slug":"oriental","status":"publish","type":"page","link":"https:\/\/www.kunsthalle-karlsruhe.de\/fr\/revisions\/glossaire\/oriental\/","title":{"rendered":"oriental"},"content":{"rendered":"\n<section class=\"block block-copy\" style=\"text-align: left\" >\n    <div class=\"container-fluid\">\n        <div class=\"row\">\n                            <div class=\"col-xs-12 col-sm-8 col-sm-offset-2\">\n                    <div class=\"box\">\n                        <h2  >\u00ab\u00a0oriental\u00a0\u00bb<\/h2>                    <\/div>\n                <\/div>\n                        <div class=\"col-xs-12 col-sm-8 col-sm-offset-2\">\n                <div class=\"box\">\n                    <div class=\"copy editor\"><p>Il est important de comprendre que \u00ab\u00a0l\u2019Orient\u00a0\u00bb en tant que tel ne correspond pas \u00e0 une culture concr\u00e8te. Le terme \u00ab\u00a0oriental\u00a0\u00bb est d\u00e9riv\u00e9 de l\u2019 \u00ab\u00a0Orient\u00a0\u00bb (pays du Levant), mais il reste impr\u00e9cis et sert souvent \u00e0 pr\u00e9senter des personnes et des cultures comme \u00ab\u00a0autres\u00a0\u00bb ou \u00e9trang\u00e8res. Par exemple, les hommes ayant une \u00ab\u00a0apparence m\u00e9ridionale et orientale\u00a0\u00bb sont facilement criminalis\u00e9s, alors que les femmes sont plut\u00f4t orientalis\u00e9es par une conception de \u00ab\u00a0s\u00e9ductrices exotiques\u00a0\u00bb. De telles g\u00e9n\u00e9ralisations nient la diversit\u00e9 des r\u00e9gions vis\u00e9es et cr\u00e9ent une marginalisation.<\/p>\n                        \n\n                        <\/div>\n                <\/div>\n            <\/div>\n        <\/div>\n    <\/div>\n<\/section>\n\n<section class=\"block block-buttons noprint\" >\n    <div class=\"container-fluid\">\n                <div class=\"row center-xs\">\n            <div class=\"col-xs-12\">\n                <div class=\"box\">\n                                <div>\n                <a href=\"https:\/\/www.kunsthalle-karlsruhe.de\/revisionen\/glossar\/\" title=\"Zum re*visionen Glossar \" class=\"button standard   \" target=\"_self\" >\n                                        <span>Zum re*visionen Glossar <\/span>\n                <\/a>\n                <\/div>\n                <div>\n                <a href=\"https:\/\/www.kunsthalle-karlsruhe.de\/revisionen\/\" title=\"Zur re*visionen \u00dcbersichtsseite\" class=\"button standard   \" target=\"_self\" >\n                                        <span>Zur re*visionen \u00dcbersichtsseite<\/span>\n                <\/a>\n                <\/div>\n    \n\n                    <\/div>\n            <\/div>\n                            <div class=\"col-xs-12\">\n                    <div class=\"box\">\n                        <div>\n                            <a href=\"#\" onclick=\"site.sharer.show(); return false;\" title=\"Seite teilen\" class=\"button standard \" target=\"_self\">Seite teilen<\/a>\n                        <\/div>\n                        <div>\n                            <a href=\"javascript: window.print();\" title=\"Seite drucken\" class=\"button standard \">Seite drucken<\/a>\n                        <\/div>\n                    <\/div>\n                <\/div>\n                    <\/div>\n    <\/div>\n<\/section>\n\n<div class=\"sharer\" id=\"sharer\" aria-hidden=\"true\" style=\"position: fixed\">\n    <div class=\"sharer--content\">\n        <a class=\"sharer-close\" href=\"#\" onclick=\"site.sharer.hide(); return false;\"><\/a>\n        <strong>Seite teilen<\/strong>\n        <table>\n            <tr>\n                <th><a href=\"#\" onclick=\"site.sharer.facebook(); return false;\">Facebook<\/a><\/th>\n                <td><a class=\"sharer--facebook\" href=\"#\" onclick=\"site.sharer.facebook(); return false;\"><\/a><\/td>\n            <\/tr>\n            <tr>\n                <th><a href=\"#\" onclick=\"site.sharer.twitter(); return false;\">X (Twitter)<\/a><\/th>\n                <td><a class=\"sharer--twitter-x\" href=\"#\" onclick=\"site.sharer.twitter(); return false;\"><\/a><\/td>\n            <\/tr>\n            <tr>\n                <th><a href=\"#\" onclick=\"site.sharer.email(); return false;\">E-Mail<\/a><\/th>\n                <td><a class=\"sharer--email\" href=\"#\" onclick=\"site.sharer.email(); return false;\"><\/a><\/td>\n            <\/tr>\n            <tr>\n                <th>\n                    <a href=\"#\" onclick=\"site.sharer.permalink(); return false;\">URL kopieren<\/a>\n                    <h6 class=\"sharer--copy--message\">Die URL wurde erfolgreich kopiert und befindet sich in der Zwischenablage<\/h6>\n                <\/th>\n                <td><a class=\"sharer--permalink\" href=\"#\" onclick=\"site.sharer.permalink(); return false;\"><\/a><\/td>\n            <\/tr>\n                    <\/table>\n    <\/div>\n<\/div>","protected":false},"excerpt":{"rendered":"","protected":false},"author":7,"featured_media":0,"parent":79616,"menu_order":0,"comment_status":"closed","ping_status":"closed","template":"","meta":{"_acf_changed":false,"_seopress_robots_primary_cat":"","_seopress_titles_title":"","_seopress_titles_desc":"","_seopress_robots_index":"","footnotes":""},"class_list":["post-79748","page","type-page","status-publish","hentry"],"acf":[],"_links":{"self":[{"href":"https:\/\/www.kunsthalle-karlsruhe.de\/fr\/wp-json\/wp\/v2\/pages\/79748","targetHints":{"allow":["GET"]}}],"collection":[{"href":"https:\/\/www.kunsthalle-karlsruhe.de\/fr\/wp-json\/wp\/v2\/pages"}],"about":[{"href":"https:\/\/www.kunsthalle-karlsruhe.de\/fr\/wp-json\/wp\/v2\/types\/page"}],"author":[{"embeddable":true,"href":"https:\/\/www.kunsthalle-karlsruhe.de\/fr\/wp-json\/wp\/v2\/users\/7"}],"replies":[{"embeddable":true,"href":"https:\/\/www.kunsthalle-karlsruhe.de\/fr\/wp-json\/wp\/v2\/comments?post=79748"}],"version-history":[{"count":2,"href":"https:\/\/www.kunsthalle-karlsruhe.de\/fr\/wp-json\/wp\/v2\/pages\/79748\/revisions"}],"predecessor-version":[{"id":79752,"href":"https:\/\/www.kunsthalle-karlsruhe.de\/fr\/wp-json\/wp\/v2\/pages\/79748\/revisions\/79752"}],"up":[{"embeddable":true,"href":"https:\/\/www.kunsthalle-karlsruhe.de\/fr\/wp-json\/wp\/v2\/pages\/79616"}],"wp:attachment":[{"href":"https:\/\/www.kunsthalle-karlsruhe.de\/fr\/wp-json\/wp\/v2\/media?parent=79748"}],"curies":[{"name":"wp","href":"https:\/\/api.w.org\/{rel}","templated":true}]}}