{"id":86482,"date":"2025-11-04T15:21:39","date_gmt":"2025-11-04T14:21:39","guid":{"rendered":"https:\/\/www.kunsthalle-karlsruhe.de\/touren\/archistories\/"},"modified":"2025-11-28T14:44:10","modified_gmt":"2025-11-28T13:44:10","slug":"archistories","status":"publish","type":"touren","link":"https:\/\/www.kunsthalle-karlsruhe.de\/fr\/touren\/archistories\/","title":{"rendered":"Archistories"},"content":{"rendered":"\n<section class=\"block block-copy\" style=\"text-align: left\" >\n    <div class=\"container-fluid\">\n        <div class=\"row\">\n                        <div class=\"col-xs-12 col-sm-8 col-sm-offset-2\">\n                <div class=\"box\">\n                    <div class=\"copy editor\">                        \n\n                        <\/div>\n                <\/div>\n            <\/div>\n        <\/div>\n    <\/div>\n<\/section>\n\n\n<section class=\"block block-header block-header-simple\"  >\n    <div class=\"block-header-simple-title\">\n        <div class=\"block-header-simple-title-content\">\n            <div class=\"container-fluid\">\n                <div class=\"row\">\n                    <div class=\"col-xs col-md-12\">\n                        <div class=\"box\">\n                            <h1  class=\"h1\" >Architektur in der Kunst<\/h1>                        <\/div>\n                    <\/div>\n                <\/div>\n            <\/div>\n        <\/div>\n\n            <\/div>\n    \n\t<div class=\"lazy-media background lazy-crop\" id=\"media_69f0ab0a84007\">\n\t\t\t\t\t<div class=\"lazy-media-copyright\">\n\t\t\t\t<div class=\"lazy-media-copyright-content\">\n\t\t\t\t\t\u00a9 Dionisio Gonz\u00e1lez\r\n\t\t\t\t<\/div>\n\t\t\t<\/div>\n\t\t\n        <script type=\"application\/json\" class=\"lazy-media-data\">\n        {\n        \"sizes\" : {\"medium\":{\"file\":\"kunsthallekarlsruhe-gonzalez-wittgensteins-cabin10-scaled-300x131.jpg\",\"width\":300,\"height\":131,\"mime-type\":\"image\\\/jpeg\",\"filesize\":64500},\"large\":{\"file\":\"kunsthallekarlsruhe-gonzalez-wittgensteins-cabin10-scaled-1024x448.jpg\",\"width\":1024,\"height\":448,\"mime-type\":\"image\\\/jpeg\",\"filesize\":568113},\"thumbnail\":{\"file\":\"kunsthallekarlsruhe-gonzalez-wittgensteins-cabin10-scaled-150x66.jpg\",\"width\":150,\"height\":66,\"mime-type\":\"image\\\/jpeg\",\"filesize\":25860},\"medium_large\":{\"file\":\"kunsthallekarlsruhe-gonzalez-wittgensteins-cabin10-scaled-768x336.jpg\",\"width\":768,\"height\":336,\"mime-type\":\"image\\\/jpeg\",\"filesize\":332643},\"1536x1536\":{\"file\":\"kunsthallekarlsruhe-gonzalez-wittgensteins-cabin10-scaled-1536x672.jpg\",\"width\":1536,\"height\":672,\"mime-type\":\"image\\\/jpeg\",\"filesize\":1223927},\"2048x2048\":{\"file\":\"kunsthallekarlsruhe-gonzalez-wittgensteins-cabin10-scaled-2048x896.jpg\",\"width\":2048,\"height\":896,\"mime-type\":\"image\\\/jpeg\",\"filesize\":2060284},\"original\":{\"file\":\"kunsthallekarlsruhe-gonzalez-wittgensteins-cabin10-scaled-e1760017746712.jpg\",\"width\":1920,\"height\":840}},\n        \"path\" : \"\/wp-content\/uploads\/2025\/07\/\",\n        \"autoplay\" : \"\",\n\t\t\"focus\" : {\"top\":\"71.29\",\"left\":\"49.86\"},\n        \"caption\" : false        }\n        <\/script>\n\n\t\t<div title=\"Dionisio Gonz&aacute;lez &amp;#8211; Wittgenstein&amp;#8217;s Cabin10\" class=\"image-wrapper\" id=\"image_69f0ab0a84009\">\n\t\t\t<div class=\"image\"><\/div>\n\t\t\t\t\t<\/div>\n\n\t\t<noscript>\n\t\t\t<img decoding=\"async\" src=\"\/wp-content\/uploads\/2025\/07\/kunsthallekarlsruhe-gonzalez-wittgensteins-cabin10-scaled-e1760017746712.jpg\" alt=\"Vor einer bewaldeten Steilk&uuml;ste flie&szlig;t ruhig ein gr&uuml;n-blauer Fluss. Im Fluss befinden sich auf kleinen Inseln futuristische Geb&auml;ude aus runden Formen, aber auch aus Glas und Holz.\" title=\"Dionisio Gonz&aacute;lez &amp;#8211; Wittgenstein&amp;#8217;s Cabin10\" \/>\n\t\t<\/noscript>\n    <\/div>\n\n<\/section>\n\n\n<section class=\"block block-copy\" style=\"text-align: left\" >\n    <div class=\"container-fluid\">\n        <div class=\"row\">\n                        <div class=\"col-xs-12 col-sm-8 col-sm-offset-2\">\n                <div class=\"box\">\n                    <div class=\"copy editor\"><p>Bauwerke sind essenzieller Teil anthropologischer Selbstbeschreibungen, Archive und Medien sozialer, \u00f6konomischer und politischer Prozesse, fortschreitender technischer Verm\u00f6gen, sich wandelnder Wertesysteme, \u00f6kologischer Fehlentwicklungen, kollektiver und individueller Geschichte.<\/p>\n                        \n\n                        <\/div>\n                <\/div>\n            <\/div>\n        <\/div>\n    <\/div>\n<\/section>\n\n<div class=\"block-read-more\">\n    <div class=\"block-read-more-button plus\">\n        <div class=\"block-read-more-button-icon\">\n            <svg xmlns=\"http:\/\/www.w3.org\/2000\/svg\" width=\"14\" height=\"15\" viewBox=\"0 0 14 15\">\n                <path class=\"block-read-more-button-icon-svg-plus\" fill=\"#000\" fill-rule=\"evenodd\" d=\"M5.432 8.961H0v-3.08h5.432V.421h3.136v5.46H14v3.08H8.568v5.46H5.432z\"\/>\n\t\t\t\t<path class=\"block-read-more-button-icon-svg-minus\" fill=\"#FFF\" fill-rule=\"evenodd\" d=\"M0 .253h14V3.39H0z\"\/>\n            <\/svg>\n        <\/div>\n\t\t<div class=\"block-read-more-buttons\">\n\t\t    <h6 class=\"block-read-more-button-copy\">Plus d\u2019infos <\/h6>\n\t\t\t<h6 class=\"block-read-less-button-copy\">Moins d\u2019infos <\/h6>\n\t\t<\/div>\n\t<\/div>\n\n    <div class=\"block-read-more-content\">\n\n\n\n<section class=\"block block-copy\" style=\"text-align: left\" >\n    <div class=\"container-fluid\">\n        <div class=\"row\">\n                        <div class=\"col-xs-12 col-sm-8 col-sm-offset-2\">\n                <div class=\"box\">\n                    <div class=\"copy editor\"><p>Kunstwerke, deren Gegenstand Architektur ist, spiegeln und kommentieren dies \u00fcber die Jahrhunderte hinweg und er\u00f6ffnen die M\u00f6glichkeit, alle Facetten dieses Feldes menschlicher Kreativit\u00e4t \u00e4sthetisch vermittelt zu erleben und sich mit ihm diskursiv auseinanderzusetzen. Die Ausstellung \u00bbArchistories. Architektur in der Kunst\u00ab widmet sich bildk\u00fcnstlerischen Reflexionen von Architekturen aus mehreren Jahrhunderten.<\/p>\n                        \n\n                        <\/div>\n                <\/div>\n            <\/div>\n        <\/div>\n    <\/div>\n<\/section>\n\n\n        <div class=\"block-read-more-button\">\n            <div class=\"block-read-more-button-icon minus\">\n                <svg xmlns=\"http:\/\/www.w3.org\/2000\/svg\" width=\"14\" height=\"4\" viewBox=\"0 0 14 4\">\n                    <path fill=\"#FFF\" fill-rule=\"evenodd\" d=\"M0 .253h14V3.39H0z\"\/>\n                <\/svg>\n            <\/div>\n        <\/div>\n    <\/div>\n<\/div>\n\n  <div class=\"block-tour-stations-list \">\n        <div class=\"container-fluid\">\n      <h2  class=\"h2\" ><\/h2>\n      <ul class=\"stations-wrapper\">\n                  <li class=\"station\">\n                        <a href=\"https:\/\/www.kunsthalle-karlsruhe.de\/kunstwerk\/interior-architecture\/?tour=86482#tour-details\" class=\"station-link\">\n              <div class=\"station-image-wrapper\">\n                                  <img loading=\"lazy\" decoding=\"async\" width=\"199\" height=\"300\" src=\"https:\/\/www.kunsthalle-karlsruhe.de\/wp-content\/uploads\/2025\/07\/kunsthallekarlsruhe-oliveira-architecture-199x300.jpg\" class=\"attachment-medium size-medium wpsmartcrop-image wpsmartcrop-image\" alt=\"Aus einer artifiziellen Wurzel w\u00e4chst eine S\u00e4ule aus Ziegeln hoch in den Raum. Sie erreicht eine H\u00f6he von \u00fcber vier Metern.\" srcset=\"https:\/\/www.kunsthalle-karlsruhe.de\/wp-content\/uploads\/2025\/07\/kunsthallekarlsruhe-oliveira-architecture-199x300.jpg 199w, https:\/\/www.kunsthalle-karlsruhe.de\/wp-content\/uploads\/2025\/07\/kunsthallekarlsruhe-oliveira-architecture-99x150.jpg 99w, https:\/\/www.kunsthalle-karlsruhe.de\/wp-content\/uploads\/2025\/07\/kunsthallekarlsruhe-oliveira-architecture.jpg 554w\" sizes=\"auto, (max-width: 199px) 100vw, 199px\" data-smartcrop-focus=\"[53,51]\" \/>                              <\/div>\n              <div class=\"station-title-wrapper\">\n                <span class=\"station-title__count\">1\/28<\/span>\n                <span class=\"station-title\">Symbiose aus Natur und Architektur<\/span>\n              <\/div>\n            <\/a>\n          <\/li>\n                  <li class=\"station\">\n                        <a href=\"https:\/\/www.kunsthalle-karlsruhe.de\/kunstwerk\/rockinghouse\/?tour=86482#tour-details\" class=\"station-link\">\n              <div class=\"station-image-wrapper\">\n                                  <img loading=\"lazy\" decoding=\"async\" width=\"200\" height=\"300\" src=\"https:\/\/www.kunsthalle-karlsruhe.de\/wp-content\/uploads\/2025\/07\/kunsthallekarlsruhe-craig-Rocking-House-scaled-200x300.jpg\" class=\"attachment-medium size-medium wpsmartcrop-image\" alt=\"Das bunte Architekturmodell kann sich bewegen, wenn man es anpustet. Der untere Bereich besteht aus einem Halbkreis, aus dem ein Turm emporw\u00e4chst.\" srcset=\"https:\/\/www.kunsthalle-karlsruhe.de\/wp-content\/uploads\/2025\/07\/kunsthallekarlsruhe-craig-Rocking-House-scaled-200x300.jpg 200w, https:\/\/www.kunsthalle-karlsruhe.de\/wp-content\/uploads\/2025\/07\/kunsthallekarlsruhe-craig-Rocking-House-scaled-683x1024.jpg 683w, https:\/\/www.kunsthalle-karlsruhe.de\/wp-content\/uploads\/2025\/07\/kunsthallekarlsruhe-craig-Rocking-House-scaled-100x150.jpg 100w, https:\/\/www.kunsthalle-karlsruhe.de\/wp-content\/uploads\/2025\/07\/kunsthallekarlsruhe-craig-Rocking-House-scaled-768x1152.jpg 768w, https:\/\/www.kunsthalle-karlsruhe.de\/wp-content\/uploads\/2025\/07\/kunsthallekarlsruhe-craig-Rocking-House-scaled-1024x1536.jpg 1024w, https:\/\/www.kunsthalle-karlsruhe.de\/wp-content\/uploads\/2025\/07\/kunsthallekarlsruhe-craig-Rocking-House-scaled-1366x2048.jpg 1366w, https:\/\/www.kunsthalle-karlsruhe.de\/wp-content\/uploads\/2025\/07\/kunsthallekarlsruhe-craig-Rocking-House-scaled-e1760086452451.jpg 1280w\" sizes=\"auto, (max-width: 200px) 100vw, 200px\" data-smartcrop-focus=\"[50,74]\" \/>                              <\/div>\n              <div class=\"station-title-wrapper\">\n                <span class=\"station-title__count\">2\/28<\/span>\n                <span class=\"station-title\">Humorvolle Modelle in knalligen Farben<\/span>\n              <\/div>\n            <\/a>\n          <\/li>\n                  <li class=\"station\">\n                        <a href=\"https:\/\/www.kunsthalle-karlsruhe.de\/kunstwerke\/Hubert-Kiecol\/Alte-Schule-ohne-Platz\/0C62F0274BFDCF6EF68819BC881B2DCA\/?tour=86482#tour-details\" class=\"station-link\">\n              <div class=\"station-image-wrapper\">\n                                  <img loading=\"lazy\" decoding=\"async\" width=\"300\" height=\"225\" src=\"https:\/\/www.kunsthalle-karlsruhe.de\/wp-content\/uploads\/2025\/07\/kunsthallekarlsruhe-kiecol-alte-schule-ohne-platz-scaled-e1760017599350-300x225.jpg\" class=\"attachment-medium size-medium wpsmartcrop-image wpsmartcrop-image\" alt=\"Die Skulptur besteht aus drei Teilen, die wie Baukl\u00f6tze aussehen. Die beiden \u00e4u\u00dferen Elemente sind Quader; das Mittlere hat einen Giebel. Alle sind aus Beton.\" srcset=\"https:\/\/www.kunsthalle-karlsruhe.de\/wp-content\/uploads\/2025\/07\/kunsthallekarlsruhe-kiecol-alte-schule-ohne-platz-scaled-e1760017599350-300x225.jpg 300w, https:\/\/www.kunsthalle-karlsruhe.de\/wp-content\/uploads\/2025\/07\/kunsthallekarlsruhe-kiecol-alte-schule-ohne-platz-scaled-e1760017599350-1024x767.jpg 1024w, https:\/\/www.kunsthalle-karlsruhe.de\/wp-content\/uploads\/2025\/07\/kunsthallekarlsruhe-kiecol-alte-schule-ohne-platz-scaled-e1760017599350-150x112.jpg 150w, https:\/\/www.kunsthalle-karlsruhe.de\/wp-content\/uploads\/2025\/07\/kunsthallekarlsruhe-kiecol-alte-schule-ohne-platz-scaled-e1760017599350-768x576.jpg 768w, https:\/\/www.kunsthalle-karlsruhe.de\/wp-content\/uploads\/2025\/07\/kunsthallekarlsruhe-kiecol-alte-schule-ohne-platz-scaled-e1760017599350-1536x1151.jpg 1536w, https:\/\/www.kunsthalle-karlsruhe.de\/wp-content\/uploads\/2025\/07\/kunsthallekarlsruhe-kiecol-alte-schule-ohne-platz-scaled-e1760017599350.jpg 1920w\" sizes=\"auto, (max-width: 300px) 100vw, 300px\" data-smartcrop-focus=\"[51,44]\" \/>                              <\/div>\n              <div class=\"station-title-wrapper\">\n                <span class=\"station-title__count\">3\/28<\/span>\n                <span class=\"station-title\">Totale Reduktion<\/span>\n              <\/div>\n            <\/a>\n          <\/li>\n                  <li class=\"station\">\n                        <a href=\"https:\/\/www.kunsthalle-karlsruhe.de\/kunstwerke\/Alexander-Kanoldt\/Bayerische-Dorfh\u00e4user-unter-B\u00e4umen\/A4D44A924074C935C6C94A8D17466D47\/?tour=86482#tour-details\" class=\"station-link\">\n              <div class=\"station-image-wrapper\">\n                                  <img loading=\"lazy\" decoding=\"async\" width=\"239\" height=\"300\" src=\"https:\/\/www.kunsthalle-karlsruhe.de\/wp-content\/uploads\/2025\/07\/kunsthallekarlsruhe-kanoldt-Bayrische-Dorfhaeuser-unter-Baeumen-e1761031550279-239x300.jpg\" class=\"attachment-medium size-medium wpsmartcrop-image wpsmartcrop-image\" alt=\"Auf dem Landschaftsgem\u00e4lde ist ein Dorf, das von B\u00e4umen umgeben ist. Im Hintergrund sind Berge angedeutet. Der Pinselstrich ist expressiv. Die Farben sind satt.\" srcset=\"https:\/\/www.kunsthalle-karlsruhe.de\/wp-content\/uploads\/2025\/07\/kunsthallekarlsruhe-kanoldt-Bayrische-Dorfhaeuser-unter-Baeumen-e1761031550279-239x300.jpg 239w, https:\/\/www.kunsthalle-karlsruhe.de\/wp-content\/uploads\/2025\/07\/kunsthallekarlsruhe-kanoldt-Bayrische-Dorfhaeuser-unter-Baeumen-e1761031550279-815x1024.jpg 815w, https:\/\/www.kunsthalle-karlsruhe.de\/wp-content\/uploads\/2025\/07\/kunsthallekarlsruhe-kanoldt-Bayrische-Dorfhaeuser-unter-Baeumen-e1761031550279-119x150.jpg 119w, https:\/\/www.kunsthalle-karlsruhe.de\/wp-content\/uploads\/2025\/07\/kunsthallekarlsruhe-kanoldt-Bayrische-Dorfhaeuser-unter-Baeumen-e1761031550279-768x964.jpg 768w, https:\/\/www.kunsthalle-karlsruhe.de\/wp-content\/uploads\/2025\/07\/kunsthallekarlsruhe-kanoldt-Bayrische-Dorfhaeuser-unter-Baeumen-e1761031550279-1223x1536.jpg 1223w, https:\/\/www.kunsthalle-karlsruhe.de\/wp-content\/uploads\/2025\/07\/kunsthallekarlsruhe-kanoldt-Bayrische-Dorfhaeuser-unter-Baeumen-e1761031550279.jpg 1478w\" sizes=\"auto, (max-width: 239px) 100vw, 239px\" data-smartcrop-focus=\"[47,41]\" \/>                              <\/div>\n              <div class=\"station-title-wrapper\">\n                <span class=\"station-title__count\">4\/28<\/span>\n                <span class=\"station-title\">Ein Ausflug nach Murnau am Staffelsee<\/span>\n              <\/div>\n            <\/a>\n          <\/li>\n                  <li class=\"station\">\n                        <a href=\"https:\/\/www.kunsthalle-karlsruhe.de\/kunstwerke\/Carl-Ludwig-Frommel\/Das-Haus-des-Tasso-in-Sorrent\/65614B324B36B911B7AC26AD15D66663\/?tour=86482#tour-details\" class=\"station-link\">\n              <div class=\"station-image-wrapper\">\n                                  <img loading=\"lazy\" decoding=\"async\" width=\"300\" height=\"224\" src=\"https:\/\/www.kunsthalle-karlsruhe.de\/wp-content\/uploads\/2025\/07\/kunsthallekarlsruhe-frommel-das-haus-des-tasso-scaled-e1761031776374-300x224.jpg\" class=\"attachment-medium size-medium wpsmartcrop-image wpsmartcrop-image\" alt=\"Die Steilk\u00fcste auf der linken Seite ist teilweise bebaut. F\u00fcnf Boote fahren auf dem Meer. Hinten links ist der Vesuv zu erkennen. Vorne ruht sich ein Mann an einer Mauer aus.\" srcset=\"https:\/\/www.kunsthalle-karlsruhe.de\/wp-content\/uploads\/2025\/07\/kunsthallekarlsruhe-frommel-das-haus-des-tasso-scaled-e1761031776374-300x224.jpg 300w, https:\/\/www.kunsthalle-karlsruhe.de\/wp-content\/uploads\/2025\/07\/kunsthallekarlsruhe-frommel-das-haus-des-tasso-scaled-e1761031776374-1024x764.jpg 1024w, https:\/\/www.kunsthalle-karlsruhe.de\/wp-content\/uploads\/2025\/07\/kunsthallekarlsruhe-frommel-das-haus-des-tasso-scaled-e1761031776374-150x112.jpg 150w, https:\/\/www.kunsthalle-karlsruhe.de\/wp-content\/uploads\/2025\/07\/kunsthallekarlsruhe-frommel-das-haus-des-tasso-scaled-e1761031776374-768x573.jpg 768w, https:\/\/www.kunsthalle-karlsruhe.de\/wp-content\/uploads\/2025\/07\/kunsthallekarlsruhe-frommel-das-haus-des-tasso-scaled-e1761031776374-1536x1146.jpg 1536w, https:\/\/www.kunsthalle-karlsruhe.de\/wp-content\/uploads\/2025\/07\/kunsthallekarlsruhe-frommel-das-haus-des-tasso-scaled-e1761031776374.jpg 1853w\" sizes=\"auto, (max-width: 300px) 100vw, 300px\" data-smartcrop-focus=\"[76,52]\" \/>                              <\/div>\n              <div class=\"station-title-wrapper\">\n                <span class=\"station-title__count\">5\/28<\/span>\n                <span class=\"station-title\">Die R\u00fcckkehr des Dichters<\/span>\n              <\/div>\n            <\/a>\n          <\/li>\n                  <li class=\"station\">\n                        <a href=\"https:\/\/www.kunsthalle-karlsruhe.de\/kunstwerke\/Friedrich-Mosbrugger\/Italienische-Hinterh\u00e4user\/6AA7C698474720CEBEF8B38FCF75AAA4\/?tour=86482#tour-details\" class=\"station-link\">\n              <div class=\"station-image-wrapper\">\n                                  <img loading=\"lazy\" decoding=\"async\" width=\"222\" height=\"300\" src=\"https:\/\/www.kunsthalle-karlsruhe.de\/wp-content\/uploads\/2025\/07\/kunsthallekarlsruhe-mosbrugger-italienische-hinterhaeuser-scaled-e1761031383674-222x300.jpg\" class=\"attachment-medium size-medium\" alt=\"Man blickt auf einen Hinterhof. Eine Frau mit ihrem Kind sitzt im Schatten. An den Hinterhof schlie\u00dft ein kleiner Garten, der von vielen unterschiedlich hohen H\u00e4usern umgeben ist.\" srcset=\"https:\/\/www.kunsthalle-karlsruhe.de\/wp-content\/uploads\/2025\/07\/kunsthallekarlsruhe-mosbrugger-italienische-hinterhaeuser-scaled-e1761031383674-222x300.jpg 222w, https:\/\/www.kunsthalle-karlsruhe.de\/wp-content\/uploads\/2025\/07\/kunsthallekarlsruhe-mosbrugger-italienische-hinterhaeuser-scaled-e1761031383674-758x1024.jpg 758w, https:\/\/www.kunsthalle-karlsruhe.de\/wp-content\/uploads\/2025\/07\/kunsthallekarlsruhe-mosbrugger-italienische-hinterhaeuser-scaled-e1761031383674-111x150.jpg 111w, https:\/\/www.kunsthalle-karlsruhe.de\/wp-content\/uploads\/2025\/07\/kunsthallekarlsruhe-mosbrugger-italienische-hinterhaeuser-scaled-e1761031383674-768x1038.jpg 768w, https:\/\/www.kunsthalle-karlsruhe.de\/wp-content\/uploads\/2025\/07\/kunsthallekarlsruhe-mosbrugger-italienische-hinterhaeuser-scaled-e1761031383674-1136x1536.jpg 1136w, https:\/\/www.kunsthalle-karlsruhe.de\/wp-content\/uploads\/2025\/07\/kunsthallekarlsruhe-mosbrugger-italienische-hinterhaeuser-scaled-e1761031383674.jpg 1373w\" sizes=\"auto, (max-width: 222px) 100vw, 222px\" \/>                              <\/div>\n              <div class=\"station-title-wrapper\">\n                <span class=\"station-title__count\">6\/28<\/span>\n                <span class=\"station-title\">Auf der Suche nach einem schattigen Pl\u00e4tzchen <\/span>\n              <\/div>\n            <\/a>\n          <\/li>\n                  <li class=\"station\">\n                        <a href=\"https:\/\/www.kunsthalle-karlsruhe.de\/kunstwerke\/Dionisio-Gonz?-lez\/Wittgenstein's-Cabin\/F3BA51481175468CA42247E48776FC85\/?tour=86482#tour-details\" class=\"station-link\">\n              <div class=\"station-image-wrapper\">\n                                  <img loading=\"lazy\" decoding=\"async\" width=\"300\" height=\"131\" src=\"https:\/\/www.kunsthalle-karlsruhe.de\/wp-content\/uploads\/2025\/07\/kunsthallekarlsruhe-gonzalez-wittgensteins-cabin10-scaled-300x131.jpg\" class=\"attachment-medium size-medium wpsmartcrop-image\" alt=\"Vor einer bewaldeten Steilk\u00fcste flie\u00dft ruhig ein gr\u00fcn-blauer Fluss. Im Fluss befinden sich auf kleinen Inseln futuristische Geb\u00e4ude aus runden Formen, aber auch aus Glas und Holz.\" srcset=\"https:\/\/www.kunsthalle-karlsruhe.de\/wp-content\/uploads\/2025\/07\/kunsthallekarlsruhe-gonzalez-wittgensteins-cabin10-scaled-300x131.jpg 300w, https:\/\/www.kunsthalle-karlsruhe.de\/wp-content\/uploads\/2025\/07\/kunsthallekarlsruhe-gonzalez-wittgensteins-cabin10-scaled-1024x448.jpg 1024w, https:\/\/www.kunsthalle-karlsruhe.de\/wp-content\/uploads\/2025\/07\/kunsthallekarlsruhe-gonzalez-wittgensteins-cabin10-scaled-150x66.jpg 150w, https:\/\/www.kunsthalle-karlsruhe.de\/wp-content\/uploads\/2025\/07\/kunsthallekarlsruhe-gonzalez-wittgensteins-cabin10-scaled-768x336.jpg 768w, https:\/\/www.kunsthalle-karlsruhe.de\/wp-content\/uploads\/2025\/07\/kunsthallekarlsruhe-gonzalez-wittgensteins-cabin10-scaled-1536x672.jpg 1536w, https:\/\/www.kunsthalle-karlsruhe.de\/wp-content\/uploads\/2025\/07\/kunsthallekarlsruhe-gonzalez-wittgensteins-cabin10-scaled-2048x896.jpg 2048w, https:\/\/www.kunsthalle-karlsruhe.de\/wp-content\/uploads\/2025\/07\/kunsthallekarlsruhe-gonzalez-wittgensteins-cabin10-scaled-e1760017746712.jpg 1920w\" sizes=\"auto, (max-width: 300px) 100vw, 300px\" data-smartcrop-focus=\"[49,71]\" \/>                              <\/div>\n              <div class=\"station-title-wrapper\">\n                <span class=\"station-title__count\">7\/28<\/span>\n                <span class=\"station-title\">Futuristische Architektur trifft auf unber\u00fchrte Natur<\/span>\n              <\/div>\n            <\/a>\n          <\/li>\n                  <li class=\"station\">\n                        <a href=\"https:\/\/www.kunsthalle-karlsruhe.de\/kunstwerke\/Giovanni-Battista-Piranesi\/R\u00f6mische-Bogenarchitektur-mit-zwei-L\u00f6wenreliefs-im-Vordergrund\/FBF4412340152C0EA96C1086D8CA88A8\/?tour=86482#tour-details\" class=\"station-link\">\n              <div class=\"station-image-wrapper\">\n                                  <img loading=\"lazy\" decoding=\"async\" width=\"229\" height=\"300\" src=\"https:\/\/www.kunsthalle-karlsruhe.de\/wp-content\/uploads\/2025\/07\/kunsthallekarlsruhe-piranesi-loewenreliefs-scaled-229x300.jpg\" class=\"attachment-medium size-medium wpsmartcrop-image\" alt=\"Durch viele heterogene B\u00f6gen wird der Raum noch oben und hinten ge\u00f6ffnet. Der Raum ist gestaffelt. Im Vordergrund befinden sich zwei L\u00f6wenreliefs.\" srcset=\"https:\/\/www.kunsthalle-karlsruhe.de\/wp-content\/uploads\/2025\/07\/kunsthallekarlsruhe-piranesi-loewenreliefs-scaled-229x300.jpg 229w, https:\/\/www.kunsthalle-karlsruhe.de\/wp-content\/uploads\/2025\/07\/kunsthallekarlsruhe-piranesi-loewenreliefs-scaled-782x1024.jpg 782w, https:\/\/www.kunsthalle-karlsruhe.de\/wp-content\/uploads\/2025\/07\/kunsthallekarlsruhe-piranesi-loewenreliefs-scaled-115x150.jpg 115w, https:\/\/www.kunsthalle-karlsruhe.de\/wp-content\/uploads\/2025\/07\/kunsthallekarlsruhe-piranesi-loewenreliefs-scaled-768x1005.jpg 768w, https:\/\/www.kunsthalle-karlsruhe.de\/wp-content\/uploads\/2025\/07\/kunsthallekarlsruhe-piranesi-loewenreliefs-scaled-1174x1536.jpg 1174w, https:\/\/www.kunsthalle-karlsruhe.de\/wp-content\/uploads\/2025\/07\/kunsthallekarlsruhe-piranesi-loewenreliefs-scaled-1565x2048.jpg 1565w, https:\/\/www.kunsthalle-karlsruhe.de\/wp-content\/uploads\/2025\/07\/kunsthallekarlsruhe-piranesi-loewenreliefs-scaled-e1760017348165.jpg 1467w\" sizes=\"auto, (max-width: 229px) 100vw, 229px\" data-smartcrop-focus=\"[50,59]\" \/>                              <\/div>\n              <div class=\"station-title-wrapper\">\n                <span class=\"station-title__count\">8\/28<\/span>\n                <span class=\"station-title\">Verwinkelte R\u00e4ume und phantastische Architektur<\/span>\n              <\/div>\n            <\/a>\n          <\/li>\n                  <li class=\"station\">\n                        <a href=\"https:\/\/www.kunsthalle-karlsruhe.de\/kunstwerke\/Friedrich-Weinbrenner\/Das-Bad-des-Hippias-Rekonstruktion\/EB09952D4856B970AF9B56A9FC966ED3\/?tour=86482#tour-details\" class=\"station-link\">\n              <div class=\"station-image-wrapper\">\n                                  <img loading=\"lazy\" decoding=\"async\" width=\"300\" height=\"270\" src=\"https:\/\/www.kunsthalle-karlsruhe.de\/wp-content\/uploads\/2025\/07\/kunsthallekarlsruhe-weinbrenner-das-bad-des-hippias-scaled-e1761030938141-300x270.jpg\" class=\"attachment-medium size-medium\" alt=\"In drei Pools schwimmen Menschen. Manche sitzen am Rand, kommen oder verlassen das Bad. Das hohe antikes Gew\u00f6lbe \u00fcber ihnen ist mit zahlreichen Rosetten ausgestattet.\" srcset=\"https:\/\/www.kunsthalle-karlsruhe.de\/wp-content\/uploads\/2025\/07\/kunsthallekarlsruhe-weinbrenner-das-bad-des-hippias-scaled-e1761030938141-300x270.jpg 300w, https:\/\/www.kunsthalle-karlsruhe.de\/wp-content\/uploads\/2025\/07\/kunsthallekarlsruhe-weinbrenner-das-bad-des-hippias-scaled-e1761030938141-1024x922.jpg 1024w, https:\/\/www.kunsthalle-karlsruhe.de\/wp-content\/uploads\/2025\/07\/kunsthallekarlsruhe-weinbrenner-das-bad-des-hippias-scaled-e1761030938141-150x135.jpg 150w, https:\/\/www.kunsthalle-karlsruhe.de\/wp-content\/uploads\/2025\/07\/kunsthallekarlsruhe-weinbrenner-das-bad-des-hippias-scaled-e1761030938141-768x691.jpg 768w, https:\/\/www.kunsthalle-karlsruhe.de\/wp-content\/uploads\/2025\/07\/kunsthallekarlsruhe-weinbrenner-das-bad-des-hippias-scaled-e1761030938141-1536x1382.jpg 1536w, https:\/\/www.kunsthalle-karlsruhe.de\/wp-content\/uploads\/2025\/07\/kunsthallekarlsruhe-weinbrenner-das-bad-des-hippias-scaled-e1761030938141.jpg 1660w\" sizes=\"auto, (max-width: 300px) 100vw, 300px\" \/>                              <\/div>\n              <div class=\"station-title-wrapper\">\n                <span class=\"station-title__count\">9\/28<\/span>\n                <span class=\"station-title\">Wellness in atemberaubender Atmosph\u00e4re<\/span>\n              <\/div>\n            <\/a>\n          <\/li>\n                  <li class=\"station\">\n                        <a href=\"https:\/\/www.kunsthalle-karlsruhe.de\/kunstwerke\/Hubert-Robert\/Der-Abbruch-der-H\u00e4user-auf-der-Notre-Dame-Br\u00fccke-in-Paris\/FE64448A43E034E09BC3669BF8575324\/?tour=86482#tour-details\" class=\"station-link\">\n              <div class=\"station-image-wrapper\">\n                                  <img loading=\"lazy\" decoding=\"async\" width=\"300\" height=\"157\" src=\"https:\/\/www.kunsthalle-karlsruhe.de\/wp-content\/uploads\/2025\/07\/kunsthallekarlsruhe-robert-Der-Abbruch-der-Haeuser-auf-der-Notre-Dame-Bruecke-scaled-e1761031210343-300x157.jpg\" class=\"attachment-medium size-medium\" alt=\"Eine Br\u00fccke in Paris \u00fcber die Seine. Sie war mit H\u00e4usern bebaut, die gerade abgerissen werden. Im Hintergrund sind noch bebaute Br\u00fccken zu sehen.\" srcset=\"https:\/\/www.kunsthalle-karlsruhe.de\/wp-content\/uploads\/2025\/07\/kunsthallekarlsruhe-robert-Der-Abbruch-der-Haeuser-auf-der-Notre-Dame-Bruecke-scaled-e1761031210343-300x157.jpg 300w, https:\/\/www.kunsthalle-karlsruhe.de\/wp-content\/uploads\/2025\/07\/kunsthallekarlsruhe-robert-Der-Abbruch-der-Haeuser-auf-der-Notre-Dame-Bruecke-scaled-e1761031210343-1024x537.jpg 1024w, https:\/\/www.kunsthalle-karlsruhe.de\/wp-content\/uploads\/2025\/07\/kunsthallekarlsruhe-robert-Der-Abbruch-der-Haeuser-auf-der-Notre-Dame-Bruecke-scaled-e1761031210343-150x79.jpg 150w, https:\/\/www.kunsthalle-karlsruhe.de\/wp-content\/uploads\/2025\/07\/kunsthallekarlsruhe-robert-Der-Abbruch-der-Haeuser-auf-der-Notre-Dame-Bruecke-scaled-e1761031210343-768x403.jpg 768w, https:\/\/www.kunsthalle-karlsruhe.de\/wp-content\/uploads\/2025\/07\/kunsthallekarlsruhe-robert-Der-Abbruch-der-Haeuser-auf-der-Notre-Dame-Bruecke-scaled-e1761031210343-1536x806.jpg 1536w, https:\/\/www.kunsthalle-karlsruhe.de\/wp-content\/uploads\/2025\/07\/kunsthallekarlsruhe-robert-Der-Abbruch-der-Haeuser-auf-der-Notre-Dame-Bruecke-scaled-e1761031210343.jpg 1872w\" sizes=\"auto, (max-width: 300px) 100vw, 300px\" \/>                              <\/div>\n              <div class=\"station-title-wrapper\">\n                <span class=\"station-title__count\">10\/28<\/span>\n                <span class=\"station-title\">Umbauma\u00dfnahmen in Paris<\/span>\n              <\/div>\n            <\/a>\n          <\/li>\n                  <li class=\"station\">\n                        <a href=\"https:\/\/www.kunsthalle-karlsruhe.de\/kunstwerke\/Albert-Marquet\/Blick-auf-den-Pont-Saint-Michel-in-Paris\/1093721B4B85823A5C063B83CCAD63CE\/?tour=86482#tour-details\" class=\"station-link\">\n              <div class=\"station-image-wrapper\">\n                                  <img loading=\"lazy\" decoding=\"async\" width=\"300\" height=\"238\" src=\"https:\/\/www.kunsthalle-karlsruhe.de\/wp-content\/uploads\/2025\/07\/kunsthallekarlsruhe-marquet-blick-auf-den-Pont-Saint-Michel-in-Paris-scaled-e1761031500391-300x238.jpg\" class=\"attachment-medium size-medium wpsmartcrop-image wpsmartcrop-image\" alt=\"\u00dcber der Seine in Paris liegt ein grauer Himmel. Eine Br\u00fccke \u00fcberqueren schemenhaft angedeutete Menschen und Kutschen. Es dominieren Grau- und Braunt\u00f6ne.\" srcset=\"https:\/\/www.kunsthalle-karlsruhe.de\/wp-content\/uploads\/2025\/07\/kunsthallekarlsruhe-marquet-blick-auf-den-Pont-Saint-Michel-in-Paris-scaled-e1761031500391-300x238.jpg 300w, https:\/\/www.kunsthalle-karlsruhe.de\/wp-content\/uploads\/2025\/07\/kunsthallekarlsruhe-marquet-blick-auf-den-Pont-Saint-Michel-in-Paris-scaled-e1761031500391-1024x812.jpg 1024w, https:\/\/www.kunsthalle-karlsruhe.de\/wp-content\/uploads\/2025\/07\/kunsthallekarlsruhe-marquet-blick-auf-den-Pont-Saint-Michel-in-Paris-scaled-e1761031500391-150x119.jpg 150w, https:\/\/www.kunsthalle-karlsruhe.de\/wp-content\/uploads\/2025\/07\/kunsthallekarlsruhe-marquet-blick-auf-den-Pont-Saint-Michel-in-Paris-scaled-e1761031500391-768x609.jpg 768w, https:\/\/www.kunsthalle-karlsruhe.de\/wp-content\/uploads\/2025\/07\/kunsthallekarlsruhe-marquet-blick-auf-den-Pont-Saint-Michel-in-Paris-scaled-e1761031500391-1536x1218.jpg 1536w, https:\/\/www.kunsthalle-karlsruhe.de\/wp-content\/uploads\/2025\/07\/kunsthallekarlsruhe-marquet-blick-auf-den-Pont-Saint-Michel-in-Paris-scaled-e1761031500391.jpg 1843w\" sizes=\"auto, (max-width: 300px) 100vw, 300px\" data-smartcrop-focus=\"[46,57]\" \/>                              <\/div>\n              <div class=\"station-title-wrapper\">\n                <span class=\"station-title__count\">11\/28<\/span>\n                <span class=\"station-title\">Novemberstimmung vor dem Atelierfenster<\/span>\n              <\/div>\n            <\/a>\n          <\/li>\n                  <li class=\"station\">\n                        <a href=\"https:\/\/www.kunsthalle-karlsruhe.de\/kunstwerke\/Karl-Hubbuch\/Kleinstadth\u00e4user-mit-Steinbr\u00fccke\/3319D271495A7C55960E3FA1E72E941A\/?tour=86482#tour-details\" class=\"station-link\">\n              <div class=\"station-image-wrapper\">\n                                  <img loading=\"lazy\" decoding=\"async\" width=\"247\" height=\"300\" src=\"https:\/\/www.kunsthalle-karlsruhe.de\/wp-content\/uploads\/2025\/10\/kunsthallekarlsruhe-archistories-hubbuch-kleinstadthaeuser-scaled-247x300.jpg\" class=\"attachment-medium size-medium wpsmartcrop-image\" alt=\"\u00dcber einen ruhigen Bach f\u00fchrt eine Steinbr\u00fccke. Windschiefe H\u00e4user s\u00e4umen den Bach. \u00dcber den H\u00e4usern ist ein hoher Strommast. Viele Kabeln durchziehen den Himmel.\" srcset=\"https:\/\/www.kunsthalle-karlsruhe.de\/wp-content\/uploads\/2025\/10\/kunsthallekarlsruhe-archistories-hubbuch-kleinstadthaeuser-scaled-247x300.jpg 247w, https:\/\/www.kunsthalle-karlsruhe.de\/wp-content\/uploads\/2025\/10\/kunsthallekarlsruhe-archistories-hubbuch-kleinstadthaeuser-scaled-842x1024.jpg 842w, https:\/\/www.kunsthalle-karlsruhe.de\/wp-content\/uploads\/2025\/10\/kunsthallekarlsruhe-archistories-hubbuch-kleinstadthaeuser-scaled-123x150.jpg 123w, https:\/\/www.kunsthalle-karlsruhe.de\/wp-content\/uploads\/2025\/10\/kunsthallekarlsruhe-archistories-hubbuch-kleinstadthaeuser-scaled-768x934.jpg 768w, https:\/\/www.kunsthalle-karlsruhe.de\/wp-content\/uploads\/2025\/10\/kunsthallekarlsruhe-archistories-hubbuch-kleinstadthaeuser-scaled-1263x1536.jpg 1263w, https:\/\/www.kunsthalle-karlsruhe.de\/wp-content\/uploads\/2025\/10\/kunsthallekarlsruhe-archistories-hubbuch-kleinstadthaeuser-scaled-1684x2048.jpg 1684w, https:\/\/www.kunsthalle-karlsruhe.de\/wp-content\/uploads\/2025\/10\/kunsthallekarlsruhe-archistories-hubbuch-kleinstadthaeuser-scaled-e1759996865811.jpg 822w\" sizes=\"auto, (max-width: 247px) 100vw, 247px\" data-smartcrop-focus=\"[48,70]\" \/>                              <\/div>\n              <div class=\"station-title-wrapper\">\n                <span class=\"station-title__count\">12\/28<\/span>\n                <span class=\"station-title\">Technologie auf dem Land<\/span>\n              <\/div>\n            <\/a>\n          <\/li>\n                  <li class=\"station\">\n                        <a href=\"https:\/\/www.kunsthalle-karlsruhe.de\/kunstwerke\/Georg-Scholz\/Die-Herren-der-Welt\/85ADB64E4DFEAEE11065FAA978FDE8F8\/?tour=86482#tour-details\" class=\"station-link\">\n              <div class=\"station-image-wrapper\">\n                                  <img loading=\"lazy\" decoding=\"async\" width=\"300\" height=\"222\" src=\"https:\/\/www.kunsthalle-karlsruhe.de\/wp-content\/uploads\/2025\/07\/kunsthallekarlsruhe-scholz-die-Herren-der-Welt-scaled-e1761031166380-300x222.jpg\" class=\"attachment-medium size-medium wpsmartcrop-image wpsmartcrop-image\" alt=\"Hoch \u00fcber einem breiten Fluss stehen drei beleibte M\u00e4nner auf einer Br\u00fccke und diskutieren. Unten steht ein B\u00fcrger und sieht zur Br\u00fccke hinauf. Am rechten Ufer ist eine Fabrik.\" srcset=\"https:\/\/www.kunsthalle-karlsruhe.de\/wp-content\/uploads\/2025\/07\/kunsthallekarlsruhe-scholz-die-Herren-der-Welt-scaled-e1761031166380-300x222.jpg 300w, https:\/\/www.kunsthalle-karlsruhe.de\/wp-content\/uploads\/2025\/07\/kunsthallekarlsruhe-scholz-die-Herren-der-Welt-scaled-e1761031166380-1024x758.jpg 1024w, https:\/\/www.kunsthalle-karlsruhe.de\/wp-content\/uploads\/2025\/07\/kunsthallekarlsruhe-scholz-die-Herren-der-Welt-scaled-e1761031166380-150x111.jpg 150w, https:\/\/www.kunsthalle-karlsruhe.de\/wp-content\/uploads\/2025\/07\/kunsthallekarlsruhe-scholz-die-Herren-der-Welt-scaled-e1761031166380-768x569.jpg 768w, https:\/\/www.kunsthalle-karlsruhe.de\/wp-content\/uploads\/2025\/07\/kunsthallekarlsruhe-scholz-die-Herren-der-Welt-scaled-e1761031166380-1536x1138.jpg 1536w, https:\/\/www.kunsthalle-karlsruhe.de\/wp-content\/uploads\/2025\/07\/kunsthallekarlsruhe-scholz-die-Herren-der-Welt-scaled-e1761031166380.jpg 1866w\" sizes=\"auto, (max-width: 300px) 100vw, 300px\" data-smartcrop-focus=\"[48,12]\" \/>                              <\/div>\n              <div class=\"station-title-wrapper\">\n                <span class=\"station-title__count\">13\/28<\/span>\n                <span class=\"station-title\">Von oben herab<\/span>\n              <\/div>\n            <\/a>\n          <\/li>\n                  <li class=\"station\">\n                        <a href=\"https:\/\/www.kunsthalle-karlsruhe.de\/kunstwerke\/Wilhelm-Tr\u00fcbner\/Ludgate-Hill\/B2B1599441154C6E3F1ACDBD86D1CA3C\/?tour=86482#tour-details\" class=\"station-link\">\n              <div class=\"station-image-wrapper\">\n                                  <img loading=\"lazy\" decoding=\"async\" width=\"222\" height=\"300\" src=\"https:\/\/www.kunsthalle-karlsruhe.de\/wp-content\/uploads\/2025\/07\/kunsthallekarlsruhe-truebner-ludgate-hill-scaled-e1761031058449-222x300.jpg\" class=\"attachment-medium size-medium\" alt=\"Viele Pferdekutschen fahren auf einer breiten Stra\u00dfe. Passanten warten, bis sie die Stra\u00dfe \u00fcberqueren k\u00f6nnen. Ein Viadukt leitet eine Bahn \u00fcber die K\u00f6pfe der Passanten.\" srcset=\"https:\/\/www.kunsthalle-karlsruhe.de\/wp-content\/uploads\/2025\/07\/kunsthallekarlsruhe-truebner-ludgate-hill-scaled-e1761031058449-222x300.jpg 222w, https:\/\/www.kunsthalle-karlsruhe.de\/wp-content\/uploads\/2025\/07\/kunsthallekarlsruhe-truebner-ludgate-hill-scaled-e1761031058449-758x1024.jpg 758w, https:\/\/www.kunsthalle-karlsruhe.de\/wp-content\/uploads\/2025\/07\/kunsthallekarlsruhe-truebner-ludgate-hill-scaled-e1761031058449-111x150.jpg 111w, https:\/\/www.kunsthalle-karlsruhe.de\/wp-content\/uploads\/2025\/07\/kunsthallekarlsruhe-truebner-ludgate-hill-scaled-e1761031058449-768x1037.jpg 768w, https:\/\/www.kunsthalle-karlsruhe.de\/wp-content\/uploads\/2025\/07\/kunsthallekarlsruhe-truebner-ludgate-hill-scaled-e1761031058449-1137x1536.jpg 1137w, https:\/\/www.kunsthalle-karlsruhe.de\/wp-content\/uploads\/2025\/07\/kunsthallekarlsruhe-truebner-ludgate-hill-scaled-e1761031058449.jpg 1386w\" sizes=\"auto, (max-width: 222px) 100vw, 222px\" \/>                              <\/div>\n              <div class=\"station-title-wrapper\">\n                <span class=\"station-title__count\">14\/28<\/span>\n                <span class=\"station-title\">Gesch\u00e4ftiges Treiben in London<\/span>\n              <\/div>\n            <\/a>\n          <\/li>\n                  <li class=\"station\">\n                        <a href=\"https:\/\/www.kunsthalle-karlsruhe.de\/kunstwerke\/Vincent-van-Gogh\/Fabrik-in-Den-Haag\/F7B42459494844419B28E190E9E8F935\/?tour=86482#tour-details\" class=\"station-link\">\n              <div class=\"station-image-wrapper\">\n                                  <img loading=\"lazy\" decoding=\"async\" width=\"300\" height=\"214\" src=\"https:\/\/www.kunsthalle-karlsruhe.de\/wp-content\/uploads\/2025\/07\/kunsthallekarlsruhe-van-gogh-fabrik-in-den-haag-scaled-300x214.jpg\" class=\"attachment-medium size-medium\" alt=\"Die Bleistiftzeichnung zeigt eine Eisengie\u00dferei in Den Haag. Links ist die Kesselmacherei, in der Mitte das Zeichenb\u00fcro des Ingenieurs und rechts die Schlosserei zu sehen.\" srcset=\"https:\/\/www.kunsthalle-karlsruhe.de\/wp-content\/uploads\/2025\/07\/kunsthallekarlsruhe-van-gogh-fabrik-in-den-haag-scaled-300x214.jpg 300w, https:\/\/www.kunsthalle-karlsruhe.de\/wp-content\/uploads\/2025\/07\/kunsthallekarlsruhe-van-gogh-fabrik-in-den-haag-scaled-1024x729.jpg 1024w, https:\/\/www.kunsthalle-karlsruhe.de\/wp-content\/uploads\/2025\/07\/kunsthallekarlsruhe-van-gogh-fabrik-in-den-haag-scaled-150x107.jpg 150w, https:\/\/www.kunsthalle-karlsruhe.de\/wp-content\/uploads\/2025\/07\/kunsthallekarlsruhe-van-gogh-fabrik-in-den-haag-scaled-768x547.jpg 768w, https:\/\/www.kunsthalle-karlsruhe.de\/wp-content\/uploads\/2025\/07\/kunsthallekarlsruhe-van-gogh-fabrik-in-den-haag-scaled-1536x1093.jpg 1536w, https:\/\/www.kunsthalle-karlsruhe.de\/wp-content\/uploads\/2025\/07\/kunsthallekarlsruhe-van-gogh-fabrik-in-den-haag-scaled-2048x1458.jpg 2048w, https:\/\/www.kunsthalle-karlsruhe.de\/wp-content\/uploads\/2025\/07\/kunsthallekarlsruhe-van-gogh-fabrik-in-den-haag-scaled-e1760017145325.jpg 1920w\" sizes=\"auto, (max-width: 300px) 100vw, 300px\" \/>                              <\/div>\n              <div class=\"station-title-wrapper\">\n                <span class=\"station-title__count\">15\/28<\/span>\n                <span class=\"station-title\">Van Goghs erste Auftragsarbeit<\/span>\n              <\/div>\n            <\/a>\n          <\/li>\n                  <li class=\"station\">\n                        <a href=\"https:\/\/www.kunsthalle-karlsruhe.de\/kunstwerke\/Rudolf-Dischinger\/Schreitende\/702E923C48E45426C16AD8968A317202\/?tour=86482#tour-details\" class=\"station-link\">\n              <div class=\"station-image-wrapper\">\n                                  <img loading=\"lazy\" decoding=\"async\" width=\"234\" height=\"300\" src=\"https:\/\/www.kunsthalle-karlsruhe.de\/wp-content\/uploads\/2025\/07\/kunsthallekarlsruhe-dischinger-schreite-scaled-e1761031987874-234x300.jpg\" class=\"attachment-medium size-medium wpsmartcrop-image wpsmartcrop-image\" alt=\"Ein Mann schreitet eine Treppe hinunter. Neben ihm l\u00e4uft das Fragment eines Unterk\u00f6rpers. Links sitzt ein Publikum. Im Hintergrund durchzucken Blitze den Himmel.\" srcset=\"https:\/\/www.kunsthalle-karlsruhe.de\/wp-content\/uploads\/2025\/07\/kunsthallekarlsruhe-dischinger-schreite-scaled-e1761031987874-234x300.jpg 234w, https:\/\/www.kunsthalle-karlsruhe.de\/wp-content\/uploads\/2025\/07\/kunsthallekarlsruhe-dischinger-schreite-scaled-e1761031987874-798x1024.jpg 798w, https:\/\/www.kunsthalle-karlsruhe.de\/wp-content\/uploads\/2025\/07\/kunsthallekarlsruhe-dischinger-schreite-scaled-e1761031987874-117x150.jpg 117w, https:\/\/www.kunsthalle-karlsruhe.de\/wp-content\/uploads\/2025\/07\/kunsthallekarlsruhe-dischinger-schreite-scaled-e1761031987874-768x985.jpg 768w, https:\/\/www.kunsthalle-karlsruhe.de\/wp-content\/uploads\/2025\/07\/kunsthallekarlsruhe-dischinger-schreite-scaled-e1761031987874-1198x1536.jpg 1198w, https:\/\/www.kunsthalle-karlsruhe.de\/wp-content\/uploads\/2025\/07\/kunsthallekarlsruhe-dischinger-schreite-scaled-e1761031987874.jpg 1430w\" sizes=\"auto, (max-width: 234px) 100vw, 234px\" data-smartcrop-focus=\"[74,46]\" \/>                              <\/div>\n              <div class=\"station-title-wrapper\">\n                <span class=\"station-title__count\">16\/28<\/span>\n                <span class=\"station-title\">Eine B\u00fchne f\u00fcr den Gr\u00f6\u00dfenwahn<\/span>\n              <\/div>\n            <\/a>\n          <\/li>\n                  <li class=\"station\">\n                        <a href=\"https:\/\/www.kunsthalle-karlsruhe.de\/kunstwerke\/G\u00fcnther-F\u00f6rg\/Palazzo-della-civilt?-italiana\/2A745D144394AABC6CD4BDBF049AD687\/?tour=86482#tour-details\" class=\"station-link\">\n              <div class=\"station-image-wrapper\">\n                                  <img loading=\"lazy\" decoding=\"async\" width=\"219\" height=\"300\" src=\"https:\/\/www.kunsthalle-karlsruhe.de\/wp-content\/uploads\/2025\/07\/kunsthallekarlsruhe-foerg-Palazzo-della-civilta-italiana-scaled-219x300.jpg\" class=\"attachment-medium size-medium wpsmartcrop-image\" alt=\"Die Schwarzwei\u00dffotografie zeigt den langen Vorplatz des Palazzo della Civilt\u00e0 Italiana. Auf der linken Seite ist seine Fassade zu sehen. Am Ende des Vorplatzes steht eine Statue.\" srcset=\"https:\/\/www.kunsthalle-karlsruhe.de\/wp-content\/uploads\/2025\/07\/kunsthallekarlsruhe-foerg-Palazzo-della-civilta-italiana-scaled-219x300.jpg 219w, https:\/\/www.kunsthalle-karlsruhe.de\/wp-content\/uploads\/2025\/07\/kunsthallekarlsruhe-foerg-Palazzo-della-civilta-italiana-scaled-747x1024.jpg 747w, https:\/\/www.kunsthalle-karlsruhe.de\/wp-content\/uploads\/2025\/07\/kunsthallekarlsruhe-foerg-Palazzo-della-civilta-italiana-scaled-109x150.jpg 109w, https:\/\/www.kunsthalle-karlsruhe.de\/wp-content\/uploads\/2025\/07\/kunsthallekarlsruhe-foerg-Palazzo-della-civilta-italiana-scaled-768x1053.jpg 768w, https:\/\/www.kunsthalle-karlsruhe.de\/wp-content\/uploads\/2025\/07\/kunsthallekarlsruhe-foerg-Palazzo-della-civilta-italiana-scaled-1120x1536.jpg 1120w, https:\/\/www.kunsthalle-karlsruhe.de\/wp-content\/uploads\/2025\/07\/kunsthallekarlsruhe-foerg-Palazzo-della-civilta-italiana-scaled-1494x2048.jpg 1494w, https:\/\/www.kunsthalle-karlsruhe.de\/wp-content\/uploads\/2025\/07\/kunsthallekarlsruhe-foerg-Palazzo-della-civilta-italiana-scaled-e1760017872215.jpg 1400w\" sizes=\"auto, (max-width: 219px) 100vw, 219px\" data-smartcrop-focus=\"[50,50]\" \/>                              <\/div>\n              <div class=\"station-title-wrapper\">\n                <span class=\"station-title__count\">17\/28<\/span>\n                <span class=\"station-title\">Italienischer Rationalismus in Schwarz-Wei\u00df<\/span>\n              <\/div>\n            <\/a>\n          <\/li>\n                  <li class=\"station\">\n                        <a href=\"https:\/\/www.kunsthalle-karlsruhe.de\/kunstwerke\/Johann-Wilhelm-Baur\/Blick-auf-die-Fassade-der-Peterskirche-in-Rom\/C316770540BA3E3A7B98898519930E27\/?tour=86482#tour-details\" class=\"station-link\">\n              <div class=\"station-image-wrapper\">\n                                  <img loading=\"lazy\" decoding=\"async\" width=\"297\" height=\"300\" src=\"https:\/\/www.kunsthalle-karlsruhe.de\/wp-content\/uploads\/2025\/07\/kunsthallekarlsruhe-baur-blick-auf-die-fassade-der-Peterskirche-scaled-297x300.jpg\" class=\"attachment-medium size-medium wpsmartcrop-image\" alt=\"Auf dem runden Kunstwerk ist der Petersdom in Rom in Frontalansicht zu sehen. Auf dem Vorplatz herrscht gesch\u00e4ftiges Treiben.\" srcset=\"https:\/\/www.kunsthalle-karlsruhe.de\/wp-content\/uploads\/2025\/07\/kunsthallekarlsruhe-baur-blick-auf-die-fassade-der-Peterskirche-scaled-297x300.jpg 297w, https:\/\/www.kunsthalle-karlsruhe.de\/wp-content\/uploads\/2025\/07\/kunsthallekarlsruhe-baur-blick-auf-die-fassade-der-Peterskirche-scaled-1014x1024.jpg 1014w, https:\/\/www.kunsthalle-karlsruhe.de\/wp-content\/uploads\/2025\/07\/kunsthallekarlsruhe-baur-blick-auf-die-fassade-der-Peterskirche-scaled-768x775.jpg 768w, https:\/\/www.kunsthalle-karlsruhe.de\/wp-content\/uploads\/2025\/07\/kunsthallekarlsruhe-baur-blick-auf-die-fassade-der-Peterskirche-scaled-1522x1536.jpg 1522w, https:\/\/www.kunsthalle-karlsruhe.de\/wp-content\/uploads\/2025\/07\/kunsthallekarlsruhe-baur-blick-auf-die-fassade-der-Peterskirche-scaled-2029x2048.jpg 2029w, https:\/\/www.kunsthalle-karlsruhe.de\/wp-content\/uploads\/2025\/07\/kunsthallekarlsruhe-baur-blick-auf-die-fassade-der-Peterskirche-scaled-e1760087091529.jpg 1902w\" sizes=\"auto, (max-width: 297px) 100vw, 297px\" data-smartcrop-focus=\"[41,38]\" \/>                              <\/div>\n              <div class=\"station-title-wrapper\">\n                <span class=\"station-title__count\">18\/28<\/span>\n                <span class=\"station-title\">Architekturansichten als kostbares Souvenir<\/span>\n              <\/div>\n            <\/a>\n          <\/li>\n                  <li class=\"station\">\n                        <a href=\"https:\/\/www.kunsthalle-karlsruhe.de\/kunstwerke\/Heinrich-H\u00fcbsch\/San-Salvatore-a-Roma\/45BBD48644F54F342D733AB8EC875F6B\/?tour=86482#tour-details\" class=\"station-link\">\n              <div class=\"station-image-wrapper\">\n                                  <img loading=\"lazy\" decoding=\"async\" width=\"300\" height=\"232\" src=\"https:\/\/www.kunsthalle-karlsruhe.de\/wp-content\/uploads\/2025\/07\/kunsthallekarlsruhe-huebsch-San-Salvatore-a-Roma-scaled-300x232.jpg\" class=\"attachment-medium size-medium wpsmartcrop-image\" alt=\"Der Kreuzgang der Kirche San Salvatore in Rom ist von Rundb\u00f6gen im Erdgeschoss und im ersten Stock umgeben. In der Mitte steht ein Springbrunnen. Eine Nonne lehnt an der Mauer.\" srcset=\"https:\/\/www.kunsthalle-karlsruhe.de\/wp-content\/uploads\/2025\/07\/kunsthallekarlsruhe-huebsch-San-Salvatore-a-Roma-scaled-300x232.jpg 300w, https:\/\/www.kunsthalle-karlsruhe.de\/wp-content\/uploads\/2025\/07\/kunsthallekarlsruhe-huebsch-San-Salvatore-a-Roma-scaled-1024x792.jpg 1024w, https:\/\/www.kunsthalle-karlsruhe.de\/wp-content\/uploads\/2025\/07\/kunsthallekarlsruhe-huebsch-San-Salvatore-a-Roma-scaled-150x116.jpg 150w, https:\/\/www.kunsthalle-karlsruhe.de\/wp-content\/uploads\/2025\/07\/kunsthallekarlsruhe-huebsch-San-Salvatore-a-Roma-scaled-768x594.jpg 768w, https:\/\/www.kunsthalle-karlsruhe.de\/wp-content\/uploads\/2025\/07\/kunsthallekarlsruhe-huebsch-San-Salvatore-a-Roma-scaled-1536x1187.jpg 1536w, https:\/\/www.kunsthalle-karlsruhe.de\/wp-content\/uploads\/2025\/07\/kunsthallekarlsruhe-huebsch-San-Salvatore-a-Roma-scaled-2048x1583.jpg 2048w, https:\/\/www.kunsthalle-karlsruhe.de\/wp-content\/uploads\/2025\/07\/kunsthallekarlsruhe-huebsch-San-Salvatore-a-Roma-scaled-e1760017666457.jpg 1920w\" sizes=\"auto, (max-width: 300px) 100vw, 300px\" data-smartcrop-focus=\"[49,60]\" \/>                              <\/div>\n              <div class=\"station-title-wrapper\">\n                <span class=\"station-title__count\">19\/28<\/span>\n                <span class=\"station-title\">Von der Sch\u00f6nheit des Rundbogens<\/span>\n              <\/div>\n            <\/a>\n          <\/li>\n                  <li class=\"station\">\n                        <a href=\"https:\/\/www.kunsthalle-karlsruhe.de\/kunstwerke\/Franz-Ackermann\/Global-Cleaning\/4B151AA1234B4046BAC05804F8248137\/?tour=86482#tour-details\" class=\"station-link\">\n              <div class=\"station-image-wrapper\">\n                                  <img loading=\"lazy\" decoding=\"async\" width=\"300\" height=\"183\" src=\"https:\/\/www.kunsthalle-karlsruhe.de\/wp-content\/uploads\/2025\/07\/kunsthallekarlsruhe-ackermann-global-cleaning-scaled-300x183.jpg\" class=\"attachment-medium size-medium wpsmartcrop-image\" alt=\"Eine Collage verbindet zwei kontr\u00e4re Welten miteinander: Unten ist die gr\u00f6\u00dfte W\u00e4scherei in Mumbai unter freiem Himmel zu sehen und dar\u00fcber ein Karlsruher Waschsalon.\" srcset=\"https:\/\/www.kunsthalle-karlsruhe.de\/wp-content\/uploads\/2025\/07\/kunsthallekarlsruhe-ackermann-global-cleaning-scaled-300x183.jpg 300w, https:\/\/www.kunsthalle-karlsruhe.de\/wp-content\/uploads\/2025\/07\/kunsthallekarlsruhe-ackermann-global-cleaning-scaled-1024x623.jpg 1024w, https:\/\/www.kunsthalle-karlsruhe.de\/wp-content\/uploads\/2025\/07\/kunsthallekarlsruhe-ackermann-global-cleaning-scaled-150x91.jpg 150w, https:\/\/www.kunsthalle-karlsruhe.de\/wp-content\/uploads\/2025\/07\/kunsthallekarlsruhe-ackermann-global-cleaning-scaled-768x467.jpg 768w, https:\/\/www.kunsthalle-karlsruhe.de\/wp-content\/uploads\/2025\/07\/kunsthallekarlsruhe-ackermann-global-cleaning-scaled-1536x935.jpg 1536w, https:\/\/www.kunsthalle-karlsruhe.de\/wp-content\/uploads\/2025\/07\/kunsthallekarlsruhe-ackermann-global-cleaning-scaled-2048x1246.jpg 2048w, https:\/\/www.kunsthalle-karlsruhe.de\/wp-content\/uploads\/2025\/07\/kunsthallekarlsruhe-ackermann-global-cleaning-scaled-e1760087202300.jpg 1920w\" sizes=\"auto, (max-width: 300px) 100vw, 300px\" data-smartcrop-focus=\"[49,60]\" \/>                              <\/div>\n              <div class=\"station-title-wrapper\">\n                <span class=\"station-title__count\">20\/28<\/span>\n                <span class=\"station-title\">Ein Aufeinandertreffen kontr\u00e4rer Lebenswirklichkeiten<\/span>\n              <\/div>\n            <\/a>\n          <\/li>\n                  <li class=\"station\">\n                        <a href=\"https:\/\/www.kunsthalle-karlsruhe.de\/kunstwerk\/new-york-short-stories-gay-pride-parade-new-york-1411-1623-uhr-28-06-1998\/?tour=86482#tour-details\" class=\"station-link\">\n              <div class=\"station-image-wrapper\">\n                                  <img loading=\"lazy\" decoding=\"async\" width=\"300\" height=\"220\" src=\"https:\/\/www.kunsthalle-karlsruhe.de\/wp-content\/uploads\/2025\/10\/kunsthallekarlsruhe-wesely-New-York-Short-Stories-300x220.jpg\" class=\"attachment-medium size-medium wpsmartcrop-image wpsmartcrop-image\" alt=\"Eine breite Stra\u00dfe ist rechts und links von Hochh\u00e4usern ges\u00e4umt. Der Nebel \u00fcber der Stra\u00dfe zeichnet die Spuren der Menschen, die w\u00e4hrend der Aufnahme dort waren, nach.\" srcset=\"https:\/\/www.kunsthalle-karlsruhe.de\/wp-content\/uploads\/2025\/10\/kunsthallekarlsruhe-wesely-New-York-Short-Stories-300x220.jpg 300w, https:\/\/www.kunsthalle-karlsruhe.de\/wp-content\/uploads\/2025\/10\/kunsthallekarlsruhe-wesely-New-York-Short-Stories-1024x750.jpg 1024w, https:\/\/www.kunsthalle-karlsruhe.de\/wp-content\/uploads\/2025\/10\/kunsthallekarlsruhe-wesely-New-York-Short-Stories-150x110.jpg 150w, https:\/\/www.kunsthalle-karlsruhe.de\/wp-content\/uploads\/2025\/10\/kunsthallekarlsruhe-wesely-New-York-Short-Stories-768x563.jpg 768w, https:\/\/www.kunsthalle-karlsruhe.de\/wp-content\/uploads\/2025\/10\/kunsthallekarlsruhe-wesely-New-York-Short-Stories.jpg 1254w\" sizes=\"auto, (max-width: 300px) 100vw, 300px\" data-smartcrop-focus=\"[56,54]\" \/>                              <\/div>\n              <div class=\"station-title-wrapper\">\n                <span class=\"station-title__count\">21\/28<\/span>\n                <span class=\"station-title\">Zwei Stunden in einer Fotografie<\/span>\n              <\/div>\n            <\/a>\n          <\/li>\n                  <li class=\"station\">\n                        <a href=\"https:\/\/www.kunsthalle-karlsruhe.de\/kunstwerke\/Artur-Peter-Stoll\/F\u00fcr-Kafka-und-meinen-toten-Bruder\/A7AAAFD846417DF5BB7955AA876A7958\/?tour=86482#tour-details\" class=\"station-link\">\n              <div class=\"station-image-wrapper\">\n                                  <img loading=\"lazy\" decoding=\"async\" width=\"300\" height=\"283\" src=\"https:\/\/www.kunsthalle-karlsruhe.de\/wp-content\/uploads\/2025\/07\/kunsthallekarlsruhe-stoll-Fuer-Kafka-und-meinen-toten-Bruder-scaled-e1761031102757-300x283.jpg\" class=\"attachment-medium size-medium wpsmartcrop-image wpsmartcrop-image\" alt=\"Die ocker-braun-gelbe Hauswand hat altersbedingte Spuren. In der oberen Mitte ist ein Fenster. Das Rauminnere ist schwarz.\" srcset=\"https:\/\/www.kunsthalle-karlsruhe.de\/wp-content\/uploads\/2025\/07\/kunsthallekarlsruhe-stoll-Fuer-Kafka-und-meinen-toten-Bruder-scaled-e1761031102757-300x283.jpg 300w, https:\/\/www.kunsthalle-karlsruhe.de\/wp-content\/uploads\/2025\/07\/kunsthallekarlsruhe-stoll-Fuer-Kafka-und-meinen-toten-Bruder-scaled-e1761031102757-1024x965.jpg 1024w, https:\/\/www.kunsthalle-karlsruhe.de\/wp-content\/uploads\/2025\/07\/kunsthallekarlsruhe-stoll-Fuer-Kafka-und-meinen-toten-Bruder-scaled-e1761031102757-150x141.jpg 150w, https:\/\/www.kunsthalle-karlsruhe.de\/wp-content\/uploads\/2025\/07\/kunsthallekarlsruhe-stoll-Fuer-Kafka-und-meinen-toten-Bruder-scaled-e1761031102757-768x724.jpg 768w, https:\/\/www.kunsthalle-karlsruhe.de\/wp-content\/uploads\/2025\/07\/kunsthallekarlsruhe-stoll-Fuer-Kafka-und-meinen-toten-Bruder-scaled-e1761031102757-1536x1448.jpg 1536w, https:\/\/www.kunsthalle-karlsruhe.de\/wp-content\/uploads\/2025\/07\/kunsthallekarlsruhe-stoll-Fuer-Kafka-und-meinen-toten-Bruder-scaled-e1761031102757.jpg 1840w\" sizes=\"auto, (max-width: 300px) 100vw, 300px\" data-smartcrop-focus=\"[50,31]\" \/>                              <\/div>\n              <div class=\"station-title-wrapper\">\n                <span class=\"station-title__count\">22\/28<\/span>\n                <span class=\"station-title\">Ein Blick in die Vergangenheit<\/span>\n              <\/div>\n            <\/a>\n          <\/li>\n                  <li class=\"station\">\n                        <a href=\"https:\/\/www.kunsthalle-karlsruhe.de\/kunstwerke\/Candida-H\u00f6fer\/Kunsthalle-Karlsruhe-VI\/35552E67444D56283412B7931C42DDE5\/?tour=86482#tour-details\" class=\"station-link\">\n              <div class=\"station-image-wrapper\">\n                                  <img loading=\"lazy\" decoding=\"async\" width=\"300\" height=\"300\" src=\"https:\/\/www.kunsthalle-karlsruhe.de\/wp-content\/uploads\/2025\/07\/kunsthallekarlsruhe-hoefer-Kunsthalle-Karlsruhe-VI-scaled-300x300.jpg\" class=\"attachment-medium size-medium wpsmartcrop-image\" alt=\"Zu sehen ist der Philostratensaal der Kunsthalle mit seinem hohen Gew\u00f6lbe und den Fresken. Zwei S\u00e4ulen st\u00fctzen das Gew\u00f6lbe. Im Raum sind Vitrinen und vier antike Gipsabg\u00fcsse.\" srcset=\"https:\/\/www.kunsthalle-karlsruhe.de\/wp-content\/uploads\/2025\/07\/kunsthallekarlsruhe-hoefer-Kunsthalle-Karlsruhe-VI-scaled-300x300.jpg 300w, https:\/\/www.kunsthalle-karlsruhe.de\/wp-content\/uploads\/2025\/07\/kunsthallekarlsruhe-hoefer-Kunsthalle-Karlsruhe-VI-scaled-1024x1024.jpg 1024w, https:\/\/www.kunsthalle-karlsruhe.de\/wp-content\/uploads\/2025\/07\/kunsthallekarlsruhe-hoefer-Kunsthalle-Karlsruhe-VI-scaled-150x150.jpg 150w, https:\/\/www.kunsthalle-karlsruhe.de\/wp-content\/uploads\/2025\/07\/kunsthallekarlsruhe-hoefer-Kunsthalle-Karlsruhe-VI-scaled-768x768.jpg 768w, https:\/\/www.kunsthalle-karlsruhe.de\/wp-content\/uploads\/2025\/07\/kunsthallekarlsruhe-hoefer-Kunsthalle-Karlsruhe-VI-scaled-1536x1536.jpg 1536w, https:\/\/www.kunsthalle-karlsruhe.de\/wp-content\/uploads\/2025\/07\/kunsthallekarlsruhe-hoefer-Kunsthalle-Karlsruhe-VI-scaled-2048x2048.jpg 2048w, https:\/\/www.kunsthalle-karlsruhe.de\/wp-content\/uploads\/2025\/07\/kunsthallekarlsruhe-hoefer-Kunsthalle-Karlsruhe-VI-scaled-e1760017716345.jpg 1920w\" sizes=\"auto, (max-width: 300px) 100vw, 300px\" data-smartcrop-focus=\"[50,50]\" \/>                              <\/div>\n              <div class=\"station-title-wrapper\">\n                <span class=\"station-title__count\">23\/28<\/span>\n                <span class=\"station-title\">Ein Blick in den Philostratensaal der Kunsthalle<\/span>\n              <\/div>\n            <\/a>\n          <\/li>\n                  <li class=\"station\">\n                        <a href=\"https:\/\/www.kunsthalle-karlsruhe.de\/kunstwerk\/quarantine\/?tour=86482#tour-details\" class=\"station-link\">\n              <div class=\"station-image-wrapper\">\n                                  <img loading=\"lazy\" decoding=\"async\" width=\"225\" height=\"300\" src=\"https:\/\/www.kunsthalle-karlsruhe.de\/wp-content\/uploads\/2025\/07\/kunsthallekarlsruhe-delorme-quarantine06-scaled-225x300.jpg\" class=\"attachment-medium size-medium wpsmartcrop-image\" alt=\"Die zw\u00f6lf einzelnen Fotografien wie in einem Raster angeordnet. In jedem Bild wird ein Lebensmittel oder Hygieneartikel, wie Klopapier oder Eier, zu einem waghalsigen Konstrukt.\" srcset=\"https:\/\/www.kunsthalle-karlsruhe.de\/wp-content\/uploads\/2025\/07\/kunsthallekarlsruhe-delorme-quarantine06-scaled-225x300.jpg 225w, https:\/\/www.kunsthalle-karlsruhe.de\/wp-content\/uploads\/2025\/07\/kunsthallekarlsruhe-delorme-quarantine06-scaled-768x1024.jpg 768w, https:\/\/www.kunsthalle-karlsruhe.de\/wp-content\/uploads\/2025\/07\/kunsthallekarlsruhe-delorme-quarantine06-scaled-113x150.jpg 113w, https:\/\/www.kunsthalle-karlsruhe.de\/wp-content\/uploads\/2025\/07\/kunsthallekarlsruhe-delorme-quarantine06-scaled-1152x1536.jpg 1152w, https:\/\/www.kunsthalle-karlsruhe.de\/wp-content\/uploads\/2025\/07\/kunsthallekarlsruhe-delorme-quarantine06-scaled-1536x2048.jpg 1536w, https:\/\/www.kunsthalle-karlsruhe.de\/wp-content\/uploads\/2025\/07\/kunsthallekarlsruhe-delorme-quarantine06-scaled-e1760086222362.jpg 1440w\" sizes=\"auto, (max-width: 225px) 100vw, 225px\" data-smartcrop-focus=\"[50,50]\" \/>                              <\/div>\n              <div class=\"station-title-wrapper\">\n                <span class=\"station-title__count\">24\/28<\/span>\n                <span class=\"station-title\">Konstruktionen vermeintlicher Knappheit<\/span>\n              <\/div>\n            <\/a>\n          <\/li>\n                  <li class=\"station\">\n                        <a href=\"https:\/\/www.kunsthalle-karlsruhe.de\/kunstwerk\/totems\/?tour=86482#tour-details\" class=\"station-link\">\n              <div class=\"station-image-wrapper\">\n                                  <img loading=\"lazy\" decoding=\"async\" width=\"300\" height=\"200\" src=\"https:\/\/www.kunsthalle-karlsruhe.de\/wp-content\/uploads\/2025\/07\/kunsthallekarlsruhe-delorme-totems-scaled-300x200.jpg\" class=\"attachment-medium size-medium wpsmartcrop-image\" alt=\"Ein Mann f\u00e4hrt auf einem Fahrrad. In seinem Anh\u00e4nger transportiert er Autoreifen, die er zu einem gigantischen Turm zusammengeschn\u00fcrt hat. Im Hintergrund ist ein riesiger Hochhauskomplex.\" srcset=\"https:\/\/www.kunsthalle-karlsruhe.de\/wp-content\/uploads\/2025\/07\/kunsthallekarlsruhe-delorme-totems-scaled-300x200.jpg 300w, https:\/\/www.kunsthalle-karlsruhe.de\/wp-content\/uploads\/2025\/07\/kunsthallekarlsruhe-delorme-totems-scaled-1024x683.jpg 1024w, https:\/\/www.kunsthalle-karlsruhe.de\/wp-content\/uploads\/2025\/07\/kunsthallekarlsruhe-delorme-totems-scaled-150x100.jpg 150w, https:\/\/www.kunsthalle-karlsruhe.de\/wp-content\/uploads\/2025\/07\/kunsthallekarlsruhe-delorme-totems-scaled-768x512.jpg 768w, https:\/\/www.kunsthalle-karlsruhe.de\/wp-content\/uploads\/2025\/07\/kunsthallekarlsruhe-delorme-totems-scaled-1536x1024.jpg 1536w, https:\/\/www.kunsthalle-karlsruhe.de\/wp-content\/uploads\/2025\/07\/kunsthallekarlsruhe-delorme-totems-scaled-2048x1366.jpg 2048w, https:\/\/www.kunsthalle-karlsruhe.de\/wp-content\/uploads\/2025\/07\/kunsthallekarlsruhe-delorme-totems-scaled-e1760018013873.jpg 1920w\" sizes=\"auto, (max-width: 300px) 100vw, 300px\" data-smartcrop-focus=\"[29,68]\" \/>                              <\/div>\n              <div class=\"station-title-wrapper\">\n                <span class=\"station-title__count\">25\/28<\/span>\n                <span class=\"station-title\">Der moderne Sisyphos<\/span>\n              <\/div>\n            <\/a>\n          <\/li>\n                  <li class=\"station\">\n                        <a href=\"https:\/\/www.kunsthalle-karlsruhe.de\/kunstwerke\/Otto-Dix\/Gr\u00e4ber-zwischen-Kirchenruine\/3717F5D54E7A15E7316DF2A3B9B5B6B9\/?tour=86482#tour-details\" class=\"station-link\">\n              <div class=\"station-image-wrapper\">\n                                  <img loading=\"lazy\" decoding=\"async\" width=\"240\" height=\"300\" src=\"https:\/\/www.kunsthalle-karlsruhe.de\/wp-content\/uploads\/2025\/07\/kunsthallekarlsruhe-dix-Graeber-zwischen-Kirchenruinen-scaled-e1761031895454-240x300.jpg\" class=\"attachment-medium size-medium wpsmartcrop-image wpsmartcrop-image\" alt=\"Ein Bogen gibt den Blick auf eine Kirchenruine frei. Im Vordergrund stehen einige Grabsteine.\" srcset=\"https:\/\/www.kunsthalle-karlsruhe.de\/wp-content\/uploads\/2025\/07\/kunsthallekarlsruhe-dix-Graeber-zwischen-Kirchenruinen-scaled-e1761031895454-240x300.jpg 240w, https:\/\/www.kunsthalle-karlsruhe.de\/wp-content\/uploads\/2025\/07\/kunsthallekarlsruhe-dix-Graeber-zwischen-Kirchenruinen-scaled-e1761031895454-819x1024.jpg 819w, https:\/\/www.kunsthalle-karlsruhe.de\/wp-content\/uploads\/2025\/07\/kunsthallekarlsruhe-dix-Graeber-zwischen-Kirchenruinen-scaled-e1761031895454-120x150.jpg 120w, https:\/\/www.kunsthalle-karlsruhe.de\/wp-content\/uploads\/2025\/07\/kunsthallekarlsruhe-dix-Graeber-zwischen-Kirchenruinen-scaled-e1761031895454-768x961.jpg 768w, https:\/\/www.kunsthalle-karlsruhe.de\/wp-content\/uploads\/2025\/07\/kunsthallekarlsruhe-dix-Graeber-zwischen-Kirchenruinen-scaled-e1761031895454.jpg 1052w\" sizes=\"auto, (max-width: 240px) 100vw, 240px\" data-smartcrop-focus=\"[50,51]\" \/>                              <\/div>\n              <div class=\"station-title-wrapper\">\n                <span class=\"station-title__count\">26\/28<\/span>\n                <span class=\"station-title\">Der Krieg schafft tote R\u00e4ume<\/span>\n              <\/div>\n            <\/a>\n          <\/li>\n                  <li class=\"station\">\n                        <a href=\"https:\/\/www.kunsthalle-karlsruhe.de\/kunstwerke\/Louis-Ducros\/Blick-aus-Ruinen-auf-Monte-Cavo-und-Rocca-di-Papa\/638510F5403AF8B78D1CC089E2686998\/?tour=86482#tour-details\" class=\"station-link\">\n              <div class=\"station-image-wrapper\">\n                                  <img loading=\"lazy\" decoding=\"async\" width=\"300\" height=\"213\" src=\"https:\/\/www.kunsthalle-karlsruhe.de\/wp-content\/uploads\/2025\/07\/kunsthallekarlsruhe-ducros-blick-auf-die-ruinen-scaled-e1761031847784-300x213.jpg\" class=\"attachment-medium size-medium wpsmartcrop-image wpsmartcrop-image\" alt=\"Zwei Reisende blicken durch einen ruin\u00f6sen Bogen in die Landschaft. Links ernten drei Personen Trauben.\" srcset=\"https:\/\/www.kunsthalle-karlsruhe.de\/wp-content\/uploads\/2025\/07\/kunsthallekarlsruhe-ducros-blick-auf-die-ruinen-scaled-e1761031847784-300x213.jpg 300w, https:\/\/www.kunsthalle-karlsruhe.de\/wp-content\/uploads\/2025\/07\/kunsthallekarlsruhe-ducros-blick-auf-die-ruinen-scaled-e1761031847784-1024x729.jpg 1024w, https:\/\/www.kunsthalle-karlsruhe.de\/wp-content\/uploads\/2025\/07\/kunsthallekarlsruhe-ducros-blick-auf-die-ruinen-scaled-e1761031847784-150x107.jpg 150w, https:\/\/www.kunsthalle-karlsruhe.de\/wp-content\/uploads\/2025\/07\/kunsthallekarlsruhe-ducros-blick-auf-die-ruinen-scaled-e1761031847784-768x546.jpg 768w, https:\/\/www.kunsthalle-karlsruhe.de\/wp-content\/uploads\/2025\/07\/kunsthallekarlsruhe-ducros-blick-auf-die-ruinen-scaled-e1761031847784-1536x1093.jpg 1536w, https:\/\/www.kunsthalle-karlsruhe.de\/wp-content\/uploads\/2025\/07\/kunsthallekarlsruhe-ducros-blick-auf-die-ruinen-scaled-e1761031847784.jpg 1875w\" sizes=\"auto, (max-width: 300px) 100vw, 300px\" data-smartcrop-focus=\"[49,75]\" \/>                              <\/div>\n              <div class=\"station-title-wrapper\">\n                <span class=\"station-title__count\">27\/28<\/span>\n                <span class=\"station-title\">Von der Sch\u00f6nheit der Ruine<\/span>\n              <\/div>\n            <\/a>\n          <\/li>\n                  <li class=\"station\">\n                        <a href=\"https:\/\/www.kunsthalle-karlsruhe.de\/kunstwerk\/fortlaufender-prozess-der-verbesserung\/?tour=86482#tour-details\" class=\"station-link\">\n              <div class=\"station-image-wrapper\">\n                                  <img loading=\"lazy\" decoding=\"async\" width=\"214\" height=\"300\" src=\"https:\/\/www.kunsthalle-karlsruhe.de\/wp-content\/uploads\/2025\/07\/kunsthallekarlsruhe-melsheimer-Fortlaufender-Prozess-der-Verbesserung-II_a-1-214x300.jpg\" class=\"attachment-medium size-medium\" alt=\"Eine ca. 50 cm hohe Skulptur steht auf dem Boden. Sie besteht aus unterschiedlichen zusammengesetzten Formen. Ihre Oberfl\u00e4che ist teilweise glatt oder rau.\" srcset=\"https:\/\/www.kunsthalle-karlsruhe.de\/wp-content\/uploads\/2025\/07\/kunsthallekarlsruhe-melsheimer-Fortlaufender-Prozess-der-Verbesserung-II_a-1-214x300.jpg 214w, https:\/\/www.kunsthalle-karlsruhe.de\/wp-content\/uploads\/2025\/07\/kunsthallekarlsruhe-melsheimer-Fortlaufender-Prozess-der-Verbesserung-II_a-1-107x150.jpg 107w, https:\/\/www.kunsthalle-karlsruhe.de\/wp-content\/uploads\/2025\/07\/kunsthallekarlsruhe-melsheimer-Fortlaufender-Prozess-der-Verbesserung-II_a-1.jpg 607w\" sizes=\"auto, (max-width: 214px) 100vw, 214px\" \/>                              <\/div>\n              <div class=\"station-title-wrapper\">\n                <span class=\"station-title__count\">28\/28<\/span>\n                <span class=\"station-title\">Bauen als Kollektiv<\/span>\n              <\/div>\n            <\/a>\n          <\/li>\n              <\/ul>\n    <\/div>\n  <\/div>\n","protected":false},"excerpt":{"rendered":"","protected":false},"featured_media":77066,"menu_order":0,"template":"","tour_tags":[],"class_list":["post-86482","touren","type-touren","status-publish","has-post-thumbnail","hentry"],"acf":[],"_links":{"self":[{"href":"https:\/\/www.kunsthalle-karlsruhe.de\/fr\/wp-json\/wp\/v2\/touren\/86482","targetHints":{"allow":["GET"]}}],"collection":[{"href":"https:\/\/www.kunsthalle-karlsruhe.de\/fr\/wp-json\/wp\/v2\/touren"}],"about":[{"href":"https:\/\/www.kunsthalle-karlsruhe.de\/fr\/wp-json\/wp\/v2\/types\/touren"}],"version-history":[{"count":5,"href":"https:\/\/www.kunsthalle-karlsruhe.de\/fr\/wp-json\/wp\/v2\/touren\/86482\/revisions"}],"predecessor-version":[{"id":87132,"href":"https:\/\/www.kunsthalle-karlsruhe.de\/fr\/wp-json\/wp\/v2\/touren\/86482\/revisions\/87132"}],"wp:featuredmedia":[{"embeddable":true,"href":"https:\/\/www.kunsthalle-karlsruhe.de\/fr\/wp-json\/wp\/v2\/media\/77066"}],"wp:attachment":[{"href":"https:\/\/www.kunsthalle-karlsruhe.de\/fr\/wp-json\/wp\/v2\/media?parent=86482"}],"wp:term":[{"taxonomy":"tour_tags","embeddable":true,"href":"https:\/\/www.kunsthalle-karlsruhe.de\/fr\/wp-json\/wp\/v2\/tour_tags?post=86482"}],"curies":[{"name":"wp","href":"https:\/\/api.w.org\/{rel}","templated":true}]}}